{"id":1220,"date":"2025-07-07T16:43:07","date_gmt":"2025-07-07T14:43:07","guid":{"rendered":"https:\/\/pogrebno.rs\/?page_id=1220"},"modified":"2025-10-09T19:15:37","modified_gmt":"2025-10-09T17:15:37","slug":"vesti","status":"publish","type":"page","link":"https:\/\/pogrebno.rs\/hu\/vesti\/","title":{"rendered":"H\u00edrek"},"content":{"rendered":"<div data-elementor-type=\"wp-page\" data-elementor-id=\"1220\" class=\"elementor elementor-1220\" data-elementor-post-type=\"page\">\n\t\t\t\t<div class=\"elementor-element elementor-element-3aed5ec e-con-full e-flex e-con e-parent\" data-id=\"3aed5ec\" data-element_type=\"container\" data-e-type=\"container\" data-settings=\"{&quot;background_background&quot;:&quot;classic&quot;}\">\n\t\t<div class=\"elementor-element elementor-element-eec8486 e-flex e-con-boxed e-con e-child\" data-id=\"eec8486\" data-element_type=\"container\" data-e-type=\"container\">\n\t\t\t\t\t<div class=\"e-con-inner\">\n\t\t<div class=\"elementor-element elementor-element-9748eaa e-grid e-con-full e-con e-child\" data-id=\"9748eaa\" data-element_type=\"container\" data-e-type=\"container\">\n\t\t\t\t<div class=\"elementor-element elementor-element-d145855 elementor-widget elementor-widget-image\" data-id=\"d145855\" data-element_type=\"widget\" data-e-type=\"widget\" data-widget_type=\"image.default\">\n\t\t\t\t<div class=\"elementor-widget-container\">\n\t\t\t\t\t\t\t\t\t\t\t\t\t\t\t<img fetchpriority=\"high\" decoding=\"async\" width=\"630\" height=\"275\" src=\"https:\/\/pogrebno.rs\/wp-content\/uploads\/2025\/05\/Ljiljan-levi.webp\" class=\"attachment-large size-large wp-image-97\" alt=\"\" srcset=\"https:\/\/pogrebno.rs\/wp-content\/uploads\/2025\/05\/Ljiljan-levi.webp 630w, https:\/\/pogrebno.rs\/wp-content\/uploads\/2025\/05\/Ljiljan-levi-300x131.webp 300w\" sizes=\"(max-width: 630px) 100vw, 630px\" \/>\t\t\t\t\t\t\t\t\t\t\t\t\t\t\t<\/div>\n\t\t\t\t<\/div>\n\t\t\t\t<div class=\"elementor-element elementor-element-186727f elementor-widget elementor-widget-heading\" data-id=\"186727f\" data-element_type=\"widget\" data-e-type=\"widget\" data-widget_type=\"heading.default\">\n\t\t\t\t<div class=\"elementor-widget-container\">\n\t\t\t\t\t<h2 class=\"elementor-heading-title elementor-size-default\">H\u00cdREK<\/h2>\t\t\t\t<\/div>\n\t\t\t\t<\/div>\n\t\t\t\t<div class=\"elementor-element elementor-element-75412c6 elementor-widget elementor-widget-image\" data-id=\"75412c6\" data-element_type=\"widget\" data-e-type=\"widget\" data-widget_type=\"image.default\">\n\t\t\t\t<div class=\"elementor-widget-container\">\n\t\t\t\t\t\t\t\t\t\t\t\t\t\t\t<img decoding=\"async\" width=\"631\" height=\"275\" src=\"https:\/\/pogrebno.rs\/wp-content\/uploads\/2025\/05\/Ljiljan-desni.webp\" class=\"attachment-large size-large wp-image-98\" alt=\"\" srcset=\"https:\/\/pogrebno.rs\/wp-content\/uploads\/2025\/05\/Ljiljan-desni.webp 631w, https:\/\/pogrebno.rs\/wp-content\/uploads\/2025\/05\/Ljiljan-desni-300x131.webp 300w\" sizes=\"(max-width: 631px) 100vw, 631px\" \/>\t\t\t\t\t\t\t\t\t\t\t\t\t\t\t<\/div>\n\t\t\t\t<\/div>\n\t\t\t\t<\/div>\n\t\t<div class=\"elementor-element elementor-element-9f3cf5f e-con-full e-flex e-con e-child\" data-id=\"9f3cf5f\" data-element_type=\"container\" data-e-type=\"container\">\n\t\t<div class=\"elementor-element elementor-element-6d1a3b2 e-con-full e-flex e-con e-child\" data-id=\"6d1a3b2\" data-element_type=\"container\" data-e-type=\"container\">\n\t\t\t\t<div class=\"elementor-element elementor-element-90c310c elementor-view-default elementor-widget elementor-widget-icon\" data-id=\"90c310c\" data-element_type=\"widget\" data-e-type=\"widget\" data-widget_type=\"icon.default\">\n\t\t\t\t<div class=\"elementor-widget-container\">\n\t\t\t\t\t\t\t<div class=\"elementor-icon-wrapper\">\n\t\t\t<div class=\"elementor-icon\">\n\t\t\t<svg aria-hidden=\"true\" class=\"e-font-icon-svg e-fas-bell\" viewbox=\"0 0 448 512\" xmlns=\"http:\/\/www.w3.org\/2000\/svg\"><path d=\"M224 512c35.32 0 63.97-28.65 63.97-64H160.03c0 35.35 28.65 64 63.97 64zm215.39-149.71c-19.32-20.76-55.47-51.99-55.47-154.29 0-77.7-54.48-139.9-127.94-155.16V32c0-17.67-14.32-32-31.98-32s-31.98 14.33-31.98 32v20.84C118.56 68.1 64.08 130.3 64.08 208c0 102.3-36.15 133.53-55.47 154.29-6 6.45-8.66 14.16-8.61 21.71.11 16.4 12.98 32 32.1 32h383.8c19.12 0 32-15.6 32.1-32 .05-7.55-2.61-15.27-8.61-21.71z\"><\/path><\/svg>\t\t\t<\/div>\n\t\t<\/div>\n\t\t\t\t\t\t<\/div>\n\t\t\t\t<\/div>\n\t\t\t\t<div class=\"elementor-element elementor-element-6f5ad0e elementor-widget elementor-widget-heading\" data-id=\"6f5ad0e\" data-element_type=\"widget\" data-e-type=\"widget\" data-widget_type=\"heading.default\">\n\t\t\t\t<div class=\"elementor-widget-container\">\n\t\t\t\t\t<h2 class=\"elementor-heading-title elementor-size-default\">Aktu\u00e1lis h\u00edrek<\/h2>\t\t\t\t<\/div>\n\t\t\t\t<\/div>\n\t\t\t\t<\/div>\n\t\t\t\t<div class=\"elementor-element elementor-element-b094f8e elementor-widget-divider--view-line elementor-widget elementor-widget-divider\" data-id=\"b094f8e\" data-element_type=\"widget\" data-e-type=\"widget\" data-widget_type=\"divider.default\">\n\t\t\t\t<div class=\"elementor-widget-container\">\n\t\t\t\t\t\t\t<div class=\"elementor-divider\">\n\t\t\t<span class=\"elementor-divider-separator\">\n\t\t\t\t\t\t<\/span>\n\t\t<\/div>\n\t\t\t\t\t\t<\/div>\n\t\t\t\t<\/div>\n\t\t<div class=\"elementor-element elementor-element-7511768 e-con-full e-flex e-con e-child\" data-id=\"7511768\" data-element_type=\"container\" data-e-type=\"container\">\n\t\t\t\t<div class=\"elementor-element elementor-element-d6f7ecc elementor-widget elementor-widget-tp-blog-listout\" data-id=\"d6f7ecc\" data-element_type=\"widget\" data-e-type=\"widget\" data-widget_type=\"tp-blog-listout.default\">\n\t\t\t\t<div class=\"elementor-widget-container\">\n\t\t\t\t\t<div id=\"pt-plus-blog-post-list\" class=\"blog-list post69f377acdd528  list-isotope-metro  blog-style-1 hover-image-style-1\"  data-layout-type=\"metro\"  data-metro-columns=\"3\"  data-metro-style=\"style-1\"   data-id=\"post69f377acdd528\" data-style=\"style-1\"  data-enable-isotope=\"1\"><div id=\"post69f377acdd528\" class=\"tp-row post-inner-loop post69f377acdd528\"><div class=\"grid-item metro-item1\"><article id=\"post-9276\" class=\"post-9276 post type-post status-publish format-standard has-post-thumbnail hentry category-vesti\">\n\t<div class=\"blog-list-content\">\n\t\t\t\t<div class=\"post-content-bottom\">\n\t\t\t\t\t\t\t<div class=\"post-meta-info style-1\">\n\t\t\t\t\t<span class=\"meta-date\"><a href=\"https:\/\/pogrebno.rs\/hu\/radno-vreme-za-prvomajske-praznike-2026-god\/\"><span class=\"entry-date\">2026.04.24<\/span><\/a><\/span>\n<\/a><\/span>\n\t\t\t\t\t<span>|<\/span> <span class=\"post-author\">\n\t\t\t\t\t\t\u00cdrta:  \n\t\t\t\t\t\t<a href=\"https:\/\/pogrebno.rs\/hu\/author\/jkp-pogrebno\/\" rel=\"author\" class=\"fn\">\n\t\t\t\t\t\tPogrebno TKK\t\t\t<\/a><\/span>\n\t\t\t\t<\/div>\n\t\t\t\t<h3 class=\"post-title\">\n\t<a href=\"https:\/\/pogrebno.rs\/hu\/radno-vreme-za-prvomajske-praznike-2026-god\/\">Radno vreme za prvomajski praznik 2026. god.<\/a>\n<\/h3>\n\t\t\t<div class=\"post-hover-content\">\n\t\t\t\t\n<div class=\"entry-content\">\n\t<p>H\u00cdREK: nyitvatart\u00e1s a m\u00e1jus 1-jei \u00fcnnepek idej\u00e9re. 2026.04.24 By Pogrebno TKK. A k\u00f6zelg\u0151 \u00fcnnepek idej\u00e9re a szabadkai Pogrebno TKK nyitvatart\u00e1sa a k\u00f6vetkez\u0151:<\/p>\n<\/div>\n\t\t\t<\/div>\n\t\t<\/div>\n\t\t\t\t<a href=\"https:\/\/pogrebno.rs\/hu\/radno-vreme-za-prvomajske-praznike-2026-god\/\"><div class=\"blog-bg-image-metro  lazy-background\" style=\"background-image:url(https:\/\/pogrebno.rs\/wp-content\/uploads\/2026\/04\/1.maj_.webp);\"><\/div><\/a>\n\t\t\t<\/div>\n<\/article>\n<\/div><div class=\"grid-item metro-item2\"><article id=\"post-9002\" class=\"post-9002 post type-post status-publish format-standard has-post-thumbnail hentry category-vesti\">\n\t<div class=\"blog-list-content\">\n\t\t\t\t<div class=\"post-content-bottom\">\n\t\t\t\t\t\t\t<div class=\"post-meta-info style-1\">\n\t\t\t\t\t<span class=\"meta-date\"><a href=\"https:\/\/pogrebno.rs\/hu\/radno-vreme-za-uskrs-vaskrs-2026-god\/\"><span class=\"entry-date\">2026.03.30<\/span><\/a><\/span>\n<\/a><\/span>\n\t\t\t\t\t<span>|<\/span> <span class=\"post-author\">\n\t\t\t\t\t\t\u00cdrta:  \n\t\t\t\t\t\t<a href=\"https:\/\/pogrebno.rs\/hu\/author\/jkp-pogrebno\/\" rel=\"author\" class=\"fn\">\n\t\t\t\t\t\tPogrebno TKK\t\t\t<\/a><\/span>\n\t\t\t\t<\/div>\n\t\t\t\t<h3 class=\"post-title\">\n\t<a href=\"https:\/\/pogrebno.rs\/hu\/radno-vreme-za-uskrs-vaskrs-2026-god\/\">RADNO VREME ZA USKRS\/VASKRS 2026. god.<\/a>\n<\/h3>\n\t\t\t<div class=\"post-hover-content\">\n\t\t\t\t\n<div class=\"entry-content\">\n\t<p>H\u00cdREK NYITVATART\u00c1S A K\u00d6VETKEZ\u0150 H\u00daSV\u00c9TI \u00dcNNEPEKRE 2026. 2026.03.30. \u00cdrta: JKP Temetkez\u00e9si V\u00e1llalat 2026.03.31-t\u0151l kezd\u0151dnek az ideiglenes temet\u00e9si id\u0151pontok, 2026.04.15-t\u0151l pedig a ny\u00e1ri temet\u00e9si id\u0151pontok. A k\u00f6zelg\u0151 \u00fcnnepek alatt a TKK \"Pogrebno\" Szabadka...<\/p>\n<\/div>\n\t\t\t<\/div>\n\t\t<\/div>\n\t\t\t\t<a href=\"https:\/\/pogrebno.rs\/hu\/radno-vreme-za-uskrs-vaskrs-2026-god\/\"><div class=\"blog-bg-image-metro  lazy-background\" style=\"background-image:url(https:\/\/pogrebno.rs\/wp-content\/uploads\/2026\/03\/Uskrsnja-vest.webp);\"><\/div><\/a>\n\t\t\t<\/div>\n<\/article>\n<\/div><div class=\"grid-item metro-item3\"><article id=\"post-8737\" class=\"post-8737 post type-post status-publish format-standard has-post-thumbnail hentry category-vesti\">\n\t<div class=\"blog-list-content\">\n\t\t\t\t<div class=\"post-content-bottom\">\n\t\t\t\t\t\t\t<div class=\"post-meta-info style-1\">\n\t\t\t\t\t<span class=\"meta-date\"><a href=\"https:\/\/pogrebno.rs\/hu\/obavestenje-o-otvaranju-cesmi-na-grobljima\/\"><span class=\"entry-date\">2026.03.12<\/span><\/a><\/span>\n<\/a><\/span>\n\t\t\t\t\t<span>|<\/span> <span class=\"post-author\">\n\t\t\t\t\t\t\u00cdrta:  \n\t\t\t\t\t\t<a href=\"https:\/\/pogrebno.rs\/hu\/author\/jkp-pogrebno\/\" rel=\"author\" class=\"fn\">\n\t\t\t\t\t\tPogrebno TKK\t\t\t<\/a><\/span>\n\t\t\t\t<\/div>\n\t\t\t\t<h3 class=\"post-title\">\n\t<a href=\"https:\/\/pogrebno.rs\/hu\/obavestenje-o-otvaranju-cesmi-na-grobljima\/\">OBAVE\u0160TENJE O OTVARANJU \u010cESMI NA GROBLJIMA<\/a>\n<\/h3>\n\t\t\t<div class=\"post-hover-content\">\n\t\t\t\t\n<div class=\"entry-content\">\n\t<p>T\u00c1J\u00c9KOZTAT\u00d3 A TEMET\u0150K V\u00cdZCSAPJAINAK MEGNYIT\u00c1S\u00c1VAL KAPCSOLATBAN 2026.03.12 By Mladen Krstin. 2026. m\u00e1rcius 11-\u00e9t\u0151l a szabadkai Pogrebno TKK megnyitja a v\u00e1llalatra b\u00edzott temet\u0151k ter\u00fclet\u00e9n l\u00e9v\u0151 v\u00edzcsapokat.<\/p>\n<\/div>\n\t\t\t<\/div>\n\t\t<\/div>\n\t\t\t\t<a href=\"https:\/\/pogrebno.rs\/hu\/obavestenje-o-otvaranju-cesmi-na-grobljima\/\"><div class=\"blog-bg-image-metro  lazy-background\" style=\"background-image:url(https:\/\/pogrebno.rs\/wp-content\/uploads\/2025\/11\/Cesma.png);\"><\/div><\/a>\n\t\t\t<\/div>\n<\/article>\n<\/div><div class=\"grid-item metro-item4\"><article id=\"post-8225\" class=\"post-8225 post type-post status-publish format-standard has-post-thumbnail hentry category-vesti\">\n\t<div class=\"blog-list-content\">\n\t\t\t\t<div class=\"post-content-bottom\">\n\t\t\t\t\t\t\t<div class=\"post-meta-info style-1\">\n\t\t\t\t\t<span class=\"meta-date\"><a href=\"https:\/\/pogrebno.rs\/hu\/radno-vreme-prodavnica-za-sretenje-2026\/\"><span class=\"entry-date\">2026.02.05<\/span><\/a><\/span>\n<\/a><\/span>\n\t\t\t\t\t<span>|<\/span> <span class=\"post-author\">\n\t\t\t\t\t\t\u00cdrta:  \n\t\t\t\t\t\t<a href=\"https:\/\/pogrebno.rs\/hu\/author\/jkp-pogrebno\/\" rel=\"author\" class=\"fn\">\n\t\t\t\t\t\tPogrebno TKK\t\t\t<\/a><\/span>\n\t\t\t\t<\/div>\n\t\t\t\t<h3 class=\"post-title\">\n\t<a href=\"https:\/\/pogrebno.rs\/hu\/radno-vreme-prodavnica-za-sretenje-2026\/\">RADNO VREME PRODAVNICA ZA SRETENJE 2026.<\/a>\n<\/h3>\n\t\t\t<div class=\"post-hover-content\">\n\t\t\t\t\n<div class=\"entry-content\">\n\t<p>H\u00cdREK \u00dcNNEPNAPI MUNKAID\u0150R\u00c9SZ Szerbia K\u00f6zt\u00e1rsas\u00e1g Nemzeti \u00dcnnepe 2026.02.05.\u00cdrta: \"Pogrebno\" TKK A k\u00f6zelg\u0151 \u00fcnnepek alatt a szabadkai \"Pogrebno\" TKK a k\u00f6vetkez\u0151 munkaid\u0151 szerint m\u0171k\u00f6dik: K\u00d6ZM\u0170SZOLG\u00c1LTAT\u00c1SOK D\u00c1TUMA TEMET\u00c9S...<\/p>\n<\/div>\n\t\t\t<\/div>\n\t\t<\/div>\n\t\t\t\t<a href=\"https:\/\/pogrebno.rs\/hu\/radno-vreme-prodavnica-za-sretenje-2026\/\"><div class=\"blog-bg-image-metro  lazy-background\" style=\"background-image:url(https:\/\/pogrebno.rs\/wp-content\/uploads\/2026\/02\/Sretenje.webp);\"><\/div><\/a>\n\t\t\t<\/div>\n<\/article>\n<\/div><div class=\"grid-item metro-item5\"><article id=\"post-7380\" class=\"post-7380 post type-post status-publish format-standard has-post-thumbnail hentry category-vesti\">\n\t<div class=\"blog-list-content\">\n\t\t\t\t<div class=\"post-content-bottom\">\n\t\t\t\t\t\t\t<div class=\"post-meta-info style-1\">\n\t\t\t\t\t<span class=\"meta-date\"><a href=\"https:\/\/pogrebno.rs\/hu\/radno-vreme-prodavnica-za-bozicne-i-novogodisnje-praznike\/\"><span class=\"entry-date\">2025.12.19<\/span><\/a><\/span>\n<\/a><\/span>\n\t\t\t\t\t<span>|<\/span> <span class=\"post-author\">\n\t\t\t\t\t\t\u00cdrta:  \n\t\t\t\t\t\t<a href=\"https:\/\/pogrebno.rs\/hu\/author\/jkp-pogrebno\/\" rel=\"author\" class=\"fn\">\n\t\t\t\t\t\tPogrebno TKK\t\t\t<\/a><\/span>\n\t\t\t\t<\/div>\n\t\t\t\t<h3 class=\"post-title\">\n\t<a href=\"https:\/\/pogrebno.rs\/hu\/radno-vreme-prodavnica-za-bozicne-i-novogodisnje-praznike\/\">RADNO VREME PRODAVNICA ZA BO\u017dI\u0106NE I NOVOGODI\u0160NJE PRAZNIKE<\/a>\n<\/h3>\n\t\t\t<div class=\"post-hover-content\">\n\t\t\t\t\n<div class=\"entry-content\">\n\t<p>H\u00cdREK: nyitvatart\u00e1s a m\u00e1jus 1-jei \u00fcnnepek idej\u00e9re. 2026.04.24 By Pogrebno TKK. A k\u00f6zelg\u0151 \u00fcnnepek idej\u00e9re a szabadkai Pogrebno TKK nyitvatart\u00e1sa a k\u00f6vetkez\u0151:<\/p>\n<\/div>\n\t\t\t<\/div>\n\t\t<\/div>\n\t\t\t\t<a href=\"https:\/\/pogrebno.rs\/hu\/radno-vreme-prodavnica-za-bozicne-i-novogodisnje-praznike\/\"><div class=\"blog-bg-image-metro  lazy-background\" style=\"background-image:url(https:\/\/pogrebno.rs\/wp-content\/uploads\/2025\/10\/cvece-jkp-pogrebno-subotic.jpg);\"><\/div><\/a>\n\t\t\t<\/div>\n<\/article>\n<\/div><div class=\"grid-item metro-item6\"><article id=\"post-6951\" class=\"post-6951 post type-post status-publish format-standard has-post-thumbnail hentry category-vesti\">\n\t<div class=\"blog-list-content\">\n\t\t\t\t<div class=\"post-content-bottom\">\n\t\t\t\t\t\t\t<div class=\"post-meta-info style-1\">\n\t\t\t\t\t<span class=\"meta-date\"><a href=\"https:\/\/pogrebno.rs\/hu\/obavestenje-o-zatvaranju-cesmi-na-grobljima\/\"><span class=\"entry-date\">2025.11.25<\/span><\/a><\/span>\n<\/a><\/span>\n\t\t\t\t\t<span>|<\/span> <span class=\"post-author\">\n\t\t\t\t\t\t\u00cdrta:  \n\t\t\t\t\t\t<a href=\"https:\/\/pogrebno.rs\/hu\/author\/jkp-pogrebno\/\" rel=\"author\" class=\"fn\">\n\t\t\t\t\t\tPogrebno TKK\t\t\t<\/a><\/span>\n\t\t\t\t<\/div>\n\t\t\t\t<h3 class=\"post-title\">\n\t<a href=\"https:\/\/pogrebno.rs\/hu\/obavestenje-o-zatvaranju-cesmi-na-grobljima\/\">\u00c9RTES\u00cdT\u00c9S A TEMET\u0150 CSAPJAINAK ELZ\u00c1R\u00c1S\u00c1R\u00d3L<\/a>\n<\/h3>\n\t\t\t<div class=\"post-hover-content\">\n\t\t\t\t\n<div class=\"entry-content\">\n\t<p>A Pogrebno Temetkez\u00e9si Kommun\u00e1lis K\u00f6zv\u00e1llalat \u00e1ltal karbantartott temet\u0151kben 2025. november 25-\u00e9t\u0151l a csapokat elz\u00e1rj\u00e1k a v\u00e1rhat\u00f3 hidegek miatt. A t\u00e9l v\u00e9gezt\u00e9vel a csapok \u00fajra rendelkez\u00e9sre \u00e1llnak majd a l\u00e1togat\u00f3k sz\u00e1m\u00e1ra.\nMegragadjuk az alkalmat, hogy eml\u00e9keztess\u00fck a l\u00e1togat\u00f3kat a s\u00edreml\u00e9kek v\u00e1z\u00e1inak felk\u00e9sz\u00edt\u00e9s\u00e9re a t\u00e9li id\u0151szakra. Aj\u00e1nlatos a v\u00edz elt\u00e1vol\u00edt\u00e1sa \u00e9s a v\u00e1z\u00e1k lefed\u00e9se, megakad\u00e1lyozva ezzel a csapad\u00e9k \u00f6sszegy\u0171l\u00e9s\u00e9t, a fagy\u00e1st, \u00e9s az ebb\u0151l sz\u00e1rmaz\u00f3 k\u00e1rok el\u0151fordul\u00e1s\u00e1t.<\/p>\n<\/div>\n\t\t\t<\/div>\n\t\t<\/div>\n\t\t\t\t<a href=\"https:\/\/pogrebno.rs\/hu\/obavestenje-o-zatvaranju-cesmi-na-grobljima\/\"><div class=\"blog-bg-image-metro  lazy-background\" style=\"background-image:url(https:\/\/pogrebno.rs\/wp-content\/uploads\/2025\/11\/Cesma.png);\"><\/div><\/a>\n\t\t\t<\/div>\n<\/article>\n<\/div><div class=\"grid-item metro-item7\"><article id=\"post-4961\" class=\"post-4961 post type-post status-publish format-standard has-post-thumbnail hentry category-vesti\">\n\t<div class=\"blog-list-content\">\n\t\t\t\t<div class=\"post-content-bottom\">\n\t\t\t\t\t\t\t<div class=\"post-meta-info style-1\">\n\t\t\t\t\t<span class=\"meta-date\"><a href=\"https:\/\/pogrebno.rs\/hu\/akcija-obnavljanja-drvenih-nadgrobnih-obelezja\/\"><span class=\"entry-date\">2025.10.12<\/span><\/a><\/span>\n<\/a><\/span>\n\t\t\t\t\t<span>|<\/span> <span class=\"post-author\">\n\t\t\t\t\t\t\u00cdrta:  \n\t\t\t\t\t\t<a href=\"https:\/\/pogrebno.rs\/hu\/author\/jkp-pogrebno\/\" rel=\"author\" class=\"fn\">\n\t\t\t\t\t\tPogrebno TKK\t\t\t<\/a><\/span>\n\t\t\t\t<\/div>\n\t\t\t\t<h3 class=\"post-title\">\n\t<a href=\"https:\/\/pogrebno.rs\/hu\/akcija-obnavljanja-drvenih-nadgrobnih-obelezja\/\">AKCIJA OBNAVLJANJA DRVENIH NADGROBNIH OBELE\u017dJA<\/a>\n<\/h3>\n\t\t\t<div class=\"post-hover-content\">\n\t\t\t\t\n<div class=\"entry-content\">\n\t<p>A FEJF\u00c1K \u00c9S F\u00c1B\u00d3L K\u00c9SZ\u00dcLT S\u00cdREML\u00c9KEK MEG\u00daJ\u00cdT\u00c1S\u00c1NAK AKCI\u00d3JA 2025.10.12 \u00cdrta: Sava Duvnjak A szabadkai Pogrebno TKK eml\u00e9kezteti a polg\u00e1rokat, hogy megkezd\u0151d\u00f6tt a f\u00e1b\u00f3l k\u00e9sz\u00fclt s\u00edreml\u00e9kek fel\u00faj\u00edt\u00e1s\u00e1nak akci\u00f3ja...<\/p>\n<\/div>\n\t\t\t<\/div>\n\t\t<\/div>\n\t\t\t\t<a href=\"https:\/\/pogrebno.rs\/hu\/akcija-obnavljanja-drvenih-nadgrobnih-obelezja\/\"><div class=\"blog-bg-image-metro  lazy-background\" style=\"background-image:url(https:\/\/pogrebno.rs\/wp-content\/uploads\/2025\/10\/JKP-Pogrebno-Subotica-direkcija.jpg);\"><\/div><\/a>\n\t\t\t<\/div>\n<\/article>\n<\/div><div class=\"grid-item metro-item8\"><article id=\"post-4952\" class=\"post-4952 post type-post status-publish format-standard has-post-thumbnail hentry category-vesti\">\n\t<div class=\"blog-list-content\">\n\t\t\t\t<div class=\"post-content-bottom\">\n\t\t\t\t\t\t\t<div class=\"post-meta-info style-1\">\n\t\t\t\t\t<span class=\"meta-date\"><a href=\"https:\/\/pogrebno.rs\/hu\/obavestenje-o-isticanju-naknada\/\"><span class=\"entry-date\">2025.10.12<\/span><\/a><\/span>\n<\/a><\/span>\n\t\t\t\t\t<span>|<\/span> <span class=\"post-author\">\n\t\t\t\t\t\t\u00cdrta:  \n\t\t\t\t\t\t<a href=\"https:\/\/pogrebno.rs\/hu\/author\/jkp-pogrebno\/\" rel=\"author\" class=\"fn\">\n\t\t\t\t\t\tPogrebno TKK\t\t\t<\/a><\/span>\n\t\t\t\t<\/div>\n\t\t\t\t<h3 class=\"post-title\">\n\t<a href=\"https:\/\/pogrebno.rs\/hu\/obavestenje-o-isticanju-naknada\/\">\u00c9RTES\u00cdT\u00c9S A B\u00c9RLETI D\u00cdJAK LEJ\u00c1RT\u00c1R\u00d3L\u00a0<\/a>\n<\/h3>\n\t\t\t<div class=\"post-hover-content\">\n\t\t\t\t\n<div class=\"entry-content\">\n\t<p>\u00c9RTES\u00cdT\u00c9S A B\u00c9RLETI D\u00cdJAK LEJ\u00c1RT\u00c1R\u00d3L 2025.10.12 \u00cdrta: Pogrebno TKK A szabadkai Pogrebno TKK megkezdte azon polg\u00e1rok \u00e9rtes\u00edt\u00e9s\u00e9t, akik a 2025-\u00f6s \u00e9v v\u00e9g\u00e9ig be kell fizetni\u00fck a b\u00e9rleti d\u00edjakat<\/p>\n<\/div>\n\t\t\t<\/div>\n\t\t<\/div>\n\t\t\t\t<a href=\"https:\/\/pogrebno.rs\/hu\/obavestenje-o-isticanju-naknada\/\"><div class=\"blog-bg-image-metro  lazy-background\" style=\"background-image:url(https:\/\/pogrebno.rs\/wp-content\/uploads\/2025\/10\/25.jpg);\"><\/div><\/a>\n\t\t\t<\/div>\n<\/article>\n<\/div><\/div><div class=\"ajax_load_more\"><a class=\"post-load-more\" data-layout=\"metro\" data-offset-posts=\"\" data-load-class=\"post69f377acdd528\" data-display_post=\"8\" data-post_load_more=\"4\" data-loaded_posts=\"U\u010ditano!\" data-tp_loading_text=\"U\u010ditavam...\" data-page=\"1\" data-total_page=\"4\" data-loadattr= '_JRgjgIxRc2XZnUwYLbF60Tz2H2hvuRJiiPCkWUBKP2sxtVkGoMklFq-Ys2RjytKdTBCuaKQF4gx_JuRTJkI84XEWL_mz-pYBM-CrYANrtvOUSX2f0qZtYs9QU3phkGmF-JCJ8rJ3wda0iT-wyRXxDqQqHjx0l6QJnCYl9fq7r4zowAMbf5K66aV7xmCIbO9JqJZK3dnCWu6KUlfUVZGmEgTeB_d_v8GeV24AiPRqP1ayxS8PjQlMD-3NA_Z9jdEvIQeiFv4Se6fn3NmID5cd4R9HilRZKRP6BbtKyKDLY0VOTwX56f9xrc62XzJ6YKJOg7QSzX6tJT0r8jzTlm89vgzWGBpYkXv9qSViP6rOcCiZU76ubEmxQJPg502ZQ8EAh4XGDdlklSd8VbX0jzpjhtVjiwawmpC2OOfiCntbih7iHUKKMQZheyc20sXtUlTef4oWtnJ52XQLkVahTvNxRAgZjw5lTUbGxpRneYPmk_oiYjfIQ4VrENBPHHyguf9Gh-vgKnxvM2TKEbAvvBaL102uXVEkNFa4_rRzsqocNiJqj5K1gKFDPJcEZi1Y2n0C9qYfTKPUEJ5YY74IjlBGJtmYoyG1enGNhDyPCz7a3ll55ih1kraz_PpulpxWSLM-WUgp8btQKlbZXU6piGGkFLGNNwN0ZdneSr5QGFVSimowmWqVZMEC-6S'>El\u0151z\u0151 h\u00edrek<\/a><\/div><\/div>\t\t\t\t<\/div>\n\t\t\t\t<\/div>\n\t\t\t\t<\/div>\n\t\t\t\t<\/div>\n\t\t\t\t\t<\/div>\n\t\t\t\t<\/div>\n\t\t\t\t<\/div>\n\t\t\t\t<\/div>","protected":false},"excerpt":{"rendered":"<p>VESTI Aktuelne vesti 28.09.2025 | By JKP Pogrebno ZAVR\u0160ENO POSTAVLJANJE OGRADA NA PALI\u0106KOM GROBLJU VESTI ZAVR\u0160ENO POSTAVLJANJE OGRADA NA PALI\u0106KOM GROBLJU Tokom leta JKP \u201ePogrebno\u201c Subotica je zavr\u0161ilo postavljanje ograda na Pali\u0107kom groblju. Na taj na\u010din je sa frontalne strane, odnosno du\u017e Lova\u010dke&#8230; 27.09.2025 | By JKP Pogrebno NASTAVLJENO ASFALTIRANJE NA BAJSKOM GROBLJU VESTI NASTAVLJENO [&hellip;]<\/p>\n","protected":false},"author":1,"featured_media":0,"parent":0,"menu_order":0,"comment_status":"closed","ping_status":"closed","template":"elementor_header_footer","meta":{"_acf_changed":false,"_eb_attr":"","footnotes":""},"kategorija_dokumenata":[],"class_list":["post-1220","page","type-page","status-publish","hentry"],"acf":[],"_links":{"self":[{"href":"https:\/\/pogrebno.rs\/hu\/wp-json\/wp\/v2\/pages\/1220","targetHints":{"allow":["GET"]}}],"collection":[{"href":"https:\/\/pogrebno.rs\/hu\/wp-json\/wp\/v2\/pages"}],"about":[{"href":"https:\/\/pogrebno.rs\/hu\/wp-json\/wp\/v2\/types\/page"}],"author":[{"embeddable":true,"href":"https:\/\/pogrebno.rs\/hu\/wp-json\/wp\/v2\/users\/1"}],"replies":[{"embeddable":true,"href":"https:\/\/pogrebno.rs\/hu\/wp-json\/wp\/v2\/comments?post=1220"}],"version-history":[{"count":43,"href":"https:\/\/pogrebno.rs\/hu\/wp-json\/wp\/v2\/pages\/1220\/revisions"}],"predecessor-version":[{"id":4726,"href":"https:\/\/pogrebno.rs\/hu\/wp-json\/wp\/v2\/pages\/1220\/revisions\/4726"}],"wp:attachment":[{"href":"https:\/\/pogrebno.rs\/hu\/wp-json\/wp\/v2\/media?parent=1220"}],"wp:term":[{"taxonomy":"kategorija_dokumenata","embeddable":true,"href":"https:\/\/pogrebno.rs\/hu\/wp-json\/wp\/v2\/kategorija_dokumenata?post=1220"}],"curies":[{"name":"wp","href":"https:\/\/api.w.org\/{rel}","templated":true}]}}