{"id":2176,"date":"2025-09-07T13:33:11","date_gmt":"2025-09-07T11:33:11","guid":{"rendered":"https:\/\/pogrebno.rs\/?page_id=2176"},"modified":"2025-10-09T19:07:32","modified_gmt":"2025-10-09T17:07:32","slug":"prijava-smrtnog-slucaja","status":"publish","type":"page","link":"https:\/\/pogrebno.rs\/hu\/prijava-smrtnog-slucaja\/","title":{"rendered":"Hal\u00e1leset bejelent\u00e9se"},"content":{"rendered":"<div data-elementor-type=\"wp-page\" data-elementor-id=\"2176\" class=\"elementor elementor-2176\" data-elementor-post-type=\"page\">\n\t\t\t\t<div class=\"elementor-element elementor-element-effe4bd e-con-full e-flex e-con e-parent\" data-id=\"effe4bd\" data-element_type=\"container\" data-e-type=\"container\" data-settings=\"{&quot;background_background&quot;:&quot;classic&quot;}\">\n\t\t<div class=\"elementor-element elementor-element-60d1e4e e-con-full e-flex e-con e-child\" data-id=\"60d1e4e\" data-element_type=\"container\" data-e-type=\"container\">\n\t\t<div class=\"elementor-element elementor-element-f07d6cc e-grid e-con-full e-con e-child\" data-id=\"f07d6cc\" data-element_type=\"container\" data-e-type=\"container\">\n\t\t\t\t<div class=\"elementor-element elementor-element-20ba299 elementor-widget__width-initial elementor-widget elementor-widget-image\" data-id=\"20ba299\" data-element_type=\"widget\" data-e-type=\"widget\" data-widget_type=\"image.default\">\n\t\t\t\t<div class=\"elementor-widget-container\">\n\t\t\t\t\t\t\t\t\t\t\t\t\t\t\t<img fetchpriority=\"high\" decoding=\"async\" width=\"630\" height=\"275\" src=\"https:\/\/pogrebno.rs\/wp-content\/uploads\/2025\/05\/Ljiljan-levi.webp\" class=\"attachment-large size-large wp-image-97\" alt=\"\" srcset=\"https:\/\/pogrebno.rs\/wp-content\/uploads\/2025\/05\/Ljiljan-levi.webp 630w, https:\/\/pogrebno.rs\/wp-content\/uploads\/2025\/05\/Ljiljan-levi-300x131.webp 300w\" sizes=\"(max-width: 630px) 100vw, 630px\" \/>\t\t\t\t\t\t\t\t\t\t\t\t\t\t\t<\/div>\n\t\t\t\t<\/div>\n\t\t\t\t<div class=\"elementor-element elementor-element-8f3c60f elementor-widget elementor-widget-heading\" data-id=\"8f3c60f\" data-element_type=\"widget\" data-e-type=\"widget\" data-widget_type=\"heading.default\">\n\t\t\t\t<div class=\"elementor-widget-container\">\n\t\t\t\t\t<h2 class=\"elementor-heading-title elementor-size-default\">HOGYAN JELENTS\u00dcK BE A HAL\u00c1LESETET \u00c9S HOGYAN SZERVEZZ\u00dcK MEG A TEMET\u00c9ST<\/h2>\t\t\t\t<\/div>\n\t\t\t\t<\/div>\n\t\t\t\t<div class=\"elementor-element elementor-element-801092a elementor-widget-tablet__width-initial elementor-widget-mobile__width-initial elementor-widget elementor-widget-image\" data-id=\"801092a\" data-element_type=\"widget\" data-e-type=\"widget\" data-widget_type=\"image.default\">\n\t\t\t\t<div class=\"elementor-widget-container\">\n\t\t\t\t\t\t\t\t\t\t\t\t\t\t\t<img decoding=\"async\" width=\"631\" height=\"275\" src=\"https:\/\/pogrebno.rs\/wp-content\/uploads\/2025\/05\/Ljiljan-desni.webp\" class=\"attachment-large size-large wp-image-98\" alt=\"\" srcset=\"https:\/\/pogrebno.rs\/wp-content\/uploads\/2025\/05\/Ljiljan-desni.webp 631w, https:\/\/pogrebno.rs\/wp-content\/uploads\/2025\/05\/Ljiljan-desni-300x131.webp 300w\" sizes=\"(max-width: 631px) 100vw, 631px\" \/>\t\t\t\t\t\t\t\t\t\t\t\t\t\t\t<\/div>\n\t\t\t\t<\/div>\n\t\t\t\t<\/div>\n\t\t\t\t<\/div>\n\t\t<div class=\"elementor-element elementor-element-208a87f e-con-full e-flex e-con e-child\" data-id=\"208a87f\" data-element_type=\"container\" data-e-type=\"container\">\n\t\t\t\t<div class=\"elementor-element elementor-element-c5128db elementor-widget elementor-widget-heading\" data-id=\"c5128db\" data-element_type=\"widget\" data-e-type=\"widget\" data-widget_type=\"heading.default\">\n\t\t\t\t<div class=\"elementor-widget-container\">\n\t\t\t\t\t<h2 class=\"elementor-heading-title elementor-size-default\">OTTHONI HAL\u00c1LESET<\/h2>\t\t\t\t<\/div>\n\t\t\t\t<\/div>\n\t\t<div class=\"elementor-element elementor-element-1dfd1da e-con-full e-flex e-con e-child\" data-id=\"1dfd1da\" data-element_type=\"container\" data-e-type=\"container\" data-settings=\"{&quot;background_background&quot;:&quot;classic&quot;}\">\n\t\t\t\t<div class=\"elementor-element elementor-element-7178432 elementor-widget elementor-widget-text-editor\" data-id=\"7178432\" data-element_type=\"widget\" data-e-type=\"widget\" data-widget_type=\"text-editor.default\">\n\t\t\t\t<div class=\"elementor-widget-container\">\n\t\t\t\t\t\t\t\t\t<p>Az otthoni hal\u00e1leset bejelent\u00e9se (esetleg k\u00fclt\u00e9ren, azaz eg\u00e9szs\u00e9g\u00fcgyi int\u00e9zm\u00e9ny vagy k\u00f3rh\u00e1z \u00e9p\u00fclet\u00e9n k\u00edv\u00fcl) a Szabadkai Eg\u00e9szs\u00e9g\u00fcgyi K\u00f6zpont s\u00fcrg\u0151ss\u00e9gi orvosi szolg\u00e1lat\u00e1nak 194-es telefonsz\u00e1m\u00e1n, vagy (k\u00fclv\u00e1rosi ter\u00fcleteken) a Szabadkai Eg\u00e9szs\u00e9g\u00fcgyi K\u00f6zpont legk\u00f6zelebbi rendel\u0151j\u00e9ben t\u00f6rt\u00e9nik.<br \/>Miut\u00e1n megkapta a s\u00fcrg\u0151ss\u00e9gi jegyz\u0151k\u00f6nyvet vagy a halottvizsg\u00e1lati igazol\u00e1st (a hal\u00e1l ok\u00e1r\u00f3l \u00e9s id\u0151pontj\u00e1r\u00f3l sz\u00f3l\u00f3 orvosi igazol\u00e1s - szerb\u00fcl: Sprovodnica), h\u00edvja a szabadkai Pogrebno TKK \u00fcgyelet\u00e9t a 024 66 55 44 vagy a 062 66 55 40 sz\u00e1mon (telefonon\/Viberen\/WhatsAppon) az elhunyt elsz\u00e1ll\u00edt\u00e1s\u00e1nak megszervez\u00e9s\u00e9vel kapcsolatban.<\/p>\t\t\t\t\t\t\t\t<\/div>\n\t\t\t\t<\/div>\n\t\t\t\t<\/div>\n\t\t\t\t<\/div>\n\t\t<div class=\"elementor-element elementor-element-3c1ff9d e-con-full e-flex e-con e-child\" data-id=\"3c1ff9d\" data-element_type=\"container\" data-e-type=\"container\">\n\t\t\t\t<div class=\"elementor-element elementor-element-d3d8ddb elementor-widget elementor-widget-heading\" data-id=\"d3d8ddb\" data-element_type=\"widget\" data-e-type=\"widget\" data-widget_type=\"heading.default\">\n\t\t\t\t<div class=\"elementor-widget-container\">\n\t\t\t\t\t<h2 class=\"elementor-heading-title elementor-size-default\">K\u00d3RH\u00c1ZBAN BEK\u00d6VETKEZETT HAL\u00c1LESET<\/h2>\t\t\t\t<\/div>\n\t\t\t\t<\/div>\n\t\t<div class=\"elementor-element elementor-element-7ba7123 e-con-full e-flex e-con e-child\" data-id=\"7ba7123\" data-element_type=\"container\" data-e-type=\"container\" data-settings=\"{&quot;background_background&quot;:&quot;classic&quot;}\">\n\t\t\t\t<div class=\"elementor-element elementor-element-e79b3d6 elementor-widget elementor-widget-text-editor\" data-id=\"e79b3d6\" data-element_type=\"widget\" data-e-type=\"widget\" data-widget_type=\"text-editor.default\">\n\t\t\t\t<div class=\"elementor-widget-container\">\n\t\t\t\t\t\t\t\t\t<p>K\u00f3rh\u00e1zban bek\u00f6vetkezett hal\u00e1leset ut\u00e1n a k\u00f6vetkez\u0151ket kell tenni:<\/p><ol><li>Vegye \u00e1t a halottvizsg\u00e1lati bizony\u00edtv\u00e1nyt (a hal\u00e1l ok\u00e1r\u00f3l \u00e9s id\u0151pontj\u00e1r\u00f3l sz\u00f3l\u00f3 orvosi igazol\u00e1st - szerb\u00fcl: Sprovodnica), azon az oszt\u00e1lyon, ahol a hal\u00e1leset bek\u00f6vetkezett, \u00e9s vigye azt a patol\u00f3giai oszt\u00e1lyra (alagsor);<\/li><li>A halottvizsg\u00e1lati bizony\u00edtv\u00e1nnyal forduljon a szabadkai Pogrebno TKK irod\u00e1j\u00e1hoz, a Fasizmus \u00c1ldozatainak tere 1. c\u00edmre, a temet\u00e9s megszervez\u00e9s\u00e9vel kapcsolatban;<\/li><\/ol><p>Az elhunyt \u00f6lt\u00f6z\u00e9k\u00e9t a szabadkai \u00c1ltal\u00e1nos K\u00f3rh\u00e1z patol\u00f3giai oszt\u00e1ly\u00e1n lehet leadni reggel 7:00 \u00e9s 12:30 k\u00f6z\u00f6tt, vagy munkaid\u0151ben a szabadkai Pogrebno TKK-ban.<\/p><p>A temet\u00e9s id\u0151pontj\u00e1nak egyeztet\u00e9s\u00e9hez a k\u00f6vetkez\u0151 dokumentumok sz\u00fcks\u00e9gesek:<\/p><ul><li>halotti anyak\u00f6nyvi kivonat, ha a hal\u00e1leset Szabadka telep\u00fcl\u00e9s ter\u00fclet\u00e9n k\u00edv\u00fcl t\u00f6rt\u00e9nt;<\/li><li>a temet\u00e9st szervez\u0151 szem\u00e9ly szem\u00e9lyi igazolv\u00e1nya:<\/li><li>az elhunyt szem\u00e9lyi igazolv\u00e1nya,<\/li><li>kriptak\u00f6nyv vagy temetkez\u00e9si hely igazol\u00e1sa;<\/li><li>c\u00e9lszer\u0171 f\u00e9nyk\u00e9pet hozni, ha a csal\u00e1d szeretn\u00e9, hogy a gy\u00e1szjelent\u00e9shez fot\u00f3 is legyen (sz\u00ednes vagy fekete-feh\u00e9r, elektronikus form\u00e1ban is),<\/li><li>nyugd\u00edjcsekk, ha az elhunyt nyugd\u00edjas volt, f\u00fcggetlen\u00fcl a nyugd\u00edjp\u00e9nzt\u00e1r t\u00edpus\u00e1t\u00f3l, vagy ha a csal\u00e1di nyugd\u00edj felhaszn\u00e1l\u00f3ja.<\/li><\/ul>\t\t\t\t\t\t\t\t<\/div>\n\t\t\t\t<\/div>\n\t\t\t\t<\/div>\n\t\t\t\t<\/div>\n\t\t<div class=\"elementor-element elementor-element-35db90e e-con-full e-flex e-con e-child\" data-id=\"35db90e\" data-element_type=\"container\" data-e-type=\"container\">\n\t\t\t\t<div class=\"elementor-element elementor-element-f9941b3 elementor-widget elementor-widget-heading\" data-id=\"f9941b3\" data-element_type=\"widget\" data-e-type=\"widget\" data-widget_type=\"heading.default\">\n\t\t\t\t<div class=\"elementor-widget-container\">\n\t\t\t\t\t<h2 class=\"elementor-heading-title elementor-size-default\">FONTOS MEGJEGYZ\u00c9SEK<\/h2>\t\t\t\t<\/div>\n\t\t\t\t<\/div>\n\t\t<div class=\"elementor-element elementor-element-4c7f278 e-con-full e-flex e-con e-child\" data-id=\"4c7f278\" data-element_type=\"container\" data-e-type=\"container\" data-settings=\"{&quot;background_background&quot;:&quot;classic&quot;}\">\n\t\t\t\t<div class=\"elementor-element elementor-element-548968f elementor-widget elementor-widget-text-editor\" data-id=\"548968f\" data-element_type=\"widget\" data-e-type=\"widget\" data-widget_type=\"text-editor.default\">\n\t\t\t\t<div class=\"elementor-widget-container\">\n\t\t\t\t\t\t\t\t\t<p>A temet\u00e9seket minden nap v\u00e9gzik, kiv\u00e9ve vas\u00e1rnap, \u00e1llami \u00fcnnepek els\u0151 napj\u00e1n \u00e9s egyh\u00e1zi \u00fcnnepeken.<br \/>Szabadka v\u00e1ros ter\u00fclet\u00e9n \u00f6sszesen 28 temet\u0151 tal\u00e1lhat\u00f3, ebb\u0151l 9 a v\u00e1rosban \u00e9s 19 a k\u00fclv\u00e1rosban. A TKK \"Pogrebno\" 5 temet\u0151t kezel a v\u00e1rosban \u00e9s 8-at a k\u00fclv\u00e1rosi telep\u00fcl\u00e9seken.<br \/>A TKK \"Pogrebno\" Szabadka igazgat\u00e1sa al\u00e1 tartoz\u00f3 temet\u0151k a v\u00e1rosban a k\u00f6vetkez\u0151k:<\/p><ul><li>Bajai \u00fati temet\u0151<\/li><li>R\u00f3kusi temet\u0151<\/li><li>Zentai \u00fati temet\u0151<\/li><li>S\u00e1ndori temet\u0151<\/li><li>S\u00e9taerdei temet\u0151<br \/>valamint a k\u00fclv\u00e1rosi ter\u00fcleteken:<\/li><li>Palicsi temet\u0151<\/li><li>Ludasi temet\u0151<\/li><li>Kir\u00e1lyhalmi temet\u0151<\/li><li>Hadik\u00f6rsi temet\u0151<\/li><li>Fels\u0151tavank\u00fati temet\u0151<\/li><li>Bajmoki (Paprenyacsa, K\u00f6zponti \u00e9s R\u00e1ta) temet\u0151.<\/li><\/ul><p>A temet\u00e9st a fent eml\u00edtett dokumentumokkal, az elhunyt csal\u00e1dj\u00e1val megegyez\u00e9sben, a hal\u00e1leset ut\u00e1n legal\u00e1bb 24 \u00f3ra eltelt\u00e9vel kell megszervezni.<\/p><p>Amennyiben az elhunytnak nincs biztos\u00edtott temetkez\u00e9si helye, a Pogrebno TKK felk\u00edn\u00e1lja a csal\u00e1dnak vagy a temet\u00e9st szervez\u0151nek az \u00e1ltala kezelt temet\u0151ben rendelkez\u00e9sre \u00e1ll\u00f3 \u00f6sszes temetkez\u00e9si helyet (s\u00edrhely, s\u00edrbolt, rendezett s\u00edrhely, urnas\u00edr vagy urnaf\u00fclke).<\/p>\t\t\t\t\t\t\t\t<\/div>\n\t\t\t\t<\/div>\n\t\t\t\t<\/div>\n\t\t\t\t<\/div>\n\t\t<div class=\"elementor-element elementor-element-aa74c08 e-con-full e-flex e-con e-child\" data-id=\"aa74c08\" data-element_type=\"container\" data-e-type=\"container\">\n\t\t\t\t<div class=\"elementor-element elementor-element-5fbd4a7 elementor-widget elementor-widget-heading\" data-id=\"5fbd4a7\" data-element_type=\"widget\" data-e-type=\"widget\" data-widget_type=\"heading.default\">\n\t\t\t\t<div class=\"elementor-widget-container\">\n\t\t\t\t\t<h2 class=\"elementor-heading-title elementor-size-default\">K\u00d6LTS\u00c9GCS\u00d6KKENT\u00c9S<\/h2>\t\t\t\t<\/div>\n\t\t\t\t<\/div>\n\t\t<div class=\"elementor-element elementor-element-c9caccb e-con-full e-flex e-con e-child\" data-id=\"c9caccb\" data-element_type=\"container\" data-e-type=\"container\" data-settings=\"{&quot;background_background&quot;:&quot;classic&quot;}\">\n\t\t\t\t<div class=\"elementor-element elementor-element-f465c8c elementor-widget elementor-widget-text-editor\" data-id=\"f465c8c\" data-element_type=\"widget\" data-e-type=\"widget\" data-widget_type=\"text-editor.default\">\n\t\t\t\t<div class=\"elementor-widget-container\">\n\t\t\t\t\t\t\t\t\t<p>A temetkez\u00e9si k\u00f6lts\u00e9gek a szabadkai Pogrebno TKK \u00e9s az \u00f6n\u00e1ll\u00f3 tev\u00e9kenys\u00e9gi, F\u00f6ldm\u0171vel\u00e9si, K\u00f6zt\u00e1rsas\u00e1gi Nyugd\u00edj- \u00e9s Rokkantbiztos\u00edt\u00e1si Alap k\u00f6z\u00f6tti szerz\u0151d\u00e9s alapj\u00e1n cs\u00f6kkenthet\u0151k 85 868,00 din\u00e1r \u00f6sszeg\u0171 nyugd\u00edjcsekk form\u00e1j\u00e1ban.<br \/>Nyugd\u00edjas hal\u00e1la eset\u00e9n a temet\u00e9st szervez\u0151 a cs\u00f6kkentett sz\u00e1ml\u00e1t fizeti a Pogrebno TKK-ban, a k\u00fcl\u00f6nbs\u00e9get pedig a K\u00f6zt\u00e1rsas\u00e1gi Nyugd\u00edj-\u00e9s Rokkantibiztos\u00edt\u00e1si Alap fedezi.<br \/>A szabadkai Pogrebno TKK tan\u00e1csad\u00e1st ny\u00fajt a temet\u00e9st szervez\u0151knek \u00e9s \u00f6sszegy\u0171jti a sz\u00fcks\u00e9ges dokumentumokat, hogy az \"Elizijum\" Polg\u00e1ri T\u00e1rsul\u00e1s tagjak\u00e9nt, a \"Dunav\" vagy \"DDOR\" biztos\u00edt\u00f3t\u00e1rsas\u00e1gokn\u00e1l k\u00f6t\u00f6tt biztos\u00edt\u00e1sok alapj\u00e1n \u00e9rv\u00e9nyes\u00edthess\u00e9k jogaikat.<\/p>\t\t\t\t\t\t\t\t<\/div>\n\t\t\t\t<\/div>\n\t\t\t\t<\/div>\n\t\t\t\t<\/div>\n\t\t<div class=\"elementor-element elementor-element-1340616 e-con-full e-flex e-con e-child\" data-id=\"1340616\" data-element_type=\"container\" data-e-type=\"container\">\n\t\t\t\t<div class=\"elementor-element elementor-element-043eb4f elementor-widget elementor-widget-heading\" data-id=\"043eb4f\" data-element_type=\"widget\" data-e-type=\"widget\" data-widget_type=\"heading.default\">\n\t\t\t\t<div class=\"elementor-widget-container\">\n\t\t\t\t\t<h2 class=\"elementor-heading-title elementor-size-default\">Sz\u00e1ll\u00edt\u00e1si szolg\u00e1ltat\u00e1sok<\/h2>\t\t\t\t<\/div>\n\t\t\t\t<\/div>\n\t\t<div class=\"elementor-element elementor-element-cf5e46c e-con-full e-flex e-con e-child\" data-id=\"cf5e46c\" data-element_type=\"container\" data-e-type=\"container\" data-settings=\"{&quot;background_background&quot;:&quot;classic&quot;}\">\n\t\t\t\t<div class=\"elementor-element elementor-element-38818a2 elementor-widget elementor-widget-text-editor\" data-id=\"38818a2\" data-element_type=\"widget\" data-e-type=\"widget\" data-widget_type=\"text-editor.default\">\n\t\t\t\t<div class=\"elementor-widget-container\">\n\t\t\t\t\t\t\t\t\t<p>A szabadkai Pogrebno TKK helyi, v\u00e1rosk\u00f6zi, belf\u00f6ldi \u00e9s k\u00fclf\u00f6ldi sz\u00e1ll\u00edt\u00e1st v\u00e9gez az erre a c\u00e9lra bevizsg\u00e1lt j\u00e1rm\u0171vekkel.<br \/>A sz\u00e1ll\u00edt\u00e1si szolg\u00e1ltat\u00e1sokra vonatkoz\u00f3 egyeztet\u00e9seket a 024 66 55 44-es \u00fcgyeletes telefonsz\u00e1mon, a 062 66 55 40-es mobiltelefonsz\u00e1mon, vagy szem\u00e9lyesen a szabadkai Pogrebno TKK irod\u00e1j\u00e1ban, a Fasizmus \u00e1ldozatainak tere 1. c\u00edmen tehetik meg.<br \/>A dokument\u00e1ci\u00f3t k\u00fclf\u00f6ld\u00f6n a Pogrebno TKK biztos\u00edtja<br \/>A belf\u00f6ldi \u00e9s k\u00fclf\u00f6ldi sz\u00e1ll\u00edt\u00e1s eset\u00e9n sz\u00fcks\u00e9ges, elhunyttal kapcsolatos dokument\u00e1ci\u00f3t a Pogrebno TKK biztos\u00edtja.<\/p>\t\t\t\t\t\t\t\t<\/div>\n\t\t\t\t<\/div>\n\t\t\t\t<\/div>\n\t\t\t\t<\/div>\n\t\t<div class=\"elementor-element elementor-element-72a03f7 e-con-full e-flex e-con e-child\" data-id=\"72a03f7\" data-element_type=\"container\" data-e-type=\"container\">\n\t\t\t\t<div class=\"elementor-element elementor-element-e276ca7 elementor-widget elementor-widget-heading\" data-id=\"e276ca7\" data-element_type=\"widget\" data-e-type=\"widget\" data-widget_type=\"heading.default\">\n\t\t\t\t<div class=\"elementor-widget-container\">\n\t\t\t\t\t<h2 class=\"elementor-heading-title elementor-size-default\">Hamvaszt\u00e1s<\/h2>\t\t\t\t<\/div>\n\t\t\t\t<\/div>\n\t\t<div class=\"elementor-element elementor-element-668c21d e-con-full e-flex e-con e-child\" data-id=\"668c21d\" data-element_type=\"container\" data-e-type=\"container\" data-settings=\"{&quot;background_background&quot;:&quot;classic&quot;}\">\n\t\t\t\t<div class=\"elementor-element elementor-element-b65d98d elementor-widget elementor-widget-text-editor\" data-id=\"b65d98d\" data-element_type=\"widget\" data-e-type=\"widget\" data-widget_type=\"text-editor.default\">\n\t\t\t\t<div class=\"elementor-widget-container\">\n\t\t\t\t\t\t\t\t\t<p>A szabadkai Pogrebno TKK az elhunyt csal\u00e1dj\u00e1nak k\u00e9r\u00e9s\u00e9re az \u00fajvid\u00e9ki vagy belgr\u00e1di kremat\u00f3riumban hamvaszt\u00e1st szervez.<br \/>A hamvaszt\u00e1shoz sz\u00fcks\u00e9ges dokument\u00e1ci\u00f3t a szabadkai Pogrebno TKK-ban biztos\u00edtj\u00e1k.<\/p>\t\t\t\t\t\t\t\t<\/div>\n\t\t\t\t<\/div>\n\t\t\t\t<\/div>\n\t\t\t\t<\/div>\n\t\t\t\t<\/div>\n\t\t\t\t<\/div>","protected":false},"excerpt":{"rendered":"<p>KAKO PRIJAVITI SMRTNI SLU\u010cAJ I ORGANIZOVATI SAHRANU SMRTNI SLU\u010cAJ U KU\u0106I Prijava smrtnog slu\u010daja u ku\u0107i (uop\u0161te, mo\u017ee nastupiti i na ulici \u2013 dakle, van zdravstevene ustanove ili bolnice) se vr\u0161i na telefon 194, Slu\u017ebe hitne medicinske pomo\u0107i Doma zdravlja Subotica, ili (u prigradskim mestima) u najbli\u017eoj ambulanti Doma zdravlja Subotica.Nakon \u0161to dobijete Urgentni protokol [&hellip;]<\/p>\n","protected":false},"author":1,"featured_media":0,"parent":0,"menu_order":0,"comment_status":"closed","ping_status":"closed","template":"elementor_header_footer","meta":{"_acf_changed":false,"_eb_attr":"","footnotes":""},"kategorija_dokumenata":[],"class_list":["post-2176","page","type-page","status-publish","hentry"],"acf":[],"_links":{"self":[{"href":"https:\/\/pogrebno.rs\/hu\/wp-json\/wp\/v2\/pages\/2176","targetHints":{"allow":["GET"]}}],"collection":[{"href":"https:\/\/pogrebno.rs\/hu\/wp-json\/wp\/v2\/pages"}],"about":[{"href":"https:\/\/pogrebno.rs\/hu\/wp-json\/wp\/v2\/types\/page"}],"author":[{"embeddable":true,"href":"https:\/\/pogrebno.rs\/hu\/wp-json\/wp\/v2\/users\/1"}],"replies":[{"embeddable":true,"href":"https:\/\/pogrebno.rs\/hu\/wp-json\/wp\/v2\/comments?post=2176"}],"version-history":[{"count":76,"href":"https:\/\/pogrebno.rs\/hu\/wp-json\/wp\/v2\/pages\/2176\/revisions"}],"predecessor-version":[{"id":2382,"href":"https:\/\/pogrebno.rs\/hu\/wp-json\/wp\/v2\/pages\/2176\/revisions\/2382"}],"wp:attachment":[{"href":"https:\/\/pogrebno.rs\/hu\/wp-json\/wp\/v2\/media?parent=2176"}],"wp:term":[{"taxonomy":"kategorija_dokumenata","embeddable":true,"href":"https:\/\/pogrebno.rs\/hu\/wp-json\/wp\/v2\/kategorija_dokumenata?post=2176"}],"curies":[{"name":"wp","href":"https:\/\/api.w.org\/{rel}","templated":true}]}}