{"id":3,"date":"2025-05-27T10:56:13","date_gmt":"2025-05-27T10:56:13","guid":{"rendered":"https:\/\/pogrebno.rs\/?page_id=3"},"modified":"2025-10-10T18:29:08","modified_gmt":"2025-10-10T16:29:08","slug":"privacy-policy","status":"publish","type":"page","link":"https:\/\/pogrebno.rs\/hu\/privacy-policy\/","title":{"rendered":"Privacy Policy"},"content":{"rendered":"<div data-elementor-type=\"wp-page\" data-elementor-id=\"3\" class=\"elementor elementor-3\" data-elementor-post-type=\"page\">\n\t\t\t\t<div class=\"elementor-element elementor-element-6259c616 e-flex e-con-boxed e-con e-parent\" data-id=\"6259c616\" data-element_type=\"container\" data-e-type=\"container\" data-settings=\"{&quot;background_background&quot;:&quot;classic&quot;}\">\n\t\t\t\t\t<div class=\"e-con-inner\">\n\t\t<div class=\"elementor-element elementor-element-b6f144a e-con-full e-flex e-con e-child\" data-id=\"b6f144a\" data-element_type=\"container\" data-e-type=\"container\">\n\t\t<div class=\"elementor-element elementor-element-03e33c9 e-grid e-con-full e-con e-child\" data-id=\"03e33c9\" data-element_type=\"container\" data-e-type=\"container\">\n\t\t\t\t<div class=\"elementor-element elementor-element-fe60c91 elementor-widget elementor-widget-image\" data-id=\"fe60c91\" data-element_type=\"widget\" data-e-type=\"widget\" data-widget_type=\"image.default\">\n\t\t\t\t<div class=\"elementor-widget-container\">\n\t\t\t\t\t\t\t\t\t\t\t\t\t\t\t<img fetchpriority=\"high\" decoding=\"async\" width=\"630\" height=\"275\" src=\"https:\/\/pogrebno.rs\/wp-content\/uploads\/2025\/05\/Ljiljan-levi.webp\" class=\"attachment-large size-large wp-image-97\" alt=\"\" srcset=\"https:\/\/pogrebno.rs\/wp-content\/uploads\/2025\/05\/Ljiljan-levi.webp 630w, https:\/\/pogrebno.rs\/wp-content\/uploads\/2025\/05\/Ljiljan-levi-300x131.webp 300w\" sizes=\"(max-width: 630px) 100vw, 630px\" \/>\t\t\t\t\t\t\t\t\t\t\t\t\t\t\t<\/div>\n\t\t\t\t<\/div>\n\t\t\t\t<div class=\"elementor-element elementor-element-a7f5429 elementor-widget elementor-widget-heading\" data-id=\"a7f5429\" data-element_type=\"widget\" data-e-type=\"widget\" data-widget_type=\"heading.default\">\n\t\t\t\t<div class=\"elementor-widget-container\">\n\t\t\t\t\t<h2 class=\"elementor-heading-title elementor-size-default\">FOGYASZT\u00d3V\u00c9DELEM<\/h2>\t\t\t\t<\/div>\n\t\t\t\t<\/div>\n\t\t\t\t<div class=\"elementor-element elementor-element-bb36705 elementor-widget elementor-widget-image\" data-id=\"bb36705\" data-element_type=\"widget\" data-e-type=\"widget\" data-widget_type=\"image.default\">\n\t\t\t\t<div class=\"elementor-widget-container\">\n\t\t\t\t\t\t\t\t\t\t\t\t\t\t\t<img decoding=\"async\" width=\"631\" height=\"275\" src=\"https:\/\/pogrebno.rs\/wp-content\/uploads\/2025\/05\/Ljiljan-desni.webp\" class=\"attachment-large size-large wp-image-98\" alt=\"\" srcset=\"https:\/\/pogrebno.rs\/wp-content\/uploads\/2025\/05\/Ljiljan-desni.webp 631w, https:\/\/pogrebno.rs\/wp-content\/uploads\/2025\/05\/Ljiljan-desni-300x131.webp 300w\" sizes=\"(max-width: 631px) 100vw, 631px\" \/>\t\t\t\t\t\t\t\t\t\t\t\t\t\t\t<\/div>\n\t\t\t\t<\/div>\n\t\t\t\t<\/div>\n\t\t\t\t<\/div>\n\t\t<div class=\"elementor-element elementor-element-29eaca1 e-con-full e-flex e-con e-child\" data-id=\"29eaca1\" data-element_type=\"container\" data-e-type=\"container\">\n\t\t\t\t<div class=\"elementor-element elementor-element-baa1b0d elementor-widget elementor-widget-heading\" data-id=\"baa1b0d\" data-element_type=\"widget\" data-e-type=\"widget\" data-widget_type=\"heading.default\">\n\t\t\t\t<div class=\"elementor-widget-container\">\n\t\t\t\t\t<h2 class=\"elementor-heading-title elementor-size-default\">Adatv\u00e9delmi ir\u00e1nyelvek<\/h2>\t\t\t\t<\/div>\n\t\t\t\t<\/div>\n\t\t\t\t<div class=\"elementor-element elementor-element-7c964f62 elementor-widget elementor-widget-text-editor\" data-id=\"7c964f62\" data-element_type=\"widget\" data-e-type=\"widget\" data-widget_type=\"text-editor.default\">\n\t\t\t\t<div class=\"elementor-widget-container\">\n\t\t\t\t\t\t\t\t\t<section>\n<div class=\"row animation-container\">\n<div class=\"col-md-12  duration-500\">\n<div class=\"rspbld-text-block text-left\">\n<div class=\"rspbld-content\">\n<p><strong>A webhely felhaszn\u00e1l\u00e1s\u00e1nak felt\u00e9telei<\/strong><\/p>\n<p>K\u00f6sz\u00f6nj\u00fck, hogy felkereste internetes oldalunkat. A pogrebno.rs webhely felhaszn\u00e1l\u00e1sakor eleget kell tennie az al\u00e1bbi felt\u00e9teleknek. El\u0151z\u0151leg figyelmesen el kell olvasni, megismerni a felt\u00e9teleket, ahhoz hogy elfogadhass\u00e1k \u0151ket. Ugyanis, a jelen internetes oldal b\u00e1rmilyen form\u00e1ban t\u00f6rt\u00e9n\u0151 felhaszn\u00e1l\u00e1sa a dokumentumban r\u00f6gz\u00edtett felt\u00e9telek elfogad\u00e1s\u00e1t jelenti. A Szabadkai Temetkez\u00e9si Kommun\u00e1lis K\u00f6zv\u00e1llalat fenntartja meg\u00e1nak a jogot a web oldal haszn\u00e1lat\u00e1t szab\u00e1lyz\u00f3 rendelkez\u00e9sek r\u00e9szleges, vagy teljes megv\u00e1ltoztat\u00e1s\u00e1ra \u2013 el\u0151zetes bejelent\u00e9s n\u00e9lk\u00fcl is. Azt javasoljuk, hogy miel\u0151tt a k\u00f6vetkez\u0151 alkalommal felkeresi web oldalunkat, el\u0151z\u0151leg gy\u0151z\u0151dj\u00f6n meg r\u00f3la: t\u00f6rt\u00e9ntek-e v\u00e1ltoztat\u00e1sok, ugyanis ez az egyetlen m\u00f3dja az esetleges m\u00f3dos\u00edt\u00e1sokkal val\u00f3 ismerked\u00e9snek.<\/p>\n<p><strong>Adat- \u00e9s mag\u00e1nszf\u00e9ra v\u00e9delem<\/strong><\/p>\n<p>A Szabadkai Temetkez\u00e9si Kommun\u00e1lis K\u00f6zv\u00e1llalat nem fedi fel a jelen internetes webhely felhaszn\u00e1l\u00f3inak kil\u00e9t\u00e9t, \u00e9s meg\u0151rzi szem\u00e9lyes adataikat. A weboldalra t\u00f6rt\u00e9n\u0151 bel\u00e9p\u00e9skor beleegyez\u00e9s\u00e9t adja azoknak az adatoknak a r\u00e9sz\u00fcnkr\u0151l t\u00f6rt\u00e9n\u0151 felhaszn\u00e1l\u00e1s\u00e1ra, amelyeket k\u00f6z\u00f6lt vel\u00fcnk. A begy\u0171jt\u00f6tt adatokat kiz\u00e1r\u00f3lag az Adatv\u00e9delmi \u00e9s a K\u00f6telmi jogi viszonyr\u00f3l sz\u00f3l\u00f3 t\u00f6rv\u00e9ny, vonatkoz\u00f3 rendelkez\u00e9seinek \u00e9rtelm\u00e9ben \u00f3vjuk \u00e9s haszn\u00e1ljuk fel. A sz\u00f3ban forg\u00f3 adatokat nem bocs\u00e1tjuk harmadik szem\u00e9lyek rendelkez\u00e9s\u00e9re. Kiv\u00e9telt akkor tesz\u00fcnk, amikor nyilv\u00e1nos adatokr\u00f3l van sz\u00f3, vagy az adatk\u00f6zl\u00e9st a Szerb K\u00f6zt\u00e1rsas\u00e1g igazs\u00e1gszolg\u00e1ltat\u00e1si, illetve k\u00f6zigazgat\u00e1si szervei k\u00e9rik t\u0151l\u00fcnk - megfelel\u0151 t\u00f6rv\u00e9nysz\u00e9ki hat\u00e1rozat alapj\u00e1n.  Az e-mail c\u00edm, a n\u00e9v tov\u00e1bb\u00e1 a hasonl\u00f3 adatok k\u00f6zl\u00e9sekor \u00d6n beleegyezik, hogy azokat t\u00e1roljuk, tov\u00e1bb\u00edt\u00e1sukra azonban nem ad felhatalmaz\u00e1st. Abban az esetben, amikor az egyik felhaszn\u00e1l\u00f3 szem\u00e9lyes, vagy egy\u00e9b jog\u00e1t megs\u00e9rti a m\u00e1sik felhaszn\u00e1l\u00f3, t\u00e1j\u00e9koztatjuk az illet\u00e9kes \u00e1llami int\u00e9zm\u00e9nyeket.<\/p>\n<p><strong>A tartalom feletti tulajdon<\/strong><\/p>\n<p>Az internetes oldalon megjelentetett \u00f6sszes sz\u00f6veg, log\u00f3t\u00edpus, grafika, f\u00e9nyk\u00e9pek, hanganyag \u00e9s egyebek (a tov\u00e1bbiakban a: Tartalom) szerz\u0151i jog t\u00e1rgy\u00e1t k\u00e9pezik \u00e9s a Szabadkai Temetkez\u00e9si Kommun\u00e1lis K\u00f6zv\u00e1llalat tulajdon\u00e1ban van, vagy a tulajdonos, illetve a jog birtokl\u00f3j\u00e1nak bele egyez\u00e9s\u00e9vel ker\u00fcl k\u00f6zszeml\u00e9re. A tartalmat csak \u00fagy lehet felhaszn\u00e1lni, ahogyan a felhaszn\u00e1l\u00e1st szab\u00e1lyz\u00f3 felt\u00e9telekben r\u00f6gz\u00edtett\u00e9k, ellenkez\u0151 esetben a tulajdonos \u00edr\u00e1sos enged\u00e9ly\u00e9re van sz\u00fcks\u00e9g, ennek megl\u00e9te n\u00e9lk\u00fcl a Tartalom felhaszn\u00e1l\u00e1sa szigor\u00faan tilos.  A Szabadkai Temetkez\u00e9si Kommun\u00e1lis K\u00f6zv\u00e1llalat a t\u00f6rv\u00e9nyben meghat\u00e1rozott leghat\u00e1sosabb eszk\u00f6z\u00f6kkel, sz\u00fcks\u00e9g eset\u00e9n b\u00fcntet\u0151jogi elj\u00e1r\u00e1sban, megv\u00e9di a szerz\u0151i, a szellemi tulajdon \u00e9s minden ehhez hasonl\u00f3 jog\u00e1t.<\/p>\n<p><strong>Adatgy\u0171jt\u00e9s<\/strong><\/p>\n<p>Az elemz\u00e9s c\u00e9ljait szolg\u00e1l\u00f3 adatgy\u0171jt\u00e9st, ahogyan az internetes oldalak legnagyobb r\u00e9sz\u00e9n\u00e9l teszik, \u201es\u00fctiket\u201d \u201ecookies\u201d, vagyis f\u00e1jlokat (\u00f6sszetartoz\u00f3 adathalmazokat) tartalmaz, amelyeket az \u00d6n sz\u00e1m\u00edt\u00f3g\u00e9p\u00e9nek keres\u0151je megjegyez. Ezek t\u00e1j\u00e9koztatnak benn\u00fcnket arr\u00f3l, hogy melyik \u00e1llamban, v\u00e1rosban, melyik keres\u0151vel, melyik web oldalakat tekintette meg. A s\u00fcti nem l\u00e1thatja az \u00f6n szem\u00e9lyes adatait. Amennyiben azt akarja, hogy ne legyen s\u00fcti a sz\u00e1m\u00edt\u00f3g\u00e9p\u00e9n, \u00fagy \u00e1ll\u00edtsa be keres\u0151j\u00e9t, hogy ne fogadja el \u0151ket, az el\u0151z\u0151 \u201es\u00fctiket\u201d pedig, t\u00f6r\u00f6lje le.<\/p>\n<p><strong>Anonimit\u00e1s<\/strong><\/p>\n<p>Az internetes prezent\u00e1ci\u00f3t l\u00e1togat\u00f3k adataira vonatkozik. Azokat az adatokat, amelyeket akkor gy\u0171jt\u00fcnk be, amikor megnyitj\u00e1k internetes prezent\u00e1ci\u00f3nkat, ideiglenesen meg\u0151rizz\u00fck szerver\u00fcnk\u00f6n. A megszerzett adatokat n\u00e9vtelen\u00fcl t\u00e1roljuk \u2013 \u00f6sszhangban a vonatkoz\u00f3 t\u00f6rv\u00e9nyes el\u0151\u00edr\u00e1sokkal. Kiz\u00e1r\u00f3lag internetes, vagy statisztikai c\u00e9lra haszn\u00e1ljuk \u0151ket, hogy n\u00f6velj\u00fck a tartalom, az internetes prezent\u00e1ci\u00f3k min\u0151s\u00e9g\u00e9t, funkcionalit\u00e1s\u00e1t \u00e9s kin\u00e9zet\u00e9t. A k\u00f6vetkez\u0151 adatokr\u00f3l van sz\u00f3: az oldalr\u00f3l, amelyr\u0151l az adatokat lek\u00e9rt\u00e9k, ezen bel\u00fcl, az oldal megnevez\u00e9se, a let\u00f6lt\u00e9s d\u00e1tuma \u00e9s id\u0151tartama, a let\u00f6lt\u00f6tt adatmennyis\u00e9g, a bel\u00e9p\u00e9s st\u00e1tusa, az \u00f6n r\u00e9sz\u00e9r\u0151l felhaszn\u00e1lt web keres\u0151 t\u00edpusa, annak a sz\u00e1m\u00edt\u00f3g\u00e9pnek az IP c\u00edme, amelyr\u0151l az adatokat lek\u00e9rt\u00e9k.<\/p>\n<p><strong>Az internetes webhelynek az \u00f6n r\u00e9sz\u00e9r\u0151l t\u00f6rt\u00e9n\u0151 felhaszn\u00e1l\u00e1sa<\/strong><\/p>\n<p>Az internetes webhelyen id\u0151k\u00f6z\u00f6nk\u00e9nt, de b\u00e1rmikor t\u00f6rt\u00e9nhetnek v\u00e1ltoztat\u00e1sok, m\u00e9g \u00fagy is, hogy arr\u00f3l a k\u00f6zv\u00e9lem\u00e9nyt el\u0151zetesen nem \u00e9rtes\u00edtik. A Szabadkai Temetkez\u00e9si Kommun\u00e1lis K\u00f6zv\u00e1llalat nem szavatolja, hogy az internetes honlapja meg\u00e1ll\u00e1s n\u00e9lk\u00fcl \u00fczemel \u00e9s, \u00f6sszeegyeztethet\u0151 lesz az \u00f6n hardver\u00e9vel, illetve szoftver\u00e9vel. A honlapon megjelenhetnek m\u0171szaki, vagy bet\u0171hib\u00e1k.<\/p>\n<p><strong>A felel\u0151ss\u00e9g al\u00f3li mentess\u00e9g<\/strong><\/p>\n<p>Nem v\u00e1llalunk felel\u0151ss\u00e9get azoknak a sz\u00f6vegeknek a let\u00f6lt\u00e9s\u00e9\u00e9rt \u00e9s tov\u00e1bb\u00edt\u00e1s\u00e1\u00e9rt, amelyeket \u2013 harmadik szem\u00e9lyek - a Szabadkai Temetkez\u00e9si Kommun\u00e1lis K\u00f6zv\u00e1llalat j\u00f3v\u00e1hagy\u00e1sa n\u00e9lk\u00fcl t\u00f6ltenek fel.<\/p>\n<p><strong>A harmadik szem\u00e9lyek internetes honlapjait tartalmaz\u00f3 linkek<\/strong><\/p>\n<p>A Szabadkai Temetkez\u00e9si Kommun\u00e1lis K\u00f6zv\u00e1llalat honlapj\u00e1n megjelentet\u00fcnk olyan linkeket is, amelyek seg\u00edts\u00e9g\u00e9vel harmadik szem\u00e9lyek honlapj\u00e1t l\u00e1togathatj\u00e1k. Adatv\u00e9delmi politika eszk\u00f6zei nem terjednek ki ezeknek a honlapoknak a tartalm\u00e1ra. A Szabadkai Temetkez\u00e9si Kommun\u00e1lis K\u00f6zv\u00e1llalat internetes oldal\u00e1nak elhagy\u00e1sakor megsz\u0171nnek jogaink \u00e9s k\u00f6telezetts\u00e9geink. \nAzt tan\u00e1csoljuk \u00d6n\u00f6knek, hogy miel\u0151tt megl\u00e1togatn\u00e1k, ismerkedjenek meg az \u00e9rdekl\u0151d\u00e9s k\u00f6z\u00e9ppontj\u00e1ban lev\u0151 honlap adatv\u00e9delmi eszk\u00f6zeivel.<\/p>\n<p><strong>A felhaszn\u00e1l\u00e1si felt\u00e9telek m\u00f3dos\u00edt\u00e1sa <\/strong><\/p>\n<p>A honlap m\u0171k\u00f6dtet\u0151i fenntartj\u00e1k maguknak a jogot, hogy \u2013 el\u0151zetes bejelent\u00e9s n\u00e9lk\u00fcl \u2013 \u00faj\u00edts\u00e1k az adatv\u00e9delmi int\u00e9zked\u00e9seket. Amennyiben sor ker\u00fcl a v\u00e1ltoztat\u00e1sra, arr\u00f3l a honlap kezd\u0151oldal\u00e1n, vagy ezen az oldalon megfelel\u0151 t\u00e1j\u00e9koztat\u00e1st ny\u00fajtunk. Az a m\u00f3dos\u00edt\u00e1s \u00e9rv\u00e9nyes, amelyet ezen az oldalon k\u00f6zl\u00fcnk.\u00a0<\/p>\n<p><strong>A szem\u00e9lyes adatok feldolgoz\u00e1s\u00e1val kapcsolatos t\u00e1j\u00e9koztat\u00e1s<\/strong><\/p>\n<p>A szem\u00e9lyes adatok v\u00e9delm\u00e9r\u0151l sz\u00f3l\u00f3 t\u00f6rv\u00e9ny alapj\u00e1n (a \u201eSzerb K\u00f6zt\u00e1rsas\u00e1g Hivatalos k\u00f6zl\u00f6nye\u201d, 87\/2018. oldal \u2013 a tov\u00e1bbiakban: A szem\u00e9lyes adatok v\u00e9delm\u00e9r\u0151l sz\u00f3l\u00f3 t\u00f6rv\u00e9ny), ezen az \u00faton t\u00e1j\u00e9koztatjuk \u00f6n\u00f6ket a szem\u00e9lyes adatok feldolgoz\u00e1s\u00e1val kapcsolatos inform\u00e1ci\u00f3kr\u00f3l. A t\u00e1j\u00e9koztat\u00e1s azokra a szem\u00e9lyek vonatkozik (a tov\u00e1bbiakban: \u201eazok a szem\u00e9lyek, akiknek adatai feldolgoz\u00e1sra ker\u00fclnek\u201d), akiknek adatait a Szabadkai Temetkez\u00e9si Kommun\u00e1lis K\u00f6zv\u00e1llalat (a tov\u00e1bbiakban: \u201eAdatkezel\u0151\u201d) feldolgozta.<\/p>\n<p>Szem\u00e9lyes adatnak sz\u00e1m\u00edt minden olyan adat, amely \u00d6nre, mint term\u00e9szetes szem\u00e9lyre vonatkozik, \u00e9s amelynek alapj\u00e1n szem\u00e9lyazonoss\u00e1g\u00e1t meg\u00e1llap\u00edtott\u00e1k, vagy meg\u00e1llap\u00edthat\u00f3. Ezzel a dokumentummal r\u00e9szletes t\u00e1j\u00e9koztat\u00f3t adunk arr\u00f3l, hogy az Adatkezel\u0151 milyen m\u00f3don \u00e9s milyen alapon dolgozza fel az \u00d6nre vonatkoz\u00f3 inform\u00e1ci\u00f3kat, tov\u00e1bb\u00e1 \u2013 az el\u0151z\u0151ekkel kapcsolatosan \u2013 milyen jogok illetik meg \u00d6nt.\u00a0<\/p>\n<p>Arra k\u00e9rj\u00fck \u00d6nt, hogy a dokumentumot figyelmesen olvassa el, hogy tudom\u00e1st szerezzen arr\u00f3l: mik\u00e9nt b\u00e1nnak szem\u00e9lyes adataival, \u00e9s az \u00e9rv\u00e9nyben lev\u0151 t\u00f6rv\u00e9nyek \u00e9rtelm\u00e9ben, milyen jogok illetik meg \u00d6nt.\u00a0<\/p>\n<p><strong>1. ADATKEZEL\u0150<\/strong><\/p>\n<p>Pogrebno Temetkez\u00e9si Kommun\u00e1lis K\u00f6zv\u00e1llalat, Szabadka, Fasizmus \u00e1ldozatainak tere 1.<\/p>\n<p><strong>C\u00e9gjegyz\u00e9ksz\u00e1m:<\/strong> 08058644<\/p>\n<p><strong>Ad\u00f3sz\u00e1m:<\/strong> 100843412<\/p>\n<p><strong>Telefon:<\/strong> 024\/554848<\/p>\n<p><strong>e-mail:<\/strong> <span id=\"cloak65e82fb33abe3bd20856a1337637b26f\"><a href=\"mailto:office@pogrebno.rs\">office@pogrebno.rs<\/a><\/span><\/p>\n<p>A Szabadkai Temetkez\u00e9si Kommun\u00e1lis K\u00f6zv\u00e1llalat meghatalmazott szem\u00e9lyes adatv\u00e9delmi \u00fcgyint\u00e9z\u0151j\u00e9nek el\u00e9rhet\u0151s\u00e9ge:<\/p>\n<p><strong>N\u00e9v \u00e9s vezet\u00e9kn\u00e9v:<\/strong> Aleksandra Vukovi\u0107<\/p>\n<p><strong>e-Mail:\u00a0<\/strong><span id=\"cloak547a33ecbf2fed10b9fb71a60529b6f1\"><a href=\"mailto:aleksandra@pogrebno.rs\">aleksandra@pogrebno.rs<\/a><\/span><\/p>\n<p>\u00a0<\/p>\n<p><strong>2. ADATFELDOLGOZ\u00d3<\/strong><\/p>\n<p>Azok a c\u00e9gek, amelyek az Adatkezel\u0151 nev\u00e9ben az adatfeldolgoz\u00e1st v\u00e9gzik.<\/p>\n<p><strong>\u00a0- Az egyedi szoftver \u00e9s a web port\u00e1l karbantart\u00e1sa<\/strong><\/p>\n<table>\n<tbody>\n<tr>\n<td>\n<p>\u00dczleti n\u00e9v:<\/p>\n<\/td>\n<td>\n<p>TIHOMIR BUKVI\u0106 PR, AGENCIJA ZA POSLOVNE DELATNOSTI TBF, SUBOTICA<\/p>\n<\/td>\n<\/tr>\n<tr>\n<td>\n<p>V\u00e1ros:<\/p>\n<\/td>\n<td>\n<p>Szabadka<\/p>\n<\/td>\n<\/tr>\n<tr>\n<td>\n<p>Po\u0161tanski broj:<\/p>\n<\/td>\n<td>\n<p>24000<\/p>\n<\/td>\n<\/tr>\n<tr>\n<td>\n<p>Adres\u0430:<\/p>\n<\/td>\n<td>\n<p>Radi\u0107 fiv\u00e9rek utca 30<\/p>\n<\/td>\n<\/tr>\n<tr>\n<td>\n<p>Tev\u00e9kenys\u00e9g:<\/p>\n<\/td>\n<td>\n<p>Az \u00fcgyvitelt seg\u00edt\u0151 t\u00f6bbi szolg\u00e1ltat\u00e1si tev\u00e9kenys\u00e9g<\/p>\n<\/td>\n<\/tr>\n<\/tbody>\n<\/table>\n<p><strong>&#8211; <\/strong><strong>Sz\u00e1mvev\u0151s\u00e9g \u2013 k\u00f6nyvel\u00e9si \u00e9s egy\u00e9b sz\u00e1mfejt\u00e9ssel kapcsolatos tan\u00e1csad\u00e1si tev\u00e9kenys\u00e9gek<\/strong><\/p>\n<table>\n<tbody>\n<tr>\n<td>\n<p>\u00dczleti n\u00e9v:<\/p>\n<\/td>\n<td>\n<p>RKBIRO CONSULTING DOO SUBOTICA<\/p>\n<\/td>\n<\/tr>\n<tr>\n<td>\n<p>V\u00e1ros:<\/p>\n<\/td>\n<td>\n<p>Szabadka<\/p>\n<\/td>\n<\/tr>\n<tr>\n<td>\n<p>Po\u0161tanski broj:<\/p>\n<\/td>\n<td>\n<p>24000<\/p>\n<\/td>\n<\/tr>\n<tr>\n<td>\n<p>C\u00edm:<\/p>\n<\/td>\n<td>\n<p>Radi\u0107 fiv\u00e9rek utca 30<\/p>\n<\/td>\n<\/tr>\n<tr>\n<td>\n<p>Tev\u00e9kenys\u00e9g:<\/p>\n<\/td>\n<td>\n<p>Sz\u00e1mvev\u0151s\u00e9gi, k\u00f6nyvel\u00e9si, fel\u00fcgyeleti tev\u00e9kenys\u00e9gek; ad\u00f3tan\u00e1csad\u00e1s<\/p>\n<\/td>\n<\/tr>\n<\/tbody>\n<\/table>\n<p><strong>3. MILYEN SZEM\u00c9LYES ADATOKAT GY\u0170JT AZ ADATKEZEL\u0150?<\/strong><\/p>\n<p>Az adatkezel\u0151 a szem\u00e9lyes adatok v\u00e9delm\u00e9re vonatkoz\u00f3 jogalap alapj\u00e1n \u00e9s az adatkezel\u00e9s c\u00e9lj\u00e1val \u00f6sszhangban kezeli a tev\u00e9kenys\u00e9gei v\u00e9gz\u00e9s\u00e9hez sz\u00fcks\u00e9ges szem\u00e9lyes adatokat.<\/p>\n<p>Az Adatkezel\u0151 \u00e1ltal kezelt, a szolg\u00e1ltat\u00e1s haszn\u00e1l\u00f3inak, k\u00fcls\u0151 pertnereknek \u00e9s tan\u00e1csad\u00f3knak, \u00fczleti partnereknek, valamint a v\u00e1llalat weboldal\u00e1nak l\u00e1togat\u00f3inak szem\u00e9lyes adatai a k\u00f6vetkez\u0151k:<\/p>\n<ul>\n<li>A szolg\u00e1ltat\u00e1st ig\u00e9nybe vev\u0151 szem\u00e9ly vezet\u00e9k- \u00e9s ut\u00f3neve,<\/li>\n<li>A szolg\u00e1ltat\u00e1st ig\u00e9nybe vev\u0151 szem\u00e9ly sz\u00fclet\u00e9si helye \u00e9s c\u00edme,<\/li>\n<li>a szolg\u00e1ltat\u00e1s felhaszn\u00e1l\u00f3j\u00e1nak lakc\u00edme,<\/li>\n<li>sz\u00fclet\u00e9si d\u00e1tum,<\/li>\n<li>A szolg\u00e1ltat\u00e1st ig\u00e9nybe vev\u0151 szem\u00e9ly neme<\/li>\n<li>Szem\u00e9lyi sz\u00e1m,<\/li>\n<li>Az szem\u00e9lyi igazolv\u00e1nyon szerepl\u0151 adatok (szem\u00e9lyi sz\u00e1m, igazolv\u00e1nysz\u00e1m),<\/li>\n<li>Eg\u00e9szs\u00e9gbiztos\u00edt\u00e1si sz\u00e1m<\/li>\n<li>A szolg\u00e1ltat\u00e1st ig\u00e9nybe vev\u0151 szem\u00e9ly telefonsz\u00e1ma<\/li>\n<li>A szolg\u00e1ltat\u00e1st ig\u00e9nybe vev\u0151 szem\u00e9ly e-mail c\u00edme<\/li>\n<li>A weboldal l\u00e1togat\u00f3inak \u00fczleti e-mail c\u00edmei<\/li>\n<li>A weboldal l\u00e1togat\u00f3inak IP c\u00edme<\/li>\n<li>\u00dczleti- \u00e9s k\u00fcls\u0151 partnerek c\u00e9gneve \u00e9s c\u00edme<\/li>\n<li>\u00dczleti- \u00e9s k\u00fcls\u0151 partnerek ad\u00f3azonos\u00edt\u00f3 sz\u00e1ma, c\u00e9gjegyz\u00e9ksz\u00e1ma, kapcsolattart\u00f3 szem\u00e9lyek el\u00e9rhet\u0151s\u00e9gei<\/li>\n<li>\u00dczleti partnerek \u00e9s beszerz\u0151k foly\u00f3sz\u00e1mlasz\u00e1mai<\/li>\n<li>egy\u00e9b adatokat, ha ehhez l\u00e9tezik sz\u00fcks\u00e9ges jogalap<\/li>\n<\/ul>\n<p>(a sz\u00f6veg tov\u00e1bbi r\u00e9sz\u00e9ben: \u201eSzem\u00e9lyes adatok\u201d)<\/p>\n<p>Az adatkezel\u0151 a t\u00f6rv\u00e9ny 17. cikkelye 2. bekezd\u00e9s\u00e9nek 2. pontj\u00e1ban foglaltaknak megfelel\u0151en meghat\u00e1rozott kateg\u00f3ri\u00e1j\u00fa szem\u00e9lyes adatokat is kezelhet, ha az adatkezel\u00e9s sz\u00fcks\u00e9ges az adatkezel\u0151 vagy az \u00e9rintett sz\u00e1m\u00e1ra a foglalkoztat\u00e1s, a t\u00e1rsadalombiztos\u00edt\u00e1s \u00e9s a szoci\u00e1lis v\u00e9delem ter\u00fclet\u00e9n a t\u00f6rv\u00e9ny \u00e1ltal el\u0151\u00edrt k\u00f6telezetts\u00e9gek teljes\u00edt\u00e9s\u00e9hez vagy jogok gyakorl\u00e1s\u00e1hoz, ha az ilyen feldolgoz\u00e1st t\u00f6rv\u00e9ny vagy olyan kollekt\u00edv szerz\u0151d\u00e9s \u00edrja el\u0151, amely az \u00e9rintett alapvet\u0151 jogainak, szabads\u00e1gainak \u00e9s jogos \u00e9rdekeinek v\u00e9delm\u00e9t szolg\u00e1l\u00f3 megfelel\u0151 int\u00e9zked\u00e9sek alkalmaz\u00e1s\u00e1t \u00edrja el\u0151.<\/p>\n<p>Az adatkezel\u0151 m\u0171szaki biztons\u00e1gi rendszert \u00e9p\u00edtett ki (videomegfigyel\u00e9sre) a temet\u0151kben, a l\u00e9tes\u00edtm\u00e9nyek \u00e9s a vagyon v\u00e9delme c\u00e9lj\u00e1b\u00f3l.<\/p>\n<p><strong>4. HOGYAN GY\u0170JTI BE AZ ADATKEZEL\u0150 AZ \u00d6N SZEM\u00c9LYES ADATAIT?<\/strong><\/p>\n<p>A v\u00e1llalat az \u00d6n szem\u00e9lyes adatait k\u00f6zvetlen\u00fcl \u00d6nt\u0151l, m\u00e1s forr\u00e1sokb\u00f3l, p\u00e9ld\u00e1ul a nyilv\u00e1nos adatb\u00e1zisokb\u00f3l, vagy az internetes web oldalon megjelentetett k\u00e9rd\u0151\u00edv felhaszn\u00e1l\u00e1s\u00e1val gy\u0171jti be.<\/p>\n<p><strong>5. AZ \u00d6N SZEM\u00c9LYES ADATAI FELDOLGOZ\u00c1S\u00c1NAK C\u00c9LJA<\/strong><\/p>\n<p>-Az adatkezel\u0151 szem\u00e9lyes adatok feldolgoz\u00e1s\u00e1nak jogalapja \u2013 Az adatkezel\u0151 a szem\u00e9lyes adatokat a t\u00f6rv\u00e9ny 12. cikkelye, 1. bekezd\u00e9s\u00e9nek 3., 5. \u00e9s 6. pontj\u00e1ban foglaltaknak megfelel\u0151en kezeli.<\/p>\n<p>-Tev\u00e9kenys\u00e9gek v\u00e9gz\u00e9se \u00e9s \u00fczleti m\u0171veletek lebonyol\u00edt\u00e1sa. Az adatkezel\u0151 szem\u00e9lyes adatokat dolgoz fel \u00e1ruk \u00e9s szolg\u00e1ltat\u00e1sok beszerz\u00e9se \u00e9s kifizet\u00e9se, \u00fczleti fejleszt\u00e9s, m\u00e1s jogi szem\u00e9lyekkel val\u00f3 \u00fczleti egy\u00fcttm\u0171k\u00f6d\u00e9s, projektmenedzsment, munkaszervez\u00e9s, irodai adminisztr\u00e1ci\u00f3 \u00e9s egy\u00e9b tev\u00e9kenys\u00e9gek v\u00e9gz\u00e9se \u00e9s \u00fczleti m\u0171veletek lebonyol\u00edt\u00e1sa c\u00e9lj\u00e1b\u00f3l.<\/p>\n<p>-A t\u00f6rv\u00e9nyes k\u00f6telezetts\u00e9geinek teljes\u00edt\u00e9se \u00e9s annak biztos\u00edt\u00e1sa, hogy \u00fczleti tev\u00e9kenys\u00e9ge megfeleljen a t\u00f6rv\u00e9nyeknek \u00e9s egy\u00e9b szab\u00e1lyoz\u00e1soknak (kereskedelmi, munka\u00fcgyi \u00e9s ad\u00f3jogszab\u00e1lyok stb),<\/p>\n<p>-Kommunik\u00e1ci\u00f3s, informatikai \u00e9s inform\u00e1ci\u00f3biztons\u00e1gi c\u00e9lokb\u00f3l. Az adatkezel\u0151 a szem\u00e9lyes adatokat a kommunik\u00e1ci\u00f3s \u00e9s inform\u00e1ci\u00f3s h\u00e1l\u00f3zat m\u0171k\u00f6d\u00e9s\u00e9nek ir\u00e1ny\u00edt\u00e1sa \u00e9s fenntart\u00e1sa, az inform\u00e1ci\u00f3biztons\u00e1g fenntart\u00e1sa \u00e9s az inform\u00e1ci\u00f3s kock\u00e1zatok megel\u0151z\u00e9se c\u00e9lj\u00e1b\u00f3l kezeli;<\/p>\n<p>-A v\u00e1llalat l\u00e9tes\u00edtm\u00e9nyeinek \u00e9s vagyon\u00e1nak v\u00e9delme c\u00e9lj\u00e1b\u00f3l, valamint a szem\u00e9lyek, a vagyon \u00e9s a v\u00e1llalat \u00fczleti tev\u00e9kenys\u00e9g\u00e9nek v\u00e9delm\u00e9r\u0151l sz\u00f3l\u00f3 kock\u00e1zat\u00e9rt\u00e9kel\u00e9si t\u00f6rv\u00e9nynek megfelel\u0151en. Az e cikkely szerinti adatkezel\u00e9st az adatkezel\u0151 nev\u00e9ben egy enged\u00e9llyel rendelkez\u0151 v\u00e1llalat v\u00e9gzi, a vagyon v\u00e9delme c\u00e9lj\u00e1b\u00f3l ny\u00fajtott videomegfigyel\u0151 szolg\u00e1ltat\u00e1sokra vonatkoz\u00f3 kereskedelmi meg\u00e1llapod\u00e1s alapj\u00e1n.<\/p>\n<p><strong>6. SZEM\u00c9LYES ADATOK FELDOLGOZ\u00c1S\u00c1NAK M\u0170VELETEI<\/strong><\/p>\n<p>Az adatkezel\u0151 a k\u00f6vetkez\u0151 adatkezel\u00e9si m\u0171veleteket v\u00e9gzi: gy\u0171jt\u00e9s, r\u00f6gz\u00edt\u00e9s, rendszerez\u00e9s, struktur\u00e1l\u00e1s, t\u00e1rol\u00e1s, \u00e1talak\u00edt\u00e1s vagy m\u00f3dos\u00edt\u00e1s, k\u00f6zz\u00e9t\u00e9tel, ellen\u0151rz\u00e9s, felhaszn\u00e1l\u00e1s, tov\u00e1bb\u00edt\u00e1s vagy m\u00e1s m\u00f3don t\u00f6rt\u00e9n\u0151 k\u00f6zz\u00e9t\u00e9tel, sokszoros\u00edt\u00e1s, terjeszt\u00e9s vagy m\u00e1s m\u00f3don t\u00f6rt\u00e9n\u0151 rendelkez\u00e9sre bocs\u00e1t\u00e1s, \u00f6sszehasonl\u00edt\u00e1s, korl\u00e1toz\u00e1s, t\u00f6rl\u00e9s vagy megsemmis\u00edt\u00e9s, valamint minden m\u00e1s, automatiz\u00e1lt vagy nem automatiz\u00e1lt m\u0171velet, amely a tev\u00e9kenys\u00e9gek v\u00e9grehajt\u00e1s\u00e1hoz sz\u00fcks\u00e9ges.<\/p>\n<p>Az adatkezel\u0151 kiz\u00e1r\u00f3lag az adatkezel\u00e9s  sz\u00fcks\u00e9gess\u00e9g\u00e9vel ar\u00e1nyosan, valamint tev\u00e9kenys\u00e9g\u00e9nek v\u00e9gz\u00e9s\u00e9hez \u00e9s jogi \u00e9s szerz\u0151d\u00e9ses k\u00f6telezetts\u00e9geinek teljes\u00edt\u00e9s\u00e9hez sz\u00fcks\u00e9ges m\u00e9rt\u00e9kben gy\u0171jt adatokat.<\/p>\n<p>Az adatkezel\u0151 a szem\u00e9lyes adatokat nem kezeli az el\u0151\u00edrt adatkezel\u00e9si c\u00e9lon k\u00edv\u00fcl.<\/p>\n<p>Az adatkezel\u0151 k\u00f6teles rendszeresen friss\u00edteni \u00e9s ellen\u0151rizni a szem\u00e9lyes adatok feldolgoz\u00e1s\u00e1nak sz\u00fcks\u00e9gess\u00e9g\u00e9t, valamint megtenni minden elengedhetetlen l\u00e9p\u00e9st azon adatok t\u00f6rl\u00e9s\u00e9re, amelyek feldolgoz\u00e1sa m\u00e1r nem indokolt a szolg\u00e1ltat\u00e1s haszn\u00e1l\u00f3i, a weboldal l\u00e1togat\u00f3i \u00e9s a k\u00fcls\u0151 partnerek (akik szerz\u0151d\u00e9ses \u00e9s egy\u00e9b jogviszonyt l\u00e9tes\u00edtenek az adatkezel\u0151vel) szem\u00e9lyes adatainak v\u00e9delm\u00e9r\u0151l sz\u00f3l\u00f3 Rendeletben meghat\u00e1rozott c\u00e9lokhoz.<\/p>\n<p><strong>7. A SZEM\u00c9LYES ADATOK FELDOLGOZ\u00c1S\u00c1NAK JOGALAPJA<\/strong><\/p>\n<p>Az adatkezel\u0151 a t\u00f6rv\u00e9nnyel \u00f6sszhangban dolgozza fel az adatait, amennyiben:<\/p>\n<p>1) az \u00e9rintettel k\u00f6t\u00f6tt szerz\u0151d\u00e9s teljes\u00edt\u00e9se vagy az \u00e9rintett k\u00e9r\u00e9s\u00e9re a szerz\u0151d\u00e9sk\u00f6t\u00e9st megel\u0151z\u0151 int\u00e9zked\u00e9sek meghozatala \u00e9rdek\u00e9ben t\u00f6rt\u00e9nik,<\/p>\n<p>2) az \u00e9rintett vagy m\u00e1s mag\u00e1nszem\u00e9ly l\u00e9tfontoss\u00e1g\u00fa \u00e9rdekeinek v\u00e9delme \u00e9rdek\u00e9ben t\u00f6rt\u00e9nik,<\/p>\n<p>3) k\u00f6z\u00e9rdek\u0171 feladatok ell\u00e1t\u00e1sa vagy t\u00f6rv\u00e9nyben el\u0151\u00edrt hat\u00e1sk\u00f6r\u00f6k gyakorl\u00e1sa \u00e9rdek\u00e9ben t\u00f6rt\u00e9nik,<\/p>\n<p>4) az adatkezel\u0151 vagy harmadik f\u00e9l jogszer\u0171 \u00e9rdekeinek \u00e9rv\u00e9nyes\u00edt\u00e9se \u00e9rdek\u00e9ben t\u00f6rt\u00e9nik,<\/p>\n<p>5) a 6.4. cikkely szerinti szem\u00e9lyes adatok feldolgoz\u00e1s\u00e1nak jogalapja az Adatkezel\u0151 jogos \u00e9rdeke, a szem\u00e9lyes adatok v\u00e9delm\u00e9r\u0151l sz\u00f3l\u00f3 t\u00f6rv\u00e9ny 12. cikkelye 1. bekezd\u00e9s\u00e9nek 6. pontj\u00e1val \u00f6sszhangban.<\/p>\n<p><strong>8. A SZEM\u00c9LYES ADATOK HARMADIK SZEM\u00c9LYEKRE VAL\u00d3 \u00c1TRUH\u00c1Z\u00c1SA<\/strong><\/p>\n<p>Az Adatkezel\u0151, a felhaszn\u00e1l\u00f3k feldolgozott szem\u00e9lyes adatait nem adhatja \u00e1t \u00e9s harmadik szem\u00e9lyek r\u00e9sz\u00e9re betekint\u00e9st sem biztos\u00edthat, de a Szerb K\u00f6zt\u00e1rsas\u00e1gb\u00f3l sem viheti ki azokat. Kiv\u00e9telt a hivatalos szervek megkeres\u00e9sei jelentenek, amelyek k\u00fcl\u00f6nb\u00f6z\u0151 okok miatt k\u00e9rik az adatokat feldolgoz\u00e1s c\u00e9ljaira. Olyan esetekr\u0151l van sz\u00f3, amelyek nem tartoznak a Szem\u00e9lyes adatv\u00e9delmi t\u00f6rv\u00e9ny 12. cikkelye, 1. \u00e9s 2. bekezd\u00e9s\u00e9nek hat\u00e1lya al\u00e1.<\/p>\n<p><strong>9. AZ ADATOK \u0150RZ\u00c9S\u00c9NEK HAT\u00c1RIDEJE<\/strong><\/p>\n<p>A jelen k\u00f6zlem\u00e9nyben neves\u00edtett \u00e9s feldogozott adatokat hat\u00e1rozatlan ideig \u0151rzik. A szem\u00e9lyes adatok hat\u00e1rozatlan ideig tart\u00f3 meg\u0151rz\u00e9s\u00e9nek \u00e9s k\u00e9s\u0151bbi feldolgoz\u00e1s\u00e1nak jogalapja a Szem\u00e9lyes adatv\u00e9delmi t\u00f6rv\u00e9ny 8. cikkely\u00e9nek 1. bekezd\u00e9se.<\/p>\n<p>Azokat a szem\u00e9lyekr\u0151l sz\u00f3l\u00f3 adatokat, amelyeket az Adatkezel\u0151 munka \u2013 jogi c\u00e9lb\u00f3l dolgoz fel, hat\u00e1rozatlan ideig \u0151rzik - a t\u00f6rv\u00e9nyes el\u0151\u00edr\u00e1sok a szellem\u00e9ben, amelyek a munka-jogi nyilv\u00e1ntart\u00e1sra vonatkoznak.<\/p>\n<p>A t\u00f6bbi szem\u00e9lyes adatot az Adatkezel\u0151 a v\u00e1llalat\u00e1ban \u00e9rv\u00e9nyes iktat\u00e1si \u00e9s lev\u00e9lt\u00e1ri - t\u00e1rol\u00e1si szab\u00e1lyok, valamint a sz\u00e1mviteli \u00e9s sz\u00e1mfejt\u00e9si \u2013 politikai el\u0151\u00edr\u00e1sok szerint, a munka \u00e9s a foglalkoztat\u00e1si nyilv\u00e1ntart\u00e1sokra vonatkoz\u00f3 t\u00f6rv\u00e9ny \u00e9rtelm\u00e9ben kezeli.<\/p>\n<p><strong>10. SZEM\u00c9LYES ADATOK V\u00c9DELM\u00c9T SZOLG\u00c1L\u00d3 INT\u00c9ZKED\u00c9SEK<\/strong><\/p>\n<p>Az Adatkezel\u0151 m\u0171szaki, szervez\u00e9si \u00e9s k\u00e1derint\u00e9zked\u00e9seket foganatos\u00edt annak \u00e9rdek\u00e9ben, hogy meg\u00f3vja az \u00e1ltala begy\u0171jt\u00f6tt \u00e9s feldolgoz\u00e1sra ker\u00fcl\u0151 adatok biztons\u00e1g\u00e1t. A biztons\u00e1gi int\u00e9zked\u00e9seket a szem\u00e9lyes adatv\u00e9delmi Szab\u00e1lyzat tartalmazza.<\/p>\n<p><strong>11. MILYEN JOGOKKAL RENDELKEZIK \u00d6N SZEM\u00c9LYES ADATAINAK V\u00c9DELM\u00c9T ILLET\u0150EN, MIK\u00c9NT TUDJA AZOKAT \u00c9RV\u00c9NYES\u00cdTENI?<\/strong><\/p>\n<ul>\n<li><strong>T\u00e1j\u00e9koztat\u00e1si jogosults\u00e1g<\/strong> - k\u00f6zlik \u00d6nnel: mely szem\u00e9lyes adataival rendelkezik az Adatkezel\u0151, honnan szerezte be \u0151ket, milyen c\u00e9lb\u00f3l ker\u00fclnek feldolgoz\u00e1sra, tov\u00e1bb\u00e1 t\u00e1j\u00e9koztatj\u00e1k, hogy ki az Adatkezel\u0151 \u00e9s kik az adatfeldolgoz\u00f3k, illetve kik azok a szem\u00e9lyek, akiknek az \u00d6n szem\u00e9lyes adataihoz el\u00e9rhet\u0151s\u00e9ge van.<\/li>\n<li><strong>A szem\u00e9lyes adatok jav\u00edt\u00e1s\u00e1ra \u00e9s b\u0151v\u00edt\u00e9s\u00e9re vonatkoz\u00f3 jog<\/strong> - hogy meggy\u0151z\u0151dhessen arr\u00f3l: a v\u00e1llalat rendelkez\u00e9s\u00e9re \u00e1ll\u00f3 adatok helyesek, pontosak \u00e9s id\u0151szer\u0171ek.<\/li>\n<\/ul>\n<ul>\n<li>\u2022<strong>A szem\u00e9lyes adatok t\u00f6rl\u00e9s\u00e9nek joga<\/strong> - azokr\u00f3l az adatokr\u00f3l van sz\u00f3, amelyeket m\u00e1r kezeltek, viszont a tov\u00e1bbiakban nincs r\u00e1juk sz\u00fcks\u00e9g a 4. pontban foglaltak megval\u00f3s\u00edt\u00e1s\u00e1hoz.<\/li>\n<li>\u2022<strong>A szem\u00e9lyes adatok feldolgoz\u00e1s\u00e1nak korl\u00e1toz\u00e1sa<\/strong> - a Szem\u00e9lyes adatv\u00e9delmi t\u00f6rv\u00e9ny 31. cikk\u00e9ben r\u00f6gz\u00edtett esetekre \u00e9s egy\u00e9b szem\u00e9lyes adatv\u00e9delmi el\u0151\u00edr\u00e1sokra val\u00f3 tekintettel.<\/li>\n<li>\u2022<strong>\u00c1truh\u00e1z\u00e1si jog<\/strong> - \u00d6nnek jog\u00e1ban \u00e1ll birtokba venni a m\u00e1r feldogozott szem\u00e9lyes adatokat \u00e9s \u00e1tadni azokat egy m\u00e1sik adatkezel\u0151nek, amennyiben teljes\u00fclnek a k\u00f6vetkez\u0151 felt\u00e9telek:<\/li>\n<li>1) Az adatfeldolgoz\u00e1s az Adatv\u00e9delmi t\u00f6rv\u00e9ny 12. cikkelye, 1. bekezd\u00e9s\u00e9nek 1) pontja, tov\u00e1bb\u00e1 a 17. cikkely, 2. bekezd\u00e9s\u00e9nek 1) pontja \u00e9rtelm\u00e9ben beleegyez\u00e9s- k\u00f6teles.<\/li>\n<\/ul>\n<p>2) A feldolgoz\u00e1s automatikusan t\u00f6rt\u00e9nik.<\/p>\n<ul>\n<li><strong>A kifog\u00e1sol\u00e1s (panasztev\u00e9s) joga<\/strong> -  szem\u00e9lyes jogainak v\u00e9delm\u00e9ben \u00d6nnek jog\u00e1ban \u00e1ll kifog\u00e1st emelni az Adatkezel\u0151n\u00e9l. Ezt, elektromos form\u00e1ban a k\u00f6vetkez\u0151 c\u00edmen teheti meg: <span id=\"cloake98571e2879e1696e6ebf2e380f1c2be\"><a href=\"mailto:office@pogrebno.rs\">office@pogrebno.rs<\/a><\/span> vagy szem\u00e9lyesen az arra hivatott hat\u00f3s\u00e1gn\u00e1l (Adatv\u00e9delmi biztos).<\/li>\n<\/ul>\n<ul>\n<li>\u2022<strong>A megadott beleegyez\u00e9s visszavon\u00e1sa <\/strong>azokra az adatokra vonatkoz\u00f3lag, amelyeknek begy\u0171jt\u00e9s\u00e9hez \u00e9s felbogoz\u00e1s\u00e1hoz az \u00d6n beleegyez\u00e9s\u00e9re (egyet\u00e9rt\u00e9s\u00e9re) van sz\u00fcks\u00e9g. A visszavon\u00e1s jog\u00e1t a k\u00f6vetkez\u0151k\u00e9ppen \u00e9rv\u00e9nyes\u00edtheti:<\/li>\n<\/ul>\n<p>1)\t\u00cdr\u00e1sos form\u00e1ban a Belegyez\u00e9s visszavon\u00e1sa nevet visel\u0151 \u0171rlap kit\u00f6lt\u00e9s\u00e9vel. <em>Opoziv pristanka<\/em> Ezt a Szabadkai Temetkez\u00e9si Kommun\u00e1lis K\u00f6zv\u00e1llalatnak a Fasizmus \u00e1ldozatainak tere 1. sz. alatti helyis\u00e9geiben kell elv\u00e9gezni.<\/p>\n<p>2)\tPostai \u00faton lev\u00e9l form\u00e1j\u00e1ban, amelyet a Szabadkai Temetkez\u00e9si Kommun\u00e1lis K\u00f6zv\u00e1llalatnak a Fasizmus \u00e1ldozatainak tere, 1. sz. sz\u00e9khely\u00e9re kell c\u00edmezni. A bor\u00edt\u00e9kon fel kell t\u00fcntetni a k\u00f6vetk\u0151ket: PAK 450411, \u00e9s a megjegyz\u00e9st: A szem\u00e9lyes adatok v\u00e9delm\u00e9\u00e9rt felel\u0151s szem\u00e9lynek.<\/p>\n<p>3)\tA belegyez\u00e9s visszavon\u00e1sa megt\u00f6rt\u00e9nhet elektromos form\u00e1ban is, az \u00fczenetet a k\u00f6vetkez\u0151 c\u00edmre kell elk\u00fcldeni: <span id=\"cloakd0b8eab8b644ae22fb29dc4bdf12d330\"><a href=\"mailto:office@pogrebno.rs\">office@pogrebno.rs<\/a><\/span><\/p>\n<p><strong>Mi a \u201es\u00fcti\u201d?<\/strong><\/p>\n<ul>\n<li>\u0410 \u201es\u00fcti\u201d (angol nyelven a cookie) egy r\u00f6vid sz\u00f6veges inform\u00e1ci\u00f3csomag, amelyet a szerver k\u00fcld a web b\u00f6ng\u00e9sz\u0151nek, majd a b\u00f6ng\u00e9sz\u0151 visszak\u00fcld. A Szabadkai Temetkez\u00e9si Kommun\u00e1lis K\u00f6zv\u00e1llalat \u201es\u00fctijei\u201d sz\u00e1mos funkci\u00f3t t\u00f6ltenek be, egyebek k\u00f6z\u00f6tt lehet\u0151v\u00e9 teszik \u00d6nnek, hogy sikeresen k\u00f6zlekedjen az internetes oldalakon, \u0151rzik azokat a tartalmakat, amelyeket \u00d6n t\u00f6lt\u00f6tt fel \u00e9s hozz\u00e1j\u00e1rulnak ahhoz, hogy a web oldal megtekint\u00e9se \u00e9lvezetes legyen.<\/li>\n<li>Az EU 2009\/136\/EZ Ir\u00e1nyelve lehet\u0151v\u00e9 teszik, hogy g\u00e9p\u00e9n t\u00f6bb \u201es\u00fctit\u201d rakt\u00e1rozzon, amennyiben azok elengedhetetlenek a jelen webhely m\u0171k\u00f6dtet\u00e9s\u00e9hez, a t\u00f6bbi \u201es\u00fcti\u201d felt\u00f6lt\u00e9s\u00e9hez az \u00d6n beleegyez\u00e9s\u00e9re van sz\u00fcks\u00e9g.<\/li>\n<li>A Szabadkai Temetkez\u00e9si Kommun\u00e1lis K\u00f6zv\u00e1llalat internetes weboldal\u00e1n, alkalmazni lehet olyan \u201es\u00fctiket\u201d is, amelyek nem elengedhetetlen\u00fcl sz\u00fcks\u00e9gesek annak m\u0171k\u00f6dtet\u00e9s\u00e9hez. Ezeket a \u201es\u00fctiket\u201d nem haszn\u00e1ljuk arra, hogy k\u00f6vess\u00fck a felhaszn\u00e1l\u00f3k viselked\u00e9s\u00e9t, vagy meggy\u0151z\u0151dj\u00fcnk szem\u00e9lyazonoss\u00e1gukr\u00f3l, hanem az internet felhaszn\u00e1l\u00e1s\u00e1nak tanulm\u00e1nyoz\u00e1s\u00e1ra szolg\u00e1lnak. Ezzel szeretn\u00e9nk \u00faj ismeretekre szert tenni, amelyeknek haszn\u00e1t felhaszn\u00e1l\u00f3ink \u00e9lvezhetik majd. Annak a rendszernek a megismer\u00e9se n\u00e9lk\u00fcl, amelynek alapj\u00e1n a \"s\u00fctik\" m\u0171k\u00f6dnek, nem ny\u00fajthatn\u00e1nk \u00d6n\u00f6knek ezt a szolg\u00e1ltat\u00e1s sem.<\/li>\n<\/ul>\n<p>\u00a0<\/p>\n<p><strong>A r\u00e9sz\u00fcnkr\u0151l haszn\u00e1lt \u201es\u00fctik\" fajt\u00e1i<\/strong><\/p>\n<ul>\n<li>Amikor be\u00e1ll\u00edtja a kommunik\u00e1ci\u00f3 nyelv\u00e9t, a bet\u0171nagys\u00e1got, vagy a sajt bizonyos v\u00e1ltozat\u00e1t (pl. a kontraszt intenzit\u00e1s\u00e1t), ehhez a felhaszn\u00e1l\u00f3i interf\u00e9szt alkalmazza (k\u00e9t sz\u00e1m\u00edt\u00f3g\u00e9pes  - hardver vagy szoftver - eszk\u00f6z, illetve a sz\u00e1m\u00edt\u00f3g\u00e9p \u00e9s az azt haszn\u00e1l\u00f3 ember \u00e9rintkez\u00e9si fel\u00fclete). A be\u00e1ll\u00edt\u00e1st k\u00f6vet\u0151en nincs sz\u00fcks\u00e9g arra, hogy a lap k\u00f6vetkez\u0151 megnyit\u00e1sakor ism\u00e9t be\u00e1ll\u00edt\u00e1sokat v\u00e9gezzen.<\/li>\n<li>Amikor a honlapnak azokat a r\u00e9szeit haszn\u00e1lja, ahol bejelentkez\u00e9si k\u00f6telezetts\u00e9g van, sz\u00e1m\u00edt\u00f3g\u00e9p\u00e9n elhelyez\u00fcnk egy \u201es\u00fctit\u201d, amely a hiteles\u00edt\u00e9st szolg\u00e1lja. Ez teszi lehet\u0151v\u00e9, hogy a lapr\u00f3l kil\u00e9pjen, vagy ism\u00e9t visszat\u00e9rjen \u00fajb\u00f3li hiteles\u00edt\u00e9s n\u00e9lk\u00fcl.<\/li>\n<li>A Szabadkai Temetkez\u00e9si Kommun\u00e1lis K\u00f6zv\u00e1llalat arra t\u00f6rekszik, hogy megismerje: az \u00e9rdekl\u0151d\u0151k mik\u00e9nt haszn\u00e1lj\u00e1k a v\u00e1llalat internetes webhelyeit. Ennek \u00e9rdek\u00e9ben h\u00e1l\u00f3zati elemz\u00e9st v\u00e9gez. Ezen az \u00faton \u00e1llap\u00edtja meg: h\u00e1nyan kerest\u00e9k fel a web helyet \u00e9s  mik\u00e9nt viselkedtek. Ennek \u00e9rek\u00e9ben kulcsszavakat alkalmazunk, amelyek utas\u00edt\u00e1sokkal szolg\u00e1lnak. Az is \u00e9rdekel benn\u00fcnket, mennyi id\u0151t t\u00f6ltenek a felhaszn\u00e1l\u00f3k web oldalainkon \u00e9s h\u00e1ny oldalt nyitottak meg. Ennek \u00e9rdek\u00e9ben az \u00f6n\u00f6k sz\u00e1m\u00edt\u00f3g\u00e9p\u00e9n elhelyez\u00fcnk egy elemz\u0151 \u201es\u00fctit\" (first-party analytics cookie).<\/li>\n<\/ul>\n<ul>\n<li>A h\u00e1l\u00f3zati statisztika c\u00e9ljaira felhaszn\u00e1lhatjuk a Google Analytics szolg\u00e1ltat\u00e1sait is. Ebben az esetben a Google az \u00d6n g\u00e9p\u00e9n elhelyez egy \u00fajabb \u201es\u00fctit\u201d( third-party cookie). Ilyen \u201es\u00fcti\" m\u0171k\u00f6dik akkor is, amikor a Google t\u00e9rk\u00e9peket haszn\u00e1ljuk.<\/li>\n<\/ul>\n<ul>\n<li>Amennyiben sz\u00fcks\u00e9ge van tov\u00e1bbi inform\u00e1ci\u00f3kra, vagy kapcsolatba k\u00edv\u00e1n l\u00e9pni vel\u00fcnk az Adatv\u00e9delmi politik\u00e1ra, utaljuk.<\/li>\n<\/ul>\n<p>\u00a0<\/p>\n<p><strong>A \u201eS\u00dcTIK\u201d ELLEN\u0150RZ\u00c9SE<\/strong><\/p>\n<ul>\n<li>Amennyiben nem hajland\u00f3 fogadni a \u201es\u00fctiket\u201d be\u00e1ll\u00edthatja internet keres\u0151j\u00e9t, hogy jelezze, mikor k\u00fcldene \u00d6nnek \u201es\u00fctiket\u201d \u2013 azoknak mindegyik\u00e9t el is utas\u00edthatja. A sz\u00e1m\u00edt\u00f3g\u00e9p\u00e9n elhelyezett \u201es\u00fctiket\u201d viszont let\u00f6r\u00f6lheti.<\/li>\n<li>Amikor korl\u00e1tozni, vagy blokkolni akarja az internet keres\u0151 r\u00e9sz\u00e9r\u0151l a g\u00e9p\u00e9re k\u00fcld\u00f6tt \u201es\u00fctiket\u201d, a keres\u0151t kell \u00e1t\u00e1ll\u00edtania a kiv\u00e1lasztott feladat elv\u00e9gz\u00e9s\u00e9re. Az elj\u00e1r\u00e1s magyar\u00e1zat\u00e1t \u00e9s az \u00fatmutat\u00e1st a \u201eseg\u00edts\u00e9g\u201d c\u00edmsz\u00f3 alatt kell keresnie. Felkeresheti a <a href=\"http:\/\/www.aboutcookies.org\">aboutcookies.org<\/a> internetes oldalt is ( a k\u00fcls\u0151 kapcsolatot), amely r\u00e9szletes magyar\u00e1zattal szolg\u00e1l, mik\u00e9nt kell lebonyol\u00edtani az elj\u00e1r\u00e1st a k\u00fcl\u00f6nb\u00f6z\u0151 internetes keres\u0151k\u00f6n.<\/li>\n<\/ul>\n<p>\u00a0<\/p>\n<p><strong>A tov\u00e1bbiakban tekintse meg a \u201es\u00fctik\" be\u00e1ll\u00edt\u00e1s\u00e1ra szolg\u00e1l\u00f3 legn\u00e9pszer\u0171bb keres\u0151 linkeket: <\/strong><\/p>\n<ul>\n<li>Google Chrome: <a href=\"https:\/\/support.google.com\/accounts\/answer\/61416?hl=hu\">https:\/\/support.google.com\/accounts\/answer\/61416?hl=hu<\/a><\/li>\n<li>Firefox: <a href=\"https:\/\/support.mozilla.org\/hu\/kb\/weboldalak-helyi-tarolasi-beallitasainak-kezelese\">https:\/\/support.mozilla.org\/hu\/kb\/weboldalak-helyi-tarolasi-beallitasainak-kezelese<\/a><\/li>\n<li>Microsoft Internet Explorer 11: <a href=\"https:\/\/support.microsoft.com\/sr-latn-rs\/help\/17442\/windows-internet-explorer--manage-cookies\">https:\/\/support.microsoft.com\/sr-latn-rs\/help\/17442\/windows-internet-explorer&#8211;manage-cookies#<\/a><\/li>\n<li>Microsoft Internet Explorer 10: <a href=\"https:\/\/support.microsoft.com\/sr-latn-rs\/help\/17442\/windows-internet-explorer--manage-cookies#ie=ie-10-win-7\">https:\/\/support.microsoft.com\/sr-latn-rs\/help\/17442\/windows-internet-explorer&#8211;manage-cookies#ie=ie-10-win-7<\/a><\/li>\n<li>Microsoft Internet Explorer 9: <a href=\"https:\/\/support.microsoft.com\/sr-latn-rs\/help\/17442\/windows-internet-explorer--manage-cookies#ie=ie-9\">https:\/\/support.microsoft.com\/sr-latn-rs\/help\/17442\/windows-internet-explorer&#8211;manage-cookies#ie=ie-9<\/a><\/li>\n<li>Microsoft Internet Explorer 8: <a href=\"https:\/\/support.microsoft.com\/sr-latn-rs\/help\/17442\/windows-internet-explorer--manage-cookies#ie=ie-8\">https:\/\/support.microsoft.com\/sr-latn-rs\/help\/17442\/windows-internet-explorer&#8211;manage-cookies#ie=ie-8<\/a><\/li>\n<li>Microsoft Edge: <a href=\"https:\/\/support.microsoft.com\/hu-hu\/microsoft-edge\/a-microsoft-edge-a-b%C3%B6ng%C3%A9sz%C3%A9si-adatok-%C3%A9s-az-adatv%C3%A9delem-bb8174ba-9d73-dcf2-9b4a-c582b4e640dd\">https:\/\/support.microsoft.com\/hu-hu\/microsoft-edge\/a-microsoft-edge-a-bngszsi-adatok-s-az-adatvdelem-bb8174ba-9d73-dcf2-9b4a-c582b4e640dd<\/a><\/li>\n<li>Safari: <a href=\"https:\/\/support.apple.com\/hu-hu\/105082\">https:\/\/support.apple.com\/hu-hu\/105082<\/a><\/li>\n<\/ul>\n<p>\u00a0<\/p>\n<p>V\u00e9gezet\u00fcl felh\u00edvjuk a figyelm\u00e9t, hogy a honlap, vagy a szolg\u00e1ltat\u00e1s bizonyos funkci\u00f3i nem m\u0171k\u00f6dnek hib\u00e1tlanul a \u201es\u00fctik\" n\u00e9lk\u00fcl.<\/p>\n<\/div>\n<\/div>\n<\/div>\n<\/div>\n<\/section>\t\t\t\t\t\t\t\t<\/div>\n\t\t\t\t<\/div>\n\t\t\t\t<\/div>\n\t\t\t\t\t<\/div>\n\t\t\t\t<\/div>\n\t\t\t\t<\/div>","protected":false},"excerpt":{"rendered":"<p>prava potro\u0161a\u010da Politika privatnosti Uslovi kori\u0161\u0107enja sajta Hvala \u0161to ste posetili na\u0161 internet sajt. Posetom sajta pogrebno.rs prihvatate uslove kori\u0161\u0107enja navedene u daljem tekstu. Molimo Vas da ih pa\u017eljivo pro\u010ditate i upoznate se sa pravilima istih, jer bilo kakvo kori\u0161\u0107enje ove internet stranice podrazumeva va\u0161e prihvatanje uslova i pravila kori\u0161\u0107enja navedenih u ovom dokumentu. Javno [&hellip;]<\/p>\n","protected":false},"author":1,"featured_media":0,"parent":0,"menu_order":0,"comment_status":"closed","ping_status":"closed","template":"","meta":{"_acf_changed":false,"_eb_attr":"","footnotes":""},"kategorija_dokumenata":[],"class_list":["post-3","page","type-page","status-publish","hentry"],"acf":[],"_links":{"self":[{"href":"https:\/\/pogrebno.rs\/hu\/wp-json\/wp\/v2\/pages\/3","targetHints":{"allow":["GET"]}}],"collection":[{"href":"https:\/\/pogrebno.rs\/hu\/wp-json\/wp\/v2\/pages"}],"about":[{"href":"https:\/\/pogrebno.rs\/hu\/wp-json\/wp\/v2\/types\/page"}],"author":[{"embeddable":true,"href":"https:\/\/pogrebno.rs\/hu\/wp-json\/wp\/v2\/users\/1"}],"replies":[{"embeddable":true,"href":"https:\/\/pogrebno.rs\/hu\/wp-json\/wp\/v2\/comments?post=3"}],"version-history":[{"count":16,"href":"https:\/\/pogrebno.rs\/hu\/wp-json\/wp\/v2\/pages\/3\/revisions"}],"predecessor-version":[{"id":4912,"href":"https:\/\/pogrebno.rs\/hu\/wp-json\/wp\/v2\/pages\/3\/revisions\/4912"}],"wp:attachment":[{"href":"https:\/\/pogrebno.rs\/hu\/wp-json\/wp\/v2\/media?parent=3"}],"wp:term":[{"taxonomy":"kategorija_dokumenata","embeddable":true,"href":"https:\/\/pogrebno.rs\/hu\/wp-json\/wp\/v2\/kategorija_dokumenata?post=3"}],"curies":[{"name":"wp","href":"https:\/\/api.w.org\/{rel}","templated":true}]}}