{"id":5761,"date":"2025-10-22T09:32:11","date_gmt":"2025-10-22T07:32:11","guid":{"rendered":"https:\/\/pogrebno.rs\/?page_id=5761"},"modified":"2026-03-13T13:45:45","modified_gmt":"2026-03-13T12:45:45","slug":"secanja","status":"publish","type":"page","link":"https:\/\/pogrebno.rs\/hu\/secanja\/","title":{"rendered":"Secanja"},"content":{"rendered":"<div data-elementor-type=\"wp-page\" data-elementor-id=\"5761\" class=\"elementor elementor-5761\" data-elementor-post-type=\"page\">\n\t\t\t\t<div class=\"elementor-element elementor-element-c1f207c e-con-full e-flex e-con e-parent\" data-id=\"c1f207c\" data-element_type=\"container\" data-e-type=\"container\" data-settings=\"{&quot;background_background&quot;:&quot;classic&quot;}\">\n\t\t<div class=\"elementor-element elementor-element-eec2ab2 e-con-full e-flex e-con e-child\" data-id=\"eec2ab2\" data-element_type=\"container\" data-e-type=\"container\" data-settings=\"{&quot;background_background&quot;:&quot;classic&quot;}\">\n\t\t<div class=\"elementor-element elementor-element-762eb38 e-con-full e-flex e-con e-child\" data-id=\"762eb38\" data-element_type=\"container\" data-e-type=\"container\">\n\t\t<div class=\"elementor-element elementor-element-acbc086 e-grid e-con-full e-con e-child\" data-id=\"acbc086\" data-element_type=\"container\" data-e-type=\"container\">\n\t\t\t\t<div class=\"elementor-element elementor-element-5c53e90 elementor-widget elementor-widget-image\" data-id=\"5c53e90\" data-element_type=\"widget\" data-e-type=\"widget\" data-widget_type=\"image.default\">\n\t\t\t\t<div class=\"elementor-widget-container\">\n\t\t\t\t\t\t\t\t\t\t\t\t\t\t\t<img fetchpriority=\"high\" decoding=\"async\" width=\"630\" height=\"275\" src=\"https:\/\/pogrebno.rs\/wp-content\/uploads\/2025\/05\/Ljiljan-levi.webp\" class=\"attachment-large size-large wp-image-97\" alt=\"\" srcset=\"https:\/\/pogrebno.rs\/wp-content\/uploads\/2025\/05\/Ljiljan-levi.webp 630w, https:\/\/pogrebno.rs\/wp-content\/uploads\/2025\/05\/Ljiljan-levi-300x131.webp 300w\" sizes=\"(max-width: 630px) 100vw, 630px\" \/>\t\t\t\t\t\t\t\t\t\t\t\t\t\t\t<\/div>\n\t\t\t\t<\/div>\n\t\t\t\t<div class=\"elementor-element elementor-element-cc97067 elementor-widget elementor-widget-heading\" data-id=\"cc97067\" data-element_type=\"widget\" data-e-type=\"widget\" data-widget_type=\"heading.default\">\n\t\t\t\t<div class=\"elementor-widget-container\">\n\t\t\t\t\t<h2 class=\"elementor-heading-title elementor-size-default\">EML\u00c9KEZ\u00c9S<\/h2>\t\t\t\t<\/div>\n\t\t\t\t<\/div>\n\t\t\t\t<div class=\"elementor-element elementor-element-9e3eee1 elementor-widget elementor-widget-image\" data-id=\"9e3eee1\" data-element_type=\"widget\" data-e-type=\"widget\" data-widget_type=\"image.default\">\n\t\t\t\t<div class=\"elementor-widget-container\">\n\t\t\t\t\t\t\t\t\t\t\t\t\t\t\t<img decoding=\"async\" width=\"631\" height=\"275\" src=\"https:\/\/pogrebno.rs\/wp-content\/uploads\/2025\/05\/Ljiljan-desni.webp\" class=\"attachment-large size-large wp-image-98\" alt=\"\" srcset=\"https:\/\/pogrebno.rs\/wp-content\/uploads\/2025\/05\/Ljiljan-desni.webp 631w, https:\/\/pogrebno.rs\/wp-content\/uploads\/2025\/05\/Ljiljan-desni-300x131.webp 300w\" sizes=\"(max-width: 631px) 100vw, 631px\" \/>\t\t\t\t\t\t\t\t\t\t\t\t\t\t\t<\/div>\n\t\t\t\t<\/div>\n\t\t\t\t<\/div>\n\t\t\t\t<\/div>\n\t\t<div class=\"elementor-element elementor-element-4954f74 e-con-full e-flex e-con e-child\" data-id=\"4954f74\" data-element_type=\"container\" data-e-type=\"container\">\n\t\t\t\t<div class=\"elementor-element elementor-element-53a9f3d elementor-widget elementor-widget-shortcode\" data-id=\"53a9f3d\" data-element_type=\"widget\" data-e-type=\"widget\" data-widget_type=\"shortcode.default\">\n\t\t\t\t<div class=\"elementor-widget-container\">\n\t\t\t\t\t\t\t<div class=\"elementor-shortcode\"><div class=\"pp-posmrtnice-wrapper\"><div class=\"pp-posmrtnice-inner\"><table class=\"pp-posmrtnice-table\" width=\"100%\" style=\"background:#626262;color:#fceabb;font-family:Lora, serif;font-size:18px\"><tr><td><\/td><td>\t\r\n<\/br><table class=\"pp-posmrtnice-table\" width=\"250\" style=\"background:#626262;color:#fceabb;font-family:Lora, serif;font-size:18px\"><tr>\r\n\t\t\t\t\t<td><div class=\"dd-blockheader\"> \r\n\t     \t\t\t\t2025     \t\t\t \t<\/div><\/td><\/tr><\/table>\r\n\t     \t\t\t \t\t\t\t\r\n\t\t\t<table class=\"pp-posmrtnice-table\" style=\"background:#626262;color:#fceabb;font-family:Lora, serif;font-size:18px\"><tbody>\r\n\t\t\t\r\n\t\t\t \r\n\t\t\t\t<th><div class=\"img\"><img decoding=\"async\" src=\"https:\/\/www.e-pogrebno.rs\/images\/2025\/04\/pato_erzebet020525.jpg\" style=\"height: 140px;width: 100px\" \/><\/div><\/th>\r\n\t\t\t\t\t\t\t    \r\n\t\t\t\t<th><p>Pat\u00f3 Erzs\u00e9bet<\/p>\r\n\t\t\t\t<p><\/p><p>\r\n\t\t\t\t1946\u20122025<\/p><\/th>\r\n\t\t\t<\/tr> \r\n\r\n\t\t\t<tr>\r\n\t\t\t<tr>\r\n\t\t\t\t<td colspan=\"2\">\u00e9let\u00e9nek 79. esztendej\u00e9ben 2025. \u00e1prilis 30-\u00e1n elhunyt.<\/td>\r\n\t\t\t<\/tr>\r\n\t\t\t<tr>\r\n\t\t\t\t<td colspan=\"2\">Dr\u00e1ga halottunk temet\u00e9se 2025. m\u00e1jus 2-\u00e1n 9.30 \u00f3rakor lesz a zentai \u00fati temet\u0151 halottash\u00e1z\u00e1b\u00f3l.<\/td>\r\n\t\t\t<\/tr>\r\n\t\t\t<tr>\r\n\t\t\t\t<td colspan=\"2\">Gy\u00e1szolj\u00e1k: SZERETTEI.<\/td>\r\n\t\t\t<\/tr>\t\r\n\t\t\t\r\n\t\t\t\t\t\t\r\n\t\t\t<tr>\r\n\t\t\t\t<td colspan=\"2\"><p style=\"text-align: right\"><\/td>\r\n\t\t\t<\/tr>\r\n\t\t\t<\/tbody> \t\r\n\t\t\t<\/table><\/br>\t\t\r\n\t\t\t\t\t\t\r\n\t\t\t<table class=\"pp-posmrtnice-table\" style=\"background:#626262;color:#fceabb;font-family:Lora, serif;font-size:18px\"><tbody>\r\n\t\t\t\r\n\t\t\t \r\n\t\t\t\t<th><div class=\"img\"><img decoding=\"async\" src=\"https:\/\/www.e-pogrebno.rs\/images\/2025\/04\/sotrbanic_nedeljka030525.jpg\" style=\"height: 140px;width: 100px\" \/><\/div><\/th>\r\n\t\t\t\t\t\t\t    \r\n\t\t\t\t<th><p>\u0428\u043e\u0442\u0440\u0430 \u0411\u0430\u043d\u0438\u045b \u041d\u0435\u0434\u0435\u0459\u043a\u0430<\/p>\r\n\t\t\t\t<p><\/p><p>\r\n\t\t\t\t1957\u20122025<\/p><\/th>\r\n\t\t\t<\/tr> \r\n\r\n\t\t\t<tr>\r\n\t\t\t<tr>\r\n\t\t\t\t<td colspan=\"2\">\u0443 68. \u0433\u043e\u0434\u0438\u043d\u0438 \u0436\u0438\u0432\u043e\u0442\u0430, \u043f\u043e\u0441\u043b\u0435 \u043a\u0440\u0430\u0442\u043a\u0435 \u0438 \u0442\u0435\u0448\u043a\u0435 \u0431\u043e\u043b\u0435\u0441\u0442\u0438 \u043f\u0440\u0435\u043c\u0438\u043d\u0443\u043b\u0430 30. \u0430\u043f\u0440\u0438\u043b\u0430 2025. \u0433\u043e\u0434\u0438\u043d\u0435.<\/td>\r\n\t\t\t<\/tr>\r\n\t\t\t<tr>\r\n\t\t\t\t<td colspan=\"2\">\u0421\u0430\u0445\u0440\u0430\u043d\u0430 \u0434\u0440\u0430\u0433\u0435 \u043d\u0430\u043c \u043f\u043e\u043a\u043e\u0458\u043d\u0438\u0446\u0435 \u043e\u0431\u0430\u0432\u0438\u045b\u0435 \u0441\u0435 3. \u043c\u0430\u0458\u0430 2025. \u0433\u043e\u0434\u0438\u043d\u0435 \u0443 12.30 \u0447\u0430\u0441\u043e\u0432\u0430 \u043d\u0430 \u041f\u0440\u0430\u0432\u043e\u0441\u043b\u0430\u0432\u043d\u043e\u043c \u0433\u0440\u043e\u0431\u0459\u0443 \u043a\u043e\u0434 \u0414\u0443\u0434\u043e\u0432\u0435 \u0448\u0443\u043c\u0435 \u0438\u0437 \u0420\u0430\u0434\u0438\u045b \u043a\u0430\u043f\u0435\u043b\u0435.<\/td>\r\n\t\t\t<\/tr>\r\n\t\t\t<tr>\r\n\t\t\t\t<td colspan=\"2\">\u041e\u0436\u0430\u043b\u043e\u0448\u045b\u0435\u043d\u0438: \u040a\u0415\u041d\u0418 \u041d\u0410\u0408\u041c\u0418\u041b\u0418\u0408\u0418.<\/td>\r\n\t\t\t<\/tr>\t\r\n\t\t\t\r\n\t\t\t\t\t\t\r\n\t\t\t<tr>\r\n\t\t\t\t<td colspan=\"2\"><p style=\"text-align: right\"><\/td>\r\n\t\t\t<\/tr>\r\n\t\t\t<\/tbody> \t\r\n\t\t\t<\/table><\/br>\t\t\r\n\t\t\t\t\t\t\r\n\t\t\t<table class=\"pp-posmrtnice-table\" style=\"background:#626262;color:#fceabb;font-family:Lora, serif;font-size:18px\"><tbody>\r\n\t\t\t\r\n\t\t\t \r\n\t\t\t\t<th><div class=\"img\"><img decoding=\"async\" src=\"https:\/\/www.e-pogrebno.rs\/images\/2025\/04\/lukacevic_viktorija030525.jpg\" style=\"height: 140px;width: 100px\" \/><\/div><\/th>\r\n\t\t\t\t\t\t\t    \r\n\t\t\t\t<th><p>Luka\u010devi\u0107 Viktorija<\/p>\r\n\t\t\t\t<p><\/p><p>\r\n\t\t\t\t1954\u20122025<\/p><\/th>\r\n\t\t\t<\/tr> \r\n\r\n\t\t\t<tr>\r\n\t\t\t<tr>\r\n\t\t\t\t<td colspan=\"2\">u 71. godini \u017eivota, preminula dana 30. aprila 2025. godine.<\/td>\r\n\t\t\t<\/tr>\r\n\t\t\t<tr>\r\n\t\t\t\t<td colspan=\"2\">Sahrana mile nam pokojnice obavi\u0107e se 3. maja 2025. godine u 14 sati na Pali\u0107kom groblju.<\/td>\r\n\t\t\t<\/tr>\r\n\t\t\t<tr>\r\n\t\t\t\t<td colspan=\"2\">O\u017ealo\u0161\u0107eni: NJENI NAJMILIJI.<\/td>\r\n\t\t\t<\/tr>\t\r\n\t\t\t\r\n\t\t\t\t\t\t\r\n\t\t\t<tr>\r\n\t\t\t\t<td colspan=\"2\"><p style=\"text-align: right\"><\/td>\r\n\t\t\t<\/tr>\r\n\t\t\t<\/tbody> \t\r\n\t\t\t<\/table><\/br>\t\t\r\n\t\t\t<\/br><table class=\"pp-posmrtnice-table\" width=\"250\" style=\"background:#626262;color:#fceabb;font-family:Lora, serif;font-size:18px\"><tr>\r\n\t\t\t\t\t<td><div class=\"dd-blockheader\"> \r\n\t     \t\t\t\t2024     \t\t\t \t<\/div><\/td><\/tr><\/table>\r\n\t     \t\t\t \t\t\t\t\r\n\t\t\t<table class=\"pp-posmrtnice-table\" style=\"background:#626262;color:#fceabb;font-family:Lora, serif;font-size:18px\"><tbody>\r\n\t\t\t\r\n\t\t\t \r\n\t\t\t\t<th><div class=\"img\"><img decoding=\"async\" src=\"https:\/\/www.e-pogrebno.rs\/images\/2024\/04\/gergelj_maria150524.jpg\" style=\"height: 140px;width: 100px\" \/><\/div><\/th>\r\n\t\t\t\t\t\t\t    \r\n\t\t\t\t<th><p>Gergely M\u00e1ria<\/p>\r\n\t\t\t\t<p><\/p><p>\r\n\t\t\t\t1938\u20122024<\/p><\/th>\r\n\t\t\t<\/tr> \r\n\r\n\t\t\t<tr>\r\n\t\t\t<tr>\r\n\t\t\t\t<td colspan=\"2\">\u00e9let\u00e9nek 86. esztendej\u00e9ben, 2024. \u00e1prilis 30-\u00e1n elhunyt.\r\n\r\n<\/td>\r\n\t\t\t<\/tr>\r\n\t\t\t<tr>\r\n\t\t\t\t<td colspan=\"2\">Dr\u00e1ga halottunk temet\u00e9se 2024. m\u00e1jus 16-\u00e1n 14 \u00f3rakor lesz a Zentai \u00fati temet\u0151ben.<\/td>\r\n\t\t\t<\/tr>\r\n\t\t\t<tr>\r\n\t\t\t\t<td colspan=\"2\">Gy\u00e1szolj\u00e1k: fia, menye, unok\u00e1i, unokmenyei, d\u00e9dunok\u00e1i, n\u00e1szasszonya, valamint t\u00f6bbi rokona, j\u00f3bar\u00e1tja, szomsz\u00e9dja \u00e9s ismer\u0151se.\r\n<\/td>\r\n\t\t\t<\/tr>\t\r\n\t\t\t\r\n\t\t\t\t\t\t\r\n\t\t\t<tr>\r\n\t\t\t\t<td colspan=\"2\"><p style=\"text-align: right\"><\/td>\r\n\t\t\t<\/tr>\r\n\t\t\t<\/tbody> \t\r\n\t\t\t<\/table><\/br>\t\t\r\n\t\t\t\t\t\t\r\n\t\t\t<table class=\"pp-posmrtnice-table\" style=\"background:#626262;color:#fceabb;font-family:Lora, serif;font-size:18px\"><tbody>\r\n\t\t\t\r\n\t\t\t \r\n\t\t\t\t<th><div class=\"img\"><img decoding=\"async\" src=\"https:\/\/www.e-pogrebno.rs\/images\/2024\/04\/babic_zora300424.jpg\" style=\"height: 140px;width: 100px\" \/><\/div><\/th>\r\n\t\t\t\t\t\t\t    \r\n\t\t\t\t<th><p>Babi\u0107 Zora<\/p>\r\n\t\t\t\t<p><\/p><p>\r\n\t\t\t\t1955-2024<\/p><\/th>\r\n\t\t\t<\/tr> \r\n\r\n\t\t\t<tr>\r\n\t\t\t<tr>\r\n\t\t\t\t<td colspan=\"2\">u 69. godini \u017eivota preminula dana 30. aprila 2024. godine.<\/td>\r\n\t\t\t<\/tr>\r\n\t\t\t<tr>\r\n\t\t\t\t<td colspan=\"2\">Sahrana mile nam pokojnice obavi\u0107e se 2. maja 2024. godine u 15 sati\r\nna Bajskom groblju iz mrtva\u010dnice.<\/td>\r\n\t\t\t<\/tr>\r\n\t\t\t<tr>\r\n\t\t\t\t<td colspan=\"2\">O\u017ealo\u0161\u0107eni: sestra JELICA sa porodicom,\r\nkao i ostala rodbina, prijatelji i kom\u0161ije.\r\n<\/td>\r\n\t\t\t<\/tr>\t\r\n\t\t\t\r\n\t\t\t\t\t\t\r\n\t\t\t<tr>\r\n\t\t\t\t<td colspan=\"2\"><p style=\"text-align: right\"><\/td>\r\n\t\t\t<\/tr>\r\n\t\t\t<\/tbody> \t\r\n\t\t\t<\/table><\/br>\t\t\r\n\t\t\t\t\t\t\r\n\t\t\t<table class=\"pp-posmrtnice-table\" style=\"background:#626262;color:#fceabb;font-family:Lora, serif;font-size:18px\"><tbody>\r\n\t\t\t\r\n\t\t\t \r\n\t\t\t\t<th><div class=\"img\"><img decoding=\"async\" src=\"https:\/\/www.e-pogrebno.rs\/images\/2024\/04\/garzo_margita020524.jpg\" style=\"height: 140px;width: 100px\" \/><\/div><\/th>\r\n\t\t\t\t\t\t\t    \r\n\t\t\t\t<th><p>Garzo Margita<\/p>\r\n\t\t\t\t<p><\/p><p>\r\n\t\t\t\t1940-2024<\/p><\/th>\r\n\t\t\t<\/tr> \r\n\r\n\t\t\t<tr>\r\n\t\t\t<tr>\r\n\t\t\t\t<td colspan=\"2\">\u00e9let\u00e9nek 84. esztendej\u00e9ben 2024. \u00e1prilis 30-\u00e1n elhunyt.<\/td>\r\n\t\t\t<\/tr>\r\n\t\t\t<tr>\r\n\t\t\t\t<td colspan=\"2\">Dr\u00e1ga halottunk temet\u00e9se 2024. m\u00e1jus 2-\u00e1n 9.30 \u00f3rakor lesz a Palicsi temet\u0151ben.<\/td>\r\n\t\t\t<\/tr>\r\n\t\t\t<tr>\r\n\t\t\t\t<td colspan=\"2\">Gy\u00e1szolj\u00e1k: SZERETTEI. \r\n<\/td>\r\n\t\t\t<\/tr>\t\r\n\t\t\t\r\n\t\t\t\t\t\t\r\n\t\t\t<tr>\r\n\t\t\t\t<td colspan=\"2\"><p style=\"text-align: right\"><\/td>\r\n\t\t\t<\/tr>\r\n\t\t\t<\/tbody> \t\r\n\t\t\t<\/table><\/br>\t\t\r\n\t\t\t\t\t\t\r\n\t\t\t<table class=\"pp-posmrtnice-table\" style=\"background:#626262;color:#fceabb;font-family:Lora, serif;font-size:18px\"><tbody>\r\n\t\t\t\r\n\t\t\t \r\n\t\t\t\t<th><div class=\"img\"><img decoding=\"async\" src=\"https:\/\/www.e-pogrebno.rs\/images\/2024\/04\/mikus_vladimir020524.jpg\" style=\"height: 140px;width: 100px\" \/><\/div><\/th>\r\n\t\t\t\t\t\t\t    \r\n\t\t\t\t<th><p>Miku\u0161 Vladimir<\/p>\r\n\t\t\t\t<p><\/p><p>\r\n\t\t\t\t1949\u20122024<\/p><\/th>\r\n\t\t\t<\/tr> \r\n\r\n\t\t\t<tr>\r\n\t\t\t<tr>\r\n\t\t\t\t<td colspan=\"2\">u 75. godini \u017eivota, preminuo dana 30. aprila 2024. godine.<\/td>\r\n\t\t\t<\/tr>\r\n\t\t\t<tr>\r\n\t\t\t\t<td colspan=\"2\">Sahrana milog nam pokojnika obavi\u0107e se 2. maja 2024. godine u 9 sati na Kerskom groblju.<\/td>\r\n\t\t\t<\/tr>\r\n\t\t\t<tr>\r\n\t\t\t\t<td colspan=\"2\">O\u017ealo\u0161\u0107eni: NJEGOVI NAJMILIJI. \r\n<\/td>\r\n\t\t\t<\/tr>\t\r\n\t\t\t\r\n\t\t\t\t\t\t\r\n\t\t\t<tr>\r\n\t\t\t\t<td colspan=\"2\"><p style=\"text-align: right\"><\/td>\r\n\t\t\t<\/tr>\r\n\t\t\t<\/tbody> \t\r\n\t\t\t<\/table><\/br>\t\t\r\n\t\t\t\t\t\t\r\n\t\t\t<table class=\"pp-posmrtnice-table\" style=\"background:#626262;color:#fceabb;font-family:Lora, serif;font-size:18px\"><tbody>\r\n\t\t\t\r\n\t\t\t \r\n\t\t\t\t<th><div class=\"img\"><img decoding=\"async\" src=\"https:\/\/www.e-pogrebno.rs\/images\/2024\/04\/takac_stevan010524.jpg\" style=\"height: 140px;width: 100px\" \/><\/div><\/th>\r\n\t\t\t\t\t\t\t    \r\n\t\t\t\t<th><p>Tak\u00e1cs Stevan<\/p>\r\n\t\t\t\t<p><\/p><p>\r\n\t\t\t\t1949\u20122024<\/p><\/th>\r\n\t\t\t<\/tr> \r\n\r\n\t\t\t<tr>\r\n\t\t\t<tr>\r\n\t\t\t\t<td colspan=\"2\">\u00e9let\u00e9nek 75. esztendej\u00e9ben 2024. \u00e1prilis 30-\u00e1n elhunyt.<\/td>\r\n\t\t\t<\/tr>\r\n\t\t\t<tr>\r\n\t\t\t\t<td colspan=\"2\">Dr\u00e1ga halottunk temet\u00e9se 2024. m\u00e1jus 3-\u00e1n 11 \u00f3rakor lesz a Zentai \u00fati temet\u0151 halottash\u00e1z\u00e1b\u00f3l.\r\n<\/td>\r\n\t\t\t<\/tr>\r\n\t\t\t<tr>\r\n\t\t\t\t<td colspan=\"2\">Gy\u00e1szolj\u00e1k: feles\u00e9ge ETELA, testv\u00e9re EVA,\r\nvalamint t\u00f6bbi rokona, j\u00f3bar\u00e1tja \u00e9s szomsz\u00e9dja.\r\n\r\n<\/td>\r\n\t\t\t<\/tr>\t\r\n\t\t\t\r\n\t\t\t\t\t\t\r\n\t\t\t<tr>\r\n\t\t\t\t<td colspan=\"2\"><p style=\"text-align: right\"><\/td>\r\n\t\t\t<\/tr>\r\n\t\t\t<\/tbody> \t\r\n\t\t\t<\/table><\/br>\t\t\r\n\t\t\t\t\t\t\r\n\t\t\t<table class=\"pp-posmrtnice-table\" style=\"background:#626262;color:#fceabb;font-family:Lora, serif;font-size:18px\"><tbody>\r\n\t\t\t\r\n\t\t\t \r\n\t\t\t\t<th><div class=\"img\"><img decoding=\"async\" src=\"https:\/\/www.e-pogrebno.rs\/images\/2024\/04\/galgoci_karolj030524.jpg\" style=\"height: 140px;width: 100px\" \/><\/div><\/th>\r\n\t\t\t\t\t\t\t    \r\n\t\t\t\t<th><p>Galg\u00f3ci K\u00e1roly<\/p>\r\n\t\t\t\t<p><\/p><p>\r\n\t\t\t\t1952\u20122024<\/p><\/th>\r\n\t\t\t<\/tr> \r\n\r\n\t\t\t<tr>\r\n\t\t\t<tr>\r\n\t\t\t\t<td colspan=\"2\">\u00e9let\u00e9nek 72. esztendej\u00e9ben 2024. \u00e1prilis 30-\u00e1n elhunyt.<\/td>\r\n\t\t\t<\/tr>\r\n\t\t\t<tr>\r\n\t\t\t\t<td colspan=\"2\">Dr\u00e1ga halottunk temet\u00e9se 2024. m\u00e1jus 3-\u00e1n 13.30 \u00f3rakor lesz a Kir\u00e1lyhalmi temet\u0151ben halottash\u00e1z\u00e1b\u00f3l.\r\n<\/td>\r\n\t\t\t<\/tr>\r\n\t\t\t<tr>\r\n\t\t\t\t<td colspan=\"2\">Gy\u00e1szolj\u00e1k: SZERETTEI. \r\n\r\n<\/td>\r\n\t\t\t<\/tr>\t\r\n\t\t\t\r\n\t\t\t\t\t\t\r\n\t\t\t<tr>\r\n\t\t\t\t<td colspan=\"2\"><p style=\"text-align: right\"><\/td>\r\n\t\t\t<\/tr>\r\n\t\t\t<\/tbody> \t\r\n\t\t\t<\/table><\/br>\t\t\r\n\t\t\t\t\t\t\r\n\t\t\t<table class=\"pp-posmrtnice-table\" style=\"background:#626262;color:#fceabb;font-family:Lora, serif;font-size:18px\"><tbody>\r\n\t\t\t\r\n\t\t\t \r\n\t\t\t\t<th><div class=\"img\"><img decoding=\"async\" src=\"https:\/\/www.e-pogrebno.rs\/images\/2024\/04\/samu_jozef020524.jpg\" style=\"height: 140px;width: 100px\" \/><\/div><\/th>\r\n\t\t\t\t\t\t\t    \r\n\t\t\t\t<th><p>Samu J\u00f3zsef<\/p>\r\n\t\t\t\t<p><\/p><p>\r\n\t\t\t\t1964\u20122024<\/p><\/th>\r\n\t\t\t<\/tr> \r\n\r\n\t\t\t<tr>\r\n\t\t\t<tr>\r\n\t\t\t\t<td colspan=\"2\">\u00e9let\u00e9nek 61. esztendej\u00e9ben v\u00e1ratlanul 2024. \u00e1prilis 30-\u00e1n elhunyt.<\/td>\r\n\t\t\t<\/tr>\r\n\t\t\t<tr>\r\n\t\t\t\t<td colspan=\"2\">Dr\u00e1ga halottunk temet\u00e9se 2024. m\u00e1jus 3-\u00e1n 13 \u00f3rakor lesz a Bajmokon a paprenyacsai temet\u0151ben. <\/td>\r\n\t\t\t<\/tr>\r\n\t\t\t<tr>\r\n\t\t\t\t<td colspan=\"2\">Gy\u00e1szolj\u00e1k: SZERETTEI.\r\n\r\n\r\n \r\n  \r\n\r\n\r\n\r\n\r\n\r\n\r\n\r\n\r\n\r\n\r\n\r\n\r\n\r\n\r\n\r\n\r\n\r\n \r\n\r\n\r\n\r\n\r\n\r\n\r\n\r\n\r\n\r\n\r\n<\/td>\r\n\t\t\t<\/tr>\t\r\n\t\t\t\r\n\t\t\t\t\t\t\r\n\t\t\t<tr>\r\n\t\t\t\t<td colspan=\"2\"><p style=\"text-align: right\"><\/td>\r\n\t\t\t<\/tr>\r\n\t\t\t<\/tbody> \t\r\n\t\t\t<\/table><\/br>\t\t\r\n\t\t\t<\/br><table class=\"pp-posmrtnice-table\" width=\"250\" style=\"background:#626262;color:#fceabb;font-family:Lora, serif;font-size:18px\"><tr>\r\n\t\t\t\t\t<td><div class=\"dd-blockheader\"> \r\n\t     \t\t\t\t2023     \t\t\t \t<\/div><\/td><\/tr><\/table>\r\n\t     \t\t\t \t\t\t\t\r\n\t\t\t<table class=\"pp-posmrtnice-table\" style=\"background:#626262;color:#fceabb;font-family:Lora, serif;font-size:18px\"><tbody>\r\n\t\t\t\r\n\t\t\t \r\n\t\t\t\t<th><div class=\"img\"><img decoding=\"async\" src=\"https:\/\/www.e-pogrebno.rs\/images\/2023\/04\/juric_branko020523.jpg\" style=\"height: 140px;width: 100px\" \/><\/div><\/th>\r\n\t\t\t\t\t\t\t    \r\n\t\t\t\t<th><p>Juri\u0107 Branko<\/p>\r\n\t\t\t\t<p><\/p><p>\r\n\t\t\t\t1946-2023<\/p><\/th>\r\n\t\t\t<\/tr> \r\n\r\n\t\t\t<tr>\r\n\t\t\t<tr>\r\n\t\t\t\t<td colspan=\"2\">u 78. godini \u017eivota preminuo dana 30. aprila 2023. godine.<\/td>\r\n\t\t\t<\/tr>\r\n\t\t\t<tr>\r\n\t\t\t\t<td colspan=\"2\">Sahrana milog nam pokojnika obavi\u0107e se 2. maja 2023. godine u 15.30 sati na Pali\u0107kom groblju.<\/td>\r\n\t\t\t<\/tr>\r\n\t\t\t<tr>\r\n\t\t\t\t<td colspan=\"2\">O\u017ealo\u0161\u0107eni: NJEGOVI NAJMILIJI. \n<\/td>\r\n\t\t\t<\/tr>\t\r\n\t\t\t\r\n\t\t\t\t\t\t\r\n\t\t\t<tr>\r\n\t\t\t\t<td colspan=\"2\"><p style=\"text-align: right\"><\/td>\r\n\t\t\t<\/tr>\r\n\t\t\t<\/tbody> \t\r\n\t\t\t<\/table><\/br>\t\t\r\n\t\t\t\t\t\t\r\n\t\t\t<table class=\"pp-posmrtnice-table\" style=\"background:#626262;color:#fceabb;font-family:Lora, serif;font-size:18px\"><tbody>\r\n\t\t\t\r\n\t\t\t \r\n\t\t\t\t<th><div class=\"img\"><img decoding=\"async\" src=\"https:\/\/www.e-pogrebno.rs\/images\/2023\/04\/nadj_zoltan020523.jpg\" style=\"height: 140px;width: 100px\" \/><\/div><\/th>\r\n\t\t\t\t\t\t\t    \r\n\t\t\t\t<th><p>Nagy Zolt\u00e1n<\/p>\r\n\t\t\t\t<p><\/p><p>\r\n\t\t\t\t1947-2023<\/p><\/th>\r\n\t\t\t<\/tr> \r\n\r\n\t\t\t<tr>\r\n\t\t\t<tr>\r\n\t\t\t\t<td colspan=\"2\">\u00e9let\u00e9nek 76. esztendej\u00e9ben 2023. \u00e1prilis 30-\u00e1n elhunyt.<\/td>\r\n\t\t\t<\/tr>\r\n\t\t\t<tr>\r\n\t\t\t\t<td colspan=\"2\">Dr\u00e1ga halottunk temet\u00e9se 2023. m\u00e1jus 3-\u00e1n 15 \u00f3rakor lesz a B\u00e1cskoss\u00fathfalv\u00e1n a K\u00f6zponti temet\u0151ben.<\/td>\r\n\t\t\t<\/tr>\r\n\t\t\t<tr>\r\n\t\t\t\t<td colspan=\"2\">Gy\u00e1szolj\u00e1k: SZERETTEI.\n<\/td>\r\n\t\t\t<\/tr>\t\r\n\t\t\t\r\n\t\t\t\t\t\t\r\n\t\t\t<tr>\r\n\t\t\t\t<td colspan=\"2\"><p style=\"text-align: right\"><\/td>\r\n\t\t\t<\/tr>\r\n\t\t\t<\/tbody> \t\r\n\t\t\t<\/table><\/br>\t\t\r\n\t\t\t\t\t\t\r\n\t\t\t<table class=\"pp-posmrtnice-table\" style=\"background:#626262;color:#fceabb;font-family:Lora, serif;font-size:18px\"><tbody>\r\n\t\t\t\r\n\t\t\t \r\n\t\t\t\t<th><div class=\"img\"><img decoding=\"async\" src=\"https:\/\/www.e-pogrebno.rs\/images\/2023\/04\/%D1%86%D0%B5%D1%80%D0%B8_%D1%81%D0%B0%D0%BD%D0%B4%D0%BE%D1%80020523.jpg\" style=\"height: 140px;width: 100px\" \/><\/div><\/th>\r\n\t\t\t\t\t\t\t    \r\n\t\t\t\t<th><p>Cseri S\u00e1ndor<\/p>\r\n\t\t\t\t<p><\/p><p>\r\n\t\t\t\t1943-2023<\/p><\/th>\r\n\t\t\t<\/tr> \r\n\r\n\t\t\t<tr>\r\n\t\t\t<tr>\r\n\t\t\t\t<td colspan=\"2\">elhunyt 81. esztendej\u00e9ben.<\/td>\r\n\t\t\t<\/tr>\r\n\t\t\t<tr>\r\n\t\t\t\t<td colspan=\"2\">Dr\u00e1ga halottunk temet\u00e9se 2023. m\u00e1jus 5-\u00e9n 16 \u00f3rakor lesz a B\u00e1cskoss\u00fathfalv\u00e1n a K\u00f6zponti temet\u0151ben.<\/td>\r\n\t\t\t<\/tr>\r\n\t\t\t<tr>\r\n\t\t\t\t<td colspan=\"2\">Gy\u00e1szolj\u00e1k: SZERETTEI.\n<\/td>\r\n\t\t\t<\/tr>\t\r\n\t\t\t\r\n\t\t\t\t\t\t\r\n\t\t\t<tr>\r\n\t\t\t\t<td colspan=\"2\"><p style=\"text-align: right\"><\/td>\r\n\t\t\t<\/tr>\r\n\t\t\t<\/tbody> \t\r\n\t\t\t<\/table><\/br>\t\t\r\n\t\t\t\t\t\t\r\n\t\t\t<table class=\"pp-posmrtnice-table\" style=\"background:#626262;color:#fceabb;font-family:Lora, serif;font-size:18px\"><tbody>\r\n\t\t\t\r\n\t\t\t \r\n\t\t\t\t<th><div class=\"img\"><img decoding=\"async\" src=\"https:\/\/www.e-pogrebno.rs\/images\/2023\/04\/rakic_todor020523.jpg\" style=\"height: 140px;width: 100px\" \/><\/div><\/th>\r\n\t\t\t\t\t\t\t    \r\n\t\t\t\t<th><p>\u0420\u0430\u043a\u0438\u045b \u0422\u043e\u0434\u043e\u0440<\/p>\r\n\t\t\t\t<p><\/p><p>\r\n\t\t\t\t1941-2023<\/p><\/th>\r\n\t\t\t<\/tr> \r\n\r\n\t\t\t<tr>\r\n\t\t\t<tr>\r\n\t\t\t\t<td colspan=\"2\">\u0443 83. \u0433\u043e\u0434\u0438\u043d\u0438 \u0436\u0438\u0432\u043e\u0442\u0430 \u0438\u0437\u043d\u0435\u043d\u0430\u0434\u0430 \u043f\u0440\u0435\u043c\u0438\u043d\u0443\u043e \u0434\u0430\u043d\u0430 30. \u0430\u043f\u0440\u0438\u043b\u0430 2023. \u0433\u043e\u0434\u0438\u043d\u0435.<\/td>\r\n\t\t\t<\/tr>\r\n\t\t\t<tr>\r\n\t\t\t\t<td colspan=\"2\">\u0421\u0430\u0445\u0440\u0430\u043d\u0430 \u0434\u0440\u0430\u0433\u043e\u0433 \u043d\u0430\u043c \u043f\u043e\u043a\u043e\u0458\u043d\u0438\u043a\u0430 \u043e\u0431\u0430\u0432\u0438\u045b\u0435 \u0441\u0435 3. \u043c\u0430\u0458\u0430 2023. \u0433\u043e\u0434\u0438\u043d\u0435 \u0443 14 \u0447\u0430\u0441\u043e\u0432\u0430 \u043d\u0430 \u041f\u0440\u0430\u0432\u043e\u0441\u043b\u0430\u0432\u043d\u043e\u043c \u0433\u0440\u043e\u0431\u0459\u0443 \u043a\u043e\u0434 \u0414\u0443\u0434\u043e\u0432\u0435 \u0448\u0443\u043c\u0435 \u0438\u0437 \u0420\u0430\u0434\u0438\u045b \u043a\u0430\u043f\u0435\u043b\u0435.<\/td>\r\n\t\t\t<\/tr>\r\n\t\t\t<tr>\r\n\t\t\t\t<td colspan=\"2\">\u041e\u0436\u0430\u043b\u043e\u0448\u045b\u0435\u043d\u0438: \u040a\u0415\u0413\u041e\u0412\u0418 \u041d\u0410\u0408\u041c\u0418\u041b\u0418\u0408\u0418.\n<\/td>\r\n\t\t\t<\/tr>\t\r\n\t\t\t\r\n\t\t\t\t\t\t\r\n\t\t\t<tr>\r\n\t\t\t\t<td colspan=\"2\"><p style=\"text-align: right\"><\/td>\r\n\t\t\t<\/tr>\r\n\t\t\t<\/tbody> \t\r\n\t\t\t<\/table><\/br>\t\t\r\n\t\t\t\t\t\t\r\n\t\t\t<table class=\"pp-posmrtnice-table\" style=\"background:#626262;color:#fceabb;font-family:Lora, serif;font-size:18px\"><tbody>\r\n\t\t\t\r\n\t\t\t \r\n\t\t\t\t<th><div class=\"img\"><img decoding=\"async\" src=\"https:\/\/www.e-pogrebno.rs\/images\/2023\/04\/sabo_milan030523.jpg\" style=\"height: 140px;width: 100px\" \/><\/div><\/th>\r\n\t\t\t\t\t\t\t    \r\n\t\t\t\t<th><p>Sabo Milan<\/p>\r\n\t\t\t\t<p><\/p><p>\r\n\t\t\t\t1936-2023<\/p><\/th>\r\n\t\t\t<\/tr> \r\n\r\n\t\t\t<tr>\r\n\t\t\t<tr>\r\n\t\t\t\t<td colspan=\"2\">u 88. godini \u017eivota preminuo dana 30. aprila 2023. godine.<\/td>\r\n\t\t\t<\/tr>\r\n\t\t\t<tr>\r\n\t\t\t\t<td colspan=\"2\">Sahrana dragog nam pokojnika obavi\u0107e se 3. maja 2023. godine u 9 \u010dasova\nna groblju u Dudovoj \u0161umi.<\/td>\r\n\t\t\t<\/tr>\r\n\t\t\t<tr>\r\n\t\t\t\t<td colspan=\"2\">O\u017ealo\u0161\u0107eni: NJEGOVI NAJMILIJI.\n<\/td>\r\n\t\t\t<\/tr>\t\r\n\t\t\t\r\n\t\t\t\t\t\t\r\n\t\t\t<tr>\r\n\t\t\t\t<td colspan=\"2\"><p style=\"text-align: right\"><\/td>\r\n\t\t\t<\/tr>\r\n\t\t\t<\/tbody> \t\r\n\t\t\t<\/table><\/br>\t\t\r\n\t\t\t\t\t\t\r\n\t\t\t<table class=\"pp-posmrtnice-table\" style=\"background:#626262;color:#fceabb;font-family:Lora, serif;font-size:18px\"><tbody>\r\n\t\t\t\r\n\t\t\t \r\n\t\t\t\t<th><div class=\"img\"><img decoding=\"async\" src=\"https:\/\/www.e-pogrebno.rs\/images\/2023\/04\/hajagos_istvan040523.jpg\" style=\"height: 140px;width: 100px\" \/><\/div><\/th>\r\n\t\t\t\t\t\t\t    \r\n\t\t\t\t<th><p>Hajagos Istv\u00e1n<\/p>\r\n\t\t\t\t<p><\/p><p>\r\n\t\t\t\t1951-2023<\/p><\/th>\r\n\t\t\t<\/tr> \r\n\r\n\t\t\t<tr>\r\n\t\t\t<tr>\r\n\t\t\t\t<td colspan=\"2\">\u00e9let\u00e9nek 72. esztendej\u00e9ben 2023. \u00e1prilis 30-\u00e1n elhunyt.<\/td>\r\n\t\t\t<\/tr>\r\n\t\t\t<tr>\r\n\t\t\t\t<td colspan=\"2\">Dr\u00e1ga halottunk temet\u00e9se 2023. m\u00e1jus 5-\u00e9n 15 \u00f3rakor lesz a csantav\u00e9ri Nagy temet\u0151ben.\n<\/td>\r\n\t\t\t<\/tr>\r\n\t\t\t<tr>\r\n\t\t\t\t<td colspan=\"2\">Gy\u00e1szolj\u00e1k: SZERETTEI. \n<\/td>\r\n\t\t\t<\/tr>\t\r\n\t\t\t\r\n\t\t\t\t\t\t\r\n\t\t\t<tr>\r\n\t\t\t\t<td colspan=\"2\"><p style=\"text-align: right\"><\/td>\r\n\t\t\t<\/tr>\r\n\t\t\t<\/tbody> \t\r\n\t\t\t<\/table><\/br>\t\t\r\n\t\t\t\t\t\t\r\n\t\t\t<table class=\"pp-posmrtnice-table\" style=\"background:#626262;color:#fceabb;font-family:Lora, serif;font-size:18px\"><tbody>\r\n\t\t\t\r\n\t\t\t \r\n\t\t\t\t<th><div class=\"img\"><img decoding=\"async\" src=\"https:\/\/www.e-pogrebno.rs\/images\/2023\/04\/bozovic_vladimir050523.jpg\" style=\"height: 140px;width: 100px\" \/><\/div><\/th>\r\n\t\t\t\t\t\t\t    \r\n\t\t\t\t<th><p>\u0411\u043e\u0436\u043e\u0432\u0438\u045b \u0412\u043b\u0430\u0434\u0438\u043c\u0438\u0440<\/p>\r\n\t\t\t\t<p><\/p><p>\r\n\t\t\t\t1960-2023<\/p><\/th>\r\n\t\t\t<\/tr> \r\n\r\n\t\t\t<tr>\r\n\t\t\t<tr>\r\n\t\t\t\t<td colspan=\"2\">\u0443 64. \u0433\u043e\u0434\u0438\u043d\u0438 \u0436\u0438\u0432\u043e\u0442\u0430 \u0438\u0437\u043d\u0435\u043d\u0430\u0434\u0430 \u043f\u0440\u0435\u043c\u0438\u043d\u0443\u043e \u0434\u0430\u043d\u0430 30. \u0430\u043f\u0440\u0438\u043b\u0430 2023. \u0433\u043e\u0434\u0438\u043d\u0435.<\/td>\r\n\t\t\t<\/tr>\r\n\t\t\t<tr>\r\n\t\t\t\t<td colspan=\"2\">\u0421\u0430\u0445\u0440\u0430\u043d\u0430 \u0434\u0440\u0430\u0433\u043e\u0433 \u043d\u0430\u043c \u043f\u043e\u043a\u043e\u0458\u043d\u0438\u043a\u0430 \u043e\u0431\u0430\u0432\u0438\u045b\u0435 \u0441\u0435 6. \u043c\u0430\u0458\u0430 2023. \u0433\u043e\u0434\u0438\u043d\u0435 \u0443 14 \u0447\u0430\u0441\u043e\u0432\u0430\n \u043d\u0430 \u041f\u0440\u0430\u0432\u043e\u0441\u043b\u0430\u0432\u043d\u043e\u043c \u0433\u0440\u043e\u0431\u0459\u0443 \u043a\u043e\u0434 \u0414\u0443\u0434\u043e\u0432\u0435 \u0448\u0443\u043c\u0435 \u0438\u0437 \u0420\u0430\u0434\u0438\u045b \u043a\u0430\u043f\u0435\u043b\u0435.<\/td>\r\n\t\t\t<\/tr>\r\n\t\t\t<tr>\r\n\t\t\t\t<td colspan=\"2\">\u041e\u0436\u0430\u043b\u043e\u0448\u045b\u0435\u043d\u0438: \u043c\u0430\u0458\u043a\u0430 \u041c\u0430\u0440\u0438\u0458\u0430,\n\u043a\u0430\u043e \u0438 \u043e\u0441\u0442\u0430\u043b\u0430 \u0440\u043e\u0434\u0431\u0438\u043d\u0430, \u043f\u0440\u0438\u0458\u0430\u0442\u0435\u0459\u0438, \u043a\u043e\u043c\u0448\u0438\u0458\u0435 \u0438 \u043f\u043e\u0437\u043d\u0430\u043d\u0438\u0446\u0438.\n\n<\/td>\r\n\t\t\t<\/tr>\t\r\n\t\t\t\r\n\t\t\t\t\t\t\r\n\t\t\t<tr>\r\n\t\t\t\t<td colspan=\"2\"><p style=\"text-align: right\"><\/td>\r\n\t\t\t<\/tr>\r\n\t\t\t<\/tbody> \t\r\n\t\t\t<\/table><\/br>\t\t\r\n\t\t\t<\/br><table class=\"pp-posmrtnice-table\" width=\"250\" style=\"background:#626262;color:#fceabb;font-family:Lora, serif;font-size:18px\"><tr>\r\n\t\t\t\t\t<td><div class=\"dd-blockheader\"> \r\n\t     \t\t\t\t2022     \t\t\t \t<\/div><\/td><\/tr><\/table>\r\n\t     \t\t\t \t\t\t\t\r\n\t\t\t<table class=\"pp-posmrtnice-table\" style=\"background:#626262;color:#fceabb;font-family:Lora, serif;font-size:18px\"><tbody>\r\n\t\t\t\r\n\t\t\t\t\t\t\t<th><p> <\/p><\/th>\r\n\t\t\t\t\t\t\t    \r\n\t\t\t\t<th><p>\u041d\u043e\u0432\u0430\u043a\u043e\u0432\u0438\u045b \u0414\u0440\u0430\u0433\u0438\u0446\u0430<\/p>\r\n\t\t\t\t<p><\/p><p>\r\n\t\t\t\t1937\u20122022<\/p><\/th>\r\n\t\t\t<\/tr> \r\n\r\n\t\t\t<tr>\r\n\t\t\t<tr>\r\n\t\t\t\t<td colspan=\"2\">\u0443 85. \u0433\u043e\u0434\u0438\u043d\u0438 \u0436\u0438\u0432\u043e\u0442\u0430 \u043f\u0440\u0435\u043c\u0438\u043d\u0443\u043b\u0430 \u0434\u0430\u043d\u0430 30. \u0430\u043f\u0440\u0438\u043b\u0430 2022. \u0433\u043e\u0434\u0438\u043d\u0435.<\/td>\r\n\t\t\t<\/tr>\r\n\t\t\t<tr>\r\n\t\t\t\t<td colspan=\"2\">\u0421\u0430\u0445\u0440\u0430\u043d\u0430 \u0434\u0440\u0430\u0433\u0435 \u043d\u0430\u043c \u043f\u043e\u043a\u043e\u0458\u043d\u0438\u0446\u0435 \u043e\u0431\u0430\u0432\u0438\u045b\u0435 \u0441\u0435 3. \u043c\u0430\u0458\u0430 2022. \u0433\u043e\u0434\u0438\u043d\u0435 \u0443 12.30 \u0447\u0430\u0441\u043e\u0432\u0430\n \u043d\u0430 \u041f\u0440\u0430\u0432\u043e\u0441\u043b\u0430\u0432\u043d\u043e\u043c \u0433\u0440\u043e\u0431\u0459\u0443 \u043a\u043e\u0434 \u0414\u0443\u0434\u043e\u0432\u0435 \u0448\u0443\u043c\u0435 \u0438\u0437\n \u0420\u0430\u0434\u0438\u045b \u043a\u0430\u043f\u0435\u043b\u0435.<\/td>\r\n\t\t\t<\/tr>\r\n\t\t\t<tr>\r\n\t\t\t\t<td colspan=\"2\">\u041e\u0436\u0430\u043b\u043e\u0448\u045b\u0435\u043d\u0438: \u040a\u0415\u041d\u0418 \u041d\u0410\u0408\u041c\u0418\u041b\u0418\u0408\u0418.\n\n\n\n\n\n<\/td>\r\n\t\t\t<\/tr>\t\r\n\t\t\t\r\n\t\t\t\t\t\t\r\n\t\t\t<tr>\r\n\t\t\t\t<td colspan=\"2\"><p style=\"text-align: right\"><\/td>\r\n\t\t\t<\/tr>\r\n\t\t\t<\/tbody> \t\r\n\t\t\t<\/table><\/br>\t\t\r\n\t\t\t\t\t\t\r\n\t\t\t<table class=\"pp-posmrtnice-table\" style=\"background:#626262;color:#fceabb;font-family:Lora, serif;font-size:18px\"><tbody>\r\n\t\t\t\r\n\t\t\t \r\n\t\t\t\t<th><div class=\"img\"><img decoding=\"async\" src=\"https:\/\/www.e-pogrebno.rs\/images\/2022\/04\/rac_laslo030522.jpg\" style=\"height: 140px;width: 100px\" \/><\/div><\/th>\r\n\t\t\t\t\t\t\t    \r\n\t\t\t\t<th><p>R\u00e1c L\u00e1szl\u00f3<\/p>\r\n\t\t\t\t<p><\/p><p>\r\n\t\t\t\t1952-2022<\/p><\/th>\r\n\t\t\t<\/tr> \r\n\r\n\t\t\t<tr>\r\n\t\t\t<tr>\r\n\t\t\t\t<td colspan=\"2\">\u00e9let\u00e9nek 70.  esztendej\u00e9ben, r\u00f6vid betegs\u00e9g ut\u00e1n, 2022. \u00e1prilis 30-\u00e1n elhunyt.<\/td>\r\n\t\t\t<\/tr>\r\n\t\t\t<tr>\r\n\t\t\t\t<td colspan=\"2\">Dr\u00e1ga halottunk temet\u00e9se 2022. m\u00e1jus 3-\u00e1n 13 \u00f3rakor lesz a Bajai \u00fati temet\u0151 halottash\u00e1z\u00e1b\u00f3l. \n\n<\/td>\r\n\t\t\t<\/tr>\r\n\t\t\t<tr>\r\n\t\t\t\t<td colspan=\"2\">Gy\u00e1szolj\u00e1k: SZERETTEI. \n\n\n\n\n\n\n\n\n\n<\/td>\r\n\t\t\t<\/tr>\t\r\n\t\t\t\r\n\t\t\t\t\t\t\r\n\t\t\t<tr>\r\n\t\t\t\t<td colspan=\"2\"><p style=\"text-align: right\"><\/td>\r\n\t\t\t<\/tr>\r\n\t\t\t<\/tbody> \t\r\n\t\t\t<\/table><\/br>\t\t\r\n\t\t\t\t\t\t\r\n\t\t\t<table class=\"pp-posmrtnice-table\" style=\"background:#626262;color:#fceabb;font-family:Lora, serif;font-size:18px\"><tbody>\r\n\t\t\t\r\n\t\t\t \r\n\t\t\t\t<th><div class=\"img\"><img decoding=\"async\" src=\"https:\/\/www.e-pogrebno.rs\/images\/2022\/04\/horvacki_geza030522.jpg\" style=\"height: 140px;width: 100px\" \/><\/div><\/th>\r\n\t\t\t\t\t\t\t    \r\n\t\t\t\t<th><p>Horvacki Geza<\/p>\r\n\t\t\t\t<p><\/p><p>\r\n\t\t\t\t1938-2022<\/p><\/th>\r\n\t\t\t<\/tr> \r\n\r\n\t\t\t<tr>\r\n\t\t\t<tr>\r\n\t\t\t\t<td colspan=\"2\">okrepljen sv.sakramentima preminuo u Gospodinu 30. travnja 2022. godine u 84. godini \u017eivota.<\/td>\r\n\t\t\t<\/tr>\r\n\t\t\t<tr>\r\n\t\t\t\t<td colspan=\"2\">Tijelo pokojnika bit \u0107e sahranjeno 3. svibnja 2022. godine u 15 sati u obiteljsku grobnicu na Bajskom groblju iz Pei\u0107 kapele. \n<\/td>\r\n\t\t\t<\/tr>\r\n\t\t\t<tr>\r\n\t\t\t\t<td colspan=\"2\">O\u017ealo\u0161\u0107eni: \u0107erka NATALIJA, zet LUKA, unu\u010dad JELENA sa suprugom JOSIPOM, DRA\u017dEN sa suprugom DANIJELOM, JOSIPA, praunu\u010dad MARTA, HANNAH, MIHAELA, LUKA i IVAN, sin IVAN, snaja ER\u017dIKA, unu\u010dad MARINA, MARTINA sa suprugom MARIOM, MARIO i JOSIPA, praunuk MARKO, sestra ROZA i brat ALOJZIJE sa obiteljima kao i ostala mnogobrojna rodbina, prijatelji, kom\u0161ije i poznanici.\n\n\n\n\n\n\n\n\n\n<\/td>\r\n\t\t\t<\/tr>\t\r\n\t\t\t\r\n\t\t\t\t\t\t\r\n\t\t\t<tr>\r\n\t\t\t\t<td colspan=\"2\"><p style=\"text-align: right\"><\/td>\r\n\t\t\t<\/tr>\r\n\t\t\t<\/tbody> \t\r\n\t\t\t<\/table><\/br>\t\t\r\n\t\t\t\t\t\t\r\n\t\t\t<table class=\"pp-posmrtnice-table\" style=\"background:#626262;color:#fceabb;font-family:Lora, serif;font-size:18px\"><tbody>\r\n\t\t\t\r\n\t\t\t \r\n\t\t\t\t<th><div class=\"img\"><img decoding=\"async\" src=\"https:\/\/www.e-pogrebno.rs\/images\/2022\/04\/sabo_mirjana030522.jpg\" style=\"height: 140px;width: 100px\" \/><\/div><\/th>\r\n\t\t\t\t\t\t\t    \r\n\t\t\t\t<th><p>Sabo Mirjana<\/p>\r\n\t\t\t\t<p><\/p><p>\r\n\t\t\t\t1956-2022<\/p><\/th>\r\n\t\t\t<\/tr> \r\n\r\n\t\t\t<tr>\r\n\t\t\t<tr>\r\n\t\t\t\t<td colspan=\"2\">u 66. godini \u017eivota preminula dana 30. aprila 2022. godine.<\/td>\r\n\t\t\t<\/tr>\r\n\t\t\t<tr>\r\n\t\t\t\t<td colspan=\"2\">Sahrana mile nam pokojnice obavi\u0107e se 3. maja 2022. godine u 16 sati na Bajskom groblju iz mrtva\u010dnice.\n<\/td>\r\n\t\t\t<\/tr>\r\n\t\t\t<tr>\r\n\t\t\t\t<td colspan=\"2\">O\u017ealo\u0161\u0107eni: NJENI NAJMILIJI.\n\n\n\n\n\n\n\n\n\n<\/td>\r\n\t\t\t<\/tr>\t\r\n\t\t\t\r\n\t\t\t\t\t\t\r\n\t\t\t<tr>\r\n\t\t\t\t<td colspan=\"2\"><p style=\"text-align: right\"><\/td>\r\n\t\t\t<\/tr>\r\n\t\t\t<\/tbody> \t\r\n\t\t\t<\/table><\/br>\t\t\r\n\t\t\t\t\t\t\r\n\t\t\t<table class=\"pp-posmrtnice-table\" style=\"background:#626262;color:#fceabb;font-family:Lora, serif;font-size:18px\"><tbody>\r\n\t\t\t\r\n\t\t\t \r\n\t\t\t\t<th><div class=\"img\"><img decoding=\"async\" src=\"https:\/\/www.e-pogrebno.rs\/images\/2022\/04\/pinter_zoran030522.jpg\" style=\"height: 140px;width: 100px\" \/><\/div><\/th>\r\n\t\t\t\t\t\t\t    \r\n\t\t\t\t<th><p>Pinter Zoran<\/p>\r\n\t\t\t\t<p><\/p><p>\r\n\t\t\t\t1967-2022<\/p><\/th>\r\n\t\t\t<\/tr> \r\n\r\n\t\t\t<tr>\r\n\t\t\t<tr>\r\n\t\t\t\t<td colspan=\"2\">u 56. godini \u017eivota, posle du\u017ee bolesti preminuo dana 30. aprila 2022. godine.<\/td>\r\n\t\t\t<\/tr>\r\n\t\t\t<tr>\r\n\t\t\t\t<td colspan=\"2\">Sahrana milog nam pokojnika obavi\u0107e se 3. maja 2022. godine u 11 sati na Kerskom groblju iz mrtva\u010dnice.\n<\/td>\r\n\t\t\t<\/tr>\r\n\t\t\t<tr>\r\n\t\t\t\t<td colspan=\"2\">O\u017ealo\u0161\u0107eni: brat GORAN, snaja BILJANA, ne\u0107aci MILICA, GORDANA, ALEKSANDAR, MIJA, NENAD sa porodicom i IVAN, kao i ostala rodbina, prijatelji, kom\u0161ije i poznanici. \n\n\n\n\n\n\n\n\n\n<\/td>\r\n\t\t\t<\/tr>\t\r\n\t\t\t\r\n\t\t\t\t\t\t\r\n\t\t\t<tr>\r\n\t\t\t\t<td colspan=\"2\"><p style=\"text-align: right\"><\/td>\r\n\t\t\t<\/tr>\r\n\t\t\t<\/tbody> \t\r\n\t\t\t<\/table><\/br>\t\t\r\n\t\t\t\t\t\t\r\n\t\t\t<table class=\"pp-posmrtnice-table\" style=\"background:#626262;color:#fceabb;font-family:Lora, serif;font-size:18px\"><tbody>\r\n\t\t\t\r\n\t\t\t \r\n\t\t\t\t<th><div class=\"img\"><img decoding=\"async\" src=\"https:\/\/www.e-pogrebno.rs\/images\/2022\/04\/mandic_momcilo030522.jpg\" style=\"height: 140px;width: 100px\" \/><\/div><\/th>\r\n\t\t\t\t\t\t\t    \r\n\t\t\t\t<th><p>\u041c\u0430\u043d\u0434\u0438\u045b \u041c\u043e\u043c\u0447\u0438\u043b\u043e<\/p>\r\n\t\t\t\t<p><\/p><p>\r\n\t\t\t\t1951-2022<\/p><\/th>\r\n\t\t\t<\/tr> \r\n\r\n\t\t\t<tr>\r\n\t\t\t<tr>\r\n\t\t\t\t<td colspan=\"2\">\u0443 72. \u0433\u043e\u0434\u0438\u043d\u0438 \u0436\u0438\u0432\u043e\u0442\u0430, \u0442\u0440\u0430\u0433\u0438\u0447\u043d\u043e \u043f\u0440\u0435\u043c\u0438\u043d\u0443\u043e \u0434\u0430\u043d\u0430 30. \u0430\u043f\u0440\u0438\u043b\u0430 2022. \u0433\u043e\u0434\u0438\u043d\u0435.<\/td>\r\n\t\t\t<\/tr>\r\n\t\t\t<tr>\r\n\t\t\t\t<td colspan=\"2\">\u0421\u0430\u0445\u0440\u0430\u043d\u0430 \u0434\u0440\u0430\u0433\u043e\u0433 \u043d\u0430\u043c \u043f\u043e\u043a\u043e\u0458\u043d\u0438\u043a\u0430 \u043e\u0431\u0430\u0432\u0438\u045b\u0435 \u0441\u0435 3. \u043c\u0430\u0458\u0430 2022. \u0433\u043e\u0434\u0438\u043d\u0435 \u0443 14 \u0447\u0430\u0441\u043e\u0432\u0430 \u043d\u0430 \u0411\u0430\u0458\u0441\u043a\u043e\u043c \u0433\u0440\u043e\u0431\u0459\u0443 \u0438\u0437 \u041b\u0438\u0445\u0442\u043d\u0435\u043a\u0435\u0440\u0442(\u0446\u0440\u0432\u0435\u043d\u0435) \u043a\u0430\u043f\u0435\u043b\u0435.<\/td>\r\n\t\t\t<\/tr>\r\n\t\t\t<tr>\r\n\t\t\t\t<td colspan=\"2\">\u041e\u0436\u0430\u043b\u043e\u0448\u045b\u0435\u043d\u0438: \u040a\u0415\u0413\u041e\u0412\u0418 \u041d\u0410\u0408\u041c\u0418\u041b\u0418\u0408\u0418. \n\n\n\n\n\n\n\n\n<\/td>\r\n\t\t\t<\/tr>\t\r\n\t\t\t\r\n\t\t\t\t\t\t\r\n\t\t\t<tr>\r\n\t\t\t\t<td colspan=\"2\"><p style=\"text-align: right\"><\/td>\r\n\t\t\t<\/tr>\r\n\t\t\t<\/tbody> \t\r\n\t\t\t<\/table><\/br>\t\t\r\n\t\t\t\t\t\t\r\n\t\t\t<table class=\"pp-posmrtnice-table\" style=\"background:#626262;color:#fceabb;font-family:Lora, serif;font-size:18px\"><tbody>\r\n\t\t\t\r\n\t\t\t \r\n\t\t\t\t<th><div class=\"img\"><img decoding=\"async\" src=\"https:\/\/www.e-pogrebno.rs\/images\/2022\/04\/bako_ana050522.jpg\" style=\"height: 140px;width: 100px\" \/><\/div><\/th>\r\n\t\t\t\t\t\t\t    \r\n\t\t\t\t<th><p>Bak\u00f3 Anna<\/p>\r\n\t\t\t\t<p><\/p><p>\r\n\t\t\t\t1946-2022<\/p><\/th>\r\n\t\t\t<\/tr> \r\n\r\n\t\t\t<tr>\r\n\t\t\t<tr>\r\n\t\t\t\t<td colspan=\"2\">\u00e9let\u00e9nek 77. esztendej\u00e9ben, hossz\u00fa betegs\u00e9g ut\u00e1n, 2022. \u00e1prilis 30-\u00e1n elhunyt.<\/td>\r\n\t\t\t<\/tr>\r\n\t\t\t<tr>\r\n\t\t\t\t<td colspan=\"2\">Dr\u00e1ga halottunk temet\u00e9se 2022. m\u00e1jus 5-\u00e9n 14 \u00f3rakor lesz a Bajai \u00fati temet\u0151 P\u00e9its k\u00e1poln\u00e1j\u00e1b\u00f3l.<\/td>\r\n\t\t\t<\/tr>\r\n\t\t\t<tr>\r\n\t\t\t\t<td colspan=\"2\">Gy\u00e1szolj\u00e1k: f\u00e9rje L\u00c1SZL\u00d3, le\u00e1nya IZABELLA, valamint t\u00f6bbi rokona, j\u00f3bar\u00e1tja, szomsz\u00e9dja \u00e9s ismer\u0151se.\n\n\n\n\n\n\n\n\n\n<\/td>\r\n\t\t\t<\/tr>\t\r\n\t\t\t\r\n\t\t\t\t\t\t\r\n\t\t\t<tr>\r\n\t\t\t\t<td colspan=\"2\"><p style=\"text-align: right\"><\/td>\r\n\t\t\t<\/tr>\r\n\t\t\t<\/tbody> \t\r\n\t\t\t<\/table><\/br>\t\t\r\n\t\t\t\t\t\t\r\n\t\t\t<table class=\"pp-posmrtnice-table\" style=\"background:#626262;color:#fceabb;font-family:Lora, serif;font-size:18px\"><tbody>\r\n\t\t\t\r\n\t\t\t \r\n\t\t\t\t<th><div class=\"img\"><img decoding=\"async\" src=\"https:\/\/www.e-pogrebno.rs\/images\/2022\/04\/bakos_denis050522.jpg\" style=\"height: 140px;width: 100px\" \/><\/div><\/th>\r\n\t\t\t\t\t\t\t    \r\n\t\t\t\t<th><p>Bako\u0161 Denis<\/p>\r\n\t\t\t\t<p><\/p><p>\r\n\t\t\t\t1991-2022<\/p><\/th>\r\n\t\t\t<\/tr> \r\n\r\n\t\t\t<tr>\r\n\t\t\t<tr>\r\n\t\t\t\t<td colspan=\"2\">u 31. godini \u017eivota preminuo dana 30. aprila 2022. godine.<\/td>\r\n\t\t\t<\/tr>\r\n\t\t\t<tr>\r\n\t\t\t\t<td colspan=\"2\">Sahrana milog nam pokojnika obavi\u0107e se 5. maja 2022. godine u 16 sati na Bajskom groblju iz Pei\u0107 kapele.<\/td>\r\n\t\t\t<\/tr>\r\n\t\t\t<tr>\r\n\t\t\t\t<td colspan=\"2\">O\u017ealo\u0161\u0107eni: NJEGOVI NAJMILIJI.\n\n\n\n\n\n\n\n\n\n<\/td>\r\n\t\t\t<\/tr>\t\r\n\t\t\t\r\n\t\t\t\t\t\t\r\n\t\t\t<tr>\r\n\t\t\t\t<td colspan=\"2\"><p style=\"text-align: right\"><\/td>\r\n\t\t\t<\/tr>\r\n\t\t\t<\/tbody> \t\r\n\t\t\t<\/table><\/br>\t\t\r\n\t\t\t<\/br><table class=\"pp-posmrtnice-table\" width=\"250\" style=\"background:#626262;color:#fceabb;font-family:Lora, serif;font-size:18px\"><tr>\r\n\t\t\t\t\t<td><div class=\"dd-blockheader\"> \r\n\t     \t\t\t\t2021     \t\t\t \t<\/div><\/td><\/tr><\/table>\r\n\t     \t\t\t \t\t\t\t\r\n\t\t\t<table class=\"pp-posmrtnice-table\" style=\"background:#626262;color:#fceabb;font-family:Lora, serif;font-size:18px\"><tbody>\r\n\t\t\t\r\n\t\t\t\t\t\t\t<th><p> <\/p><\/th>\r\n\t\t\t\t\t\t\t    \r\n\t\t\t\t<th><p>Ljubinkovi\u0107 Klara<\/p>\r\n\t\t\t\t<p><\/p><p>\r\n\t\t\t\t1933\u20122021<\/p><\/th>\r\n\t\t\t<\/tr> \r\n\r\n\t\t\t<tr>\r\n\t\t\t<tr>\r\n\t\t\t\t<td colspan=\"2\">\u00e9let\u00e9nek 88. esztendej\u00e9ben, 2021. \u00e1prilis 30-\u00e1n elhunyt.<\/td>\r\n\t\t\t<\/tr>\r\n\t\t\t<tr>\r\n\t\t\t\t<td colspan=\"2\">Dr\u00e1ga halottunk temet\u00e9se 2021. m\u00e1jus 3-\u00e1n 11 \u00f3rakor lesz a csantav\u00e9ri Nagytemet\u0151ben.<\/td>\r\n\t\t\t<\/tr>\r\n\t\t\t<tr>\r\n\t\t\t\t<td colspan=\"2\">Gy\u00e1szolj\u00e1k: SZERETTEI.\n<\/td>\r\n\t\t\t<\/tr>\t\r\n\t\t\t\r\n\t\t\t\t\t\t\r\n\t\t\t<tr>\r\n\t\t\t\t<td colspan=\"2\"><p style=\"text-align: right\"><\/td>\r\n\t\t\t<\/tr>\r\n\t\t\t<\/tbody> \t\r\n\t\t\t<\/table><\/br>\t\t\r\n\t\t\t\t\t\t\r\n\t\t\t<table class=\"pp-posmrtnice-table\" style=\"background:#626262;color:#fceabb;font-family:Lora, serif;font-size:18px\"><tbody>\r\n\t\t\t\r\n\t\t\t \r\n\t\t\t\t<th><div class=\"img\"><img decoding=\"async\" src=\"https:\/\/www.e-pogrebno.rs\/images\/2021\/04\/bajic_stevan030521.jpg\" style=\"height: 140px;width: 100px\" \/><\/div><\/th>\r\n\t\t\t\t\t\t\t    \r\n\t\t\t\t<th><p>Baji\u0107 Stevan<\/p>\r\n\t\t\t\t<p><\/p><p>\r\n\t\t\t\t1945-2021<\/p><\/th>\r\n\t\t\t<\/tr> \r\n\r\n\t\t\t<tr>\r\n\t\t\t<tr>\r\n\t\t\t\t<td colspan=\"2\">u 76. godini \u017eivota preminuo dana 30. aprila 2021. godine.<\/td>\r\n\t\t\t<\/tr>\r\n\t\t\t<tr>\r\n\t\t\t\t<td colspan=\"2\">Sahrana dragog nam pokojnika obavi\u0107e se 4. maja 2021. godine u 12:30 \u010dasova\n na Kerskom groblju iz crkvene kapele.  \n<\/td>\r\n\t\t\t<\/tr>\r\n\t\t\t<tr>\r\n\t\t\t\t<td colspan=\"2\">O\u017ealo\u0161\u0107eni: sinovi i \u0107erke sa porodicama, kao i ostala rodbina i prijatelji.\n\n\n\n<\/td>\r\n\t\t\t<\/tr>\t\r\n\t\t\t\r\n\t\t\t\t\t\t\r\n\t\t\t<tr>\r\n\t\t\t\t<td colspan=\"2\"><p style=\"text-align: right\"><\/td>\r\n\t\t\t<\/tr>\r\n\t\t\t<\/tbody> \t\r\n\t\t\t<\/table><\/br>\t\t\r\n\t\t\t<\/br><table class=\"pp-posmrtnice-table\" width=\"250\" style=\"background:#626262;color:#fceabb;font-family:Lora, serif;font-size:18px\"><tr>\r\n\t\t\t\t\t<td><div class=\"dd-blockheader\"> \r\n\t     \t\t\t\t2020     \t\t\t \t<\/div><\/td><\/tr><\/table>\r\n\t     \t\t\t \t\t\t\t\r\n\t\t\t<table class=\"pp-posmrtnice-table\" style=\"background:#626262;color:#fceabb;font-family:Lora, serif;font-size:18px\"><tbody>\r\n\t\t\t\r\n\t\t\t \r\n\t\t\t\t<th><div class=\"img\"><img decoding=\"async\" src=\"https:\/\/www.e-pogrebno.rs\/images\/2020\/04\/gal_imre300420.jpg\" style=\"height: 140px;width: 100px\" \/><\/div><\/th>\r\n\t\t\t\t\t\t\t    \r\n\t\t\t\t<th><p>G\u00e1l Imre<\/p>\r\n\t\t\t\t<p><\/p><p>\r\n\t\t\t\t1931-2020<\/p><\/th>\r\n\t\t\t<\/tr> \r\n\r\n\t\t\t<tr>\r\n\t\t\t<tr>\r\n\t\t\t\t<td colspan=\"2\">\u00e9let\u00e9nek 89. esztendej\u00e9ben 2020. \u00e1prilis 30-\u00e1n elhunyt.<\/td>\r\n\t\t\t<\/tr>\r\n\t\t\t<tr>\r\n\t\t\t\t<td colspan=\"2\">Dr\u00e1ga halottunk temet\u00e9se 2020.  m\u00e1jus 2-\u00e1n 13 \u00f3rakor lesz Bajmokon a Paprenja\u010da temet\u0151ben.<\/td>\r\n\t\t\t<\/tr>\r\n\t\t\t<tr>\r\n\t\t\t\t<td colspan=\"2\">Gy\u00e1szolj\u00e1k: SZERETTEI.<\/td>\r\n\t\t\t<\/tr>\t\r\n\t\t\t\r\n\t\t\t\t\t\t\r\n\t\t\t<tr>\r\n\t\t\t\t<td colspan=\"2\"><p style=\"text-align: right\"><\/td>\r\n\t\t\t<\/tr>\r\n\t\t\t<\/tbody> \t\r\n\t\t\t<\/table><\/br>\t\t\r\n\t\t\t\t\t\t\r\n\t\t\t<table class=\"pp-posmrtnice-table\" style=\"background:#626262;color:#fceabb;font-family:Lora, serif;font-size:18px\"><tbody>\r\n\t\t\t\r\n\t\t\t \r\n\t\t\t\t<th><div class=\"img\"><img decoding=\"async\" src=\"https:\/\/www.e-pogrebno.rs\/images\/2020\/04\/sors_istvan010520.jpg\" style=\"height: 140px;width: 100px\" \/><\/div><\/th>\r\n\t\t\t\t\t\t\t    \r\n\t\t\t\t<th><p>\u0160or\u0161 I\u0161tvan<\/p>\r\n\t\t\t\t<p><\/p><p>\r\n\t\t\t\t1956-2020<\/p><\/th>\r\n\t\t\t<\/tr> \r\n\r\n\t\t\t<tr>\r\n\t\t\t<tr>\r\n\t\t\t\t<td colspan=\"2\">u 65. godini \u017eivota,iznenada preminuo dana 30. aprila 2020. godine.<\/td>\r\n\t\t\t<\/tr>\r\n\t\t\t<tr>\r\n\t\t\t\t<td colspan=\"2\">Sahrana milog nam pokojnika obavi\u0107e se 2. maja 2020. godine u 09.30 sati na Kerskom groblju iz crkvene kapele.<\/td>\r\n\t\t\t<\/tr>\r\n\t\t\t<tr>\r\n\t\t\t\t<td colspan=\"2\">O\u017ealo\u0161\u0107eni: \u0107erke Karolina i Anita, zetovi \u017dolt i Zlatko, unuci Alex i Daniel, sestre Tereza i Marija sa porodicama, \u017eivotna saputnica Katalin, kao i ostala rodbina,prijatelji, kom\u0161ije i poznanici.<\/td>\r\n\t\t\t<\/tr>\t\r\n\t\t\t\r\n\t\t\t\t\t\t\r\n\t\t\t<tr>\r\n\t\t\t\t<td colspan=\"2\"><p style=\"text-align: right\"><\/td>\r\n\t\t\t<\/tr>\r\n\t\t\t<\/tbody> \t\r\n\t\t\t<\/table><\/br>\t\t\r\n\t\t\t\t\t\t\r\n\t\t\t<table class=\"pp-posmrtnice-table\" style=\"background:#626262;color:#fceabb;font-family:Lora, serif;font-size:18px\"><tbody>\r\n\t\t\t\r\n\t\t\t \r\n\t\t\t\t<th><div class=\"img\"><img decoding=\"async\" src=\"https:\/\/www.e-pogrebno.rs\/images\/2020\/04\/milic_miodrag030520.jpg\" style=\"height: 140px;width: 100px\" \/><\/div><\/th>\r\n\t\t\t\t\t\t\t    \r\n\t\t\t\t<th><p>\u041c\u0438\u043b\u0438\u045b \u041c\u0438\u043e\u0434\u0440\u0430\u0433<\/p>\r\n\t\t\t\t<p><\/p><p>\r\n\t\t\t\t1934-2020<\/p><\/th>\r\n\t\t\t<\/tr> \r\n\r\n\t\t\t<tr>\r\n\t\t\t<tr>\r\n\t\t\t\t<td colspan=\"2\">\u0443 86. \u0433\u043e\u0434\u0438\u043d\u0438 \u0436\u0438\u0432\u043e\u0442\u0430 \u043f\u0440\u0435\u043c\u0438\u043d\u0443\u043e \u0434\u0430\u043d\u0430 30. \u0430\u043f\u0440\u0438\u043b\u0430 2020. \u0433\u043e\u0434\u0438\u043d\u0435.<\/td>\r\n\t\t\t<\/tr>\r\n\t\t\t<tr>\r\n\t\t\t\t<td colspan=\"2\">\u0421\u0430\u0445\u0440\u0430\u043d\u0430 \u0434\u0440\u0430\u0433\u043e\u0433 \u043d\u0430\u043c \u043f\u043e\u043a\u043e\u0458\u043d\u0438\u043a\u0430 \u043e\u0431\u0430\u0432\u0438\u045b\u0435 \u0441\u0435 4. \u043c\u0430\u0458\u0430 2020. \u0433\u043e\u0434\u0438\u043d\u0435 \u0443 11 \u0447\u0430\u0441\u043e\u0432\u0430\n \u043d\u0430 \u041f\u0430\u043b\u0438\u045b\u043a\u043e\u043c \u0433\u0440\u043e\u0431\u0459\u0443 \u0438\u0437 \u043c\u0440\u0442\u0432\u0430\u0447\u043d\u0438\u0446\u0435.\n<\/td>\r\n\t\t\t<\/tr>\r\n\t\t\t<tr>\r\n\t\t\t\t<td colspan=\"2\">\u041e\u0436\u0430\u043b\u043e\u0448\u045b\u0435\u043d\u0438: \u040a\u0415\u0413\u041e\u0412\u0418 \u041d\u0410\u0408\u041c\u0418\u041b\u0418\u0408\u0418.<\/td>\r\n\t\t\t<\/tr>\t\r\n\t\t\t\r\n\t\t\t\t\t\t\r\n\t\t\t<tr>\r\n\t\t\t\t<td colspan=\"2\"><p style=\"text-align: right\"><\/td>\r\n\t\t\t<\/tr>\r\n\t\t\t<\/tbody> \t\r\n\t\t\t<\/table><\/br>\t\t\r\n\t\t\t\t\t\t\r\n\t\t\t<table class=\"pp-posmrtnice-table\" style=\"background:#626262;color:#fceabb;font-family:Lora, serif;font-size:18px\"><tbody>\r\n\t\t\t\r\n\t\t\t \r\n\t\t\t\t<th><div class=\"img\"><img decoding=\"async\" src=\"https:\/\/www.e-pogrebno.rs\/images\/2020\/04\/gabric_marija030520.jpg\" style=\"height: 140px;width: 100px\" \/><\/div><\/th>\r\n\t\t\t\t\t\t\t    \r\n\t\t\t\t<th><p>Gabri\u0107 Marija<\/p>\r\n\t\t\t\t<p><\/p><p>\r\n\t\t\t\t1940-2020<\/p><\/th>\r\n\t\t\t<\/tr> \r\n\r\n\t\t\t<tr>\r\n\t\t\t<tr>\r\n\t\t\t\t<td colspan=\"2\">u 80. godini \u017eivota preminula dana 30. aprila 2020. godine.<\/td>\r\n\t\t\t<\/tr>\r\n\t\t\t<tr>\r\n\t\t\t\t<td colspan=\"2\">Sahrana drage nam pokojnice obavi\u0107e se 4. maja 2020. godine u 14.30 sati\nna Kerskom groblju iz mrtva\u010dnice.\n<\/td>\r\n\t\t\t<\/tr>\r\n\t\t\t<tr>\r\n\t\t\t\t<td colspan=\"2\">O\u017ealo\u0161\u0107eni: NJENI NAJMILIJI.<\/td>\r\n\t\t\t<\/tr>\t\r\n\t\t\t\r\n\t\t\t\t\t\t\r\n\t\t\t<tr>\r\n\t\t\t\t<td colspan=\"2\"><p style=\"text-align: right\"><\/td>\r\n\t\t\t<\/tr>\r\n\t\t\t<\/tbody> \t\r\n\t\t\t<\/table><\/br>\t\t\r\n\t\t\t\t\t\t\r\n\t\t\t<table class=\"pp-posmrtnice-table\" style=\"background:#626262;color:#fceabb;font-family:Lora, serif;font-size:18px\"><tbody>\r\n\t\t\t\r\n\t\t\t \r\n\t\t\t\t<th><div class=\"img\"><img decoding=\"async\" src=\"https:\/\/www.e-pogrebno.rs\/images\/2020\/04\/bobojcev_manda030520.jpg\" style=\"height: 140px;width: 100px\" \/><\/div><\/th>\r\n\t\t\t\t\t\t\t    \r\n\t\t\t\t<th><p>Boboj\u010dev Manda<\/p>\r\n\t\t\t\t<p><\/p><p>\r\n\t\t\t\t1941-2020<\/p><\/th>\r\n\t\t\t<\/tr> \r\n\r\n\t\t\t<tr>\r\n\t\t\t<tr>\r\n\t\t\t\t<td colspan=\"2\">u 79. godini \u017eivota preminula dana 30. aprila 2020. godine.<\/td>\r\n\t\t\t<\/tr>\r\n\t\t\t<tr>\r\n\t\t\t\t<td colspan=\"2\">Sahrana mile nam pokojnice obavi\u0107e se 4. maja 2020. godine u 9.30 sati\nna Kerskom groblju iz crkvene kapele.\n<\/td>\r\n\t\t\t<\/tr>\r\n\t\t\t<tr>\r\n\t\t\t\t<td colspan=\"2\">O\u017ealo\u0161\u0107eni: sinovi RUDOLF i BOBAN, snaja SVETLANA, unuci DAJANA i LUKA,\npraunuk VUKAN, bra\u0107a IVAN i LOJZIJA sa porodicama,\nkao i ostala rodbina, prijatelji i kom\u0161ije.\n<\/td>\r\n\t\t\t<\/tr>\t\r\n\t\t\t\r\n\t\t\t\t\t\t\r\n\t\t\t<tr>\r\n\t\t\t\t<td colspan=\"2\"><p style=\"text-align: right\"><\/td>\r\n\t\t\t<\/tr>\r\n\t\t\t<\/tbody> \t\r\n\t\t\t<\/table><\/br>\t\t\r\n\t\t\t\t\t\t\r\n\t\t\t<table class=\"pp-posmrtnice-table\" style=\"background:#626262;color:#fceabb;font-family:Lora, serif;font-size:18px\"><tbody>\r\n\t\t\t\r\n\t\t\t \r\n\t\t\t\t<th><div class=\"img\"><img decoding=\"async\" src=\"https:\/\/www.e-pogrebno.rs\/images\/2020\/04\/djuric_milka030520.jpg\" style=\"height: 140px;width: 100px\" \/><\/div><\/th>\r\n\t\t\t\t\t\t\t    \r\n\t\t\t\t<th><p>\u0402\u0443\u0440\u0438\u045b \u041c\u0438\u043b\u043a\u0430<\/p>\r\n\t\t\t\t<p><\/p><p>\r\n\t\t\t\t1936-2020<\/p><\/th>\r\n\t\t\t<\/tr> \r\n\r\n\t\t\t<tr>\r\n\t\t\t<tr>\r\n\t\t\t\t<td colspan=\"2\">\u0443 84. \u0433\u043e\u0434\u0438\u043d\u0438 \u0436\u0438\u0432\u043e\u0442\u0430, \u043f\u043e\u0441\u043b\u0435 \u0434\u0443\u0433\u0435 \u0438 \u0442\u0435\u0448\u043a\u0435 \u0431\u043e\u043b\u0435\u0441\u0442\u0438 \u043f\u0440\u0435\u043c\u0438\u043d\u0443\u043b\u0430 \u0434\u0430\u043d\u0430 30. \u0430\u043f\u0440\u0438\u043b\u0430 2020. \u0433\u043e\u0434\u0438\u043d\u0435.<\/td>\r\n\t\t\t<\/tr>\r\n\t\t\t<tr>\r\n\t\t\t\t<td colspan=\"2\">\u0421\u0430\u0445\u0440\u0430\u043d\u0430 \u0434\u0440\u0430\u0433\u0435 \u043d\u0430\u043c \u043f\u043e\u043a\u043e\u0458\u043d\u0438\u0446\u0435 \u043e\u0431\u0430\u0432\u0438\u045b\u0435 \u0441\u0435 4. \u043c\u0430\u0458\u0430 2020. \u0433\u043e\u0434\u0438\u043d\u0435 \u0443 13 \u0447\u0430\u0441\u043e\u0432\u0430\n \u043d\u0430 \u041f\u0440\u0430\u0432\u043e\u0441\u043b\u0430\u0432\u043d\u043e\u043c \u0433\u0440\u043e\u0431\u0459\u0443 \u043a\u043e\u0434 \u0414\u0443\u0434\u043e\u0432\u0435 \u0448\u0443\u043c\u0435 \u0438\u0437 \u0446\u0440\u043a\u0432\u0435\u043d\u0435 \u043a\u0430\u043f\u0435\u043b\u0435.\n\n<\/td>\r\n\t\t\t<\/tr>\r\n\t\t\t<tr>\r\n\t\t\t\t<td colspan=\"2\">\u041e\u0436\u0430\u043b\u043e\u0448\u045b\u0435\u043d\u0438: \u040a\u0415\u041d\u0418 \u041d\u0410\u0408\u041c\u0418\u041b\u0418\u0408\u0418.<\/td>\r\n\t\t\t<\/tr>\t\r\n\t\t\t\r\n\t\t\t\t\t\t\r\n\t\t\t<tr>\r\n\t\t\t\t<td colspan=\"2\"><p style=\"text-align: right\"><\/td>\r\n\t\t\t<\/tr>\r\n\t\t\t<\/tbody> \t\r\n\t\t\t<\/table><\/br>\t\t\r\n\t\t\t\t\t\t\r\n\t\t\t<table class=\"pp-posmrtnice-table\" style=\"background:#626262;color:#fceabb;font-family:Lora, serif;font-size:18px\"><tbody>\r\n\t\t\t\r\n\t\t\t \r\n\t\t\t\t<th><div class=\"img\"><img decoding=\"async\" src=\"https:\/\/www.e-pogrebno.rs\/images\/2020\/04\/foro_rozalija0305020.jpg\" style=\"height: 140px;width: 100px\" \/><\/div><\/th>\r\n\t\t\t\t\t\t\t    \r\n\t\t\t\t<th><p>Foro Rozalija<\/p>\r\n\t\t\t\t<p><\/p><p>\r\n\t\t\t\t1935-2020<\/p><\/th>\r\n\t\t\t<\/tr> \r\n\r\n\t\t\t<tr>\r\n\t\t\t<tr>\r\n\t\t\t\t<td colspan=\"2\">u 85. godini \u017eivota, posle kratke i te\u0161ke bolesti preminula dana 30. aprila 2020. godine.<\/td>\r\n\t\t\t<\/tr>\r\n\t\t\t<tr>\r\n\t\t\t\t<td colspan=\"2\">Sahrana mile nam pokojnice obavi\u0107e se 4. maja 2020. godine u 13 sati\nna Sen\u0107anskom groblju.\n<\/td>\r\n\t\t\t<\/tr>\r\n\t\t\t<tr>\r\n\t\t\t\t<td colspan=\"2\">O\u017ealo\u0161\u0107eni: sin Lajo\u0161, snaja Mira, unu\u010dad Ramona i Rihard, praunu\u010dad Romina i I\u0161tvan, sestra Marija i brat Petar sa porodicama, kao i ostala rodbina, prijatelji, kom\u0161ije i poznanici.<\/td>\r\n\t\t\t<\/tr>\t\r\n\t\t\t\r\n\t\t\t\t\t\t\r\n\t\t\t<tr>\r\n\t\t\t\t<td colspan=\"2\"><p style=\"text-align: right\"><\/td>\r\n\t\t\t<\/tr>\r\n\t\t\t<\/tbody> \t\r\n\t\t\t<\/table><\/br>\t\t\r\n\t\t\t\t\t\t\r\n\t\t\t<table class=\"pp-posmrtnice-table\" style=\"background:#626262;color:#fceabb;font-family:Lora, serif;font-size:18px\"><tbody>\r\n\t\t\t\r\n\t\t\t \r\n\t\t\t\t<th><div class=\"img\"><img decoding=\"async\" src=\"https:\/\/www.e-pogrebno.rs\/images\/2020\/04\/balazevic_kata040520.jpg\" style=\"height: 140px;width: 100px\" \/><\/div><\/th>\r\n\t\t\t\t\t\t\t    \r\n\t\t\t\t<th><p>Bala\u017eevi\u0107 Kata<\/p>\r\n\t\t\t\t<p><\/p><p>\r\n\t\t\t\t1940-2020<\/p><\/th>\r\n\t\t\t<\/tr> \r\n\r\n\t\t\t<tr>\r\n\t\t\t<tr>\r\n\t\t\t\t<td colspan=\"2\">u 81. godini \u017eivota preminula dana 30. aprila 2020. godine.<\/td>\r\n\t\t\t<\/tr>\r\n\t\t\t<tr>\r\n\t\t\t\t<td colspan=\"2\">Sahrana drage nam pokojnice obavi\u0107e se 5. maja 2020. godine u 11 \u010dasova\nna Sen\u0107anskom groblju iz mrtva\u010dnice.\n<\/td>\r\n\t\t\t<\/tr>\r\n\t\t\t<tr>\r\n\t\t\t\t<td colspan=\"2\">O\u017ealo\u0161\u0107eni: \u0107erka Svetlana, zet \u0110ula, \nunuci Petar i Tomislav sa porodicama.\n<\/td>\r\n\t\t\t<\/tr>\t\r\n\t\t\t\r\n\t\t\t\t\t\t\r\n\t\t\t<tr>\r\n\t\t\t\t<td colspan=\"2\"><p style=\"text-align: right\"><\/td>\r\n\t\t\t<\/tr>\r\n\t\t\t<\/tbody> \t\r\n\t\t\t<\/table><\/br>\t\t\r\n\t\t\t<\/br><table class=\"pp-posmrtnice-table\" width=\"250\" style=\"background:#626262;color:#fceabb;font-family:Lora, serif;font-size:18px\"><tr>\r\n\t\t\t\t\t<td><div class=\"dd-blockheader\"> \r\n\t     \t\t\t\t2019     \t\t\t \t<\/div><\/td><\/tr><\/table>\r\n\t     \t\t\t \t\t\t\t\r\n\t\t\t<table class=\"pp-posmrtnice-table\" style=\"background:#626262;color:#fceabb;font-family:Lora, serif;font-size:18px\"><tbody>\r\n\t\t\t\r\n\t\t\t \r\n\t\t\t\t<th><div class=\"img\"><img decoding=\"async\" src=\"https:\/\/www.e-pogrebno.rs\/images\/2019\/04\/baclija_vlado170519.jpg\" style=\"height: 140px;width: 100px\" \/><\/div><\/th>\r\n\t\t\t\t\t\t\t    \r\n\t\t\t\t<th><p>Ba\u010dlija Vladimir<\/p>\r\n\t\t\t\t<p><\/p><p>\r\n\t\t\t\t1948-2019<\/p><\/th>\r\n\t\t\t<\/tr> \r\n\r\n\t\t\t<tr>\r\n\t\t\t<tr>\r\n\t\t\t\t<td colspan=\"2\">u 71. godini \u017eivota preminuo dana 30. aprila 2019. godine.<\/td>\r\n\t\t\t<\/tr>\r\n\t\t\t<tr>\r\n\t\t\t\t<td colspan=\"2\">Polaganje urne obavi\u0107e se 18. maja 2019. godine u 11 sati\nna Sen\u0107anskom groblju iz mrtva\u010dnice.<\/td>\r\n\t\t\t<\/tr>\r\n\t\t\t<tr>\r\n\t\t\t\t<td colspan=\"2\">O\u017ealo\u0161\u0107eni: sinovi ALEKSANDAR, BRANKO i ANDRIJA, \u0107erka ADRIJANA, snahe ANA i MINA, zet MARKO, unuci KRISTINA, NA\u0110A, DU\u0160AN, MATEJA i ANTONIJE, praunuk KONSTANTIN,\nkao i ostala rodbina, prijatelji i kom\u0161ije.<\/td>\r\n\t\t\t<\/tr>\t\r\n\t\t\t\r\n\t\t\t\t\t\t\r\n\t\t\t<tr>\r\n\t\t\t\t<td colspan=\"2\"><p style=\"text-align: right\"><\/td>\r\n\t\t\t<\/tr>\r\n\t\t\t<\/tbody> \t\r\n\t\t\t<\/table><\/br>\t\t\r\n\t\t\t\t\t\t\r\n\t\t\t<table class=\"pp-posmrtnice-table\" style=\"background:#626262;color:#fceabb;font-family:Lora, serif;font-size:18px\"><tbody>\r\n\t\t\t\r\n\t\t\t \r\n\t\t\t\t<th><div class=\"img\"><img decoding=\"async\" src=\"https:\/\/www.e-pogrebno.rs\/images\/2019\/04\/slavica_stosic010519.jpg\" style=\"height: 140px;width: 100px\" \/><\/div><\/th>\r\n\t\t\t\t\t\t\t    \r\n\t\t\t\t<th><p>\u0421\u0442\u043e\u0448\u0438\u045b \u0421\u043b\u0430\u0432\u0438\u0446\u0430<\/p>\r\n\t\t\t\t<p><\/p><p>\r\n\t\t\t\t1949-2019<\/p><\/th>\r\n\t\t\t<\/tr> \r\n\r\n\t\t\t<tr>\r\n\t\t\t<tr>\r\n\t\t\t\t<td colspan=\"2\">\u0443 70. \u0433\u043e\u0434\u0438\u043d\u0438 \u0436\u0438\u0432\u043e\u0442\u0430, \u043f\u043e\u0441\u043b\u0435 \u0434\u0443\u0433\u0435 \u0438 \u0442\u0435\u0448\u043a\u0435 \u0431\u043e\u043b\u0435\u0441\u0442\u0438 \u043f\u0440\u0435\u043c\u0438\u043d\u0443\u043b\u0430 \u0434\u0430\u043d\u0430 30. \u0430\u043f\u0440\u0438\u043b\u0430 2019. \u0433\u043e\u0434\u0438\u043d\u0435.<\/td>\r\n\t\t\t<\/tr>\r\n\t\t\t<tr>\r\n\t\t\t\t<td colspan=\"2\">\u0421\u0430\u0445\u0440\u0430\u043d\u0430 \u0434\u0440\u0430\u0433\u0435 \u043d\u0430\u043c \u043f\u043e\u043a\u043e\u0458\u043d\u0438\u0446\u0435 \u043e\u0431\u0430\u0432\u0438\u045b\u0435 \u0441\u0435 2. \u043c\u0430\u0458\u0430 2019. \u0433\u043e\u0434\u0438\u043d\u0435 \u0443 12.30 \u0447\u0430\u0441\u043e\u0432\u0430 \u043d\u0430 \u041f\u0440\u0430\u0432\u043e\u0441\u043b\u0430\u0432\u043d\u043e\u043c \u0433\u0440\u043e\u0431\u0459\u0443 \u0414\u0443\u0434\u043e\u0432\u0430 \u0448\u0443\u043c\u0430 \u0438\u0437 \u0446\u0440\u043a\u0432\u0435\u043d\u0435 \u043a\u0430\u043f\u0435\u043b\u0435. \n<\/td>\r\n\t\t\t<\/tr>\r\n\t\t\t<tr>\r\n\t\t\t\t<td colspan=\"2\">\u041e\u0436\u0430\u043b\u043e\u0448\u045b\u0435\u043d\u0438: \u040a\u0415\u041d\u0418 \u041d\u0410\u0408\u041c\u0418\u041b\u0418\u0408\u0418.<\/td>\r\n\t\t\t<\/tr>\t\r\n\t\t\t\r\n\t\t\t\t\t\t\r\n\t\t\t<tr>\r\n\t\t\t\t<td colspan=\"2\"><p style=\"text-align: right\"><\/td>\r\n\t\t\t<\/tr>\r\n\t\t\t<\/tbody> \t\r\n\t\t\t<\/table><\/br>\t\t\r\n\t\t\t\t\t\t\r\n\t\t\t<table class=\"pp-posmrtnice-table\" style=\"background:#626262;color:#fceabb;font-family:Lora, serif;font-size:18px\"><tbody>\r\n\t\t\t\r\n\t\t\t \r\n\t\t\t\t<th><div class=\"img\"><img decoding=\"async\" src=\"https:\/\/www.e-pogrebno.rs\/images\/2019\/04\/djeri_ana010519.jpg\" style=\"height: 140px;width: 100px\" \/><\/div><\/th>\r\n\t\t\t\t\t\t\t    \r\n\t\t\t\t<th><p>Gy\u0151ri Anna<\/p>\r\n\t\t\t\t<p><\/p><p>\r\n\t\t\t\t1928-2019<\/p><\/th>\r\n\t\t\t<\/tr> \r\n\r\n\t\t\t<tr>\r\n\t\t\t<tr>\r\n\t\t\t\t<td colspan=\"2\">\u00e9let\u00e9nek 92. esztendej\u00e9ben, 2019. \u00e1prilis 30-\u00e1n elhunyt.<\/td>\r\n\t\t\t<\/tr>\r\n\t\t\t<tr>\r\n\t\t\t\t<td colspan=\"2\">Dr\u00e1ga halottunk temet\u00e9se 2019. m\u00e1jus 2-\u00e1n 14 \u00f3rakor lesz a Zentai \u00fati temet\u0151ben.  \n<\/td>\r\n\t\t\t<\/tr>\r\n\t\t\t<tr>\r\n\t\t\t\t<td colspan=\"2\">Gy\u00e1szolj\u00e1k: le\u00e1nya Roz\u00e1lia, fia B\u00e9la, menye R\u00f3zsa, unok\u00e1i csal\u00e1djukkal, valamint t\u00f6bbi rokona, j\u00f3bar\u00e1tja, szomsz\u00e9dja \u00e9s ismer\u0151se.<\/td>\r\n\t\t\t<\/tr>\t\r\n\t\t\t\r\n\t\t\t\t\t\t\r\n\t\t\t<tr>\r\n\t\t\t\t<td colspan=\"2\"><p style=\"text-align: right\"><\/td>\r\n\t\t\t<\/tr>\r\n\t\t\t<\/tbody> \t\r\n\t\t\t<\/table><\/br>\t\t\r\n\t\t\t\t\t\t\r\n\t\t\t<table class=\"pp-posmrtnice-table\" style=\"background:#626262;color:#fceabb;font-family:Lora, serif;font-size:18px\"><tbody>\r\n\t\t\t\r\n\t\t\t \r\n\t\t\t\t<th><div class=\"img\"><img decoding=\"async\" src=\"https:\/\/www.e-pogrebno.rs\/images\/2019\/04\/puzic_antun020519.jpg\" style=\"height: 140px;width: 100px\" \/><\/div><\/th>\r\n\t\t\t\t\t\t\t    \r\n\t\t\t\t<th><p>Puzi\u0107 Antun<\/p>\r\n\t\t\t\t<p><\/p><p>\r\n\t\t\t\t1929-2019<\/p><\/th>\r\n\t\t\t<\/tr> \r\n\r\n\t\t\t<tr>\r\n\t\t\t<tr>\r\n\t\t\t\t<td colspan=\"2\">u 91. godini \u017eivota, posle kratke bolesti preminuo dana 30. aprila 2019. godine.<\/td>\r\n\t\t\t<\/tr>\r\n\t\t\t<tr>\r\n\t\t\t\t<td colspan=\"2\">Sahrana milog nam pokojnika obavi\u0107e se 3. maja 2019. godine u 14 sati na Sen\u0107anskom groblju.<\/td>\r\n\t\t\t<\/tr>\r\n\t\t\t<tr>\r\n\t\t\t\t<td colspan=\"2\">O\u017ealo\u0161\u0107eni: \u0107erke, zetovi, posinak sa porodicom, unu\u010dad, praunu\u010dad, sestri\u010dina, kao i ostala rodbina, prijatelji, kom\u0161ije i poznanici.<\/td>\r\n\t\t\t<\/tr>\t\r\n\t\t\t\r\n\t\t\t\t\t\t\r\n\t\t\t<tr>\r\n\t\t\t\t<td colspan=\"2\"><p style=\"text-align: right\"><\/td>\r\n\t\t\t<\/tr>\r\n\t\t\t<\/tbody> \t\r\n\t\t\t<\/table><\/br>\t\t\r\n\t\t\t\t\t\t\r\n\t\t\t<table class=\"pp-posmrtnice-table\" style=\"background:#626262;color:#fceabb;font-family:Lora, serif;font-size:18px\"><tbody>\r\n\t\t\t\r\n\t\t\t \r\n\t\t\t\t<th><div class=\"img\"><img decoding=\"async\" src=\"https:\/\/www.e-pogrebno.rs\/images\/2019\/04\/sebok_ferenc020519.jpg\" style=\"height: 140px;width: 100px\" \/><\/div><\/th>\r\n\t\t\t\t\t\t\t    \r\n\t\t\t\t<th><p>Seb\u0151k Ferenc<\/p>\r\n\t\t\t\t<p><\/p><p>\r\n\t\t\t\t1939-2019<\/p><\/th>\r\n\t\t\t<\/tr> \r\n\r\n\t\t\t<tr>\r\n\t\t\t<tr>\r\n\t\t\t\t<td colspan=\"2\">\u00e9let\u00e9nek 81. esztendej\u00e9ben, s\u00falyos betegs\u00e9g ut\u00e1n, 2019. \u00e1prilis 30-\u00e1n elhunyt.<\/td>\r\n\t\t\t<\/tr>\r\n\t\t\t<tr>\r\n\t\t\t\t<td colspan=\"2\">Dr\u00e1ga halottunk temet\u00e9se 2019. m\u00e1jus 3-\u00e1n 12.30 \u00f3rakor lesz a Palicsi temet\u0151ben.<\/td>\r\n\t\t\t<\/tr>\r\n\t\t\t<tr>\r\n\t\t\t\t<td colspan=\"2\">Gy\u00e1szolj\u00e1k: SZERETTEI.<\/td>\r\n\t\t\t<\/tr>\t\r\n\t\t\t\r\n\t\t\t\t\t\t\r\n\t\t\t<tr>\r\n\t\t\t\t<td colspan=\"2\"><p style=\"text-align: right\"><\/td>\r\n\t\t\t<\/tr>\r\n\t\t\t<\/tbody> \t\r\n\t\t\t<\/table><\/br>\t\t\r\n\t\t\t<\/br><table class=\"pp-posmrtnice-table\" width=\"250\" style=\"background:#626262;color:#fceabb;font-family:Lora, serif;font-size:18px\"><tr>\r\n\t\t\t\t\t<td><div class=\"dd-blockheader\"> \r\n\t     \t\t\t\t2018     \t\t\t \t<\/div><\/td><\/tr><\/table>\r\n\t     \t\t\t \t\t\t\t\r\n\t\t\t<table class=\"pp-posmrtnice-table\" style=\"background:#626262;color:#fceabb;font-family:Lora, serif;font-size:18px\"><tbody>\r\n\t\t\t\r\n\t\t\t \r\n\t\t\t\t<th><div class=\"img\"><img decoding=\"async\" src=\"https:\/\/www.e-pogrebno.rs\/images\/2018\/04\/stojanka_nacic010518.jpg\" style=\"height: 140px;width: 100px\" \/><\/div><\/th>\r\n\t\t\t\t\t\t\t    \r\n\t\t\t\t<th><p>Na\u0107i\u0107 Stojan\u010da<\/p>\r\n\t\t\t\t<p><\/p><p>\r\n\t\t\t\t1947-2018<\/p><\/th>\r\n\t\t\t<\/tr> \r\n\r\n\t\t\t<tr>\r\n\t\t\t<tr>\r\n\t\t\t\t<td colspan=\"2\">u 71. godini \u017eivota, iznenada preminuo dana 30. aprila 2018. godine.<\/td>\r\n\t\t\t<\/tr>\r\n\t\t\t<tr>\r\n\t\t\t\t<td colspan=\"2\">Sahrana dragog nam pokojnika obavi\u0107e se 2. maja 2018. godine u 12.30 \u010dasova na Pravoslavnom groblju Dudova \u0161uma iz crkvene kapele.<\/td>\r\n\t\t\t<\/tr>\r\n\t\t\t<tr>\r\n\t\t\t\t<td colspan=\"2\">O\u017ealo\u0161\u0107eni: supruga Matilda, kao i ostala rodbina, prijatelji, kom\u0161ije i poznanici.<\/td>\r\n\t\t\t<\/tr>\t\r\n\t\t\t\r\n\t\t\t\t\t\t\r\n\t\t\t<tr>\r\n\t\t\t\t<td colspan=\"2\"><p style=\"text-align: right\"><\/td>\r\n\t\t\t<\/tr>\r\n\t\t\t<\/tbody> \t\r\n\t\t\t<\/table><\/br>\t\t\r\n\t\t\t\t\t\t\r\n\t\t\t<table class=\"pp-posmrtnice-table\" style=\"background:#626262;color:#fceabb;font-family:Lora, serif;font-size:18px\"><tbody>\r\n\t\t\t\r\n\t\t\t \r\n\t\t\t\t<th><div class=\"img\"><img decoding=\"async\" src=\"https:\/\/www.e-pogrebno.rs\/images\/2018\/04\/franciskovic_sime070518.jpg\" style=\"height: 140px;width: 100px\" \/><\/div><\/th>\r\n\t\t\t\t\t\t\t    \r\n\t\t\t\t<th><p>Franci\u0161kovi\u0107 \u0160ime<\/p>\r\n\t\t\t\t<p><\/p><p>\r\n\t\t\t\t1935-2018<\/p><\/th>\r\n\t\t\t<\/tr> \r\n\r\n\t\t\t<tr>\r\n\t\t\t<tr>\r\n\t\t\t\t<td colspan=\"2\">u 83. godini \u017eivota preminuo dana 30. aprila 2018. godine.<\/td>\r\n\t\t\t<\/tr>\r\n\t\t\t<tr>\r\n\t\t\t\t<td colspan=\"2\">Sahrana milog nam pokojnika obavi\u0107e se 8. maja 2018. godine u 16 sati na Bajskom groblju iz Pei\u0107 kapele.<\/td>\r\n\t\t\t<\/tr>\r\n\t\t\t<tr>\r\n\t\t\t\t<td colspan=\"2\">O\u017ealo\u0161\u0107eni: NJEGOVI NAJMILIJI.<\/td>\r\n\t\t\t<\/tr>\t\r\n\t\t\t\r\n\t\t\t\t\t\t\r\n\t\t\t<tr>\r\n\t\t\t\t<td colspan=\"2\"><p style=\"text-align: right\"><\/td>\r\n\t\t\t<\/tr>\r\n\t\t\t<\/tbody> \t\r\n\t\t\t<\/table><\/br>\t\t\r\n\t\t\t<\/br><table class=\"pp-posmrtnice-table\" width=\"250\" style=\"background:#626262;color:#fceabb;font-family:Lora, serif;font-size:18px\"><tr>\r\n\t\t\t\t\t<td><div class=\"dd-blockheader\"> \r\n\t     \t\t\t\t2017     \t\t\t \t<\/div><\/td><\/tr><\/table>\r\n\t     \t\t\t \t\t\t\t\r\n\t\t\t<table class=\"pp-posmrtnice-table\" style=\"background:#626262;color:#fceabb;font-family:Lora, serif;font-size:18px\"><tbody>\r\n\t\t\t\r\n\t\t\t \r\n\t\t\t\t<th><div class=\"img\"><img decoding=\"async\" src=\"https:\/\/www.e-pogrebno.rs\/images\/2017\/04\/gion_istvan.jpg\" style=\"height: 140px;width: 100px\" \/><\/div><\/th>\r\n\t\t\t\t\t\t\t    \r\n\t\t\t\t<th><p>Gion Istv\u00e1n<\/p>\r\n\t\t\t\t<p><\/p><p>\r\n\t\t\t\t1928-2017<\/p><\/th>\r\n\t\t\t<\/tr> \r\n\r\n\t\t\t<tr>\r\n\t\t\t<tr>\r\n\t\t\t\t<td colspan=\"2\">\u00e9let\u00e9nek 89. esztendej\u00e9ben hossz\u00fa \u00e9s s\u00falyos betegs\u00e9g ut\u00e1n 2017. \u00e1prilis 30-\u00e1n elhunyt.<\/td>\r\n\t\t\t<\/tr>\r\n\t\t\t<tr>\r\n\t\t\t\t<td colspan=\"2\">Dr\u00e1ga halottunk temet\u00e9se 2017. m\u00e1jus 3-\u00e1n 14 \u00f3rakor lesz a Bajai \u00fati temet\u0151 P\u00e9its k\u00e1poln\u00e1j\u00e1b\u00f3l.<\/td>\r\n\t\t\t<\/tr>\r\n\t\t\t<tr>\r\n\t\t\t\t<td colspan=\"2\">Gy\u00e1szolj\u00e1k: SZERETTEI.<\/td>\r\n\t\t\t<\/tr>\t\r\n\t\t\t\r\n\t\t\t\t\t\t\r\n\t\t\t<tr>\r\n\t\t\t\t<td colspan=\"2\"><p style=\"text-align: right\"><\/td>\r\n\t\t\t<\/tr>\r\n\t\t\t<\/tbody> \t\r\n\t\t\t<\/table><\/br>\t\t\r\n\t\t\t\t\t\t\r\n\t\t\t<table class=\"pp-posmrtnice-table\" style=\"background:#626262;color:#fceabb;font-family:Lora, serif;font-size:18px\"><tbody>\r\n\t\t\t\r\n\t\t\t \r\n\t\t\t\t<th><div class=\"img\"><img decoding=\"async\" src=\"https:\/\/www.e-pogrebno.rs\/images\/2017\/04\/simic_stevan.jpg\" style=\"height: 140px;width: 100px\" \/><\/div><\/th>\r\n\t\t\t\t\t\t\t    \r\n\t\t\t\t<th><p>Simi\u0107 Stevan<\/p>\r\n\t\t\t\t<p><\/p><p>\r\n\t\t\t\t1970-2017<\/p><\/th>\r\n\t\t\t<\/tr> \r\n\r\n\t\t\t<tr>\r\n\t\t\t<tr>\r\n\t\t\t\t<td colspan=\"2\">u 47. godini \u017eivota preminuo dana 30. aprila 2017. godine.<\/td>\r\n\t\t\t<\/tr>\r\n\t\t\t<tr>\r\n\t\t\t\t<td colspan=\"2\">Sahrana milog nam pokojnika obavi\u0107e se 3. maja 2017. godine u 15.30 \u010dasova na Sen\u0107anskom groblju iz mrtva\u010dnice.<\/td>\r\n\t\t\t<\/tr>\r\n\t\t\t<tr>\r\n\t\t\t\t<td colspan=\"2\">O\u017ealo\u0161\u0107eni: sin ALEKSA, supruga SANJA, mama MILEVA, sestre MARIJA, SOFIJA sa porodicama i MILENA, brat SLAVEN, kao i ostala rodbina, kumovi, prijatelji i kom\u0161ije.<\/td>\r\n\t\t\t<\/tr>\t\r\n\t\t\t\r\n\t\t\t\t\t\t\r\n\t\t\t<tr>\r\n\t\t\t\t<td colspan=\"2\"><p style=\"text-align: right\"><\/td>\r\n\t\t\t<\/tr>\r\n\t\t\t<\/tbody> \t\r\n\t\t\t<\/table><\/br>\t\t\r\n\t\t\t\t\t\t\r\n\t\t\t<table class=\"pp-posmrtnice-table\" style=\"background:#626262;color:#fceabb;font-family:Lora, serif;font-size:18px\"><tbody>\r\n\t\t\t\r\n\t\t\t \r\n\t\t\t\t<th><div class=\"img\"><img decoding=\"async\" src=\"https:\/\/www.e-pogrebno.rs\/images\/2017\/04\/donoslovic_ana.jpg\" style=\"height: 140px;width: 100px\" \/><\/div><\/th>\r\n\t\t\t\t\t\t\t    \r\n\t\t\t\t<th><p>Donoslovi\u0107 Ana<\/p>\r\n\t\t\t\t<p><\/p><p>\r\n\t\t\t\t1926-2017<\/p><\/th>\r\n\t\t\t<\/tr> \r\n\r\n\t\t\t<tr>\r\n\t\t\t<tr>\r\n\t\t\t\t<td colspan=\"2\">u 92. godini \u017eivota preminula dana 30. aprila 2017. godine.<\/td>\r\n\t\t\t<\/tr>\r\n\t\t\t<tr>\r\n\t\t\t\t<td colspan=\"2\">Sahrana mile nam pokojnice obavi\u0107e se 4. maja 2017. godine u 16 sati na Bajskom groblju iz Pei\u0107 kapele.<\/td>\r\n\t\t\t<\/tr>\r\n\t\t\t<tr>\r\n\t\t\t\t<td colspan=\"2\">O\u017ealo\u0161\u0107eni: NJENI NAJMILIJI.<\/td>\r\n\t\t\t<\/tr>\t\r\n\t\t\t\r\n\t\t\t\t\t\t\r\n\t\t\t<tr>\r\n\t\t\t\t<td colspan=\"2\"><p style=\"text-align: right\"><\/td>\r\n\t\t\t<\/tr>\r\n\t\t\t<\/tbody> \t\r\n\t\t\t<\/table><\/br>\t\t\r\n\t\t\t<\/br><table class=\"pp-posmrtnice-table\" width=\"250\" style=\"background:#626262;color:#fceabb;font-family:Lora, serif;font-size:18px\"><tr>\r\n\t\t\t\t\t<td><div class=\"dd-blockheader\"> \r\n\t     \t\t\t\t2016     \t\t\t \t<\/div><\/td><\/tr><\/table>\r\n\t     \t\t\t \t\t\t\t\r\n\t\t\t<table class=\"pp-posmrtnice-table\" style=\"background:#626262;color:#fceabb;font-family:Lora, serif;font-size:18px\"><tbody>\r\n\t\t\t\r\n\t\t\t \r\n\t\t\t\t<th><div class=\"img\"><img decoding=\"async\" src=\"https:\/\/www.e-pogrebno.rs\/images\/2016\/04\/grsic_klara.jpg\" style=\"height: 140px;width: 100px\" \/><\/div><\/th>\r\n\t\t\t\t\t\t\t    \r\n\t\t\t\t<th><p>Gr\u0161i\u0107 Klara<\/p>\r\n\t\t\t\t<p><\/p><p>\r\n\t\t\t\t1935-2016<\/p><\/th>\r\n\t\t\t<\/tr> \r\n\r\n\t\t\t<tr>\r\n\t\t\t<tr>\r\n\t\t\t\t<td colspan=\"2\">\u00e9let\u00e9nek 81. esztendej\u00e9ben, hossz\u00fa betegs\u00e9g ut\u00e1n, 2016. \u00e1prilis 30-\u00e1n elhunyt.<\/td>\r\n\t\t\t<\/tr>\r\n\t\t\t<tr>\r\n\t\t\t\t<td colspan=\"2\">Dr\u00e1ga halottunk temet\u00e9se 2016. m\u00e1jus 2-\u00e1n 12 \u00f3rakor lesz a Bajai \u00fati temet\u0151 halottash\u00e1z\u00e1b\u00f3l.<\/td>\r\n\t\t\t<\/tr>\r\n\t\t\t<tr>\r\n\t\t\t\t<td colspan=\"2\">Gy\u00e1szolj\u00e1k: SZERETTEI.<\/td>\r\n\t\t\t<\/tr>\t\r\n\t\t\t\r\n\t\t\t\t\t\t\r\n\t\t\t<tr>\r\n\t\t\t\t<td colspan=\"2\"><p style=\"text-align: right\"><\/td>\r\n\t\t\t<\/tr>\r\n\t\t\t<\/tbody> \t\r\n\t\t\t<\/table><\/br>\t\t\r\n\t\t\t\t\t\t\r\n\t\t\t<table class=\"pp-posmrtnice-table\" style=\"background:#626262;color:#fceabb;font-family:Lora, serif;font-size:18px\"><tbody>\r\n\t\t\t\r\n\t\t\t \r\n\t\t\t\t<th><div class=\"img\"><img decoding=\"async\" src=\"https:\/\/www.e-pogrebno.rs\/images\/2016\/04\/orcic_ruza.jpg\" style=\"height: 140px;width: 100px\" \/><\/div><\/th>\r\n\t\t\t\t\t\t\t    \r\n\t\t\t\t<th><p>Or\u010di\u0107 Ru\u017ea<\/p>\r\n\t\t\t\t<p><\/p><p>\r\n\t\t\t\t1930-2016<\/p><\/th>\r\n\t\t\t<\/tr> \r\n\r\n\t\t\t<tr>\r\n\t\t\t<tr>\r\n\t\t\t\t<td colspan=\"2\">u 86. godini \u017eivota, posle kratke i te\u0161ke bolesti preminula dana 30. aprila 2016. godine.<\/td>\r\n\t\t\t<\/tr>\r\n\t\t\t<tr>\r\n\t\t\t\t<td colspan=\"2\">Sahrana mile nam pokojnice obavi\u0107e se 3. maja 2016. godine u 14 sati na Kerskom groblju iz mrtva\u010dnice.<\/td>\r\n\t\t\t<\/tr>\r\n\t\t\t<tr>\r\n\t\t\t\t<td colspan=\"2\">O\u017ealo\u0161\u0107eni: NJENI NAJMILIJI.<\/td>\r\n\t\t\t<\/tr>\t\r\n\t\t\t\r\n\t\t\t\t\t\t\r\n\t\t\t<tr>\r\n\t\t\t\t<td colspan=\"2\"><p style=\"text-align: right\"><\/td>\r\n\t\t\t<\/tr>\r\n\t\t\t<\/tbody> \t\r\n\t\t\t<\/table><\/br>\t\t\r\n\t\t\t\t\t\t\r\n\t\t\t<table class=\"pp-posmrtnice-table\" style=\"background:#626262;color:#fceabb;font-family:Lora, serif;font-size:18px\"><tbody>\r\n\t\t\t\r\n\t\t\t \r\n\t\t\t\t<th><div class=\"img\"><img decoding=\"async\" src=\"https:\/\/www.e-pogrebno.rs\/images\/2016\/04\/mijatov_kata.jpg\" style=\"height: 140px;width: 100px\" \/><\/div><\/th>\r\n\t\t\t\t\t\t\t    \r\n\t\t\t\t<th><p>Mijatov Kata<\/p>\r\n\t\t\t\t<p><\/p><p>\r\n\t\t\t\t1955-2016<\/p><\/th>\r\n\t\t\t<\/tr> \r\n\r\n\t\t\t<tr>\r\n\t\t\t<tr>\r\n\t\t\t\t<td colspan=\"2\">u 61. godini \u017eivota preminula dana 30. aprila 2016. godine.<\/td>\r\n\t\t\t<\/tr>\r\n\t\t\t<tr>\r\n\t\t\t\t<td colspan=\"2\">Sahrana mile nam pokojnice obavi\u0107e se 5. maja 2016. godine u 12 sati na Sen\u0107anskom groblju.<\/td>\r\n\t\t\t<\/tr>\r\n\t\t\t<tr>\r\n\t\t\t\t<td colspan=\"2\">O\u017ealo\u0161\u0107eni: NJENI NAJMILIJI.<\/td>\r\n\t\t\t<\/tr>\t\r\n\t\t\t\r\n\t\t\t\t\t\t\r\n\t\t\t<tr>\r\n\t\t\t\t<td colspan=\"2\"><p style=\"text-align: right\"><\/td>\r\n\t\t\t<\/tr>\r\n\t\t\t<\/tbody> \t\r\n\t\t\t<\/table><\/br>\t\t\r\n\t\t\t<\/br><table class=\"pp-posmrtnice-table\" width=\"250\" style=\"background:#626262;color:#fceabb;font-family:Lora, serif;font-size:18px\"><tr>\r\n\t\t\t\t\t<td><div class=\"dd-blockheader\"> \r\n\t     \t\t\t\t2015     \t\t\t \t<\/div><\/td><\/tr><\/table>\r\n\t     \t\t\t \t\t\t\t\r\n\t\t\t<table class=\"pp-posmrtnice-table\" style=\"background:#626262;color:#fceabb;font-family:Lora, serif;font-size:18px\"><tbody>\r\n\t\t\t\r\n\t\t\t \r\n\t\t\t\t<th><div class=\"img\"><img decoding=\"async\" src=\"https:\/\/www.e-pogrebno.rs\/images\/2015\/04\/Baic_Bela.jpg\" style=\"height: 140px;width: 100px\" \/><\/div><\/th>\r\n\t\t\t\t\t\t\t    \r\n\t\t\t\t<th><p>Bai\u0107 Bela<\/p>\r\n\t\t\t\t<p><\/p><p>\r\n\t\t\t\t1969-2015<\/p><\/th>\r\n\t\t\t<\/tr> \r\n\r\n\t\t\t<tr>\r\n\t\t\t<tr>\r\n\t\t\t\t<td colspan=\"2\">u 46. godini \u017eivota preminuo dana 30. aprila 2015. godine.<\/td>\r\n\t\t\t<\/tr>\r\n\t\t\t<tr>\r\n\t\t\t\t<td colspan=\"2\">Sahrana milog nam pokojnika obavi\u0107e se 4. maja 2015. godine u 16 sati na Bajskom groblju iz Pei\u0107 kapele.<\/td>\r\n\t\t\t<\/tr>\r\n\t\t\t<tr>\r\n\t\t\t\t<td colspan=\"2\">O\u017ealo\u0161\u0107eni: majka i otac sa familijama, kao i ostala mnogobrojna rodbina, prijatelji, kom\u0161ije i poznanici.<\/td>\r\n\t\t\t<\/tr>\t\r\n\t\t\t\r\n\t\t\t\t\t\t\r\n\t\t\t<tr>\r\n\t\t\t\t<td colspan=\"2\"><p style=\"text-align: right\"><\/td>\r\n\t\t\t<\/tr>\r\n\t\t\t<\/tbody> \t\r\n\t\t\t<\/table><\/br>\t\t\r\n\t\t\t\t\t\t\r\n\t\t\t<table class=\"pp-posmrtnice-table\" style=\"background:#626262;color:#fceabb;font-family:Lora, serif;font-size:18px\"><tbody>\r\n\t\t\t\r\n\t\t\t \r\n\t\t\t\t<th><div class=\"img\"><img decoding=\"async\" src=\"https:\/\/www.e-pogrebno.rs\/images\/2015\/04\/Makan_Istvan.jpg\" style=\"height: 140px;width: 100px\" \/><\/div><\/th>\r\n\t\t\t\t\t\t\t    \r\n\t\t\t\t<th><p>Mak\u00e1n Istv\u00e1n<\/p>\r\n\t\t\t\t<p><\/p><p>\r\n\t\t\t\t1930-2015<\/p><\/th>\r\n\t\t\t<\/tr> \r\n\r\n\t\t\t<tr>\r\n\t\t\t<tr>\r\n\t\t\t\t<td colspan=\"2\">\u00e9let\u00e9nek 85. esztendej\u00e9ben 2015. \u00e1prilis 30-\u00e1n elhunyt.<\/td>\r\n\t\t\t<\/tr>\r\n\t\t\t<tr>\r\n\t\t\t\t<td colspan=\"2\">Dr\u00e1ga halottunk temet\u00e9se 2015. m\u00e1jus 2-\u00e1n 15 \u00f3rakor lesz a Bajai \u00fati temet\u0151 halottash\u00e1z\u00e1b\u00f3l.<\/td>\r\n\t\t\t<\/tr>\r\n\t\t\t<tr>\r\n\t\t\t\t<td colspan=\"2\">Gy\u00e1szolj\u00e1k: le\u00e1nya Marika \u00e9s fia Pityu csal\u00e1djukkal, valamint t\u00f6bbi rokona, j\u00f3bar\u00e1tja, szomsz\u00e9dja \u00e9s ismer\u0151se.<\/td>\r\n\t\t\t<\/tr>\t\r\n\t\t\t\r\n\t\t\t\t\t\t\r\n\t\t\t<tr>\r\n\t\t\t\t<td colspan=\"2\"><p style=\"text-align: right\"><\/td>\r\n\t\t\t<\/tr>\r\n\t\t\t<\/tbody> \t\r\n\t\t\t<\/table><\/br>\t\t\r\n\t\t\t\t\t\t\r\n\t\t\t<table class=\"pp-posmrtnice-table\" style=\"background:#626262;color:#fceabb;font-family:Lora, serif;font-size:18px\"><tbody>\r\n\t\t\t\r\n\t\t\t \r\n\t\t\t\t<th><div class=\"img\"><img decoding=\"async\" src=\"https:\/\/www.e-pogrebno.rs\/images\/2015\/04\/Adzic_Vule.jpg\" style=\"height: 140px;width: 100px\" \/><\/div><\/th>\r\n\t\t\t\t\t\t\t    \r\n\t\t\t\t<th><p>Ad\u017ei\u0107 Vule<\/p>\r\n\t\t\t\t<p><\/p><p>\r\n\t\t\t\t1947-2015<\/p><\/th>\r\n\t\t\t<\/tr> \r\n\r\n\t\t\t<tr>\r\n\t\t\t<tr>\r\n\t\t\t\t<td colspan=\"2\">u 68. godini \u017eivota preminuo dana 30. aprila 2015. godine.<\/td>\r\n\t\t\t<\/tr>\r\n\t\t\t<tr>\r\n\t\t\t\t<td colspan=\"2\">Sahrana dragog nam pokojnika obavi\u0107e se 2. maja 2015. godine u 11 \u010dasova na Sen\u0107anskom groblju.<\/td>\r\n\t\t\t<\/tr>\r\n\t\t\t<tr>\r\n\t\t\t\t<td colspan=\"2\">O\u017ealo\u0161\u0107eni: supruga Jelena, \u0107erka Danijela, sin Danijel, unu\u010dad Nikola i Nevena, zet Davor, kao i ostala rodbina, prijatelji, kom\u0161ije i poznanici.<\/td>\r\n\t\t\t<\/tr>\t\r\n\t\t\t\r\n\t\t\t\t\t\t\r\n\t\t\t<tr>\r\n\t\t\t\t<td colspan=\"2\"><p style=\"text-align: right\"><\/td>\r\n\t\t\t<\/tr>\r\n\t\t\t<\/tbody> \t\r\n\t\t\t<\/table><\/br>\t\t\r\n\t\t\t<\/br><table class=\"pp-posmrtnice-table\" width=\"250\" style=\"background:#626262;color:#fceabb;font-family:Lora, serif;font-size:18px\"><tr>\r\n\t\t\t\t\t<td><div class=\"dd-blockheader\"> \r\n\t     \t\t\t\t2014     \t\t\t \t<\/div><\/td><\/tr><\/table>\r\n\t     \t\t\t \t\t\t\t\r\n\t\t\t<table class=\"pp-posmrtnice-table\" style=\"background:#626262;color:#fceabb;font-family:Lora, serif;font-size:18px\"><tbody>\r\n\t\t\t\r\n\t\t\t \r\n\t\t\t\t<th><div class=\"img\"><img decoding=\"async\" src=\"https:\/\/www.e-pogrebno.rs\/images\/2014\/04\/Pavle_Mamuzic.jpg\" style=\"height: 140px;width: 100px\" \/><\/div><\/th>\r\n\t\t\t\t\t\t\t    \r\n\t\t\t\t<th><p>Mamu\u017ei\u0107 Pavle<\/p>\r\n\t\t\t\t<p><\/p><p>\r\n\t\t\t\t1934-2014<\/p><\/th>\r\n\t\t\t<\/tr> \r\n\r\n\t\t\t<tr>\r\n\t\t\t<tr>\r\n\t\t\t\t<td colspan=\"2\">preminuo 30. travnja u 81. godini.<\/td>\r\n\t\t\t<\/tr>\r\n\t\t\t<tr>\r\n\t\t\t\t<td colspan=\"2\">Sahrana \u0107e se obaviti u subotu 3. svibnja 2014. godine u 11:00 sati na Sen\u0107anskom groblju iz mrtva\u010dnice.<\/td>\r\n\t\t\t<\/tr>\r\n\t\t\t<tr>\r\n\t\t\t\t<td colspan=\"2\">\nO\u017ealo\u0161\u0107eni: k\u0107i BRANKA, zet BORIS, obitelji TIKVICKI, LUGUMERSKi i LATKI\nkao i ostala rodbina, prijatelji, kom\u0161ije i poznanici.<\/td>\r\n\t\t\t<\/tr>\t\r\n\t\t\t\r\n\t\t\t\t\t\t\r\n\t\t\t<tr>\r\n\t\t\t\t<td colspan=\"2\"><p style=\"text-align: right\">ceremonijal JKP Pogrebno<\/td>\r\n\t\t\t<\/tr>\r\n\t\t\t<\/tbody> \t\r\n\t\t\t<\/table><\/br>\t\t\r\n\t\t\t\t\t\t\r\n\t\t\t<table class=\"pp-posmrtnice-table\" style=\"background:#626262;color:#fceabb;font-family:Lora, serif;font-size:18px\"><tbody>\r\n\t\t\t\r\n\t\t\t \r\n\t\t\t\t<th><div class=\"img\"><img decoding=\"async\" src=\"https:\/\/www.e-pogrebno.rs\/images\/2014\/04\/Macko_Sandor.jpg\" style=\"height: 140px;width: 100px\" \/><\/div><\/th>\r\n\t\t\t\t\t\t\t    \r\n\t\t\t\t<th><p>Matyk\u00f3 S\u00e1ndor<\/p>\r\n\t\t\t\t<p><\/p><p>\r\n\t\t\t\t1935-2014<\/p><\/th>\r\n\t\t\t<\/tr> \r\n\r\n\t\t\t<tr>\r\n\t\t\t<tr>\r\n\t\t\t\t<td colspan=\"2\">\u00e9let\u00e9nek 79. \u00e9v\u00e9ben, 2014. \u00e1prilis 30-\u00e1n elhunyt.<\/td>\r\n\t\t\t<\/tr>\r\n\t\t\t<tr>\r\n\t\t\t\t<td colspan=\"2\">Dr\u00e1ga halottunk temet\u00e9se 2014. m\u00e1jus 2-\u00e1n 15:30 \u00f3rakor lesz a Palicsi temet\u0151ben.<\/td>\r\n\t\t\t<\/tr>\r\n\t\t\t<tr>\r\n\t\t\t\t<td colspan=\"2\">Gy\u00e1szolj\u00e1k: SZERETTEI.<\/td>\r\n\t\t\t<\/tr>\t\r\n\t\t\t\r\n\t\t\t\t\t\t\r\n\t\t\t<tr>\r\n\t\t\t\t<td colspan=\"2\"><p style=\"text-align: right\"><\/td>\r\n\t\t\t<\/tr>\r\n\t\t\t<\/tbody> \t\r\n\t\t\t<\/table><\/br>\t\t\r\n\t\t\t\t\t\t\r\n\t\t\t<table class=\"pp-posmrtnice-table\" style=\"background:#626262;color:#fceabb;font-family:Lora, serif;font-size:18px\"><tbody>\r\n\t\t\t\r\n\t\t\t \r\n\t\t\t\t<th><div class=\"img\"><img decoding=\"async\" src=\"https:\/\/www.e-pogrebno.rs\/images\/2014\/04\/Vojnic_tunic.jpg\" style=\"height: 140px;width: 100px\" \/><\/div><\/th>\r\n\t\t\t\t\t\t\t    \r\n\t\t\t\t<th><p>Vojni\u0107 Tuni\u0107 Marija<\/p>\r\n\t\t\t\t<p><\/p><p>\r\n\t\t\t\t1928-2014<\/p><\/th>\r\n\t\t\t<\/tr> \r\n\r\n\t\t\t<tr>\r\n\t\t\t<tr>\r\n\t\t\t\t<td colspan=\"2\">preminula 30. aprila u 86. godini.<\/td>\r\n\t\t\t<\/tr>\r\n\t\t\t<tr>\r\n\t\t\t\t<td colspan=\"2\">Sahrana \u0107e se obaviti u petak 2. maja 2014. godine u 15:00 sati na groblju u Starom \u017dedniku iz mrtva\u010dnice.<\/td>\r\n\t\t\t<\/tr>\r\n\t\t\t<tr>\r\n\t\t\t\t<td colspan=\"2\">O\u017ealo\u0161\u0107eni: NJENI NAJMILIJI.<\/td>\r\n\t\t\t<\/tr>\t\r\n\t\t\t\r\n\t\t\t\t\t\t\r\n\t\t\t<tr>\r\n\t\t\t\t<td colspan=\"2\"><p style=\"text-align: right\">ceremonijal JKP Pogrebno<\/td>\r\n\t\t\t<\/tr>\r\n\t\t\t<\/tbody> \t\r\n\t\t\t<\/table><\/br>\t\t\r\n\t\t\t<\/br><table class=\"pp-posmrtnice-table\" width=\"250\" style=\"background:#626262;color:#fceabb;font-family:Lora, serif;font-size:18px\"><tr>\r\n\t\t\t\t\t<td><div class=\"dd-blockheader\"> \r\n\t     \t\t\t\t2013     \t\t\t \t<\/div><\/td><\/tr><\/table>\r\n\t     \t\t\t \t\t\t\t\r\n\t\t\t<table class=\"pp-posmrtnice-table\" style=\"background:#626262;color:#fceabb;font-family:Lora, serif;font-size:18px\"><tbody>\r\n\t\t\t\r\n\t\t\t \r\n\t\t\t\t<th><div class=\"img\"><img decoding=\"async\" src=\"https:\/\/www.e-pogrebno.rs\/images\/2013\/04\/Mandic_Zlata.jpg\" style=\"height: 140px;width: 100px\" \/><\/div><\/th>\r\n\t\t\t\t\t\t\t    \r\n\t\t\t\t<th><p>Mandi\u0107 Zlata<\/p>\r\n\t\t\t\t<p><\/p><p>\r\n\t\t\t\t1940-2013<\/p><\/th>\r\n\t\t\t<\/tr> \r\n\r\n\t\t\t<tr>\r\n\t\t\t<tr>\r\n\t\t\t\t<td colspan=\"2\">preminula 30. aprila u 73. godini.<\/td>\r\n\t\t\t<\/tr>\r\n\t\t\t<tr>\r\n\t\t\t\t<td colspan=\"2\">Sahrana \u0107e se obaviti u subotu 4. maja 2013. godine u 12:30 sati na Pali\u0107kom groblju.<\/td>\r\n\t\t\t<\/tr>\r\n\t\t\t<tr>\r\n\t\t\t\t<td colspan=\"2\">O\u017ealo\u0161\u0107eni: suprug Mirko, sin Miroslav i \u0107erka Miroslava sa porodicama, kao i ostala mnogobrojna rodbina, prijatelji, kom\u0161ije i poznanici.<\/td>\r\n\t\t\t<\/tr>\t\r\n\t\t\t\r\n\t\t\t\t\t\t\r\n\t\t\t<tr>\r\n\t\t\t\t<td colspan=\"2\"><p style=\"text-align: right\"><\/td>\r\n\t\t\t<\/tr>\r\n\t\t\t<\/tbody> \t\r\n\t\t\t<\/table><\/br>\t\t\r\n\t\t\t\t\t\t\r\n\t\t\t<table class=\"pp-posmrtnice-table\" style=\"background:#626262;color:#fceabb;font-family:Lora, serif;font-size:18px\"><tbody>\r\n\t\t\t\r\n\t\t\t \r\n\t\t\t\t<th><div class=\"img\"><img decoding=\"async\" src=\"https:\/\/www.e-pogrebno.rs\/images\/2013\/04\/Karna_Margit.jpg\" style=\"height: 140px;width: 100px\" \/><\/div><\/th>\r\n\t\t\t\t\t\t\t    \r\n\t\t\t\t<th><p>Karna Margit<\/p>\r\n\t\t\t\t<p><\/p><p>\r\n\t\t\t\t1931-2013<\/p><\/th>\r\n\t\t\t<\/tr> \r\n\r\n\t\t\t<tr>\r\n\t\t\t<tr>\r\n\t\t\t\t<td colspan=\"2\">\u00e9let\u00e9nek 82. \u00e9v\u00e9ben, 2013. \u00e1prilis 30-\u00e1n\u00a0elhunyt.<\/td>\r\n\t\t\t<\/tr>\r\n\t\t\t<tr>\r\n\t\t\t\t<td colspan=\"2\">Dr\u00e1ga halottunk temet\u00e9se 2013. m\u00e1jus 4-\u00e9n 14:00 \u00f3rakor lesz a Bajai \u00fati temet\u0151 P\u00e9its k\u00e1poln\u00e1j\u00e1b\u00f3l.<\/td>\r\n\t\t\t<\/tr>\r\n\t\t\t<tr>\r\n\t\t\t\t<td colspan=\"2\">Gy\u00e1szolj\u00e1k: SZERETTEI.<\/td>\r\n\t\t\t<\/tr>\t\r\n\t\t\t\r\n\t\t\t\t\t\t\r\n\t\t\t<tr>\r\n\t\t\t\t<td colspan=\"2\"><p style=\"text-align: right\"><\/td>\r\n\t\t\t<\/tr>\r\n\t\t\t<\/tbody> \t\r\n\t\t\t<\/table><\/br>\t\t\r\n\t\t\t\t\t\t\r\n\t\t\t<table class=\"pp-posmrtnice-table\" style=\"background:#626262;color:#fceabb;font-family:Lora, serif;font-size:18px\"><tbody>\r\n\t\t\t\r\n\t\t\t \r\n\t\t\t\t<th><div class=\"img\"><img decoding=\"async\" src=\"https:\/\/www.e-pogrebno.rs\/images\/2013\/04\/Ljubica_djemant.jpg\" style=\"height: 140px;width: 100px\" \/><\/div><\/th>\r\n\t\t\t\t\t\t\t    \r\n\t\t\t\t<th><p>\u0110emant Ljubica<\/p>\r\n\t\t\t\t<p><\/p><p>\r\n\t\t\t\t1951-2013<\/p><\/th>\r\n\t\t\t<\/tr> \r\n\r\n\t\t\t<tr>\r\n\t\t\t<tr>\r\n\t\t\t\t<td colspan=\"2\">preminula 30. aprila u 62. godini.<\/td>\r\n\t\t\t<\/tr>\r\n\t\t\t<tr>\r\n\t\t\t\t<td colspan=\"2\">Sahrana \u0107e se obaviti u petak 3. maja 2013. godine u 12:30 \u010dasova na Pravoslavnom groblju kod Dudove \u0161ume iz crkvene kapele.<\/td>\r\n\t\t\t<\/tr>\r\n\t\t\t<tr>\r\n\t\t\t\t<td colspan=\"2\">O\u017ealo\u0161\u0107eni: suprug Titika, sin Stevica, brat Ljubomir sa porodicom, kao i ostala rodbina, prijatelji, kom\u0161ije i poznanici.<\/td>\r\n\t\t\t<\/tr>\t\r\n\t\t\t\r\n\t\t\t\t\t\t\r\n\t\t\t<tr>\r\n\t\t\t\t<td colspan=\"2\"><p style=\"text-align: right\"><\/td>\r\n\t\t\t<\/tr>\r\n\t\t\t<\/tbody> \t\r\n\t\t\t<\/table><\/br>\t\t\r\n\t\t\t\t\t\t\r\n\t\t\t<table class=\"pp-posmrtnice-table\" style=\"background:#626262;color:#fceabb;font-family:Lora, serif;font-size:18px\"><tbody>\r\n\t\t\t\r\n\t\t\t \r\n\t\t\t\t<th><div class=\"img\"><img decoding=\"async\" src=\"https:\/\/www.e-pogrebno.rs\/images\/2013\/04\/Draga_Ivosevic.jpg\" style=\"height: 140px;width: 100px\" \/><\/div><\/th>\r\n\t\t\t\t\t\t\t    \r\n\t\t\t\t<th><p>Ivo\u0161evi\u0107 Draga<\/p>\r\n\t\t\t\t<p><\/p><p>\r\n\t\t\t\t1954-2013<\/p><\/th>\r\n\t\t\t<\/tr> \r\n\r\n\t\t\t<tr>\r\n\t\t\t<tr>\r\n\t\t\t\t<td colspan=\"2\">preminula 30. aprila u 59. godini.<\/td>\r\n\t\t\t<\/tr>\r\n\t\t\t<tr>\r\n\t\t\t\t<td colspan=\"2\">Sahrana \u0107e se obaviti u \u010detvrtak 2. maja 2013. godine u 14:00 \u010dasova na Pravoslavnom groblju u Aleksandrovu iz mrtva\u010dnice.<\/td>\r\n\t\t\t<\/tr>\r\n\t\t\t<tr>\r\n\t\t\t\t<td colspan=\"2\">O\u017ealo\u0161\u0107eni: suprug Bogdan, sinovi Zoran i Sa\u0161a, snaja Ljiljana, sestra \u0110ur\u0111a sa porodicom, kao i ostala rodbina, prijatelji, kom\u0161ije i poznanici.<\/td>\r\n\t\t\t<\/tr>\t\r\n\t\t\t\r\n\t\t\t\t\t\t\r\n\t\t\t<tr>\r\n\t\t\t\t<td colspan=\"2\"><p style=\"text-align: right\">ceremonijal JKP Pogrebno<\/td>\r\n\t\t\t<\/tr>\r\n\t\t\t<\/tbody> \t\r\n\t\t\t<\/table><\/br>\t\t\r\n\t\t\t\t\t\t\r\n\t\t\t<table class=\"pp-posmrtnice-table\" style=\"background:#626262;color:#fceabb;font-family:Lora, serif;font-size:18px\"><tbody>\r\n\t\t\t\r\n\t\t\t \r\n\t\t\t\t<th><div class=\"img\"><img decoding=\"async\" src=\"https:\/\/www.e-pogrebno.rs\/images\/2013\/04\/Sarcevic_Giza.jpg\" style=\"height: 140px;width: 100px\" \/><\/div><\/th>\r\n\t\t\t\t\t\t\t    \r\n\t\t\t\t<th><p>\u0160ar\u010devi\u0107 Giza<\/p>\r\n\t\t\t\t<p><\/p><p>\r\n\t\t\t\t1935-2013<\/p><\/th>\r\n\t\t\t<\/tr> \r\n\r\n\t\t\t<tr>\r\n\t\t\t<tr>\r\n\t\t\t\t<td colspan=\"2\">preminula 30. aprila u 78. godini.<\/td>\r\n\t\t\t<\/tr>\r\n\t\t\t<tr>\r\n\t\t\t\t<td colspan=\"2\">Sahrana \u0107e se obaviti u \u010detvrtak 2. maja 2013. godine u 11:00 sati na Bajskom groblju iz mrtva\u010dnice.<\/td>\r\n\t\t\t<\/tr>\r\n\t\t\t<tr>\r\n\t\t\t\t<td colspan=\"2\">O\u017ealo\u0161\u0107eni: NJENI NAJMILIJI.<\/td>\r\n\t\t\t<\/tr>\t\r\n\t\t\t\r\n\t\t\t\t\t\t\r\n\t\t\t<tr>\r\n\t\t\t\t<td colspan=\"2\"><p style=\"text-align: right\"><\/td>\r\n\t\t\t<\/tr>\r\n\t\t\t<\/tbody> \t\r\n\t\t\t<\/table><\/br>\t\t\r\n\t\t\t\t\t\t\r\n\t\t\t<table class=\"pp-posmrtnice-table\" style=\"background:#626262;color:#fceabb;font-family:Lora, serif;font-size:18px\"><tbody>\r\n\t\t\t\r\n\t\t\t \r\n\t\t\t\t<th><div class=\"img\"><img decoding=\"async\" src=\"https:\/\/www.e-pogrebno.rs\/images\/2013\/04\/Katona_Ester.jpg\" style=\"height: 140px;width: 100px\" \/><\/div><\/th>\r\n\t\t\t\t\t\t\t    \r\n\t\t\t\t<th><p>Katona Eszter<\/p>\r\n\t\t\t\t<p><\/p><p>\r\n\t\t\t\t1933-2013<\/p><\/th>\r\n\t\t\t<\/tr> \r\n\r\n\t\t\t<tr>\r\n\t\t\t<tr>\r\n\t\t\t\t<td colspan=\"2\">\u00e9let\u00e9nek 80. \u00e9v\u00e9ben, 2013. \u00e1prilis 30-\u00e1n elhunyt.<\/td>\r\n\t\t\t<\/tr>\r\n\t\t\t<tr>\r\n\t\t\t\t<td colspan=\"2\">Dr\u00e1ga halottunk temet\u00e9se 2013. m\u00e1jus 2-\u00e1n 17:30 \u00f3rakor lesz a kispiaci temet\u0151ben.<\/td>\r\n\t\t\t<\/tr>\r\n\t\t\t<tr>\r\n\t\t\t\t<td colspan=\"2\">Gy\u00e1szolj\u00e1k: SZERETTEI.<\/td>\r\n\t\t\t<\/tr>\t\r\n\t\t\t\r\n\t\t\t\t\t\t\r\n\t\t\t<tr>\r\n\t\t\t\t<td colspan=\"2\"><p style=\"text-align: right\"><\/td>\r\n\t\t\t<\/tr>\r\n\t\t\t<\/tbody> \t\r\n\t\t\t<\/table><\/br>\t\t\r\n\t\t\t\t\t\t\r\n\t\t\t<table class=\"pp-posmrtnice-table\" style=\"background:#626262;color:#fceabb;font-family:Lora, serif;font-size:18px\"><tbody>\r\n\t\t\t\r\n\t\t\t \r\n\t\t\t\t<th><div class=\"img\"><img decoding=\"async\" src=\"https:\/\/www.e-pogrebno.rs\/images\/2013\/04\/Minovic_Josip.jpg\" style=\"height: 140px;width: 100px\" \/><\/div><\/th>\r\n\t\t\t\t\t\t\t    \r\n\t\t\t\t<th><p>Minovi\u0107 Josip<\/p>\r\n\t\t\t\t<p><\/p><p>\r\n\t\t\t\t1945-2013<\/p><\/th>\r\n\t\t\t<\/tr> \r\n\r\n\t\t\t<tr>\r\n\t\t\t<tr>\r\n\t\t\t\t<td colspan=\"2\">\u00e9let\u00e9nek 69. \u00e9v\u00e9ben, 2013. \u00e1prilis 30-\u00e1n elhunyt.<\/td>\r\n\t\t\t<\/tr>\r\n\t\t\t<tr>\r\n\t\t\t\t<td colspan=\"2\">Dr\u00e1ga halottunk temet\u00e9se 2013. m\u00e1jus 2-\u00e1n 13:00 \u00f3rakor lesz a Bajai \u00fati temet\u0151 halottash\u00e1z\u00e1b\u00f3l.<\/td>\r\n\t\t\t<\/tr>\r\n\t\t\t<tr>\r\n\t\t\t\t<td colspan=\"2\">Gy\u00e1szolj\u00e1k: SZERETTEI.<\/td>\r\n\t\t\t<\/tr>\t\r\n\t\t\t\r\n\t\t\t\t\t\t\r\n\t\t\t<tr>\r\n\t\t\t\t<td colspan=\"2\"><p style=\"text-align: right\"><\/td>\r\n\t\t\t<\/tr>\r\n\t\t\t<\/tbody> \t\r\n\t\t\t<\/table><\/br>\t\t\r\n\t\t\t\t\t\t\r\n\t\t\t<table class=\"pp-posmrtnice-table\" style=\"background:#626262;color:#fceabb;font-family:Lora, serif;font-size:18px\"><tbody>\r\n\t\t\t\r\n\t\t\t \r\n\t\t\t\t<th><div class=\"img\"><img decoding=\"async\" src=\"https:\/\/www.e-pogrebno.rs\/images\/2013\/04\/Sad_Marija.jpg\" style=\"height: 140px;width: 100px\" \/><\/div><\/th>\r\n\t\t\t\t\t\t\t    \r\n\t\t\t\t<th><p>\u0160ad Marija<\/p>\r\n\t\t\t\t<p><\/p><p>\r\n\t\t\t\t1923-2013<\/p><\/th>\r\n\t\t\t<\/tr> \r\n\r\n\t\t\t<tr>\r\n\t\t\t<tr>\r\n\t\t\t\t<td colspan=\"2\">preminula 30. aprila u 90. godini.<\/td>\r\n\t\t\t<\/tr>\r\n\t\t\t<tr>\r\n\t\t\t\t<td colspan=\"2\">Sahrana \u0107e se obaviti u \u010detvrtak 2. maja 2013. godine u 15:30 sati na Sen\u0107anskom groblju.<\/td>\r\n\t\t\t<\/tr>\r\n\t\t\t<tr>\r\n\t\t\t\t<td colspan=\"2\">O\u017ealo\u0161\u0107eni: \u0107erka Julijana, sinovi Lazar i Ivan, zet Bla\u0161ko, snaja Jelena, unu\u010dad Nikola, Jugoslav i Bojan sa suprugama, Sa\u0161a, Sr\u0111an i Branka, praunu\u010dad Mona, D\u017eenika, Danijel, Filip, Luka i Elena, kao i ostala mnogobrojna rodbina, prijatelji, kom\u0161ije i poznanici.\n<\/td>\r\n\t\t\t<\/tr>\t\r\n\t\t\t\r\n\t\t\t\t\t\t\r\n\t\t\t<tr>\r\n\t\t\t\t<td colspan=\"2\"><p style=\"text-align: right\"><\/td>\r\n\t\t\t<\/tr>\r\n\t\t\t<\/tbody> \t\r\n\t\t\t<\/table><\/br>\t\t\r\n\t\t\t<\/br><table class=\"pp-posmrtnice-table\" width=\"250\" style=\"background:#626262;color:#fceabb;font-family:Lora, serif;font-size:18px\"><tr>\r\n\t\t\t\t\t<td><div class=\"dd-blockheader\"> \r\n\t     \t\t\t\t2012     \t\t\t \t<\/div><\/td><\/tr><\/table>\r\n\t     \t\t\t \t\t\t\t\r\n\t\t\t<table class=\"pp-posmrtnice-table\" style=\"background:#626262;color:#fceabb;font-family:Lora, serif;font-size:18px\"><tbody>\r\n\t\t\t\r\n\t\t\t \r\n\t\t\t\t<th><div class=\"img\"><img decoding=\"async\" src=\"https:\/\/www.e-pogrebno.rs\/images\/2012\/04\/Pokric%2520Marica.jpg\" style=\"height: 140px;width: 100px\" \/><\/div><\/th>\r\n\t\t\t\t\t\t\t    \r\n\t\t\t\t<th><p>Pokri\u0107 Marica<\/p>\r\n\t\t\t\t<p><\/p><p>\r\n\t\t\t\t1933-2012<\/p><\/th>\r\n\t\t\t<\/tr> \r\n\r\n\t\t\t<tr>\r\n\t\t\t<tr>\r\n\t\t\t\t<td colspan=\"2\">preminula 30. aprila u 79. godini.<\/td>\r\n\t\t\t<\/tr>\r\n\t\t\t<tr>\r\n\t\t\t\t<td colspan=\"2\">Sahrana \u0107e se obaviti u \u010detvrtak 3. maja 2012. godine u 15:00 sati na Bajskom groblju iz Pei\u0107 kapele.<\/td>\r\n\t\t\t<\/tr>\r\n\t\t\t<tr>\r\n\t\t\t\t<td colspan=\"2\">O\u017ealo\u0161\u0107eni: sin Mirko, snaja Marija, unuk Milo\u0161, sestra Tereza, bra\u0107a Ja\u0161o i Lovro sa porodicama, sestri\u010dine Nada i Mira sa porodicama, kao i ostala rodbina, prijatelji, kom\u0161ije i poznanici.<\/td>\r\n\t\t\t<\/tr>\t\r\n\t\t\t\r\n\t\t\t\t\t\t\r\n\t\t\t<tr>\r\n\t\t\t\t<td colspan=\"2\"><p style=\"text-align: right\"><\/td>\r\n\t\t\t<\/tr>\r\n\t\t\t<\/tbody> \t\r\n\t\t\t<\/table><\/br>\t\t\r\n\t\t\t\t\t\t\r\n\t\t\t<table class=\"pp-posmrtnice-table\" style=\"background:#626262;color:#fceabb;font-family:Lora, serif;font-size:18px\"><tbody>\r\n\t\t\t\r\n\t\t\t \r\n\t\t\t\t<th><div class=\"img\"><img decoding=\"async\" src=\"https:\/\/www.e-pogrebno.rs\/images\/2012\/04\/Leposav%2520Parac.jpg\" style=\"height: 140px;width: 100px\" \/><\/div><\/th>\r\n\t\t\t\t\t\t\t    \r\n\t\t\t\t<th><p>Para\u0107 Leposava<\/p>\r\n\t\t\t\t<p><\/p><p>\r\n\t\t\t\t1938-2012<\/p><\/th>\r\n\t\t\t<\/tr> \r\n\r\n\t\t\t<tr>\r\n\t\t\t<tr>\r\n\t\t\t\t<td colspan=\"2\">preminula 30. aprila u 75. godini.<\/td>\r\n\t\t\t<\/tr>\r\n\t\t\t<tr>\r\n\t\t\t\t<td colspan=\"2\">Sahrana \u0107e se obaviti u sredu 2. maja 2012. godine u 15:30 \u010dasova na Pravoslavnom Novom groblju u Aleksandrovu.<\/td>\r\n\t\t\t<\/tr>\r\n\t\t\t<tr>\r\n\t\t\t\t<td colspan=\"2\">O\u017ealo\u0161\u0107eni: NJENI NAJMILIJI.<\/td>\r\n\t\t\t<\/tr>\t\r\n\t\t\t\r\n\t\t\t\t\t\t\r\n\t\t\t<tr>\r\n\t\t\t\t<td colspan=\"2\"><p style=\"text-align: right\"><\/td>\r\n\t\t\t<\/tr>\r\n\t\t\t<\/tbody> \t\r\n\t\t\t<\/table><\/br>\t\t\r\n\t\t\t\t\t\t\r\n\t\t\t<table class=\"pp-posmrtnice-table\" style=\"background:#626262;color:#fceabb;font-family:Lora, serif;font-size:18px\"><tbody>\r\n\t\t\t\r\n\t\t\t \r\n\t\t\t\t<th><div class=\"img\"><img decoding=\"async\" src=\"https:\/\/www.e-pogrebno.rs\/images\/2012\/04\/Velinka%2520Radulovic.png\" style=\"height: 140px;width: 100px\" \/><\/div><\/th>\r\n\t\t\t\t\t\t\t    \r\n\t\t\t\t<th><p>Radulovi\u0107 Velinka<\/p>\r\n\t\t\t\t<p><\/p><p>\r\n\t\t\t\t1937-2012<\/p><\/th>\r\n\t\t\t<\/tr> \r\n\r\n\t\t\t<tr>\r\n\t\t\t<tr>\r\n\t\t\t\t<td colspan=\"2\">preminula 30. aprila u 75. godini.<\/td>\r\n\t\t\t<\/tr>\r\n\t\t\t<tr>\r\n\t\t\t\t<td colspan=\"2\">Sahrana \u0107e se obaviti u sredu 2. maja 2012. godine u 16:00 \u010dasova u Bajmoku na Pravoslavnom groblju.<\/td>\r\n\t\t\t<\/tr>\r\n\t\t\t<tr>\r\n\t\t\t\t<td colspan=\"2\">O\u017ealo\u0161\u0107eni: NJENI NAJMILIJI.<\/td>\r\n\t\t\t<\/tr>\t\r\n\t\t\t\r\n\t\t\t\t\t\t\r\n\t\t\t<tr>\r\n\t\t\t\t<td colspan=\"2\"><p style=\"text-align: right\"><\/td>\r\n\t\t\t<\/tr>\r\n\t\t\t<\/tbody> \t\r\n\t\t\t<\/table><\/br>\t\t\r\n\t\t\t<\/br><table class=\"pp-posmrtnice-table\" width=\"250\" style=\"background:#626262;color:#fceabb;font-family:Lora, serif;font-size:18px\"><tr>\r\n\t\t\t\t\t<td><div class=\"dd-blockheader\"> \r\n\t     \t\t\t\t2011     \t\t\t \t<\/div><\/td><\/tr><\/table>\r\n\t     \t\t\t \t\t\t\t\r\n\t\t\t<table class=\"pp-posmrtnice-table\" style=\"background:#626262;color:#fceabb;font-family:Lora, serif;font-size:18px\"><tbody>\r\n\t\t\t\r\n\t\t\t \r\n\t\t\t\t<th><div class=\"img\"><img decoding=\"async\" src=\"https:\/\/www.e-pogrebno.rs\/images\/2011\/04\/Mandic%2520Iren.jpg\" style=\"height: 140px;width: 100px\" \/><\/div><\/th>\r\n\t\t\t\t\t\t\t    \r\n\t\t\t\t<th><p>M\u00e1ndity Ir\u00e9n<\/p>\r\n\t\t\t\t<p><\/p><p>\r\n\t\t\t\t1932-2011<\/p><\/th>\r\n\t\t\t<\/tr> \r\n\r\n\t\t\t<tr>\r\n\t\t\t<tr>\r\n\t\t\t\t<td colspan=\"2\">\u00e9let\u00e9nek 79. \u00e9v\u00e9ben, 2011. \u00e1prilis 30-\u00e1n elhunyt.<\/td>\r\n\t\t\t<\/tr>\r\n\t\t\t<tr>\r\n\t\t\t\t<td colspan=\"2\">Dr\u00e1ga halottunk temet\u00e9se 2011. m\u00e1jus 3-\u00e1n 14:00 \u00f3rakor lesz a Bajai \u00fati temet\u0151 halottash\u00e1z\u00e1b\u00f3l.<\/td>\r\n\t\t\t<\/tr>\r\n\t\t\t<tr>\r\n\t\t\t\t<td colspan=\"2\">Gy\u00e1szolj\u00e1k: SZERETTEI.<\/td>\r\n\t\t\t<\/tr>\t\r\n\t\t\t\r\n\t\t\t\t\t\t\r\n\t\t\t<tr>\r\n\t\t\t\t<td colspan=\"2\"><p style=\"text-align: right\"><\/td>\r\n\t\t\t<\/tr>\r\n\t\t\t<\/tbody> \t\r\n\t\t\t<\/table><\/br>\t\t\r\n\t\t\t\t\t\t\r\n\t\t\t<table class=\"pp-posmrtnice-table\" style=\"background:#626262;color:#fceabb;font-family:Lora, serif;font-size:18px\"><tbody>\r\n\t\t\t\r\n\t\t\t \r\n\t\t\t\t<th><div class=\"img\"><img decoding=\"async\" src=\"https:\/\/www.e-pogrebno.rs\/images\/2011\/04\/Koligner%2520Magdolna.jpg\" style=\"height: 140px;width: 100px\" \/><\/div><\/th>\r\n\t\t\t\t\t\t\t    \r\n\t\t\t\t<th><p>Kolinger Magdolna<\/p>\r\n\t\t\t\t<p><\/p><p>\r\n\t\t\t\t1956-2011<\/p><\/th>\r\n\t\t\t<\/tr> \r\n\r\n\t\t\t<tr>\r\n\t\t\t<tr>\r\n\t\t\t\t<td colspan=\"2\">\u00e9let\u00e9nek 55. \u00e9v\u00e9ben, 2011. \u00e1prilis 30-\u00e1n elhunyt.<\/td>\r\n\t\t\t<\/tr>\r\n\t\t\t<tr>\r\n\t\t\t\t<td colspan=\"2\">Dr\u00e1ga halottunk temet\u00e9se 2011. m\u00e1jus 2-\u00e1n 15:00 \u00f3rakor lesz a Bajai \u00fati temet\u0151 halottash\u00e1z\u00e1b\u00f3l.<\/td>\r\n\t\t\t<\/tr>\r\n\t\t\t<tr>\r\n\t\t\t\t<td colspan=\"2\">Gy\u00e1szolj\u00e1k: SZERETTEI.<\/td>\r\n\t\t\t<\/tr>\t\r\n\t\t\t\r\n\t\t\t\t\t\t\r\n\t\t\t<tr>\r\n\t\t\t\t<td colspan=\"2\"><p style=\"text-align: right\"><\/td>\r\n\t\t\t<\/tr>\r\n\t\t\t<\/tbody> \t\r\n\t\t\t<\/table><\/br>\t\t\r\n\t\t\t\t\t\t\r\n\t\t\t<table class=\"pp-posmrtnice-table\" style=\"background:#626262;color:#fceabb;font-family:Lora, serif;font-size:18px\"><tbody>\r\n\t\t\t\r\n\t\t\t\t\t\t\t<th><p> <\/p><\/th>\r\n\t\t\t\t\t\t\t    \r\n\t\t\t\t<th><p>Burucki Jo\u017eef<\/p>\r\n\t\t\t\t<p><\/p><p>\r\n\t\t\t\t1948-2011<\/p><\/th>\r\n\t\t\t<\/tr> \r\n\r\n\t\t\t<tr>\r\n\t\t\t<tr>\r\n\t\t\t\t<td colspan=\"2\">preminuo 30. aprila u 64. godini.<\/td>\r\n\t\t\t<\/tr>\r\n\t\t\t<tr>\r\n\t\t\t\t<td colspan=\"2\">Sahrana \u0107e se obaviti u ponedeljak 2. maja 2011. godine u 12:30\n\u010dasova na Pali\u0107kom groblju.<\/td>\r\n\t\t\t<\/tr>\r\n\t\t\t<tr>\r\n\t\t\t\t<td colspan=\"2\">O\u017ealo\u0161\u0107eni: NJEGOVI NAJMILIJI.<\/td>\r\n\t\t\t<\/tr>\t\r\n\t\t\t\r\n\t\t\t\t\t\t\r\n\t\t\t<tr>\r\n\t\t\t\t<td colspan=\"2\"><p style=\"text-align: right\"><\/td>\r\n\t\t\t<\/tr>\r\n\t\t\t<\/tbody> \t\r\n\t\t\t<\/table><\/br>\t\t\r\n\t\t\t<\/br><table class=\"pp-posmrtnice-table\" width=\"250\" style=\"background:#626262;color:#fceabb;font-family:Lora, serif;font-size:18px\"><tr>\r\n\t\t\t\t\t<td><div class=\"dd-blockheader\"> \r\n\t     \t\t\t\t2010     \t\t\t \t<\/div><\/td><\/tr><\/table>\r\n\t     \t\t\t \t\t\t\t\r\n\t\t\t<table class=\"pp-posmrtnice-table\" style=\"background:#626262;color:#fceabb;font-family:Lora, serif;font-size:18px\"><tbody>\r\n\t\t\t\r\n\t\t\t \r\n\t\t\t\t<th><div class=\"img\"><img decoding=\"async\" src=\"https:\/\/www.e-pogrebno.rs\/images\/2010\/04\/baranjos_istvan.jpg\" style=\"height: 140px;width: 100px\" \/><\/div><\/th>\r\n\t\t\t\t\t\t\t    \r\n\t\t\t\t<th><p>B\u00e1r\u00e1nyos Istv\u00e1n<\/p>\r\n\t\t\t\t<p><\/p><p>\r\n\t\t\t\t1944-2010<\/p><\/th>\r\n\t\t\t<\/tr> \r\n\r\n\t\t\t<tr>\r\n\t\t\t<tr>\r\n\t\t\t\t<td colspan=\"2\">\u00e9let\u00e9nek 66. esztendej\u00e9ben 2010. \u00e1prilis 30-\u00e1n elhunyt.<\/td>\r\n\t\t\t<\/tr>\r\n\t\t\t<tr>\r\n\t\t\t\t<td colspan=\"2\">Dr\u00e1ga halottunk temet\u00e9se 2010.  m\u00e1jus 1-\u00e9n 11 \u00f3rakor lesz a Bajai \u00fati temet\u0151 P\u00e9its k\u00e1poln\u00e1j\u00e1b\u00f3l.<\/td>\r\n\t\t\t<\/tr>\r\n\t\t\t<tr>\r\n\t\t\t\t<td colspan=\"2\">Gy\u00e1szolj\u00e1k: SZERETTEI.<\/td>\r\n\t\t\t<\/tr>\t\r\n\t\t\t\r\n\t\t\t\t\t\t\r\n\t\t\t<tr>\r\n\t\t\t\t<td colspan=\"2\"><p style=\"text-align: right\"><\/td>\r\n\t\t\t<\/tr>\r\n\t\t\t<\/tbody> \t\r\n\t\t\t<\/table><\/br>\t\t\r\n\t\t\t\t\t\t\r\n\t\t\t<table class=\"pp-posmrtnice-table\" style=\"background:#626262;color:#fceabb;font-family:Lora, serif;font-size:18px\"><tbody>\r\n\t\t\t\r\n\t\t\t \r\n\t\t\t\t<th><div class=\"img\"><img decoding=\"async\" src=\"https:\/\/www.e-pogrebno.rs\/images\/2010\/04\/jovanovic_erzebet.jpg\" style=\"height: 140px;width: 100px\" \/><\/div><\/th>\r\n\t\t\t\t\t\t\t    \r\n\t\t\t\t<th><p>Jovanovi\u0107 Erzs\u00e9bet<\/p>\r\n\t\t\t\t<p><\/p><p>\r\n\t\t\t\t1929-2010<\/p><\/th>\r\n\t\t\t<\/tr> \r\n\r\n\t\t\t<tr>\r\n\t\t\t<tr>\r\n\t\t\t\t<td colspan=\"2\">\u00e9let\u00e9nek 81. esztendej\u00e9ben 2010. \u00e1prilis 30-\u00e1n elhunyt.<\/td>\r\n\t\t\t<\/tr>\r\n\t\t\t<tr>\r\n\t\t\t\t<td colspan=\"2\">Dr\u00e1ga halottunk temet\u00e9se 2010.  m\u00e1jus 1-\u00e9n 12.30 \u00f3rakor lesz a Zentai \u00fati temet\u0151ben.<\/td>\r\n\t\t\t<\/tr>\r\n\t\t\t<tr>\r\n\t\t\t\t<td colspan=\"2\">Gy\u00e1szolj\u00e1k: SZERETTEI.<\/td>\r\n\t\t\t<\/tr>\t\r\n\t\t\t\r\n\t\t\t\t\t\t\r\n\t\t\t<tr>\r\n\t\t\t\t<td colspan=\"2\"><p style=\"text-align: right\"><\/td>\r\n\t\t\t<\/tr>\r\n\t\t\t<\/tbody> \t\r\n\t\t\t<\/table><\/br>\t\t\r\n\t\t\t<\/br><table class=\"pp-posmrtnice-table\" width=\"250\" style=\"background:#626262;color:#fceabb;font-family:Lora, serif;font-size:18px\"><tr>\r\n\t\t\t\t\t<td><div class=\"dd-blockheader\"> \r\n\t     \t\t\t\t2009     \t\t\t \t<\/div><\/td><\/tr><\/table>\r\n\t     \t\t\t \t\t\t\t\r\n\t\t\t<table class=\"pp-posmrtnice-table\" style=\"background:#626262;color:#fceabb;font-family:Lora, serif;font-size:18px\"><tbody>\r\n\t\t\t\r\n\t\t\t \r\n\t\t\t\t<th><div class=\"img\"><img decoding=\"async\" src=\"https:\/\/www.e-pogrebno.rs\/images\/2009\/04\/arok_ilona.jpg\" style=\"height: 140px;width: 100px\" \/><\/div><\/th>\r\n\t\t\t\t\t\t\t    \r\n\t\t\t\t<th><p>\u00c1rok Ilona<\/p>\r\n\t\t\t\t<p><\/p><p>\r\n\t\t\t\t1921-2009<\/p><\/th>\r\n\t\t\t<\/tr> \r\n\r\n\t\t\t<tr>\r\n\t\t\t<tr>\r\n\t\t\t\t<td colspan=\"2\">\u00e9let\u00e9nek 88. esztendej\u00e9ben 2009. \u00e1prilis 30-\u00e1n elhunyt.<\/td>\r\n\t\t\t<\/tr>\r\n\t\t\t<tr>\r\n\t\t\t\t<td colspan=\"2\">Dr\u00e1ga halottunk temet\u00e9se 2009. m\u00e1jus 2-\u00e1n 13 \u00f3rakor lesz a Kanyizsai nagytemet\u0151ben.<\/td>\r\n\t\t\t<\/tr>\r\n\t\t\t<tr>\r\n\t\t\t\t<td colspan=\"2\">Gy\u00e1szolj\u00e1k: SZERETTEI.<\/td>\r\n\t\t\t<\/tr>\t\r\n\t\t\t\r\n\t\t\t\t\t\t\r\n\t\t\t<tr>\r\n\t\t\t\t<td colspan=\"2\"><p style=\"text-align: right\"><\/td>\r\n\t\t\t<\/tr>\r\n\t\t\t<\/tbody> \t\r\n\t\t\t<\/table><\/br>\t\t\r\n\t\t\t<\/br><table class=\"pp-posmrtnice-table\" width=\"250\" style=\"background:#626262;color:#fceabb;font-family:Lora, serif;font-size:18px\"><tr>\r\n\t\t\t\t\t<td><div class=\"dd-blockheader\"> \r\n\t     \t\t\t\t2007     \t\t\t \t<\/div><\/td><\/tr><\/table>\r\n\t     \t\t\t \t\t\t\t\r\n\t\t\t<table class=\"pp-posmrtnice-table\" style=\"background:#626262;color:#fceabb;font-family:Lora, serif;font-size:18px\"><tbody>\r\n\t\t\t\r\n\t\t\t \r\n\t\t\t\t<th><div class=\"img\"><img decoding=\"async\" src=\"https:\/\/www.e-pogrebno.rs\/images\/2007\/04\/dubajic_milan.jpg\" style=\"height: 140px;width: 100px\" \/><\/div><\/th>\r\n\t\t\t\t\t\t\t    \r\n\t\t\t\t<th><p>Dubaji\u0107 Milan<\/p>\r\n\t\t\t\t<p><\/p><p>\r\n\t\t\t\t1929-2007<\/p><\/th>\r\n\t\t\t<\/tr> \r\n\r\n\t\t\t<tr>\r\n\t\t\t<tr>\r\n\t\t\t\t<td colspan=\"2\">u 79. godini \u017eivota preminuo dana 30. aprila 2007. godine.<\/td>\r\n\t\t\t<\/tr>\r\n\t\t\t<tr>\r\n\t\t\t\t<td colspan=\"2\">Sahrana milog nam pokojnika obavi\u0107e se 2. maja 2007. godine u 17 \u010dasova na groblju Dudova \u0161uma iz gradske kapele.<\/td>\r\n\t\t\t<\/tr>\r\n\t\t\t<tr>\r\n\t\t\t\t<td colspan=\"2\">O\u017ealo\u0161\u0107eni: NJEGOVI NAJMILIJI.<\/td>\r\n\t\t\t<\/tr>\t\r\n\t\t\t\r\n\t\t\t\t\t\t\r\n\t\t\t<tr>\r\n\t\t\t\t<td colspan=\"2\"><p style=\"text-align: right\"><\/td>\r\n\t\t\t<\/tr>\r\n\t\t\t<\/tbody> \t\r\n\t\t\t<\/table><\/br>\t\t\r\n\t\t\t\t\t\t\r\n\t\t\t<table class=\"pp-posmrtnice-table\" style=\"background:#626262;color:#fceabb;font-family:Lora, serif;font-size:18px\"><tbody>\r\n\t\t\t\r\n\t\t\t \r\n\t\t\t\t<th><div class=\"img\"><img decoding=\"async\" src=\"https:\/\/www.e-pogrebno.rs\/images\/2007\/04\/rajcic_jelena.jpg\" style=\"height: 140px;width: 100px\" \/><\/div><\/th>\r\n\t\t\t\t\t\t\t    \r\n\t\t\t\t<th><p>Raj\u010di\u0107 Jelena<\/p>\r\n\t\t\t\t<p><\/p><p>\r\n\t\t\t\t1919-2007<\/p><\/th>\r\n\t\t\t<\/tr> \r\n\r\n\t\t\t<tr>\r\n\t\t\t<tr>\r\n\t\t\t\t<td colspan=\"2\">u 88. godini \u017eivota preminula dana 30. aprila 2007. godine.<\/td>\r\n\t\t\t<\/tr>\r\n\t\t\t<tr>\r\n\t\t\t\t<td colspan=\"2\">Sahrana mile nam pokojnice obavi\u0107e se 2. maja 2007. godine u 14 sati na Bajskom groblju iz Pei\u0107 kapele.<\/td>\r\n\t\t\t<\/tr>\r\n\t\t\t<tr>\r\n\t\t\t\t<td colspan=\"2\">O\u017ealo\u0161\u0107eni: setra Krista sa sinom Mirom, sin Ivica sa suprugom Jelom, sin Antu\u0161 sa suprugom Ljubicom, \u0107erka Maca, \u0107erka Janja sa suprugom Merom, \u0107erka Verica sa suprugom Marinkom, unu\u010dad: Nevenka sa suprugom Ivicom i decom, Branko sa suprugom Dragicom i decom, Laj\u010do sa suprugom Jasminom i decom, Nata\u0161a sa decom, Vlado sa suprugom Timeom i decom, Sini\u0161a sa suprugom Sanelom i decom, Aleksandar, Perica i Antun.<\/td>\r\n\t\t\t<\/tr>\t\r\n\t\t\t\r\n\t\t\t\t\t\t\r\n\t\t\t<tr>\r\n\t\t\t\t<td colspan=\"2\"><p style=\"text-align: right\"><\/td>\r\n\t\t\t<\/tr>\r\n\t\t\t<\/tbody> \t\r\n\t\t\t<\/table><\/br>\t\t\r\n\t\t\t\t\t\t\r\n\r\n\r\n\t\t\t<\/td><td><\/td><\/tr><\/table>\r\n\r\n\r\n\r\n<\/div><\/div><\/div>\n\t\t\t\t\t\t<\/div>\n\t\t\t\t<\/div>\n\t\t\t\t<\/div>\n\t\t\t\t<\/div>\n\t\t\t\t<div class=\"elementor-element elementor-element-3ac81fa elementor-widget elementor-widget-html\" data-id=\"3ac81fa\" data-element_type=\"widget\" data-e-type=\"widget\" data-widget_type=\"html.default\">\n\t\t\t\t<div class=\"elementor-widget-container\">\n\t\t\t\t\t<a href=\"#\" id=\"back-to-top\" title=\"Nazad na vrh\">\n  <i class=\"fa fa-chevron-up\"><\/i>\n  <span class=\"label\">Fel<\/span>\n<\/a>\n\n\n\n<script>\ndocument.addEventListener(\"DOMContentLoaded\", function() {\n  const btn = document.getElementById(\"back-to-top\");\n\n  window.addEventListener(\"scroll\", function() {\n    if (window.scrollY > 300) {\n      btn.classList.add(\"show\");\n    } else {\n      btn.classList.remove(\"show\");\n    }\n  });\n\n  btn.addEventListener(\"click\", function(e) {\n    e.preventDefault();\n    window.scrollTo({ top: 0, behavior: \"smooth\" });\n  });\n});\n<\/script>\n\n<a href=\"#\" id=\"back-to-top\" title=\"Nazad na vrh\">\n  <i class=\"fa fa-chevron-up\"><\/i>\n<\/a>\n\n\t\t\t\t<\/div>\n\t\t\t\t<\/div>\n\t\t\t\t<\/div>\n\t\t\t\t<\/div>","protected":false},"excerpt":{"rendered":"<p>SE\u0106ANJA Na vrh<\/p>","protected":false},"author":1,"featured_media":0,"parent":0,"menu_order":0,"comment_status":"closed","ping_status":"closed","template":"elementor_header_footer","meta":{"_acf_changed":false,"_eb_attr":"","footnotes":""},"kategorija_dokumenata":[],"class_list":["post-5761","page","type-page","status-publish","hentry"],"acf":[],"_links":{"self":[{"href":"https:\/\/pogrebno.rs\/hu\/wp-json\/wp\/v2\/pages\/5761","targetHints":{"allow":["GET"]}}],"collection":[{"href":"https:\/\/pogrebno.rs\/hu\/wp-json\/wp\/v2\/pages"}],"about":[{"href":"https:\/\/pogrebno.rs\/hu\/wp-json\/wp\/v2\/types\/page"}],"author":[{"embeddable":true,"href":"https:\/\/pogrebno.rs\/hu\/wp-json\/wp\/v2\/users\/1"}],"replies":[{"embeddable":true,"href":"https:\/\/pogrebno.rs\/hu\/wp-json\/wp\/v2\/comments?post=5761"}],"version-history":[{"count":125,"href":"https:\/\/pogrebno.rs\/hu\/wp-json\/wp\/v2\/pages\/5761\/revisions"}],"predecessor-version":[{"id":8782,"href":"https:\/\/pogrebno.rs\/hu\/wp-json\/wp\/v2\/pages\/5761\/revisions\/8782"}],"wp:attachment":[{"href":"https:\/\/pogrebno.rs\/hu\/wp-json\/wp\/v2\/media?parent=5761"}],"wp:term":[{"taxonomy":"kategorija_dokumenata","embeddable":true,"href":"https:\/\/pogrebno.rs\/hu\/wp-json\/wp\/v2\/kategorija_dokumenata?post=5761"}],"curies":[{"name":"wp","href":"https:\/\/api.w.org\/{rel}","templated":true}]}}