{"id":5761,"date":"2025-10-22T09:32:11","date_gmt":"2025-10-22T07:32:11","guid":{"rendered":"https:\/\/pogrebno.rs\/?page_id=5761"},"modified":"2026-03-13T13:45:45","modified_gmt":"2026-03-13T12:45:45","slug":"secanja","status":"publish","type":"page","link":"https:\/\/pogrebno.rs\/hu\/secanja\/","title":{"rendered":"Secanja"},"content":{"rendered":"<div data-elementor-type=\"wp-page\" data-elementor-id=\"5761\" class=\"elementor elementor-5761\" data-elementor-post-type=\"page\">\n\t\t\t\t<div class=\"elementor-element elementor-element-c1f207c e-con-full e-flex e-con e-parent\" data-id=\"c1f207c\" data-element_type=\"container\" data-e-type=\"container\" data-settings=\"{&quot;background_background&quot;:&quot;classic&quot;}\">\n\t\t<div class=\"elementor-element elementor-element-eec2ab2 e-con-full e-flex e-con e-child\" data-id=\"eec2ab2\" data-element_type=\"container\" data-e-type=\"container\" data-settings=\"{&quot;background_background&quot;:&quot;classic&quot;}\">\n\t\t<div class=\"elementor-element elementor-element-762eb38 e-con-full e-flex e-con e-child\" data-id=\"762eb38\" data-element_type=\"container\" data-e-type=\"container\">\n\t\t<div class=\"elementor-element elementor-element-acbc086 e-grid e-con-full e-con e-child\" data-id=\"acbc086\" data-element_type=\"container\" data-e-type=\"container\">\n\t\t\t\t<div class=\"elementor-element elementor-element-5c53e90 elementor-widget elementor-widget-image\" data-id=\"5c53e90\" data-element_type=\"widget\" data-e-type=\"widget\" data-widget_type=\"image.default\">\n\t\t\t\t<div class=\"elementor-widget-container\">\n\t\t\t\t\t\t\t\t\t\t\t\t\t\t\t<img fetchpriority=\"high\" decoding=\"async\" width=\"630\" height=\"275\" src=\"https:\/\/pogrebno.rs\/wp-content\/uploads\/2025\/05\/Ljiljan-levi.webp\" class=\"attachment-large size-large wp-image-97\" alt=\"\" srcset=\"https:\/\/pogrebno.rs\/wp-content\/uploads\/2025\/05\/Ljiljan-levi.webp 630w, https:\/\/pogrebno.rs\/wp-content\/uploads\/2025\/05\/Ljiljan-levi-300x131.webp 300w\" sizes=\"(max-width: 630px) 100vw, 630px\" \/>\t\t\t\t\t\t\t\t\t\t\t\t\t\t\t<\/div>\n\t\t\t\t<\/div>\n\t\t\t\t<div class=\"elementor-element elementor-element-cc97067 elementor-widget elementor-widget-heading\" data-id=\"cc97067\" data-element_type=\"widget\" data-e-type=\"widget\" data-widget_type=\"heading.default\">\n\t\t\t\t<div class=\"elementor-widget-container\">\n\t\t\t\t\t<h2 class=\"elementor-heading-title elementor-size-default\">EML\u00c9KEZ\u00c9S<\/h2>\t\t\t\t<\/div>\n\t\t\t\t<\/div>\n\t\t\t\t<div class=\"elementor-element elementor-element-9e3eee1 elementor-widget elementor-widget-image\" data-id=\"9e3eee1\" data-element_type=\"widget\" data-e-type=\"widget\" data-widget_type=\"image.default\">\n\t\t\t\t<div class=\"elementor-widget-container\">\n\t\t\t\t\t\t\t\t\t\t\t\t\t\t\t<img decoding=\"async\" width=\"631\" height=\"275\" src=\"https:\/\/pogrebno.rs\/wp-content\/uploads\/2025\/05\/Ljiljan-desni.webp\" class=\"attachment-large size-large wp-image-98\" alt=\"\" srcset=\"https:\/\/pogrebno.rs\/wp-content\/uploads\/2025\/05\/Ljiljan-desni.webp 631w, https:\/\/pogrebno.rs\/wp-content\/uploads\/2025\/05\/Ljiljan-desni-300x131.webp 300w\" sizes=\"(max-width: 631px) 100vw, 631px\" \/>\t\t\t\t\t\t\t\t\t\t\t\t\t\t\t<\/div>\n\t\t\t\t<\/div>\n\t\t\t\t<\/div>\n\t\t\t\t<\/div>\n\t\t<div class=\"elementor-element elementor-element-4954f74 e-con-full e-flex e-con e-child\" data-id=\"4954f74\" data-element_type=\"container\" data-e-type=\"container\">\n\t\t\t\t<div class=\"elementor-element elementor-element-53a9f3d elementor-widget elementor-widget-shortcode\" data-id=\"53a9f3d\" data-element_type=\"widget\" data-e-type=\"widget\" data-widget_type=\"shortcode.default\">\n\t\t\t\t<div class=\"elementor-widget-container\">\n\t\t\t\t\t\t\t<div class=\"elementor-shortcode\"><div class=\"pp-posmrtnice-wrapper\"><div class=\"pp-posmrtnice-inner\"><table class=\"pp-posmrtnice-table\" width=\"100%\" style=\"background:#626262;color:#fceabb;font-family:Lora, serif;font-size:18px\"><tr><td><\/td><td>\t\r\n<\/br><table class=\"pp-posmrtnice-table\" width=\"250\" style=\"background:#626262;color:#fceabb;font-family:Lora, serif;font-size:18px\"><tr>\r\n\t\t\t\t\t<td><div class=\"dd-blockheader\"> \r\n\t     \t\t\t\t2025     \t\t\t \t<\/div><\/td><\/tr><\/table>\r\n\t     \t\t\t \t\t\t\t\r\n\t\t\t<table class=\"pp-posmrtnice-table\" style=\"background:#626262;color:#fceabb;font-family:Lora, serif;font-size:18px\"><tbody>\r\n\t\t\t\r\n\t\t\t \r\n\t\t\t\t<th><div class=\"img\"><img decoding=\"async\" src=\"https:\/\/www.e-pogrebno.rs\/images\/2025\/09\/lakic_danica030925.jpg\" style=\"height: 140px;width: 100px\" \/><\/div><\/th>\r\n\t\t\t\t\t\t\t    \r\n\t\t\t\t<th><p>\u041b\u0430\u043a\u0438\u045b \u0414\u0430\u043d\u0438\u0446\u0430<\/p>\r\n\t\t\t\t<p><\/p><p>\r\n\t\t\t\t1939-2025<\/p><\/th>\r\n\t\t\t<\/tr> \r\n\r\n\t\t\t<tr>\r\n\t\t\t<tr>\r\n\t\t\t\t<td colspan=\"2\">\u0443 87. \u0433\u043e\u0434\u0438\u043d\u0438 \u0436\u0438\u0432\u043e\u0442\u0430 \u043f\u0440\u0435\u043c\u0438\u043d\u0443\u043b\u0430 \u0434\u0430\u043d\u0430 1. \u0441\u0435\u043f\u0442\u0435\u043c\u0431\u0440\u0430 2025. \u0433\u043e\u0434\u0438\u043d\u0435.<\/td>\r\n\t\t\t<\/tr>\r\n\t\t\t<tr>\r\n\t\t\t\t<td colspan=\"2\">\u0421\u0430\u0445\u0440\u0430\u043d\u0430 \u0434\u0440\u0430\u0433\u0435 \u043d\u0430\u043c \u043f\u043e\u043a\u043e\u0458\u043d\u0438\u0446\u0435 \u043e\u0431\u0430\u0432\u0438\u045b\u0435 \u0441\u0435 3. \u0441\u0435\u043f\u0442\u0435\u043c\u0431\u0440\u0430 2025. \u0433\u043e\u0434\u0438\u043d\u0435 \u0443 12.30 \u0447\u0430\u0441\u043e\u0432\u0430 \u043d\u0430 \u041f\u0440\u0430\u0432\u043e\u0441\u043b\u0430\u0432\u043d\u043e\u043c \u041d\u043e\u0432\u043e\u043c \u0433\u0440\u043e\u0431\u0459\u0443 \u0443 \u0410\u043b\u0435\u043a\u0441\u0430\u043d\u0434\u0440\u043e\u0432\u0443.\r\n\r\n\r\n\r\n\r\n<\/td>\r\n\t\t\t<\/tr>\r\n\t\t\t<tr>\r\n\t\t\t\t<td colspan=\"2\">\u041e\u0436\u0430\u043b\u043e\u0448\u045b\u0435\u043d\u0438: \u040a\u0415\u041d\u0418 \u041d\u0410\u0408\u041c\u0418\u041b\u0418\u0408\u0418.<\/td>\r\n\t\t\t<\/tr>\t\r\n\t\t\t\r\n\t\t\t\t\t\t\r\n\t\t\t<tr>\r\n\t\t\t\t<td colspan=\"2\"><p style=\"text-align: right\"><\/td>\r\n\t\t\t<\/tr>\r\n\t\t\t<\/tbody> \t\r\n\t\t\t<\/table><\/br>\t\t\r\n\t\t\t\t\t\t\r\n\t\t\t<table class=\"pp-posmrtnice-table\" style=\"background:#626262;color:#fceabb;font-family:Lora, serif;font-size:18px\"><tbody>\r\n\t\t\t\r\n\t\t\t \r\n\t\t\t\t<th><div class=\"img\"><img decoding=\"async\" src=\"https:\/\/www.e-pogrebno.rs\/images\/2025\/09\/milankovic_manda030925.jpg\" style=\"height: 140px;width: 100px\" \/><\/div><\/th>\r\n\t\t\t\t\t\t\t    \r\n\t\t\t\t<th><p>Milankovi\u0107 Manda<\/p>\r\n\t\t\t\t<p><\/p><p>\r\n\t\t\t\t1954-2025<\/p><\/th>\r\n\t\t\t<\/tr> \r\n\r\n\t\t\t<tr>\r\n\t\t\t<tr>\r\n\t\t\t\t<td colspan=\"2\">u 72. godini \u017eivota iznenada preminula dana 1. septembra 2025. godine.<\/td>\r\n\t\t\t<\/tr>\r\n\t\t\t<tr>\r\n\t\t\t\t<td colspan=\"2\">Sahrana mile nam pokojnice obavi\u0107e se 3. septembra 2025. godine u 15.30 sati na Kerskom groblju iz crkvene kapele.\r\n\r\n\r\n\r\n\r\n<\/td>\r\n\t\t\t<\/tr>\r\n\t\t\t<tr>\r\n\t\t\t\t<td colspan=\"2\">O\u017ealo\u0161\u0107eni: NJENI NAJMILIJI.<\/td>\r\n\t\t\t<\/tr>\t\r\n\t\t\t\r\n\t\t\t\t\t\t\r\n\t\t\t<tr>\r\n\t\t\t\t<td colspan=\"2\"><p style=\"text-align: right\"><\/td>\r\n\t\t\t<\/tr>\r\n\t\t\t<\/tbody> \t\r\n\t\t\t<\/table><\/br>\t\t\r\n\t\t\t\t\t\t\r\n\t\t\t<table class=\"pp-posmrtnice-table\" style=\"background:#626262;color:#fceabb;font-family:Lora, serif;font-size:18px\"><tbody>\r\n\t\t\t\r\n\t\t\t \r\n\t\t\t\t<th><div class=\"img\"><img decoding=\"async\" src=\"https:\/\/www.e-pogrebno.rs\/images\/2025\/09\/bjelobrk_ljubica030925.jpg\" style=\"height: 140px;width: 100px\" \/><\/div><\/th>\r\n\t\t\t\t\t\t\t    \r\n\t\t\t\t<th><p>\u0411\u0458\u0435\u043b\u043e\u0431\u0440\u043a \u0409\u0443\u0431\u0438\u0446\u0430<\/p>\r\n\t\t\t\t<p><\/p><p>\r\n\t\t\t\t1958-2025<\/p><\/th>\r\n\t\t\t<\/tr> \r\n\r\n\t\t\t<tr>\r\n\t\t\t<tr>\r\n\t\t\t\t<td colspan=\"2\">\u0443 68. \u0433\u043e\u0434\u0438\u043d\u0438 \u0436\u0438\u0432\u043e\u0442\u0430 \u043f\u0440\u0435\u043c\u0438\u043d\u0443\u043b\u0430 \u0434\u0430\u043d\u0430 1. \u0441\u0435\u043f\u0442\u0435\u043c\u0431\u0440\u0430 2025. \u0433\u043e\u0434\u0438\u043d\u0435.<\/td>\r\n\t\t\t<\/tr>\r\n\t\t\t<tr>\r\n\t\t\t\t<td colspan=\"2\">\u0421\u0430\u0445\u0440\u0430\u043d\u0430 \u0434\u0440\u0430\u0433\u0435 \u043d\u0430\u043c \u043f\u043e\u043a\u043e\u0458\u043d\u0438\u0446\u0435 \u043e\u0431\u0430\u0432\u0438\u045b\u0435 \u0441\u0435 4. \u0441\u0435\u043f\u0442\u0435\u043c\u0431\u0440\u0430 2025. \u0433\u043e\u0434\u0438\u043d\u0435 \u0443 11 \u0447\u0430\u0441\u043e\u0432\u0430\r\n \u043d\u0430 \u041d\u043e\u0432\u043e\u043c \u0433\u0440\u043e\u0431\u0459\u0443 \u0443 \u0410\u043b\u0435\u043a\u0441\u0430\u043d\u0434\u0440\u043e\u0432\u0443 \u0438\u0437 \u043c\u0440\u0442\u0432\u0430\u0447\u043d\u0438\u0446\u0435.\r\n\r\n\r\n\r\n\r\n<\/td>\r\n\t\t\t<\/tr>\r\n\t\t\t<tr>\r\n\t\t\t\t<td colspan=\"2\">\u041e\u0436\u0430\u043b\u043e\u0448\u045b\u0435\u043d\u0438: \u0441\u0443\u043f\u0440\u0443\u0433 \u041c\u0418\u041b\u0415\u041d\u041a\u041e, \u0441\u0438\u043d \u0422\u041e\u041c\u0418\u0421\u041b\u0410\u0412 \u0438 \u043a\u045b\u0435\u0440\u043a\u0430 \u041c\u0410\u0408\u0410 \u0441\u0430 \u043f\u043e\u0440\u043e\u0434\u0438\u0446\u0430\u043c\u0430.<\/td>\r\n\t\t\t<\/tr>\t\r\n\t\t\t\r\n\t\t\t\t\t\t\r\n\t\t\t<tr>\r\n\t\t\t\t<td colspan=\"2\"><p style=\"text-align: right\"><\/td>\r\n\t\t\t<\/tr>\r\n\t\t\t<\/tbody> \t\r\n\t\t\t<\/table><\/br>\t\t\r\n\t\t\t<\/br><table class=\"pp-posmrtnice-table\" width=\"250\" style=\"background:#626262;color:#fceabb;font-family:Lora, serif;font-size:18px\"><tr>\r\n\t\t\t\t\t<td><div class=\"dd-blockheader\"> \r\n\t     \t\t\t\t2024     \t\t\t \t<\/div><\/td><\/tr><\/table>\r\n\t     \t\t\t \t\t\t\t\r\n\t\t\t<table class=\"pp-posmrtnice-table\" style=\"background:#626262;color:#fceabb;font-family:Lora, serif;font-size:18px\"><tbody>\r\n\t\t\t\r\n\t\t\t \r\n\t\t\t\t<th><div class=\"img\"><img decoding=\"async\" src=\"https:\/\/www.e-pogrebno.rs\/images\/2024\/09\/blatnjak_janja020924.jpg\" style=\"height: 140px;width: 100px\" \/><\/div><\/th>\r\n\t\t\t\t\t\t\t    \r\n\t\t\t\t<th><p>Blatnjak Janja<\/p>\r\n\t\t\t\t<p><\/p><p>\r\n\t\t\t\t1948\u20122024<\/p><\/th>\r\n\t\t\t<\/tr> \r\n\r\n\t\t\t<tr>\r\n\t\t\t<tr>\r\n\t\t\t\t<td colspan=\"2\">u 76. godini iznenada preminula 1. septembra 2024. godine.<\/td>\r\n\t\t\t<\/tr>\r\n\t\t\t<tr>\r\n\t\t\t\t<td colspan=\"2\">Sahrana drage nam pokojnice obavi\u0107e se 3. septembra 2024. godine u 15 \u010dasova na groblju Paprenja\u010da u Bajmoku.\r\n <\/td>\r\n\t\t\t<\/tr>\r\n\t\t\t<tr>\r\n\t\t\t\t<td colspan=\"2\">O\u017ealo\u0161\u0107eni: NJENI NAJMILIJI.<\/td>\r\n\t\t\t<\/tr>\t\r\n\t\t\t\r\n\t\t\t\t\t\t\r\n\t\t\t<tr>\r\n\t\t\t\t<td colspan=\"2\"><p style=\"text-align: right\"><\/td>\r\n\t\t\t<\/tr>\r\n\t\t\t<\/tbody> \t\r\n\t\t\t<\/table><\/br>\t\t\r\n\t\t\t\t\t\t\r\n\t\t\t<table class=\"pp-posmrtnice-table\" style=\"background:#626262;color:#fceabb;font-family:Lora, serif;font-size:18px\"><tbody>\r\n\t\t\t\r\n\t\t\t \r\n\t\t\t\t<th><div class=\"img\"><img decoding=\"async\" src=\"https:\/\/www.e-pogrebno.rs\/images\/2024\/09\/merkovic_antun020924.jpg\" style=\"height: 140px;width: 100px\" \/><\/div><\/th>\r\n\t\t\t\t\t\t\t    \r\n\t\t\t\t<th><p>Merkovi\u0107 Antun<\/p>\r\n\t\t\t\t<p><\/p><p>\r\n\t\t\t\t1943\u20122024<\/p><\/th>\r\n\t\t\t<\/tr> \r\n\r\n\t\t\t<tr>\r\n\t\t\t<tr>\r\n\t\t\t\t<td colspan=\"2\">u 82. godini \u017eivota preminuo dana 1. septembra 2024. godine.<\/td>\r\n\t\t\t<\/tr>\r\n\t\t\t<tr>\r\n\t\t\t\t<td colspan=\"2\">Sahrana dragog nam pokojnika obavi\u0107e se 3. septembra 2024. godine u 14 sati na Bajskom groblju iz Pei\u0107 kapele.<\/td>\r\n\t\t\t<\/tr>\r\n\t\t\t<tr>\r\n\t\t\t\t<td colspan=\"2\">O\u017ealo\u0161\u0107eni: NJEGOVI NAJMILIJI.\r\n<\/td>\r\n\t\t\t<\/tr>\t\r\n\t\t\t\r\n\t\t\t\t\t\t\r\n\t\t\t<tr>\r\n\t\t\t\t<td colspan=\"2\"><p style=\"text-align: right\"><\/td>\r\n\t\t\t<\/tr>\r\n\t\t\t<\/tbody> \t\r\n\t\t\t<\/table><\/br>\t\t\r\n\t\t\t\t\t\t\r\n\t\t\t<table class=\"pp-posmrtnice-table\" style=\"background:#626262;color:#fceabb;font-family:Lora, serif;font-size:18px\"><tbody>\r\n\t\t\t\r\n\t\t\t \r\n\t\t\t\t<th><div class=\"img\"><img decoding=\"async\" src=\"https:\/\/www.e-pogrebno.rs\/images\/2024\/09\/buljovcic_viktorija030924.jpg\" style=\"height: 140px;width: 100px\" \/><\/div><\/th>\r\n\t\t\t\t\t\t\t    \r\n\t\t\t\t<th><p>Buljov\u010di\u0107 Viktorija<\/p>\r\n\t\t\t\t<p><\/p><p>\r\n\t\t\t\t1946\u20122024<\/p><\/th>\r\n\t\t\t<\/tr> \r\n\r\n\t\t\t<tr>\r\n\t\t\t<tr>\r\n\t\t\t\t<td colspan=\"2\">u 79. godini \u017eivota, posle te\u0161ke bolesti preminula dana 1. septembra 2024. godine.<\/td>\r\n\t\t\t<\/tr>\r\n\t\t\t<tr>\r\n\t\t\t\t<td colspan=\"2\">Sahrana mile nam pokojnice obavi\u0107e se 3. septembra 2024. godine u 11 sati na Bajskom groblju iz Pei\u0107 kapele.<\/td>\r\n\t\t\t<\/tr>\r\n\t\t\t<tr>\r\n\t\t\t\t<td colspan=\"2\">O\u017ealo\u0161\u0107eni: sinovi JOSIP i \u0110OR\u0110E, kao i ostala rodbina, prijatelji, kom\u0161ije i poznanici. \r\n<\/td>\r\n\t\t\t<\/tr>\t\r\n\t\t\t\r\n\t\t\t\t\t\t\r\n\t\t\t<tr>\r\n\t\t\t\t<td colspan=\"2\"><p style=\"text-align: right\"><\/td>\r\n\t\t\t<\/tr>\r\n\t\t\t<\/tbody> \t\r\n\t\t\t<\/table><\/br>\t\t\r\n\t\t\t\t\t\t\r\n\t\t\t<table class=\"pp-posmrtnice-table\" style=\"background:#626262;color:#fceabb;font-family:Lora, serif;font-size:18px\"><tbody>\r\n\t\t\t\r\n\t\t\t \r\n\t\t\t\t<th><div class=\"img\"><img decoding=\"async\" src=\"https:\/\/www.e-pogrebno.rs\/images\/2024\/09\/%D1%82%D0%B0%D0%BA%D0%B0%D1%87_%D0%BA%D0%B0%D1%82%D0%B0030924.jpg\" style=\"height: 140px;width: 100px\" \/><\/div><\/th>\r\n\t\t\t\t\t\t\t    \r\n\t\t\t\t<th><p>Tak\u00e1cs Kata<\/p>\r\n\t\t\t\t<p><\/p><p>\r\n\t\t\t\t1949\u20122024<\/p><\/th>\r\n\t\t\t<\/tr> \r\n\r\n\t\t\t<tr>\r\n\t\t\t<tr>\r\n\t\t\t\t<td colspan=\"2\">\u00e9let\u00e9nek 75. esztendej\u00e9ben 2024.szeptember 1-\u00e9n elhunyt.<\/td>\r\n\t\t\t<\/tr>\r\n\t\t\t<tr>\r\n\t\t\t\t<td colspan=\"2\">Dr\u00e1ga halottunk temet\u00e9se 2024. szeptember 4-\u00e9n 11 \u00f3rakor lesz a Bajai \u00fati temet\u0151 P\u00e9its k\u00e1poln\u00e1j\u00e1b\u00f3l.<\/td>\r\n\t\t\t<\/tr>\r\n\t\t\t<tr>\r\n\t\t\t\t<td colspan=\"2\">Gy\u00e1szolj\u00e1k: SZERETTEI.\r\n<\/td>\r\n\t\t\t<\/tr>\t\r\n\t\t\t\r\n\t\t\t\t\t\t\r\n\t\t\t<tr>\r\n\t\t\t\t<td colspan=\"2\"><p style=\"text-align: right\"><\/td>\r\n\t\t\t<\/tr>\r\n\t\t\t<\/tbody> \t\r\n\t\t\t<\/table><\/br>\t\t\r\n\t\t\t\t\t\t\r\n\t\t\t<table class=\"pp-posmrtnice-table\" style=\"background:#626262;color:#fceabb;font-family:Lora, serif;font-size:18px\"><tbody>\r\n\t\t\t\r\n\t\t\t \r\n\t\t\t\t<th><div class=\"img\"><img decoding=\"async\" src=\"https:\/\/www.e-pogrebno.rs\/images\/2024\/09\/nadj_torma_laslo040924.jpg\" style=\"height: 140px;width: 100px\" \/><\/div><\/th>\r\n\t\t\t\t\t\t\t    \r\n\t\t\t\t<th><p>Na\u0111 Torma Laslo<\/p>\r\n\t\t\t\t<p><\/p><p>\r\n\t\t\t\t1953\u20122024<\/p><\/th>\r\n\t\t\t<\/tr> \r\n\r\n\t\t\t<tr>\r\n\t\t\t<tr>\r\n\t\t\t\t<td colspan=\"2\">u 72. godini \u017eivota preminuo dana 1. septembra 2024. godine.<\/td>\r\n\t\t\t<\/tr>\r\n\t\t\t<tr>\r\n\t\t\t\t<td colspan=\"2\">Sahrana dragog nam pokojnika obavi\u0107e se 6. septembra 2024. godine u 11 sati\r\n na Bajskom groblju iz mrtva\u010dnice.<\/td>\r\n\t\t\t<\/tr>\r\n\t\t\t<tr>\r\n\t\t\t\t<td colspan=\"2\">O\u017ealo\u0161\u0107eni: NJEGOVI NAJMILIJI.\r\n<\/td>\r\n\t\t\t<\/tr>\t\r\n\t\t\t\r\n\t\t\t\t\t\t\r\n\t\t\t<tr>\r\n\t\t\t\t<td colspan=\"2\"><p style=\"text-align: right\"><\/td>\r\n\t\t\t<\/tr>\r\n\t\t\t<\/tbody> \t\r\n\t\t\t<\/table><\/br>\t\t\r\n\t\t\t<\/br><table class=\"pp-posmrtnice-table\" width=\"250\" style=\"background:#626262;color:#fceabb;font-family:Lora, serif;font-size:18px\"><tr>\r\n\t\t\t\t\t<td><div class=\"dd-blockheader\"> \r\n\t     \t\t\t\t2023     \t\t\t \t<\/div><\/td><\/tr><\/table>\r\n\t     \t\t\t \t\t\t\t\r\n\t\t\t<table class=\"pp-posmrtnice-table\" style=\"background:#626262;color:#fceabb;font-family:Lora, serif;font-size:18px\"><tbody>\r\n\t\t\t\r\n\t\t\t \r\n\t\t\t\t<th><div class=\"img\"><img decoding=\"async\" src=\"https:\/\/www.e-pogrebno.rs\/images\/2023\/09\/stantic_marija0109223.jpg\" style=\"height: 140px;width: 100px\" \/><\/div><\/th>\r\n\t\t\t\t\t\t\t    \r\n\t\t\t\t<th><p>Stanti\u0107 Marija<\/p>\r\n\t\t\t\t<p><\/p><p>\r\n\t\t\t\t1952\u20122023<\/p><\/th>\r\n\t\t\t<\/tr> \r\n\r\n\t\t\t<tr>\r\n\t\t\t<tr>\r\n\t\t\t\t<td colspan=\"2\">u 72. godini \u017eivota preminula dana 1. septembra 2023. godine.<\/td>\r\n\t\t\t<\/tr>\r\n\t\t\t<tr>\r\n\t\t\t\t<td colspan=\"2\">Sahrana mile nam pokojnice obavi\u0107e se 4. septembra 2023. godine u 12.30 sati\nna Sen\u0107anskom groblju iz mrtva\u010dnice.\n\n\n\n<\/td>\r\n\t\t\t<\/tr>\r\n\t\t\t<tr>\r\n\t\t\t\t<td colspan=\"2\">O\u017ealo\u0161\u0107eni: suprug LACIKA, \u0107erka SILVIJA, sin SA\u0160A, unuci SARA i MARIO sa porodicama,\n ostali unuci i praunuci, ostala rodbina, prijatelji i kom\u0161ije.<\/td>\r\n\t\t\t<\/tr>\t\r\n\t\t\t\r\n\t\t\t\t\t\t\r\n\t\t\t<tr>\r\n\t\t\t\t<td colspan=\"2\"><p style=\"text-align: right\"><\/td>\r\n\t\t\t<\/tr>\r\n\t\t\t<\/tbody> \t\r\n\t\t\t<\/table><\/br>\t\t\r\n\t\t\t\t\t\t\r\n\t\t\t<table class=\"pp-posmrtnice-table\" style=\"background:#626262;color:#fceabb;font-family:Lora, serif;font-size:18px\"><tbody>\r\n\t\t\t\r\n\t\t\t \r\n\t\t\t\t<th><div class=\"img\"><img decoding=\"async\" src=\"https:\/\/www.e-pogrebno.rs\/images\/2023\/09\/vojnic_margit020923.jpg\" style=\"height: 140px;width: 100px\" \/><\/div><\/th>\r\n\t\t\t\t\t\t\t    \r\n\t\t\t\t<th><p>Vojni\u0107 Margit<\/p>\r\n\t\t\t\t<p><\/p><p>\r\n\t\t\t\t1928\u20122023<\/p><\/th>\r\n\t\t\t<\/tr> \r\n\r\n\t\t\t<tr>\r\n\t\t\t<tr>\r\n\t\t\t\t<td colspan=\"2\">u 96. godini \u017eivota preminula dana 1. septembra 2023. godine.<\/td>\r\n\t\t\t<\/tr>\r\n\t\t\t<tr>\r\n\t\t\t\t<td colspan=\"2\">Sahrana mile nam pokojnice obavi\u0107e se 4. septembra 2023. godine u 15 sati\nna Bajskom groblju iz Pei\u0107 kapele.\n\n\n\n\n<\/td>\r\n\t\t\t<\/tr>\r\n\t\t\t<tr>\r\n\t\t\t\t<td colspan=\"2\">O\u017ealo\u0161\u0107eni: sin, unuk i sestre.\n<\/td>\r\n\t\t\t<\/tr>\t\r\n\t\t\t\r\n\t\t\t\t\t\t\r\n\t\t\t<tr>\r\n\t\t\t\t<td colspan=\"2\"><p style=\"text-align: right\"><\/td>\r\n\t\t\t<\/tr>\r\n\t\t\t<\/tbody> \t\r\n\t\t\t<\/table><\/br>\t\t\r\n\t\t\t\t\t\t\r\n\t\t\t<table class=\"pp-posmrtnice-table\" style=\"background:#626262;color:#fceabb;font-family:Lora, serif;font-size:18px\"><tbody>\r\n\t\t\t\r\n\t\t\t \r\n\t\t\t\t<th><div class=\"img\"><img decoding=\"async\" src=\"https:\/\/www.e-pogrebno.rs\/images\/2023\/09\/macasic_jozef030923.jpg\" style=\"height: 140px;width: 100px\" \/><\/div><\/th>\r\n\t\t\t\t\t\t\t    \r\n\t\t\t\t<th><p>Matyasity J\u00f3zsef<\/p>\r\n\t\t\t\t<p><\/p><p>\r\n\t\t\t\t1954\u20122023<\/p><\/th>\r\n\t\t\t<\/tr> \r\n\r\n\t\t\t<tr>\r\n\t\t\t<tr>\r\n\t\t\t\t<td colspan=\"2\">\u00e9let\u00e9nek 70. esztendej\u00e9ben 2023. szeptember 1-\u00e9n elhunyt.<\/td>\r\n\t\t\t<\/tr>\r\n\t\t\t<tr>\r\n\t\t\t\t<td colspan=\"2\">Dr\u00e1ga halottunk temet\u00e9se 2023. szeptember 4-\u00e9n 9:00 \u00f3rakor lesz\na Kir\u00e1lyhalmi temet\u0151ben.\n<\/td>\r\n\t\t\t<\/tr>\r\n\t\t\t<tr>\r\n\t\t\t\t<td colspan=\"2\">Gy\u00e1szolj\u00e1k: SZERETTEI.\n\n<\/td>\r\n\t\t\t<\/tr>\t\r\n\t\t\t\r\n\t\t\t\t\t\t\r\n\t\t\t<tr>\r\n\t\t\t\t<td colspan=\"2\"><p style=\"text-align: right\"><\/td>\r\n\t\t\t<\/tr>\r\n\t\t\t<\/tbody> \t\r\n\t\t\t<\/table><\/br>\t\t\r\n\t\t\t\t\t\t\r\n\t\t\t<table class=\"pp-posmrtnice-table\" style=\"background:#626262;color:#fceabb;font-family:Lora, serif;font-size:18px\"><tbody>\r\n\t\t\t\r\n\t\t\t \r\n\t\t\t\t<th><div class=\"img\"><img decoding=\"async\" src=\"https:\/\/www.e-pogrebno.rs\/images\/2023\/09\/kesic_branislava040923.jpg\" style=\"height: 140px;width: 100px\" \/><\/div><\/th>\r\n\t\t\t\t\t\t\t    \r\n\t\t\t\t<th><p>\u041a\u0435\u0441\u0438\u045b \u0411\u0440\u0430\u043d\u0438\u0441\u043b\u0430\u0432\u0430<\/p>\r\n\t\t\t\t<p><\/p><p>\r\n\t\t\t\t1941\u20122023<\/p><\/th>\r\n\t\t\t<\/tr> \r\n\r\n\t\t\t<tr>\r\n\t\t\t<tr>\r\n\t\t\t\t<td colspan=\"2\">\u0443 83. \u0433\u043e\u0434\u0438\u043d\u0438 \u0436\u0438\u0432\u043e\u0442\u0430 \u043f\u0440\u0435\u043c\u0438\u043d\u0443\u043b\u0430 \u0434\u0430\u043d\u0430 1. \u0441\u0435\u043f\u0442\u0435\u043c\u0431\u0440\u0430 2023. \u0433\u043e\u0434\u0438\u043d\u0435.<\/td>\r\n\t\t\t<\/tr>\r\n\t\t\t<tr>\r\n\t\t\t\t<td colspan=\"2\">\u0421\u0430\u0445\u0440\u0430\u043d\u0430 \u0434\u0440\u0430\u0433\u0435 \u043d\u0430\u043c \u043f\u043e\u043a\u043e\u0458\u043d\u0438\u0446\u0435 \u043e\u0431\u0430\u0432\u0438\u045b\u0435 \u0441\u0435 5. \u0441\u0435\u043f\u0442\u0435\u043c\u0431\u0440\u0430 2023. \u0433\u043e\u0434\u0438\u043d\u0435 \u0443 9 \u0447\u0430\u0441\u043e\u0432\u0430\n \u043d\u0430 \u041f\u0440\u0430\u0432\u043e\u0441\u043b\u0430\u0432\u043d\u043e\u043c \u0433\u0440\u043e\u0431\u0459\u0443 \u043a\u043e\u0434 \u0414\u0443\u0434\u043e\u0432\u0435 \u0448\u0443\u043c\u0435.\n<\/td>\r\n\t\t\t<\/tr>\r\n\t\t\t<tr>\r\n\t\t\t\t<td colspan=\"2\">\u041e\u0436\u0430\u043b\u043e\u0448\u045b\u0435\u043d\u0438: \u040a\u0415\u041d\u0418 \u041d\u0410\u0408\u041c\u0418\u041b\u0418\u0408\u0418.\n\n<\/td>\r\n\t\t\t<\/tr>\t\r\n\t\t\t\r\n\t\t\t\t\t\t\r\n\t\t\t<tr>\r\n\t\t\t\t<td colspan=\"2\"><p style=\"text-align: right\"><\/td>\r\n\t\t\t<\/tr>\r\n\t\t\t<\/tbody> \t\r\n\t\t\t<\/table><\/br>\t\t\r\n\t\t\t\t\t\t\r\n\t\t\t<table class=\"pp-posmrtnice-table\" style=\"background:#626262;color:#fceabb;font-family:Lora, serif;font-size:18px\"><tbody>\r\n\t\t\t\r\n\t\t\t \r\n\t\t\t\t<th><div class=\"img\"><img decoding=\"async\" src=\"https:\/\/www.e-pogrebno.rs\/images\/2023\/09\/takac_istvan040923.jpg\" style=\"height: 140px;width: 100px\" \/><\/div><\/th>\r\n\t\t\t\t\t\t\t    \r\n\t\t\t\t<th><p>Taka\u010d I\u0161tvan<\/p>\r\n\t\t\t\t<p><\/p><p>\r\n\t\t\t\t1955-2023<\/p><\/th>\r\n\t\t\t<\/tr> \r\n\r\n\t\t\t<tr>\r\n\t\t\t<tr>\r\n\t\t\t\t<td colspan=\"2\">u 68. godini \u017eivota preminuo dana 1. septembra 2023. godine.<\/td>\r\n\t\t\t<\/tr>\r\n\t\t\t<tr>\r\n\t\t\t\t<td colspan=\"2\">Sahrana dragog nam pokojnika obavi\u0107e se 6. septembra 2023. godine u 11 sati\n na Sen\u0107anskom groblju iz mrtva\u010dnice.<\/td>\r\n\t\t\t<\/tr>\r\n\t\t\t<tr>\r\n\t\t\t\t<td colspan=\"2\">O\u017ealo\u0161\u0107eni: NJEGOVI NAJMILIJI.\n<\/td>\r\n\t\t\t<\/tr>\t\r\n\t\t\t\r\n\t\t\t\t\t\t\r\n\t\t\t<tr>\r\n\t\t\t\t<td colspan=\"2\"><p style=\"text-align: right\"><\/td>\r\n\t\t\t<\/tr>\r\n\t\t\t<\/tbody> \t\r\n\t\t\t<\/table><\/br>\t\t\r\n\t\t\t<\/br><table class=\"pp-posmrtnice-table\" width=\"250\" style=\"background:#626262;color:#fceabb;font-family:Lora, serif;font-size:18px\"><tr>\r\n\t\t\t\t\t<td><div class=\"dd-blockheader\"> \r\n\t     \t\t\t\t2022     \t\t\t \t<\/div><\/td><\/tr><\/table>\r\n\t     \t\t\t \t\t\t\t\r\n\t\t\t<table class=\"pp-posmrtnice-table\" style=\"background:#626262;color:#fceabb;font-family:Lora, serif;font-size:18px\"><tbody>\r\n\t\t\t\r\n\t\t\t \r\n\t\t\t\t<th><div class=\"img\"><img decoding=\"async\" src=\"https:\/\/www.e-pogrebno.rs\/images\/2022\/09\/rudic_roza020922.jpg\" style=\"height: 140px;width: 100px\" \/><\/div><\/th>\r\n\t\t\t\t\t\t\t    \r\n\t\t\t\t<th><p>Rudi\u0107 Ro\u017ea<\/p>\r\n\t\t\t\t<p><\/p><p>\r\n\t\t\t\t1943-2022<\/p><\/th>\r\n\t\t\t<\/tr> \r\n\r\n\t\t\t<tr>\r\n\t\t\t<tr>\r\n\t\t\t\t<td colspan=\"2\">u 79. godini \u017eivota preminula dana 1. septembra 2022. godine.<\/td>\r\n\t\t\t<\/tr>\r\n\t\t\t<tr>\r\n\t\t\t\t<td colspan=\"2\">Sahrana mile nam pokojnice obavi\u0107e se 3. septembra 2022. godine u 9 sati\nna Sen\u0107anskom groblju.<\/td>\r\n\t\t\t<\/tr>\r\n\t\t\t<tr>\r\n\t\t\t\t<td colspan=\"2\">O\u017ealo\u0161\u0107eni: NJENI NAJMILIJI.\n\n\n\n\n\n\n<\/td>\r\n\t\t\t<\/tr>\t\r\n\t\t\t\r\n\t\t\t\t\t\t\r\n\t\t\t<tr>\r\n\t\t\t\t<td colspan=\"2\"><p style=\"text-align: right\"><\/td>\r\n\t\t\t<\/tr>\r\n\t\t\t<\/tbody> \t\r\n\t\t\t<\/table><\/br>\t\t\r\n\t\t\t<\/br><table class=\"pp-posmrtnice-table\" width=\"250\" style=\"background:#626262;color:#fceabb;font-family:Lora, serif;font-size:18px\"><tr>\r\n\t\t\t\t\t<td><div class=\"dd-blockheader\"> \r\n\t     \t\t\t\t2021     \t\t\t \t<\/div><\/td><\/tr><\/table>\r\n\t     \t\t\t \t\t\t\t\r\n\t\t\t<table class=\"pp-posmrtnice-table\" style=\"background:#626262;color:#fceabb;font-family:Lora, serif;font-size:18px\"><tbody>\r\n\t\t\t\r\n\t\t\t \r\n\t\t\t\t<th><div class=\"img\"><img decoding=\"async\" src=\"https:\/\/www.e-pogrebno.rs\/images\/2021\/09\/banai_erzebet020921.jpg\" style=\"height: 140px;width: 100px\" \/><\/div><\/th>\r\n\t\t\t\t\t\t\t    \r\n\t\t\t\t<th><p>Banai Erzs\u00e9bet<\/p>\r\n\t\t\t\t<p><\/p><p>\r\n\t\t\t\t1944-2021<\/p><\/th>\r\n\t\t\t<\/tr> \r\n\r\n\t\t\t<tr>\r\n\t\t\t<tr>\r\n\t\t\t\t<td colspan=\"2\">\u00e9let\u00e9nek 77. esztendej\u00e9ben 2021. szeptember 1-\u00e9n elhunyt.<\/td>\r\n\t\t\t<\/tr>\r\n\t\t\t<tr>\r\n\t\t\t\t<td colspan=\"2\">Dr\u00e1ga halottunk temet\u00e9se 2021. szeptember 3-\u00e1n 11 \u00f3rakor lesz\na Bajai \u00fati temet\u0151 halottash\u00e1z\u00e1b\u00f3l.\n\n\n\n<\/td>\r\n\t\t\t<\/tr>\r\n\t\t\t<tr>\r\n\t\t\t\t<td colspan=\"2\">Gy\u00e1szolj\u00e1k: SZERETTEI.<\/td>\r\n\t\t\t<\/tr>\t\r\n\t\t\t\r\n\t\t\t\t\t\t\r\n\t\t\t<tr>\r\n\t\t\t\t<td colspan=\"2\"><p style=\"text-align: right\"><\/td>\r\n\t\t\t<\/tr>\r\n\t\t\t<\/tbody> \t\r\n\t\t\t<\/table><\/br>\t\t\r\n\t\t\t\t\t\t\r\n\t\t\t<table class=\"pp-posmrtnice-table\" style=\"background:#626262;color:#fceabb;font-family:Lora, serif;font-size:18px\"><tbody>\r\n\t\t\t\r\n\t\t\t \r\n\t\t\t\t<th><div class=\"img\"><img decoding=\"async\" src=\"https:\/\/www.e-pogrebno.rs\/images\/2021\/09\/maurer_balaz020921.jpg\" style=\"height: 140px;width: 100px\" \/><\/div><\/th>\r\n\t\t\t\t\t\t\t    \r\n\t\t\t\t<th><p>Maurer Bal\u00e1zs<\/p>\r\n\t\t\t\t<p><\/p><p>\r\n\t\t\t\t1969-2021<\/p><\/th>\r\n\t\t\t<\/tr> \r\n\r\n\t\t\t<tr>\r\n\t\t\t<tr>\r\n\t\t\t\t<td colspan=\"2\">\u00e9let\u00e9nek 52. \u00e9v\u00e9ben 2021. szeptember 1-\u00e9n elhunyt.<\/td>\r\n\t\t\t<\/tr>\r\n\t\t\t<tr>\r\n\t\t\t\t<td colspan=\"2\">Dr\u00e1ga halottunk temet\u00e9se 2021. szeptember 3-\u00e1n 12:30 \u00f3rakor lesz a Kir\u00e1lyalmi temet\u0151 halottash\u00e1z\u00e1b\u00f3l.\n\n\n\n<\/td>\r\n\t\t\t<\/tr>\r\n\t\t\t<tr>\r\n\t\t\t\t<td colspan=\"2\">Gy\u00e1szolj\u00e1k: SZERETTEI.<\/td>\r\n\t\t\t<\/tr>\t\r\n\t\t\t\r\n\t\t\t\t\t\t\r\n\t\t\t<tr>\r\n\t\t\t\t<td colspan=\"2\"><p style=\"text-align: right\"><\/td>\r\n\t\t\t<\/tr>\r\n\t\t\t<\/tbody> \t\r\n\t\t\t<\/table><\/br>\t\t\r\n\t\t\t\t\t\t\r\n\t\t\t<table class=\"pp-posmrtnice-table\" style=\"background:#626262;color:#fceabb;font-family:Lora, serif;font-size:18px\"><tbody>\r\n\t\t\t\r\n\t\t\t \r\n\t\t\t\t<th><div class=\"img\"><img decoding=\"async\" src=\"https:\/\/www.e-pogrebno.rs\/images\/2021\/09\/merkovic_antonija020921.jpg\" style=\"height: 140px;width: 100px\" \/><\/div><\/th>\r\n\t\t\t\t\t\t\t    \r\n\t\t\t\t<th><p>Merkovi\u0107 Antonija<\/p>\r\n\t\t\t\t<p>Leonka<\/p><p>\r\n\t\t\t\t1943-2021<\/p><\/th>\r\n\t\t\t<\/tr> \r\n\r\n\t\t\t<tr>\r\n\t\t\t<tr>\r\n\t\t\t\t<td colspan=\"2\">u 79. godini \u017eivota preminula dana 1. septembra 2021. godine.<\/td>\r\n\t\t\t<\/tr>\r\n\t\t\t<tr>\r\n\t\t\t\t<td colspan=\"2\">Sahrana mile nam pokojnice obavi\u0107e se 3. septembra 2021. godine u 14 sati\nna groblju u Donjem Tavankutu iz mrtva\u010dnice. \n\n\n\n<\/td>\r\n\t\t\t<\/tr>\r\n\t\t\t<tr>\r\n\t\t\t\t<td colspan=\"2\">O\u017ealo\u0161\u0107eni: NJENI NAJMILIJI.<\/td>\r\n\t\t\t<\/tr>\t\r\n\t\t\t\r\n\t\t\t\t\t\t\r\n\t\t\t<tr>\r\n\t\t\t\t<td colspan=\"2\"><p style=\"text-align: right\"><\/td>\r\n\t\t\t<\/tr>\r\n\t\t\t<\/tbody> \t\r\n\t\t\t<\/table><\/br>\t\t\r\n\t\t\t\t\t\t\r\n\t\t\t<table class=\"pp-posmrtnice-table\" style=\"background:#626262;color:#fceabb;font-family:Lora, serif;font-size:18px\"><tbody>\r\n\t\t\t\r\n\t\t\t \r\n\t\t\t\t<th><div class=\"img\"><img decoding=\"async\" src=\"https:\/\/www.e-pogrebno.rs\/images\/2021\/09\/saulic_magdolna020921.jpg\" style=\"height: 140px;width: 100px\" \/><\/div><\/th>\r\n\t\t\t\t\t\t\t    \r\n\t\t\t\t<th><p>Szaulity M\u00e1ria Magdolna<\/p>\r\n\t\t\t\t<p><\/p><p>\r\n\t\t\t\t1944-2021<\/p><\/th>\r\n\t\t\t<\/tr> \r\n\r\n\t\t\t<tr>\r\n\t\t\t<tr>\r\n\t\t\t\t<td colspan=\"2\">\u00e9let\u00e9nek 78. esztend\u00e9j\u00e9ben, r\u00f6vid betegs\u00e9g ut\u00e1n, 2021. szeptember 1-\u00e9n elhunyt.<\/td>\r\n\t\t\t<\/tr>\r\n\t\t\t<tr>\r\n\t\t\t\t<td colspan=\"2\">Dr\u00e1ga halottunk temet\u00e9se 2021. szeptember 3-\u00e1n 15.30 \u00f3rakor\nlesz a Zentai \u00fati temet\u0151ben.\n\n\n\n<\/td>\r\n\t\t\t<\/tr>\r\n\t\t\t<tr>\r\n\t\t\t\t<td colspan=\"2\">Gy\u00e1szolj\u00e1k: SZERETTEI.<\/td>\r\n\t\t\t<\/tr>\t\r\n\t\t\t\r\n\t\t\t\t\t\t\r\n\t\t\t<tr>\r\n\t\t\t\t<td colspan=\"2\"><p style=\"text-align: right\"><\/td>\r\n\t\t\t<\/tr>\r\n\t\t\t<\/tbody> \t\r\n\t\t\t<\/table><\/br>\t\t\r\n\t\t\t\t\t\t\r\n\t\t\t<table class=\"pp-posmrtnice-table\" style=\"background:#626262;color:#fceabb;font-family:Lora, serif;font-size:18px\"><tbody>\r\n\t\t\t\r\n\t\t\t \r\n\t\t\t\t<th><div class=\"img\"><img decoding=\"async\" src=\"https:\/\/www.e-pogrebno.rs\/images\/2021\/09\/pap_fridjes030921.jpg\" style=\"height: 140px;width: 100px\" \/><\/div><\/th>\r\n\t\t\t\t\t\t\t    \r\n\t\t\t\t<th><p>Pap Frigyes<\/p>\r\n\t\t\t\t<p><\/p><p>\r\n\t\t\t\t<\/p><\/th>\r\n\t\t\t<\/tr> \r\n\r\n\t\t\t<tr>\r\n\t\t\t<tr>\r\n\t\t\t\t<td colspan=\"2\">\u00e9let\u00e9nek 78. \u00e9v\u00e9ben elhunyt.<\/td>\r\n\t\t\t<\/tr>\r\n\t\t\t<tr>\r\n\t\t\t\t<td colspan=\"2\">Dr\u00e1ga halottunk temet\u00e9se 2021. szeptember 4-\u00e9n 11 \u00f3rakor lesz a csantav\u00e9ri Nagy temet\u0151ben.\n \n\n\n\n<\/td>\r\n\t\t\t<\/tr>\r\n\t\t\t<tr>\r\n\t\t\t\t<td colspan=\"2\">Gy\u00e1szolj\u00e1k: Csal\u00e1dja, rokonai, bar\u00e1tai \u00e9s ismer\u0151sei.\n<\/td>\r\n\t\t\t<\/tr>\t\r\n\t\t\t\r\n\t\t\t\t\t\t\r\n\t\t\t<tr>\r\n\t\t\t\t<td colspan=\"2\"><p style=\"text-align: right\"><\/td>\r\n\t\t\t<\/tr>\r\n\t\t\t<\/tbody> \t\r\n\t\t\t<\/table><\/br>\t\t\r\n\t\t\t\t\t\t\r\n\t\t\t<table class=\"pp-posmrtnice-table\" style=\"background:#626262;color:#fceabb;font-family:Lora, serif;font-size:18px\"><tbody>\r\n\t\t\t\r\n\t\t\t \r\n\t\t\t\t<th><div class=\"img\"><img decoding=\"async\" src=\"https:\/\/www.e-pogrebno.rs\/images\/2021\/09\/tonkovic_ilona030921.jpg\" style=\"height: 140px;width: 100px\" \/><\/div><\/th>\r\n\t\t\t\t\t\t\t    \r\n\t\t\t\t<th><p>Tonkovi\u0107 Ilona<\/p>\r\n\t\t\t\t<p><\/p><p>\r\n\t\t\t\t1935-2021<\/p><\/th>\r\n\t\t\t<\/tr> \r\n\r\n\t\t\t<tr>\r\n\t\t\t<tr>\r\n\t\t\t\t<td colspan=\"2\">\u00e9let\u00e9nek 87. esztendej\u00e9ben 2021. szeptember 1-\u00e9n elhunyt.<\/td>\r\n\t\t\t<\/tr>\r\n\t\t\t<tr>\r\n\t\t\t\t<td colspan=\"2\">Dr\u00e1ga halottunk temet\u00e9se 2021. szeptember 4-\u00e9n 11 \u00f3rakor lesz a Bajai \u00fati temet\u0151 P\u00e9its k\u00e1poln\u00e1j\u00e1b\u00f3l.\n\n\n\n<\/td>\r\n\t\t\t<\/tr>\r\n\t\t\t<tr>\r\n\t\t\t\t<td colspan=\"2\">Gy\u00e1szolj\u00e1k: SZERETTEI.<\/td>\r\n\t\t\t<\/tr>\t\r\n\t\t\t\r\n\t\t\t\t\t\t\r\n\t\t\t<tr>\r\n\t\t\t\t<td colspan=\"2\"><p style=\"text-align: right\"><\/td>\r\n\t\t\t<\/tr>\r\n\t\t\t<\/tbody> \t\r\n\t\t\t<\/table><\/br>\t\t\r\n\t\t\t\t\t\t\r\n\t\t\t<table class=\"pp-posmrtnice-table\" style=\"background:#626262;color:#fceabb;font-family:Lora, serif;font-size:18px\"><tbody>\r\n\t\t\t\r\n\t\t\t \r\n\t\t\t\t<th><div class=\"img\"><img decoding=\"async\" src=\"https:\/\/www.e-pogrebno.rs\/images\/2021\/09\/matkovic_geza040921.jpg\" style=\"height: 140px;width: 100px\" \/><\/div><\/th>\r\n\t\t\t\t\t\t\t    \r\n\t\t\t\t<th><p>Matkovi\u0107 Geza<\/p>\r\n\t\t\t\t<p><\/p><p>\r\n\t\t\t\t1950-2021<\/p><\/th>\r\n\t\t\t<\/tr> \r\n\r\n\t\t\t<tr>\r\n\t\t\t<tr>\r\n\t\t\t\t<td colspan=\"2\">u 72. godini \u017eivota preminuo dana 1. septembra 2021. godine.<\/td>\r\n\t\t\t<\/tr>\r\n\t\t\t<tr>\r\n\t\t\t\t<td colspan=\"2\">Sahrana dragog nam pokojnika obavi\u0107e se 6. septembra 2021. godine u 11 sati\n na Kerskom groblju iz crkvene kapele.\n\n\n\n<\/td>\r\n\t\t\t<\/tr>\r\n\t\t\t<tr>\r\n\t\t\t\t<td colspan=\"2\">O\u017ealo\u0161\u0107eni: NJEGOVI NAJMILIJI.<\/td>\r\n\t\t\t<\/tr>\t\r\n\t\t\t\r\n\t\t\t\t\t\t\r\n\t\t\t<tr>\r\n\t\t\t\t<td colspan=\"2\"><p style=\"text-align: right\"><\/td>\r\n\t\t\t<\/tr>\r\n\t\t\t<\/tbody> \t\r\n\t\t\t<\/table><\/br>\t\t\r\n\t\t\t\t\t\t\r\n\t\t\t<table class=\"pp-posmrtnice-table\" style=\"background:#626262;color:#fceabb;font-family:Lora, serif;font-size:18px\"><tbody>\r\n\t\t\t\r\n\t\t\t \r\n\t\t\t\t<th><div class=\"img\"><img decoding=\"async\" src=\"https:\/\/www.e-pogrebno.rs\/images\/2021\/09\/belancic_julijana020921.jpg\" style=\"height: 140px;width: 100px\" \/><\/div><\/th>\r\n\t\t\t\t\t\t\t    \r\n\t\t\t\t<th><p>Belan\u010di\u0107 Julijana<\/p>\r\n\t\t\t\t<p><\/p><p>\r\n\t\t\t\t1938-2021<\/p><\/th>\r\n\t\t\t<\/tr> \r\n\r\n\t\t\t<tr>\r\n\t\t\t<tr>\r\n\t\t\t\t<td colspan=\"2\">\u00e9let\u00e9nek 84. esztendej\u00e9ben  2021. szeptember 1-\u00e9n elhunyt.<\/td>\r\n\t\t\t<\/tr>\r\n\t\t\t<tr>\r\n\t\t\t\t<td colspan=\"2\">Dr\u00e1ga halottunk temet\u00e9se 2021. szeptember 4-\u00e9n 11 \u00f3rakor\nlesz a Bajai \u00fati temet\u0151 halottash\u00e1z\u00e1b\u00f3l.\n\n\n\n<\/td>\r\n\t\t\t<\/tr>\r\n\t\t\t<tr>\r\n\t\t\t\t<td colspan=\"2\">Gy\u00e1szolj\u00e1k: SZERETTEI.<\/td>\r\n\t\t\t<\/tr>\t\r\n\t\t\t\r\n\t\t\t\t\t\t\r\n\t\t\t<tr>\r\n\t\t\t\t<td colspan=\"2\"><p style=\"text-align: right\"><\/td>\r\n\t\t\t<\/tr>\r\n\t\t\t<\/tbody> \t\r\n\t\t\t<\/table><\/br>\t\t\r\n\t\t\t<\/br><table class=\"pp-posmrtnice-table\" width=\"250\" style=\"background:#626262;color:#fceabb;font-family:Lora, serif;font-size:18px\"><tr>\r\n\t\t\t\t\t<td><div class=\"dd-blockheader\"> \r\n\t     \t\t\t\t2020     \t\t\t \t<\/div><\/td><\/tr><\/table>\r\n\t     \t\t\t \t\t\t\t\r\n\t\t\t<table class=\"pp-posmrtnice-table\" style=\"background:#626262;color:#fceabb;font-family:Lora, serif;font-size:18px\"><tbody>\r\n\t\t\t\r\n\t\t\t \r\n\t\t\t\t<th><div class=\"img\"><img decoding=\"async\" src=\"https:\/\/www.e-pogrebno.rs\/images\/2020\/09\/ledenski_matild020920.jpg\" style=\"height: 140px;width: 100px\" \/><\/div><\/th>\r\n\t\t\t\t\t\t\t    \r\n\t\t\t\t<th><p>Ledenszki Matild<\/p>\r\n\t\t\t\t<p><\/p><p>\r\n\t\t\t\t1932-2020<\/p><\/th>\r\n\t\t\t<\/tr> \r\n\r\n\t\t\t<tr>\r\n\t\t\t<tr>\r\n\t\t\t\t<td colspan=\"2\">\u00e9let\u00e9nek 89. esztendej\u00e9ben  2020. szeptember 1-\u00e9n elhunyt.<\/td>\r\n\t\t\t<\/tr>\r\n\t\t\t<tr>\r\n\t\t\t\t<td colspan=\"2\">Dr\u00e1ga halottunk temet\u00e9se 2020. szeptember 3-\u00e1n 13 \u00f3rakor\nlesz a Palicsi temet\u0151 halottash\u00e1z\u00e1b\u00f3l.<\/td>\r\n\t\t\t<\/tr>\r\n\t\t\t<tr>\r\n\t\t\t\t<td colspan=\"2\">Gy\u00e1szolj\u00e1k:  fia csal\u00e1dj\u00e1val,\nvalamint t\u00f6bbi rokona, j\u00f3bar\u00e1tja \u00e9s szomsz\u00e9dja.<\/td>\r\n\t\t\t<\/tr>\t\r\n\t\t\t\r\n\t\t\t\t\t\t\r\n\t\t\t<tr>\r\n\t\t\t\t<td colspan=\"2\"><p style=\"text-align: right\"><\/td>\r\n\t\t\t<\/tr>\r\n\t\t\t<\/tbody> \t\r\n\t\t\t<\/table><\/br>\t\t\r\n\t\t\t\t\t\t\r\n\t\t\t<table class=\"pp-posmrtnice-table\" style=\"background:#626262;color:#fceabb;font-family:Lora, serif;font-size:18px\"><tbody>\r\n\t\t\t\r\n\t\t\t \r\n\t\t\t\t<th><div class=\"img\"><img decoding=\"async\" src=\"https:\/\/www.e-pogrebno.rs\/images\/2020\/09\/mesaros_matild020920.jpg\" style=\"height: 140px;width: 100px\" \/><\/div><\/th>\r\n\t\t\t\t\t\t\t    \r\n\t\t\t\t<th><p>M\u00e9sz\u00e1ros Matild<\/p>\r\n\t\t\t\t<p><\/p><p>\r\n\t\t\t\t1942-2020<\/p><\/th>\r\n\t\t\t<\/tr> \r\n\r\n\t\t\t<tr>\r\n\t\t\t<tr>\r\n\t\t\t\t<td colspan=\"2\">\u00e9let\u00e9nek 78. esztendej\u00e9ben  2020. szeptember 1-\u00e9n elhunyt.<\/td>\r\n\t\t\t<\/tr>\r\n\t\t\t<tr>\r\n\t\t\t\t<td colspan=\"2\">Dr\u00e1ga halottunk temet\u00e9se 2020. szeptember 3-\u00e1n 14.30 \u00f3rakor lesz a Kir\u00e1lyh\u00e1lmi temet\u0151 halottash\u00e1z\u00e1b\u00f3l.<\/td>\r\n\t\t\t<\/tr>\r\n\t\t\t<tr>\r\n\t\t\t\t<td colspan=\"2\">Gy\u00e1szolj\u00e1k: SZERETTEI.<\/td>\r\n\t\t\t<\/tr>\t\r\n\t\t\t\r\n\t\t\t\t\t\t\r\n\t\t\t<tr>\r\n\t\t\t\t<td colspan=\"2\"><p style=\"text-align: right\"><\/td>\r\n\t\t\t<\/tr>\r\n\t\t\t<\/tbody> \t\r\n\t\t\t<\/table><\/br>\t\t\r\n\t\t\t\t\t\t\r\n\t\t\t<table class=\"pp-posmrtnice-table\" style=\"background:#626262;color:#fceabb;font-family:Lora, serif;font-size:18px\"><tbody>\r\n\t\t\t\r\n\t\t\t \r\n\t\t\t\t<th><div class=\"img\"><img decoding=\"async\" src=\"https:\/\/www.e-pogrebno.rs\/images\/2020\/09\/sikora_marija020920.jpg\" style=\"height: 140px;width: 100px\" \/><\/div><\/th>\r\n\t\t\t\t\t\t\t    \r\n\t\t\t\t<th><p>Sikora Marija<\/p>\r\n\t\t\t\t<p><\/p><p>\r\n\t\t\t\t1945-2020<\/p><\/th>\r\n\t\t\t<\/tr> \r\n\r\n\t\t\t<tr>\r\n\t\t\t<tr>\r\n\t\t\t\t<td colspan=\"2\">u 76. godini \u017eivota preminula dana 1. septembra 2020. godine.<\/td>\r\n\t\t\t<\/tr>\r\n\t\t\t<tr>\r\n\t\t\t\t<td colspan=\"2\">Sahrana mile nam pokojnice obavi\u0107e se 3. septembra 2020. godine u 15 sati na Bajskom groblju iz Pei\u0107 kapele.<\/td>\r\n\t\t\t<\/tr>\r\n\t\t\t<tr>\r\n\t\t\t\t<td colspan=\"2\">O\u017ealo\u0161\u0107eni: NJENI NAJMILIJI.<\/td>\r\n\t\t\t<\/tr>\t\r\n\t\t\t\r\n\t\t\t\t\t\t\r\n\t\t\t<tr>\r\n\t\t\t\t<td colspan=\"2\"><p style=\"text-align: right\"><\/td>\r\n\t\t\t<\/tr>\r\n\t\t\t<\/tbody> \t\r\n\t\t\t<\/table><\/br>\t\t\r\n\t\t\t\t\t\t\r\n\t\t\t<table class=\"pp-posmrtnice-table\" style=\"background:#626262;color:#fceabb;font-family:Lora, serif;font-size:18px\"><tbody>\r\n\t\t\t\r\n\t\t\t \r\n\t\t\t\t<th><div class=\"img\"><img decoding=\"async\" src=\"https:\/\/www.e-pogrebno.rs\/images\/2020\/09\/ognjanov_piroska020920.jpg\" style=\"height: 140px;width: 100px\" \/><\/div><\/th>\r\n\t\t\t\t\t\t\t    \r\n\t\t\t\t<th><p>Ognjanov Piroska<\/p>\r\n\t\t\t\t<p><\/p><p>\r\n\t\t\t\t1945-2020<\/p><\/th>\r\n\t\t\t<\/tr> \r\n\r\n\t\t\t<tr>\r\n\t\t\t<tr>\r\n\t\t\t\t<td colspan=\"2\">\u00e9let\u00e9nek 76. esztendej\u00e9ben hossz\u00fa betegs\u00e9g ut\u00e1n 2020. szeptember 1-\u00e9n elhunyt.<\/td>\r\n\t\t\t<\/tr>\r\n\t\t\t<tr>\r\n\t\t\t\t<td colspan=\"2\">Dr\u00e1ga halottunk temet\u00e9se 2020. szeptember 3-\u00e1n 11 \u00f3rakor lesz a Zentai \u00fati temet\u0151ben.<\/td>\r\n\t\t\t<\/tr>\r\n\t\t\t<tr>\r\n\t\t\t\t<td colspan=\"2\">Gy\u00e1szolj\u00e1k: le\u00e1nya,  valamint t\u00f6bbi rokona, j\u00f3bar\u00e1tja, szomsz\u00e9dja \u00e9s ismer\u0151se.<\/td>\r\n\t\t\t<\/tr>\t\r\n\t\t\t\r\n\t\t\t\t\t\t\r\n\t\t\t<tr>\r\n\t\t\t\t<td colspan=\"2\"><p style=\"text-align: right\"><\/td>\r\n\t\t\t<\/tr>\r\n\t\t\t<\/tbody> \t\r\n\t\t\t<\/table><\/br>\t\t\r\n\t\t\t\t\t\t\r\n\t\t\t<table class=\"pp-posmrtnice-table\" style=\"background:#626262;color:#fceabb;font-family:Lora, serif;font-size:18px\"><tbody>\r\n\t\t\t\r\n\t\t\t \r\n\t\t\t\t<th><div class=\"img\"><img decoding=\"async\" src=\"https:\/\/www.e-pogrebno.rs\/images\/2020\/09\/antun_baca020920.jpg\" style=\"height: 140px;width: 100px\" \/><\/div><\/th>\r\n\t\t\t\t\t\t\t    \r\n\t\t\t\t<th><p>Skenderovi\u0107 Antun<\/p>\r\n\t\t\t\t<p>Ba\u0107a<\/p><p>\r\n\t\t\t\t1937-2020<\/p><\/th>\r\n\t\t\t<\/tr> \r\n\r\n\t\t\t<tr>\r\n\t\t\t<tr>\r\n\t\t\t\t<td colspan=\"2\">u 84. godini \u017eivota preminuo dana 1. septembra 2020. godine.<\/td>\r\n\t\t\t<\/tr>\r\n\t\t\t<tr>\r\n\t\t\t\t<td colspan=\"2\">Sahrana dragog nam pokojnika bi\u0107e obavljena 3. septembra 2020. godine u 16 \u010dasova\n na groblju u Donjem Tavankutu iz mrtva\u010dnice.<\/td>\r\n\t\t\t<\/tr>\r\n\t\t\t<tr>\r\n\t\t\t\t<td colspan=\"2\">O\u017ealo\u0161\u0107eni: sin Ivan, snaja Jelena, unuk Neboj\u0161a sa verenicom Dajanom, unuka Nada sa suprugom Lukom, unuka Adrijana sa sinom Viktorom, brat Aleksandar sa porodicom, \nkao i ostala rodbina.<\/td>\r\n\t\t\t<\/tr>\t\r\n\t\t\t\r\n\t\t\t\t\t\t\r\n\t\t\t<tr>\r\n\t\t\t\t<td colspan=\"2\"><p style=\"text-align: right\"><\/td>\r\n\t\t\t<\/tr>\r\n\t\t\t<\/tbody> \t\r\n\t\t\t<\/table><\/br>\t\t\r\n\t\t\t\t\t\t\r\n\t\t\t<table class=\"pp-posmrtnice-table\" style=\"background:#626262;color:#fceabb;font-family:Lora, serif;font-size:18px\"><tbody>\r\n\t\t\t\r\n\t\t\t \r\n\t\t\t\t<th><div class=\"img\"><img decoding=\"async\" src=\"https:\/\/www.e-pogrebno.rs\/images\/2020\/09\/terecik_istvan040920.jpg\" style=\"height: 140px;width: 100px\" \/><\/div><\/th>\r\n\t\t\t\t\t\t\t    \r\n\t\t\t\t<th><p>Tere\u010dik I\u0161tvan<\/p>\r\n\t\t\t\t<p>Dudu\u0161<\/p><p>\r\n\t\t\t\t1944-2020<\/p><\/th>\r\n\t\t\t<\/tr> \r\n\r\n\t\t\t<tr>\r\n\t\t\t<tr>\r\n\t\t\t\t<td colspan=\"2\">u 76. godini \u017eivota preminuo dana 1. septembra 2020. godine.<\/td>\r\n\t\t\t<\/tr>\r\n\t\t\t<tr>\r\n\t\t\t\t<td colspan=\"2\">Sahrana dragog nam pokojnika obavi\u0107e se 5. septembra 2020. godine u 11 sati\n na Sen\u0107anskom groblju.<\/td>\r\n\t\t\t<\/tr>\r\n\t\t\t<tr>\r\n\t\t\t\t<td colspan=\"2\">O\u017ealo\u0161\u0107eni: NJEGOVI NAJMILIJI.<\/td>\r\n\t\t\t<\/tr>\t\r\n\t\t\t\r\n\t\t\t\t\t\t\r\n\t\t\t<tr>\r\n\t\t\t\t<td colspan=\"2\"><p style=\"text-align: right\"><\/td>\r\n\t\t\t<\/tr>\r\n\t\t\t<\/tbody> \t\r\n\t\t\t<\/table><\/br>\t\t\r\n\t\t\t<\/br><table class=\"pp-posmrtnice-table\" width=\"250\" style=\"background:#626262;color:#fceabb;font-family:Lora, serif;font-size:18px\"><tr>\r\n\t\t\t\t\t<td><div class=\"dd-blockheader\"> \r\n\t     \t\t\t\t2019     \t\t\t \t<\/div><\/td><\/tr><\/table>\r\n\t     \t\t\t \t\t\t\t\r\n\t\t\t<table class=\"pp-posmrtnice-table\" style=\"background:#626262;color:#fceabb;font-family:Lora, serif;font-size:18px\"><tbody>\r\n\t\t\t\r\n\t\t\t \r\n\t\t\t\t<th><div class=\"img\"><img decoding=\"async\" src=\"https:\/\/www.e-pogrebno.rs\/images\/2019\/09\/zekovic_nikola020919.jpg\" style=\"height: 140px;width: 100px\" \/><\/div><\/th>\r\n\t\t\t\t\t\t\t    \r\n\t\t\t\t<th><p>\u0417\u0435\u043a\u043e\u0432\u0438\u045b \u041d\u0438\u043a\u043e\u043b\u0430<\/p>\r\n\t\t\t\t<p><\/p><p>\r\n\t\t\t\t1959-2019<\/p><\/th>\r\n\t\t\t<\/tr> \r\n\r\n\t\t\t<tr>\r\n\t\t\t<tr>\r\n\t\t\t\t<td colspan=\"2\">\u0443 61. \u0433\u043e\u0434\u0438\u043d\u0438 \u0436\u0438\u0432\u043e\u0442\u0430 \u0438\u0437\u043d\u0435\u043d\u0430\u0434\u0430 \u043f\u0440\u0435\u043c\u0438\u043d\u0443\u043e \u0434\u0430\u043d\u0430 1. \u0441\u0435\u043f\u0442\u0435\u043c\u0431\u0440\u0430 2019. \u0433\u043e\u0434\u0438\u043d\u0435.<\/td>\r\n\t\t\t<\/tr>\r\n\t\t\t<tr>\r\n\t\t\t\t<td colspan=\"2\">\u0421\u0430\u0445\u0440\u0430\u043d\u0430 \u043c\u0438\u043b\u043e\u0433 \u043d\u0430\u043c \u043f\u043e\u043a\u043e\u0458\u043d\u0438\u043a\u0430 \u043e\u0431\u0430\u0432\u0438\u045b\u0435 \u0441\u0435 3. \u0441\u0435\u043f\u0442\u0435\u043c\u0431\u0440\u0430 2019. \u0433\u043e\u0434\u0438\u043d\u0435 \u0443 15.30 \u0447\u0430\u0441\u043e\u0432\u0430 \u043d\u0430 \u041d\u043e\u0432\u043e\u043c \u0433\u0440\u043e\u0431\u0459\u0443 \u0443 \u0410\u043b\u0435\u043a\u0441\u0430\u043d\u0434\u0440\u043e\u0432\u0443 \u0438\u0437 \u043c\u0440\u0442\u0432\u0430\u0447\u043d\u0438\u0446\u0435.\n<\/td>\r\n\t\t\t<\/tr>\r\n\t\t\t<tr>\r\n\t\t\t\t<td colspan=\"2\">\u041e\u0436\u0430\u043b\u043e\u0448\u045b\u0435\u043d\u0438: \u040a\u0415\u0413\u041e\u0412\u0418 \u041d\u0410\u0408\u041c\u0418\u041b\u0418\u0408\u0418.<\/td>\r\n\t\t\t<\/tr>\t\r\n\t\t\t\r\n\t\t\t\t\t\t\r\n\t\t\t<tr>\r\n\t\t\t\t<td colspan=\"2\"><p style=\"text-align: right\"><\/td>\r\n\t\t\t<\/tr>\r\n\t\t\t<\/tbody> \t\r\n\t\t\t<\/table><\/br>\t\t\r\n\t\t\t\t\t\t\r\n\t\t\t<table class=\"pp-posmrtnice-table\" style=\"background:#626262;color:#fceabb;font-family:Lora, serif;font-size:18px\"><tbody>\r\n\t\t\t\r\n\t\t\t \r\n\t\t\t\t<th><div class=\"img\"><img decoding=\"async\" src=\"https:\/\/www.e-pogrebno.rs\/images\/2019\/09\/sojic_dusan020919.jpg\" style=\"height: 140px;width: 100px\" \/><\/div><\/th>\r\n\t\t\t\t\t\t\t    \r\n\t\t\t\t<th><p>\u0428\u043e\u0458\u0438\u045b \u0414\u0443\u0448\u0430\u043d<\/p>\r\n\t\t\t\t<p><\/p><p>\r\n\t\t\t\t1935-2019<\/p><\/th>\r\n\t\t\t<\/tr> \r\n\r\n\t\t\t<tr>\r\n\t\t\t<tr>\r\n\t\t\t\t<td colspan=\"2\">\u0443 85. \u0433\u043e\u0434\u0438\u043d\u0438 \u0436\u0438\u0432\u043e\u0442\u0430 \u043f\u0440\u0435\u043c\u0438\u043d\u0443\u043e \u0434\u0430\u043d\u0430 1. \u0441\u0435\u043f\u0442\u0435\u043c\u0431\u0440\u0430 2019. \u0433\u043e\u0434\u0438\u043d\u0435.<\/td>\r\n\t\t\t<\/tr>\r\n\t\t\t<tr>\r\n\t\t\t\t<td colspan=\"2\">\u0421\u0430\u0445\u0440\u0430\u043d\u0430 \u0434\u0440\u0430\u0433\u043e\u0433 \u043d\u0430\u043c \u043f\u043e\u043a\u043e\u0458\u043d\u0438\u043a\u0430 \u043e\u0431\u0430\u0432\u0438\u045b\u0435 \u0441\u0435 3. \u0441\u0435\u043f\u0442\u0435\u043c\u0431\u0440\u0430 2019. \u0433\u043e\u0434\u0438\u043d\u0435 \u0443 12.30 \u0447\u0430\u0441\u043e\u0432\u0430 \u043d\u0430 \u041f\u0440\u0430\u0432\u043e\u0441\u043b\u0430\u0432\u043d\u043e\u043c \u0433\u0440\u043e\u0431\u0459\u0443 \u043a\u043e\u0434 \u0414\u0443\u0434\u043e\u0432\u0435 \u0448\u0443\u043c\u0435 \u0438\u0437 \u0446\u0440\u043a\u0432\u0435\u043d\u0435 \u043a\u0430\u043f\u0435\u043b\u0435<\/td>\r\n\t\t\t<\/tr>\r\n\t\t\t<tr>\r\n\t\t\t\t<td colspan=\"2\">\u041e\u0436\u0430\u043b\u043e\u0448\u045b\u0435\u043d\u0438: \u0441\u0443\u043f\u0440\u0443\u0433\u0430 \u041a\u0430\u0442\u0438\u0446\u0430 (\u041a\u0430\u0458\u0430), \u0441\u0438\u043d \u0414\u0440\u0430\u0433\u0430\u043d, \u0431\u0440\u0430\u0442 \u041c\u0438\u043b\u0435 \u0441\u0430 \u043f\u043e\u0440\u043e\u0434\u0438\u0446\u043e\u043c, \u0441\u0435\u0441\u0442\u0440\u0435 \u0414\u0443\u0448\u0430\u043d\u043a\u0430, \u0420\u0430\u0434\u043c\u0438\u043b\u0430, \u0421\u043b\u043e\u0431\u043e\u0434\u0430\u043d\u043a\u0430 \u0438 \u0418\u043b\u0438\u043d\u043a\u0430 \u0441\u0430 \u043f\u043e\u0440\u043e\u0434\u0438\u0446\u0430\u043c\u0430, \u0437\u0435\u0442 \u041c\u0438\u043b\u0430\u043d, \u043a\u0430\u043e \u0438 \u043e\u0441\u0442\u0430\u043b\u0430 \u0440\u043e\u0434\u0431\u0438\u043d\u0430, \u043a\u0443\u043c\u043e\u0432\u0438, \u043f\u0440\u0438\u0458\u0430\u0442\u0435\u0459\u0438, \u043a\u043e\u043c\u0448\u0438\u0458\u0435 \u0438 \u043f\u043e\u0437\u043d\u0430\u043d\u0438\u0446\u0438.<\/td>\r\n\t\t\t<\/tr>\t\r\n\t\t\t\r\n\t\t\t\t\t\t\r\n\t\t\t<tr>\r\n\t\t\t\t<td colspan=\"2\"><p style=\"text-align: right\"><\/td>\r\n\t\t\t<\/tr>\r\n\t\t\t<\/tbody> \t\r\n\t\t\t<\/table><\/br>\t\t\r\n\t\t\t\t\t\t\r\n\t\t\t<table class=\"pp-posmrtnice-table\" style=\"background:#626262;color:#fceabb;font-family:Lora, serif;font-size:18px\"><tbody>\r\n\t\t\t\r\n\t\t\t \r\n\t\t\t\t<th><div class=\"img\"><img decoding=\"async\" src=\"https:\/\/www.e-pogrebno.rs\/images\/2019\/09\/papp_jozef030919.jpg\" style=\"height: 140px;width: 100px\" \/><\/div><\/th>\r\n\t\t\t\t\t\t\t    \r\n\t\t\t\t<th><p>Papp J\u00f3zsef<\/p>\r\n\t\t\t\t<p><\/p><p>\r\n\t\t\t\t1930-2019<\/p><\/th>\r\n\t\t\t<\/tr> \r\n\r\n\t\t\t<tr>\r\n\t\t\t<tr>\r\n\t\t\t\t<td colspan=\"2\">\u00e9let\u00e9nek 90. esztendej\u00e9ben 2019. szeptember 1-\u00e9n elhunyt.<\/td>\r\n\t\t\t<\/tr>\r\n\t\t\t<tr>\r\n\t\t\t\t<td colspan=\"2\">Dr\u00e1ga halottunk temet\u00e9se 2019. szeptember 4-\u00e9n 17 \u00f3rakor lesz a Szent Kereszt R\u00f3mai Katolikus Pl\u00e9b\u00e1nia altemtplom\u00e1ban.<\/td>\r\n\t\t\t<\/tr>\r\n\t\t\t<tr>\r\n\t\t\t\t<td colspan=\"2\">Gy\u00e1szolj\u00e1k: SZERETTEI.<\/td>\r\n\t\t\t<\/tr>\t\r\n\t\t\t\r\n\t\t\t\t\t\t\r\n\t\t\t<tr>\r\n\t\t\t\t<td colspan=\"2\"><p style=\"text-align: right\"><\/td>\r\n\t\t\t<\/tr>\r\n\t\t\t<\/tbody> \t\r\n\t\t\t<\/table><\/br>\t\t\r\n\t\t\t\t\t\t\r\n\t\t\t<table class=\"pp-posmrtnice-table\" style=\"background:#626262;color:#fceabb;font-family:Lora, serif;font-size:18px\"><tbody>\r\n\t\t\t\r\n\t\t\t \r\n\t\t\t\t<th><div class=\"img\"><img decoding=\"async\" src=\"https:\/\/www.e-pogrebno.rs\/images\/2019\/09\/noskovic_istvan040919.jpg\" style=\"height: 140px;width: 100px\" \/><\/div><\/th>\r\n\t\t\t\t\t\t\t    \r\n\t\t\t\t<th><p>Noskovi\u0107 I\u0161tvan<\/p>\r\n\t\t\t\t<p><\/p><p>\r\n\t\t\t\t1957-2019<\/p><\/th>\r\n\t\t\t<\/tr> \r\n\r\n\t\t\t<tr>\r\n\t\t\t<tr>\r\n\t\t\t\t<td colspan=\"2\">u 63. godini \u017eivota preminuo dana 1. septembra 2019. godine.<\/td>\r\n\t\t\t<\/tr>\r\n\t\t\t<tr>\r\n\t\t\t\t<td colspan=\"2\">Sahrana dragog nam pokojnika obavi\u0107e se 5. septembra 2019. godine u 9 \u010dasova\nna Sen\u0107anskom groblju iz mrtva\u010dnice.\n\n<\/td>\r\n\t\t\t<\/tr>\r\n\t\t\t<tr>\r\n\t\t\t\t<td colspan=\"2\">O\u017ealo\u0161\u0107eni: NJEGOVI NAJMILIJI.<\/td>\r\n\t\t\t<\/tr>\t\r\n\t\t\t\r\n\t\t\t\t\t\t\r\n\t\t\t<tr>\r\n\t\t\t\t<td colspan=\"2\"><p style=\"text-align: right\"><\/td>\r\n\t\t\t<\/tr>\r\n\t\t\t<\/tbody> \t\r\n\t\t\t<\/table><\/br>\t\t\r\n\t\t\t<\/br><table class=\"pp-posmrtnice-table\" width=\"250\" style=\"background:#626262;color:#fceabb;font-family:Lora, serif;font-size:18px\"><tr>\r\n\t\t\t\t\t<td><div class=\"dd-blockheader\"> \r\n\t     \t\t\t\t2018     \t\t\t \t<\/div><\/td><\/tr><\/table>\r\n\t     \t\t\t \t\t\t\t\r\n\t\t\t<table class=\"pp-posmrtnice-table\" style=\"background:#626262;color:#fceabb;font-family:Lora, serif;font-size:18px\"><tbody>\r\n\t\t\t\r\n\t\t\t\t\t\t\t<th><p> <\/p><\/th>\r\n\t\t\t\t\t\t\t    \r\n\t\t\t\t<th><p>Gle\u017eni\u0107 Saveta<\/p>\r\n\t\t\t\t<p><\/p><p>\r\n\t\t\t\t1932-2018<\/p><\/th>\r\n\t\t\t<\/tr> \r\n\r\n\t\t\t<tr>\r\n\t\t\t<tr>\r\n\t\t\t\t<td colspan=\"2\">u 87. godini \u017eivota preminula dana 1. septembra 2018. godine.<\/td>\r\n\t\t\t<\/tr>\r\n\t\t\t<tr>\r\n\t\t\t\t<td colspan=\"2\">Sahrana drage nam pokojnice obavi\u0107e se 3. septembra 2018. godine u 11 \u010dasova na Pravoslavnom groblju kod Dudove \u0161ume iz crkvene kapele.<\/td>\r\n\t\t\t<\/tr>\r\n\t\t\t<tr>\r\n\t\t\t\t<td colspan=\"2\">O\u017ealo\u0161\u0107eni: NJENI NAJMILIJI.<\/td>\r\n\t\t\t<\/tr>\t\r\n\t\t\t\r\n\t\t\t\t\t\t\r\n\t\t\t<tr>\r\n\t\t\t\t<td colspan=\"2\"><p style=\"text-align: right\"><\/td>\r\n\t\t\t<\/tr>\r\n\t\t\t<\/tbody> \t\r\n\t\t\t<\/table><\/br>\t\t\r\n\t\t\t\t\t\t\r\n\t\t\t<table class=\"pp-posmrtnice-table\" style=\"background:#626262;color:#fceabb;font-family:Lora, serif;font-size:18px\"><tbody>\r\n\t\t\t\r\n\t\t\t \r\n\t\t\t\t<th><div class=\"img\"><img decoding=\"async\" src=\"https:\/\/www.e-pogrebno.rs\/images\/2018\/09\/hen_katalin020918.jpg\" style=\"height: 140px;width: 100px\" \/><\/div><\/th>\r\n\t\t\t\t\t\t\t    \r\n\t\t\t\t<th><p>H\u00e9n Katalin<\/p>\r\n\t\t\t\t<p><\/p><p>\r\n\t\t\t\t1937-2018<\/p><\/th>\r\n\t\t\t<\/tr> \r\n\r\n\t\t\t<tr>\r\n\t\t\t<tr>\r\n\t\t\t\t<td colspan=\"2\">\u00e9let\u00e9nek 82. esztendej\u00e9ben, hossz\u00fa betegs\u00e9g ut\u00e1n 2018. szeptember 1-\u00e9n elhunyt.<\/td>\r\n\t\t\t<\/tr>\r\n\t\t\t<tr>\r\n\t\t\t\t<td colspan=\"2\">Dr\u00e1ga halottunk temet\u00e9se 2018. szeptember 3-\u00e1n 17 \u00f3rakor lesz a Bajai \u00fati temet\u0151 P\u00e9its k\u00e1poln\u00e1j\u00e1b\u00f3l.<\/td>\r\n\t\t\t<\/tr>\r\n\t\t\t<tr>\r\n\t\t\t\t<td colspan=\"2\">Gy\u00e1szolj\u00e1k: SZERETTEI.<\/td>\r\n\t\t\t<\/tr>\t\r\n\t\t\t\r\n\t\t\t\t\t\t\r\n\t\t\t<tr>\r\n\t\t\t\t<td colspan=\"2\"><p style=\"text-align: right\"><\/td>\r\n\t\t\t<\/tr>\r\n\t\t\t<\/tbody> \t\r\n\t\t\t<\/table><\/br>\t\t\r\n\t\t\t\t\t\t\r\n\t\t\t<table class=\"pp-posmrtnice-table\" style=\"background:#626262;color:#fceabb;font-family:Lora, serif;font-size:18px\"><tbody>\r\n\t\t\t\r\n\t\t\t \r\n\t\t\t\t<th><div class=\"img\"><img decoding=\"async\" src=\"https:\/\/www.e-pogrebno.rs\/images\/2018\/09\/djurdjinka_dobric0030918.jpg\" style=\"height: 140px;width: 100px\" \/><\/div><\/th>\r\n\t\t\t\t\t\t\t    \r\n\t\t\t\t<th><p>Dobri\u0107 \u0110ur\u0111inka<\/p>\r\n\t\t\t\t<p><\/p><p>\r\n\t\t\t\t1947-2018<\/p><\/th>\r\n\t\t\t<\/tr> \r\n\r\n\t\t\t<tr>\r\n\t\t\t<tr>\r\n\t\t\t\t<td colspan=\"2\">u 72. godini \u017eivota posle te\u0161ke bolesti preminula dana 1. septembra 2018. godine.<\/td>\r\n\t\t\t<\/tr>\r\n\t\t\t<tr>\r\n\t\t\t\t<td colspan=\"2\">Sahrana mile nam pokojnice obavi\u0107e se 4. septembra 2018. godine u 11 \u010dasova na Pravoslavnom groblju Dudova \u0161uma iz crkvene kapele.<\/td>\r\n\t\t\t<\/tr>\r\n\t\t\t<tr>\r\n\t\t\t\t<td colspan=\"2\">O\u017ealo\u0161\u0107eni: NJENI NAJMILIJI.<\/td>\r\n\t\t\t<\/tr>\t\r\n\t\t\t\r\n\t\t\t\t\t\t\r\n\t\t\t<tr>\r\n\t\t\t\t<td colspan=\"2\"><p style=\"text-align: right\"><\/td>\r\n\t\t\t<\/tr>\r\n\t\t\t<\/tbody> \t\r\n\t\t\t<\/table><\/br>\t\t\r\n\t\t\t\t\t\t\r\n\t\t\t<table class=\"pp-posmrtnice-table\" style=\"background:#626262;color:#fceabb;font-family:Lora, serif;font-size:18px\"><tbody>\r\n\t\t\t\r\n\t\t\t \r\n\t\t\t\t<th><div class=\"img\"><img decoding=\"async\" src=\"https:\/\/www.e-pogrebno.rs\/images\/2018\/09\/torocik_gabrijel110918.jpg\" style=\"height: 140px;width: 100px\" \/><\/div><\/th>\r\n\t\t\t\t\t\t\t    \r\n\t\t\t\t<th><p>T\u00f6r\u0151csik G\u00e1briel<\/p>\r\n\t\t\t\t<p><\/p><p>\r\n\t\t\t\t1989-2018<\/p><\/th>\r\n\t\t\t<\/tr> \r\n\r\n\t\t\t<tr>\r\n\t\t\t<tr>\r\n\t\t\t\t<td colspan=\"2\">\u00e9let\u00e9nek 30. esztendej\u00e9ben 2018. szeptember 1-\u00e9n szerencs\u00e9tlens\u00e9g \u00e1ldozata lett.<\/td>\r\n\t\t\t<\/tr>\r\n\t\t\t<tr>\r\n\t\t\t\t<td colspan=\"2\">Dr\u00e1ga halottunk temet\u00e9se 2018. szeptember 15-\u00e9n 15.30 \u00f3rakor lesz a Kir\u00e1lyhalmi temet\u0151 halottash\u00e1z\u00e1b\u00f3l.<\/td>\r\n\t\t\t<\/tr>\r\n\t\t\t<tr>\r\n\t\t\t\t<td colspan=\"2\">Gy\u00e1szolj\u00e1k: SZERETTEI.<\/td>\r\n\t\t\t<\/tr>\t\r\n\t\t\t\r\n\t\t\t\t\t\t\r\n\t\t\t<tr>\r\n\t\t\t\t<td colspan=\"2\"><p style=\"text-align: right\"><\/td>\r\n\t\t\t<\/tr>\r\n\t\t\t<\/tbody> \t\r\n\t\t\t<\/table><\/br>\t\t\r\n\t\t\t<\/br><table class=\"pp-posmrtnice-table\" width=\"250\" style=\"background:#626262;color:#fceabb;font-family:Lora, serif;font-size:18px\"><tr>\r\n\t\t\t\t\t<td><div class=\"dd-blockheader\"> \r\n\t     \t\t\t\t2016     \t\t\t \t<\/div><\/td><\/tr><\/table>\r\n\t     \t\t\t \t\t\t\t\r\n\t\t\t<table class=\"pp-posmrtnice-table\" style=\"background:#626262;color:#fceabb;font-family:Lora, serif;font-size:18px\"><tbody>\r\n\t\t\t\r\n\t\t\t \r\n\t\t\t\t<th><div class=\"img\"><img decoding=\"async\" src=\"https:\/\/www.e-pogrebno.rs\/images\/2016\/09\/perec_milka.jpg\" style=\"height: 140px;width: 100px\" \/><\/div><\/th>\r\n\t\t\t\t\t\t\t    \r\n\t\t\t\t<th><p>Perec Milka<\/p>\r\n\t\t\t\t<p><\/p><p>\r\n\t\t\t\t1930-2016<\/p><\/th>\r\n\t\t\t<\/tr> \r\n\r\n\t\t\t<tr>\r\n\t\t\t<tr>\r\n\t\t\t\t<td colspan=\"2\">u 86. godini \u017eivota preminula dana 1. septembra 2016. godine.<\/td>\r\n\t\t\t<\/tr>\r\n\t\t\t<tr>\r\n\t\t\t\t<td colspan=\"2\">Sahrana drage nam pokojnice obavi\u0107e se 5 . septembra 2016. godine u 15.30 \u010dasova na Kerskom groblju iz mrtva\u010dnice.<\/td>\r\n\t\t\t<\/tr>\r\n\t\t\t<tr>\r\n\t\t\t\t<td colspan=\"2\">O\u017ealo\u0161\u0107eni: sin DU\u0160AN, kao i ostala rodbina, prijatelji i kom\u0161ije.<\/td>\r\n\t\t\t<\/tr>\t\r\n\t\t\t\r\n\t\t\t\t\t\t\r\n\t\t\t<tr>\r\n\t\t\t\t<td colspan=\"2\"><p style=\"text-align: right\"><\/td>\r\n\t\t\t<\/tr>\r\n\t\t\t<\/tbody> \t\r\n\t\t\t<\/table><\/br>\t\t\r\n\t\t\t\t\t\t\r\n\t\t\t<table class=\"pp-posmrtnice-table\" style=\"background:#626262;color:#fceabb;font-family:Lora, serif;font-size:18px\"><tbody>\r\n\t\t\t\r\n\t\t\t \r\n\t\t\t\t<th><div class=\"img\"><img decoding=\"async\" src=\"https:\/\/www.e-pogrebno.rs\/images\/2016\/09\/majlat_nandor.jpg\" style=\"height: 140px;width: 100px\" \/><\/div><\/th>\r\n\t\t\t\t\t\t\t    \r\n\t\t\t\t<th><p>Majl\u00e1t N\u00e1ndor<\/p>\r\n\t\t\t\t<p><\/p><p>\r\n\t\t\t\t1945-2016<\/p><\/th>\r\n\t\t\t<\/tr> \r\n\r\n\t\t\t<tr>\r\n\t\t\t<tr>\r\n\t\t\t\t<td colspan=\"2\">\u00e9let\u00e9nek 71. esztendej\u00e9ben 2016. szeptember 1-\u00e9n elhunyt.<\/td>\r\n\t\t\t<\/tr>\r\n\t\t\t<tr>\r\n\t\t\t\t<td colspan=\"2\">Dr\u00e1ga halottunk temet\u00e9se 2016. szeptember 3-\u00e1n 13 \u00f3rakor lesz a Bajai \u00fati temet\u0151 halottash\u00e1z\u00e1b\u00f3l.<\/td>\r\n\t\t\t<\/tr>\r\n\t\t\t<tr>\r\n\t\t\t\t<td colspan=\"2\">Gy\u00e1szolj\u00e1k: SZERETTEI.<\/td>\r\n\t\t\t<\/tr>\t\r\n\t\t\t\r\n\t\t\t\t\t\t\r\n\t\t\t<tr>\r\n\t\t\t\t<td colspan=\"2\"><p style=\"text-align: right\"><\/td>\r\n\t\t\t<\/tr>\r\n\t\t\t<\/tbody> \t\r\n\t\t\t<\/table><\/br>\t\t\r\n\t\t\t\t\t\t\r\n\t\t\t<table class=\"pp-posmrtnice-table\" style=\"background:#626262;color:#fceabb;font-family:Lora, serif;font-size:18px\"><tbody>\r\n\t\t\t\r\n\t\t\t \r\n\t\t\t\t<th><div class=\"img\"><img decoding=\"async\" src=\"https:\/\/www.e-pogrebno.rs\/images\/2016\/09\/hemi_matija.jpg\" style=\"height: 140px;width: 100px\" \/><\/div><\/th>\r\n\t\t\t\t\t\t\t    \r\n\t\t\t\t<th><p>Hemi Matija<\/p>\r\n\t\t\t\t<p><\/p><p>\r\n\t\t\t\t1947-2016<\/p><\/th>\r\n\t\t\t<\/tr> \r\n\r\n\t\t\t<tr>\r\n\t\t\t<tr>\r\n\t\t\t\t<td colspan=\"2\">u 70. godini \u017eivota preminuo dana 1. septembra 2016. godine.<\/td>\r\n\t\t\t<\/tr>\r\n\t\t\t<tr>\r\n\t\t\t\t<td colspan=\"2\">Sahrana dragog nam pokojnika obavi\u0107e se 3. septembra 2016. godine u 15.30 sati na Sen\u0107anskom groblju iz mrtva\u010dnice.<\/td>\r\n\t\t\t<\/tr>\r\n\t\t\t<tr>\r\n\t\t\t\t<td colspan=\"2\">O\u017ealo\u0161\u0107eni: NJEGOVI NAJMILIJI.<\/td>\r\n\t\t\t<\/tr>\t\r\n\t\t\t\r\n\t\t\t\t\t\t\r\n\t\t\t<tr>\r\n\t\t\t\t<td colspan=\"2\"><p style=\"text-align: right\"><\/td>\r\n\t\t\t<\/tr>\r\n\t\t\t<\/tbody> \t\r\n\t\t\t<\/table><\/br>\t\t\r\n\t\t\t\t\t\t\r\n\t\t\t<table class=\"pp-posmrtnice-table\" style=\"background:#626262;color:#fceabb;font-family:Lora, serif;font-size:18px\"><tbody>\r\n\t\t\t\r\n\t\t\t \r\n\t\t\t\t<th><div class=\"img\"><img decoding=\"async\" src=\"https:\/\/www.e-pogrebno.rs\/images\/2016\/09\/kovac_koka.jpg\" style=\"height: 140px;width: 100px\" \/><\/div><\/th>\r\n\t\t\t\t\t\t\t    \r\n\t\t\t\t<th><p>Kov\u00e1cs K\u00f3ka Iv\u00e1n<\/p>\r\n\t\t\t\t<p>\u00d6csibatya<\/p><p>\r\n\t\t\t\t1947-2016<\/p><\/th>\r\n\t\t\t<\/tr> \r\n\r\n\t\t\t<tr>\r\n\t\t\t<tr>\r\n\t\t\t\t<td colspan=\"2\">\u00e9let\u00e9nek 70. esztendej\u00e9ben, 2016. szeptember 1-\u00e9n elhunyt.<\/td>\r\n\t\t\t<\/tr>\r\n\t\t\t<tr>\r\n\t\t\t\t<td colspan=\"2\">Dr\u00e1ga halottunk temet\u00e9se 2016. szeptember 12-\u00e9n 17 \u00f3rakor a Bajai \u00fati temet\u0151 P\u00e9its k\u00e1poln\u00e1j\u00e1b\u00f3l.<\/td>\r\n\t\t\t<\/tr>\r\n\t\t\t<tr>\r\n\t\t\t\t<td colspan=\"2\">Gy\u00e1szolj\u00e1k: SZERETTEI.<\/td>\r\n\t\t\t<\/tr>\t\r\n\t\t\t\r\n\t\t\t\t\t\t\r\n\t\t\t<tr>\r\n\t\t\t\t<td colspan=\"2\"><p style=\"text-align: right\"><\/td>\r\n\t\t\t<\/tr>\r\n\t\t\t<\/tbody> \t\r\n\t\t\t<\/table><\/br>\t\t\r\n\t\t\t<\/br><table class=\"pp-posmrtnice-table\" width=\"250\" style=\"background:#626262;color:#fceabb;font-family:Lora, serif;font-size:18px\"><tr>\r\n\t\t\t\t\t<td><div class=\"dd-blockheader\"> \r\n\t     \t\t\t\t2015     \t\t\t \t<\/div><\/td><\/tr><\/table>\r\n\t     \t\t\t \t\t\t\t\r\n\t\t\t<table class=\"pp-posmrtnice-table\" style=\"background:#626262;color:#fceabb;font-family:Lora, serif;font-size:18px\"><tbody>\r\n\t\t\t\r\n\t\t\t \r\n\t\t\t\t<th><div class=\"img\"><img decoding=\"async\" src=\"https:\/\/www.e-pogrebno.rs\/images\/2015\/09\/Torocik_Ferenc.jpg\" style=\"height: 140px;width: 100px\" \/><\/div><\/th>\r\n\t\t\t\t\t\t\t    \r\n\t\t\t\t<th><p>T\u00f6r\u0151csik Ferenc<\/p>\r\n\t\t\t\t<p><\/p><p>\r\n\t\t\t\t1933-2015<\/p><\/th>\r\n\t\t\t<\/tr> \r\n\r\n\t\t\t<tr>\r\n\t\t\t<tr>\r\n\t\t\t\t<td colspan=\"2\">\u00e9let\u00e9nek 82. esztendej\u00e9ben r\u00f6vid, s\u00falyos betegs\u00e9g ut\u00e1n 2015. szeptember 1-\u00e9n elhunyt.<\/td>\r\n\t\t\t<\/tr>\r\n\t\t\t<tr>\r\n\t\t\t\t<td colspan=\"2\">Dr\u00e1ga halottunk temet\u00e9se 2015. szeptember 5-\u00e9n 15.30 \u00f3rakor lesz a Kir\u00e1lyhalmi temet\u0151 halottash\u00e1z\u00e1b\u00f3l.<\/td>\r\n\t\t\t<\/tr>\r\n\t\t\t<tr>\r\n\t\t\t\t<td colspan=\"2\">Gy\u00e1szolj\u00e1k: feles\u00e9ge, fiai, menyei, unok\u00e1i, unokamenye, unokaveje, d\u00e9dunok\u00e1i, testv\u00e9rei, valamint rokonai, bar\u00e1tai, szomsz\u00e9dai \u00e9s ismer\u0151sei.<\/td>\r\n\t\t\t<\/tr>\t\r\n\t\t\t\r\n\t\t\t\t\t\t\r\n\t\t\t<tr>\r\n\t\t\t\t<td colspan=\"2\"><p style=\"text-align: right\">ceremonijal JKP Pogrebno<\/td>\r\n\t\t\t<\/tr>\r\n\t\t\t<\/tbody> \t\r\n\t\t\t<\/table><\/br>\t\t\r\n\t\t\t\t\t\t\r\n\t\t\t<table class=\"pp-posmrtnice-table\" style=\"background:#626262;color:#fceabb;font-family:Lora, serif;font-size:18px\"><tbody>\r\n\t\t\t\r\n\t\t\t \r\n\t\t\t\t<th><div class=\"img\"><img decoding=\"async\" src=\"https:\/\/www.e-pogrebno.rs\/images\/2015\/09\/Simokov_Jelisaveta.jpg\" style=\"height: 140px;width: 100px\" \/><\/div><\/th>\r\n\t\t\t\t\t\t\t    \r\n\t\t\t\t<th><p>Vukmanov \u0160imokov Jelisaveta<\/p>\r\n\t\t\t\t<p><\/p><p>\r\n\t\t\t\t1939-2015<\/p><\/th>\r\n\t\t\t<\/tr> \r\n\r\n\t\t\t<tr>\r\n\t\t\t<tr>\r\n\t\t\t\t<td colspan=\"2\">u 76. godini \u017eivota preminula dana 1. septembra 2015. godine.<\/td>\r\n\t\t\t<\/tr>\r\n\t\t\t<tr>\r\n\t\t\t\t<td colspan=\"2\">Sahrana mile nam pokojnice obavi\u0107e se 3. septembra 2015. godine u 15.30 sati na Kerskom groblju iz crkvene kapele.<\/td>\r\n\t\t\t<\/tr>\r\n\t\t\t<tr>\r\n\t\t\t\t<td colspan=\"2\">O\u017ealo\u0161\u0107eni: sin Ivica, k\u0107i Jelena sa suprugom Vladom, k\u0107i Slavica sa suprugom Antu\u0161om, unu\u010dad Tatjana sa Martinom, Dijana sa Bal\u0161om, Ivana sa Draganom, Marjan, Mirjana, Marjana, sestra Jolanka sa porodicom, snaja Terska sa porodicom, zaova udova Etu\u0161ka, jetrva Marica, kao i ostala rodbina, prijatelji, kom\u0161ije i poznanici.\n<\/td>\r\n\t\t\t<\/tr>\t\r\n\t\t\t\r\n\t\t\t\t\t\t\r\n\t\t\t<tr>\r\n\t\t\t\t<td colspan=\"2\"><p style=\"text-align: right\"><\/td>\r\n\t\t\t<\/tr>\r\n\t\t\t<\/tbody> \t\r\n\t\t\t<\/table><\/br>\t\t\r\n\t\t\t\t\t\t\r\n\t\t\t<table class=\"pp-posmrtnice-table\" style=\"background:#626262;color:#fceabb;font-family:Lora, serif;font-size:18px\"><tbody>\r\n\t\t\t\r\n\t\t\t \r\n\t\t\t\t<th><div class=\"img\"><img decoding=\"async\" src=\"https:\/\/www.e-pogrebno.rs\/images\/2015\/09\/Rencar_Terez.jpg\" style=\"height: 140px;width: 100px\" \/><\/div><\/th>\r\n\t\t\t\t\t\t\t    \r\n\t\t\t\t<th><p>Rencs\u00e1r Ter\u00e9z<\/p>\r\n\t\t\t\t<p><\/p><p>\r\n\t\t\t\t1935-2015<\/p><\/th>\r\n\t\t\t<\/tr> \r\n\r\n\t\t\t<tr>\r\n\t\t\t<tr>\r\n\t\t\t\t<td colspan=\"2\">\u00e9let\u00e9nek 80. esztendej\u00e9ben 2015. szeptember 1-\u00e9n elhunyt.<\/td>\r\n\t\t\t<\/tr>\r\n\t\t\t<tr>\r\n\t\t\t\t<td colspan=\"2\">Dr\u00e1ga halottunk temet\u00e9se 2015. szeptember 3-\u00e1n 17 \u00f3rakor lesz a Zentai \u00fati temet\u0151ben.<\/td>\r\n\t\t\t<\/tr>\r\n\t\t\t<tr>\r\n\t\t\t\t<td colspan=\"2\">Gy\u00e1szolj\u00e1k: SZERETTEI.<\/td>\r\n\t\t\t<\/tr>\t\r\n\t\t\t\r\n\t\t\t\t\t\t\r\n\t\t\t<tr>\r\n\t\t\t\t<td colspan=\"2\"><p style=\"text-align: right\"><\/td>\r\n\t\t\t<\/tr>\r\n\t\t\t<\/tbody> \t\r\n\t\t\t<\/table><\/br>\t\t\r\n\t\t\t\t\t\t\r\n\t\t\t<table class=\"pp-posmrtnice-table\" style=\"background:#626262;color:#fceabb;font-family:Lora, serif;font-size:18px\"><tbody>\r\n\t\t\t\r\n\t\t\t \r\n\t\t\t\t<th><div class=\"img\"><img decoding=\"async\" src=\"https:\/\/www.e-pogrebno.rs\/images\/2015\/09\/Skenderovic_PAvle.jpg\" style=\"height: 140px;width: 100px\" \/><\/div><\/th>\r\n\t\t\t\t\t\t\t    \r\n\t\t\t\t<th><p>Skenderovi\u0107 Pavle<\/p>\r\n\t\t\t\t<p><\/p><p>\r\n\t\t\t\t1945-2015<\/p><\/th>\r\n\t\t\t<\/tr> \r\n\r\n\t\t\t<tr>\r\n\t\t\t<tr>\r\n\t\t\t\t<td colspan=\"2\">u 71. godini preminuo dana 1. septembra 2015. godine.<\/td>\r\n\t\t\t<\/tr>\r\n\t\t\t<tr>\r\n\t\t\t\t<td colspan=\"2\">Sahrana milog nam pokojnika obavi\u0107e se 3. septembra 2015. godine u 16 sati na Bajskom groblju iz Pei\u0107 kapele.<\/td>\r\n\t\t\t<\/tr>\r\n\t\t\t<tr>\r\n\t\t\t\t<td colspan=\"2\">O\u017ealo\u0161\u0107eni: supruga BRANKA, sin SA\u0160A, unuka ANDREJA, sestra MARIJA sa obitelji, \u0161ogorica ZDENKA i \u0161ogor LAZO, teta MARICA sa obitelji, kao i ostala mnogobrojna rodbina, prijatelji i kom\u0161ije.<\/td>\r\n\t\t\t<\/tr>\t\r\n\t\t\t\r\n\t\t\t\t\t\t\r\n\t\t\t<tr>\r\n\t\t\t\t<td colspan=\"2\"><p style=\"text-align: right\">ceremonijal JKP Pogrebno<\/td>\r\n\t\t\t<\/tr>\r\n\t\t\t<\/tbody> \t\r\n\t\t\t<\/table><\/br>\t\t\r\n\t\t\t<\/br><table class=\"pp-posmrtnice-table\" width=\"250\" style=\"background:#626262;color:#fceabb;font-family:Lora, serif;font-size:18px\"><tr>\r\n\t\t\t\t\t<td><div class=\"dd-blockheader\"> \r\n\t     \t\t\t\t2014     \t\t\t \t<\/div><\/td><\/tr><\/table>\r\n\t     \t\t\t \t\t\t\t\r\n\t\t\t<table class=\"pp-posmrtnice-table\" style=\"background:#626262;color:#fceabb;font-family:Lora, serif;font-size:18px\"><tbody>\r\n\t\t\t\r\n\t\t\t \r\n\t\t\t\t<th><div class=\"img\"><img decoding=\"async\" src=\"https:\/\/www.e-pogrebno.rs\/images\/2014\/09\/Hajnal_Piroska.jpg\" style=\"height: 140px;width: 100px\" \/><\/div><\/th>\r\n\t\t\t\t\t\t\t    \r\n\t\t\t\t<th><p>Hajnal Piroska<\/p>\r\n\t\t\t\t<p><\/p><p>\r\n\t\t\t\t1923-2014<\/p><\/th>\r\n\t\t\t<\/tr> \r\n\r\n\t\t\t<tr>\r\n\t\t\t<tr>\r\n\t\t\t\t<td colspan=\"2\">\u00e9let\u00e9nek 92. \u00e9v\u00e9ben, 2014. szeptember 1-\u00e9n elhunyt.<\/td>\r\n\t\t\t<\/tr>\r\n\t\t\t<tr>\r\n\t\t\t\t<td colspan=\"2\">Dr\u00e1ga halottunk temet\u00e9se 2014. szeptember 3-\u00e1n 14 \u00f3rakor lesz a Bajai \u00fati temet\u0151 P\u00e9its k\u00e1poln\u00e1j\u00e1b\u00f3l.<\/td>\r\n\t\t\t<\/tr>\r\n\t\t\t<tr>\r\n\t\t\t\t<td colspan=\"2\">Gy\u00e1szolj\u00e1k: SZERETTEI.<\/td>\r\n\t\t\t<\/tr>\t\r\n\t\t\t\r\n\t\t\t\t\t\t\r\n\t\t\t<tr>\r\n\t\t\t\t<td colspan=\"2\"><p style=\"text-align: right\"><\/td>\r\n\t\t\t<\/tr>\r\n\t\t\t<\/tbody> \t\r\n\t\t\t<\/table><\/br>\t\t\r\n\t\t\t\t\t\t\r\n\t\t\t<table class=\"pp-posmrtnice-table\" style=\"background:#626262;color:#fceabb;font-family:Lora, serif;font-size:18px\"><tbody>\r\n\t\t\t\r\n\t\t\t \r\n\t\t\t\t<th><div class=\"img\"><img decoding=\"async\" src=\"https:\/\/www.e-pogrebno.rs\/images\/2014\/09\/Ilonka_Nadj.jpg\" style=\"height: 140px;width: 100px\" \/><\/div><\/th>\r\n\t\t\t\t\t\t\t    \r\n\t\t\t\t<th><p>Nagy Ilonka<\/p>\r\n\t\t\t\t<p><\/p><p>\r\n\t\t\t\t1933-2014<\/p><\/th>\r\n\t\t\t<\/tr> \r\n\r\n\t\t\t<tr>\r\n\t\t\t<tr>\r\n\t\t\t\t<td colspan=\"2\">\u00e9let\u00e9nek 82. \u00e9v\u00e9ben, 2014. szeptember 1-\u00e9n elhunyt.<\/td>\r\n\t\t\t<\/tr>\r\n\t\t\t<tr>\r\n\t\t\t\t<td colspan=\"2\">Dr\u00e1ga halottunk temet\u00e9se 2014. szeptember 3-\u00e1n 12.30 \u00f3rakor lesz a Palicsi temet\u0151 halottash\u00e1z\u00e1b\u00f3l.<\/td>\r\n\t\t\t<\/tr>\r\n\t\t\t<tr>\r\n\t\t\t\t<td colspan=\"2\">Gy\u00e1szolj\u00e1k: SZERETTEI.<\/td>\r\n\t\t\t<\/tr>\t\r\n\t\t\t\r\n\t\t\t\t\t\t\r\n\t\t\t<tr>\r\n\t\t\t\t<td colspan=\"2\"><p style=\"text-align: right\">ceremonijal JKP Pogrebno<\/td>\r\n\t\t\t<\/tr>\r\n\t\t\t<\/tbody> \t\r\n\t\t\t<\/table><\/br>\t\t\r\n\t\t\t\t\t\t\r\n\t\t\t<table class=\"pp-posmrtnice-table\" style=\"background:#626262;color:#fceabb;font-family:Lora, serif;font-size:18px\"><tbody>\r\n\t\t\t\r\n\t\t\t \r\n\t\t\t\t<th><div class=\"img\"><img decoding=\"async\" src=\"https:\/\/www.e-pogrebno.rs\/images\/2014\/09\/Raos_Danica.jpg\" style=\"height: 140px;width: 100px\" \/><\/div><\/th>\r\n\t\t\t\t\t\t\t    \r\n\t\t\t\t<th><p>Raos Danica<\/p>\r\n\t\t\t\t<p><\/p><p>\r\n\t\t\t\t1927-2014<\/p><\/th>\r\n\t\t\t<\/tr> \r\n\r\n\t\t\t<tr>\r\n\t\t\t<tr>\r\n\t\t\t\t<td colspan=\"2\">preminula 1. septembra u 88. godini.<\/td>\r\n\t\t\t<\/tr>\r\n\t\t\t<tr>\r\n\t\t\t\t<td colspan=\"2\">Sahrana \u0107e se obaviti u utorak 2. septembra 2014. godine u 11:00 \u010dasova na Pravoslavnom groblju Dudova \u0161uma iz crkvene kapele.<\/td>\r\n\t\t\t<\/tr>\r\n\t\t\t<tr>\r\n\t\t\t\t<td colspan=\"2\">O\u017ealo\u0161\u0107eni: \u0107erka NADE\u017dDA, unuci NATA\u0160A, MIRKO i MILAN, praunuci \u017dELJKO i JAN, zet i snaha kao i ostala rodbina i prijatelji.<\/td>\r\n\t\t\t<\/tr>\t\r\n\t\t\t\r\n\t\t\t\t\t\t\r\n\t\t\t<tr>\r\n\t\t\t\t<td colspan=\"2\"><p style=\"text-align: right\">ceremonijal JKP Pogrebno<\/td>\r\n\t\t\t<\/tr>\r\n\t\t\t<\/tbody> \t\r\n\t\t\t<\/table><\/br>\t\t\r\n\t\t\t\t\t\t\r\n\t\t\t<table class=\"pp-posmrtnice-table\" style=\"background:#626262;color:#fceabb;font-family:Lora, serif;font-size:18px\"><tbody>\r\n\t\t\t\r\n\t\t\t \r\n\t\t\t\t<th><div class=\"img\"><img decoding=\"async\" src=\"https:\/\/www.e-pogrebno.rs\/images\/2014\/09\/Sudarevic_Bela.jpg\" style=\"height: 140px;width: 100px\" \/><\/div><\/th>\r\n\t\t\t\t\t\t\t    \r\n\t\t\t\t<th><p>Sudarevi\u0107 Bela<\/p>\r\n\t\t\t\t<p><\/p><p>\r\n\t\t\t\t1943-2014<\/p><\/th>\r\n\t\t\t<\/tr> \r\n\r\n\t\t\t<tr>\r\n\t\t\t<tr>\r\n\t\t\t\t<td colspan=\"2\">preminuo 1. septembra u 72. godini.<\/td>\r\n\t\t\t<\/tr>\r\n\t\t\t<tr>\r\n\t\t\t\t<td colspan=\"2\">Sahrana \u0107e se obaviti u utorak 2. septembra 2014. godine u u 12.30 sati na Sen\u0107anskom groblju iz mrtva\u010dnice.<\/td>\r\n\t\t\t<\/tr>\r\n\t\t\t<tr>\r\n\t\t\t\t<td colspan=\"2\">O\u017ealo\u0161\u0107eni: NJEGOVI NAJMILIJI.<\/td>\r\n\t\t\t<\/tr>\t\r\n\t\t\t\r\n\t\t\t\t\t\t\r\n\t\t\t<tr>\r\n\t\t\t\t<td colspan=\"2\"><p style=\"text-align: right\">ceremonijal JKP Pogrebno<\/td>\r\n\t\t\t<\/tr>\r\n\t\t\t<\/tbody> \t\r\n\t\t\t<\/table><\/br>\t\t\r\n\t\t\t<\/br><table class=\"pp-posmrtnice-table\" width=\"250\" style=\"background:#626262;color:#fceabb;font-family:Lora, serif;font-size:18px\"><tr>\r\n\t\t\t\t\t<td><div class=\"dd-blockheader\"> \r\n\t     \t\t\t\t2012     \t\t\t \t<\/div><\/td><\/tr><\/table>\r\n\t     \t\t\t \t\t\t\t\r\n\t\t\t<table class=\"pp-posmrtnice-table\" style=\"background:#626262;color:#fceabb;font-family:Lora, serif;font-size:18px\"><tbody>\r\n\t\t\t\r\n\t\t\t \r\n\t\t\t\t<th><div class=\"img\"><img decoding=\"async\" src=\"https:\/\/www.e-pogrebno.rs\/images\/2012\/09\/Bokor_Istvan.jpg\" style=\"height: 140px;width: 100px\" \/><\/div><\/th>\r\n\t\t\t\t\t\t\t    \r\n\t\t\t\t<th><p>Bokor Istv\u00e1n<\/p>\r\n\t\t\t\t<p><\/p><p>\r\n\t\t\t\t1942-2012<\/p><\/th>\r\n\t\t\t<\/tr> \r\n\r\n\t\t\t<tr>\r\n\t\t\t<tr>\r\n\t\t\t\t<td colspan=\"2\">\u00e9let\u00e9nek 71. \u00e9v\u00e9ben, 2012. szeptember 1-\u00e9n elhunyt.<\/td>\r\n\t\t\t<\/tr>\r\n\t\t\t<tr>\r\n\t\t\t\t<td colspan=\"2\">Dr\u00e1ga halottunk temet\u00e9se 2012. szeptember 4-\u00e9n 14:00 \u00f3rakor lesz a Zentai \u00fati temet\u0151ben.<\/td>\r\n\t\t\t<\/tr>\r\n\t\t\t<tr>\r\n\t\t\t\t<td colspan=\"2\">Gy\u00e1szolj\u00e1k: SZERETTEI.<\/td>\r\n\t\t\t<\/tr>\t\r\n\t\t\t\r\n\t\t\t\t\t\t\r\n\t\t\t<tr>\r\n\t\t\t\t<td colspan=\"2\"><p style=\"text-align: right\"><\/td>\r\n\t\t\t<\/tr>\r\n\t\t\t<\/tbody> \t\r\n\t\t\t<\/table><\/br>\t\t\r\n\t\t\t\t\t\t\r\n\t\t\t<table class=\"pp-posmrtnice-table\" style=\"background:#626262;color:#fceabb;font-family:Lora, serif;font-size:18px\"><tbody>\r\n\t\t\t\r\n\t\t\t\t\t\t\t<th><p> <\/p><\/th>\r\n\t\t\t\t\t\t\t    \r\n\t\t\t\t<th><p>Celva Ivan<\/p>\r\n\t\t\t\t<p><\/p><p>\r\n\t\t\t\t1949-2012<\/p><\/th>\r\n\t\t\t<\/tr> \r\n\r\n\t\t\t<tr>\r\n\t\t\t<tr>\r\n\t\t\t\t<td colspan=\"2\">preminuo 1. septembra u 63. godini.<\/td>\r\n\t\t\t<\/tr>\r\n\t\t\t<tr>\r\n\t\t\t\t<td colspan=\"2\">Sahrana \u0107e se obaviti u ponedeljak 3. septembra 2012. godine u 15:30 sati na Sen\u0107anskom groblju iz mrtva\u010dnice.<\/td>\r\n\t\t\t<\/tr>\r\n\t\t\t<tr>\r\n\t\t\t\t<td colspan=\"2\">O\u017ealo\u0161\u0107eni: NJEGOVI NAJMILIJI.<\/td>\r\n\t\t\t<\/tr>\t\r\n\t\t\t\r\n\t\t\t\t\t\t\r\n\t\t\t<tr>\r\n\t\t\t\t<td colspan=\"2\"><p style=\"text-align: right\">ceremonijal JKP Pogrebno<\/td>\r\n\t\t\t<\/tr>\r\n\t\t\t<\/tbody> \t\r\n\t\t\t<\/table><\/br>\t\t\r\n\t\t\t\t\t\t\r\n\t\t\t<table class=\"pp-posmrtnice-table\" style=\"background:#626262;color:#fceabb;font-family:Lora, serif;font-size:18px\"><tbody>\r\n\t\t\t\r\n\t\t\t \r\n\t\t\t\t<th><div class=\"img\"><img decoding=\"async\" src=\"https:\/\/www.e-pogrebno.rs\/images\/2012\/09\/Manic%2520Mirjana.jpg\" style=\"height: 140px;width: 100px\" \/><\/div><\/th>\r\n\t\t\t\t\t\t\t    \r\n\t\t\t\t<th><p>Mani\u0107 Mirjana<\/p>\r\n\t\t\t\t<p><\/p><p>\r\n\t\t\t\t1957-2012<\/p><\/th>\r\n\t\t\t<\/tr> \r\n\r\n\t\t\t<tr>\r\n\t\t\t<tr>\r\n\t\t\t\t<td colspan=\"2\">preminula 1. septembra u 56. godini.<\/td>\r\n\t\t\t<\/tr>\r\n\t\t\t<tr>\r\n\t\t\t\t<td colspan=\"2\">Sahrana \u0107e se obaviti u ponedeljak 3. septembra 2012. godine u 15:30 \u010dasova na Pravoslavnom groblju kod Dudove \u0161ume iz crkvene kapele.<\/td>\r\n\t\t\t<\/tr>\r\n\t\t\t<tr>\r\n\t\t\t\t<td colspan=\"2\">O\u017ealo\u0161\u0107eni: k\u0107i Milena, suprug Ivan, majka Milica, sestra Vera sa porodicom, svekrva Elza, kao i ostala rodbina, prijatelji, kom\u0161ije i poznanici.<\/td>\r\n\t\t\t<\/tr>\t\r\n\t\t\t\r\n\t\t\t\t\t\t\r\n\t\t\t<tr>\r\n\t\t\t\t<td colspan=\"2\"><p style=\"text-align: right\"><\/td>\r\n\t\t\t<\/tr>\r\n\t\t\t<\/tbody> \t\r\n\t\t\t<\/table><\/br>\t\t\r\n\t\t\t<\/br><table class=\"pp-posmrtnice-table\" width=\"250\" style=\"background:#626262;color:#fceabb;font-family:Lora, serif;font-size:18px\"><tr>\r\n\t\t\t\t\t<td><div class=\"dd-blockheader\"> \r\n\t     \t\t\t\t2011     \t\t\t \t<\/div><\/td><\/tr><\/table>\r\n\t     \t\t\t \t\t\t\t\r\n\t\t\t<table class=\"pp-posmrtnice-table\" style=\"background:#626262;color:#fceabb;font-family:Lora, serif;font-size:18px\"><tbody>\r\n\t\t\t\r\n\t\t\t \r\n\t\t\t\t<th><div class=\"img\"><img decoding=\"async\" src=\"https:\/\/www.e-pogrebno.rs\/images\/2011\/09\/Balazevic%2520Magda.jpg\" style=\"height: 140px;width: 100px\" \/><\/div><\/th>\r\n\t\t\t\t\t\t\t    \r\n\t\t\t\t<th><p>Bala\u017eevi\u0107 Magda<\/p>\r\n\t\t\t\t<p><\/p><p>\r\n\t\t\t\t1928-2011<\/p><\/th>\r\n\t\t\t<\/tr> \r\n\r\n\t\t\t<tr>\r\n\t\t\t<tr>\r\n\t\t\t\t<td colspan=\"2\">preminula 1. septembra u 84. godini.<\/td>\r\n\t\t\t<\/tr>\r\n\t\t\t<tr>\r\n\t\t\t\t<td colspan=\"2\">Sahrana \u0107e se obaviti u subotu 3. septembra 2011. godine u 11:00\n\u010dasova na Bajskom groblju iz mrtva\u010dnice.<\/td>\r\n\t\t\t<\/tr>\r\n\t\t\t<tr>\r\n\t\t\t\t<td colspan=\"2\">O\u017ealo\u0161\u0107eni: \u0107erka Magda, kao i ostala rodbina, prijatelji, kom\u0161ije i poznanici.<\/td>\r\n\t\t\t<\/tr>\t\r\n\t\t\t\r\n\t\t\t\t\t\t\r\n\t\t\t<tr>\r\n\t\t\t\t<td colspan=\"2\"><p style=\"text-align: right\"><\/td>\r\n\t\t\t<\/tr>\r\n\t\t\t<\/tbody> \t\r\n\t\t\t<\/table><\/br>\t\t\r\n\t\t\t\t\t\t\r\n\t\t\t<table class=\"pp-posmrtnice-table\" style=\"background:#626262;color:#fceabb;font-family:Lora, serif;font-size:18px\"><tbody>\r\n\t\t\t\r\n\t\t\t \r\n\t\t\t\t<th><div class=\"img\"><img decoding=\"async\" src=\"https:\/\/www.e-pogrebno.rs\/images\/2011\/09\/Berta%2520Janos.jpg\" style=\"height: 140px;width: 100px\" \/><\/div><\/th>\r\n\t\t\t\t\t\t\t    \r\n\t\t\t\t<th><p>Berta J\u00e1nos<\/p>\r\n\t\t\t\t<p><\/p><p>\r\n\t\t\t\t1940-2011<\/p><\/th>\r\n\t\t\t<\/tr> \r\n\r\n\t\t\t<tr>\r\n\t\t\t<tr>\r\n\t\t\t\t<td colspan=\"2\">\u00e9let\u00e9nek 72. \u00e9v\u00e9ben, 2011. szeptember 1-\u00e9n elhunyt.<\/td>\r\n\t\t\t<\/tr>\r\n\t\t\t<tr>\r\n\t\t\t\t<td colspan=\"2\">Dr\u00e1ga halottunk temet\u00e9se 2011. szeptember 3-\u00e1n 11:00 \u00f3rakor lesz a Palicsi temet\u0151ben.<\/td>\r\n\t\t\t<\/tr>\r\n\t\t\t<tr>\r\n\t\t\t\t<td colspan=\"2\">Gy\u00e1szolj\u00e1k: SZERETTEI.<\/td>\r\n\t\t\t<\/tr>\t\r\n\t\t\t\r\n\t\t\t\t\t\t\r\n\t\t\t<tr>\r\n\t\t\t\t<td colspan=\"2\"><p style=\"text-align: right\"><\/td>\r\n\t\t\t<\/tr>\r\n\t\t\t<\/tbody> \t\r\n\t\t\t<\/table><\/br>\t\t\r\n\t\t\t\t\t\t\r\n\t\t\t<table class=\"pp-posmrtnice-table\" style=\"background:#626262;color:#fceabb;font-family:Lora, serif;font-size:18px\"><tbody>\r\n\t\t\t\r\n\t\t\t \r\n\t\t\t\t<th><div class=\"img\"><img decoding=\"async\" src=\"https:\/\/www.e-pogrebno.rs\/images\/2011\/09\/Bukvic%2520Ilona.jpg\" style=\"height: 140px;width: 100px\" \/><\/div><\/th>\r\n\t\t\t\t\t\t\t    \r\n\t\t\t\t<th><p>Bukvi\u0107 Ilona<\/p>\r\n\t\t\t\t<p><\/p><p>\r\n\t\t\t\t1934-2011<\/p><\/th>\r\n\t\t\t<\/tr> \r\n\r\n\t\t\t<tr>\r\n\t\t\t<tr>\r\n\t\t\t\t<td colspan=\"2\">\u00e9let\u00e9nek 77. \u00e9v\u00e9ben, 2011. szeptember 1-\u00e9n elhunyt.<\/td>\r\n\t\t\t<\/tr>\r\n\t\t\t<tr>\r\n\t\t\t\t<td colspan=\"2\">Dr\u00e1ga halottunk temet\u00e9se 2011. szeptember 7-\u00e9n 15:30 \u00f3rakor lesz a Zentai \u00fati temet\u0151ben.<\/td>\r\n\t\t\t<\/tr>\r\n\t\t\t<tr>\r\n\t\t\t\t<td colspan=\"2\">Gy\u00e1szolj\u00e1k: le\u00e1nya B\u0151zsike, veje Miodrag, unok\u00e1ja Melissa, testv\u00e9re Pista, valamint t\u00f6bbi rokona, j\u00f3bar\u00e1tja, szomsz\u00e9dja \u00e9s ismer\u0151se.<\/td>\r\n\t\t\t<\/tr>\t\r\n\t\t\t\r\n\t\t\t\t\t\t\r\n\t\t\t<tr>\r\n\t\t\t\t<td colspan=\"2\"><p style=\"text-align: right\"><\/td>\r\n\t\t\t<\/tr>\r\n\t\t\t<\/tbody> \t\r\n\t\t\t<\/table><\/br>\t\t\r\n\t\t\t\t\t\t\r\n\t\t\t<table class=\"pp-posmrtnice-table\" style=\"background:#626262;color:#fceabb;font-family:Lora, serif;font-size:18px\"><tbody>\r\n\t\t\t\r\n\t\t\t\t\t\t\t<th><p> <\/p><\/th>\r\n\t\t\t\t\t\t\t    \r\n\t\t\t\t<th><p>Lerinc Margit<\/p>\r\n\t\t\t\t<p><\/p><p>\r\n\t\t\t\t1956-2011<\/p><\/th>\r\n\t\t\t<\/tr> \r\n\r\n\t\t\t<tr>\r\n\t\t\t<tr>\r\n\t\t\t\t<td colspan=\"2\">preminula 1. septembra u 56. godini.<\/td>\r\n\t\t\t<\/tr>\r\n\t\t\t<tr>\r\n\t\t\t\t<td colspan=\"2\">Sahrana \u0107e se obaviti u subotu 3. septembra 2011. godine u 14:00\n\u010dasova na Bajskom groblju iz Pei\u0107 kapele.<\/td>\r\n\t\t\t<\/tr>\r\n\t\t\t<tr>\r\n\t\t\t\t<td colspan=\"2\">O\u017ealo\u0161\u0107eni: porodica Kala.<\/td>\r\n\t\t\t<\/tr>\t\r\n\t\t\t\r\n\t\t\t\t\t\t\r\n\t\t\t<tr>\r\n\t\t\t\t<td colspan=\"2\"><p style=\"text-align: right\"><\/td>\r\n\t\t\t<\/tr>\r\n\t\t\t<\/tbody> \t\r\n\t\t\t<\/table><\/br>\t\t\r\n\t\t\t\t\t\t\r\n\t\t\t<table class=\"pp-posmrtnice-table\" style=\"background:#626262;color:#fceabb;font-family:Lora, serif;font-size:18px\"><tbody>\r\n\t\t\t\r\n\t\t\t \r\n\t\t\t\t<th><div class=\"img\"><img decoding=\"async\" src=\"https:\/\/www.e-pogrebno.rs\/images\/2011\/09\/Lorinc_MAria.jpg\" style=\"height: 140px;width: 100px\" \/><\/div><\/th>\r\n\t\t\t\t\t\t\t    \r\n\t\t\t\t<th><p>L\u0151rinc M\u00e1ria<\/p>\r\n\t\t\t\t<p><\/p><p>\r\n\t\t\t\t1920-2011<\/p><\/th>\r\n\t\t\t<\/tr> \r\n\r\n\t\t\t<tr>\r\n\t\t\t<tr>\r\n\t\t\t\t<td colspan=\"2\">\u00e9let\u00e9nek 91. \u00e9v\u00e9ben, 2011. szeptember 1-\u00e9n elhunyt.<\/td>\r\n\t\t\t<\/tr>\r\n\t\t\t<tr>\r\n\t\t\t\t<td colspan=\"2\">Dr\u00e1ga halottunk temet\u00e9se 2011. szeptember 2-\u00e1n 15:00 \u00f3rakor lesz a Bajai \u00fati temet\u0151 halottash\u00e1z\u00e1b\u00f3l.<\/td>\r\n\t\t\t<\/tr>\r\n\t\t\t<tr>\r\n\t\t\t\t<td colspan=\"2\">Gy\u00e1szolj\u00e1k: fia TIBOR \u00e9s le\u00e1nya IR\u00c9N csal\u00e1djukkal, valamint t\u00f6bbi rokona \u00e9s szomsz\u00e9dja.<\/td>\r\n\t\t\t<\/tr>\t\r\n\t\t\t\r\n\t\t\t\t\t\t\r\n\t\t\t<tr>\r\n\t\t\t\t<td colspan=\"2\"><p style=\"text-align: right\"><\/td>\r\n\t\t\t<\/tr>\r\n\t\t\t<\/tbody> \t\r\n\t\t\t<\/table><\/br>\t\t\r\n\t\t\t<\/br><table class=\"pp-posmrtnice-table\" width=\"250\" style=\"background:#626262;color:#fceabb;font-family:Lora, serif;font-size:18px\"><tr>\r\n\t\t\t\t\t<td><div class=\"dd-blockheader\"> \r\n\t     \t\t\t\t2010     \t\t\t \t<\/div><\/td><\/tr><\/table>\r\n\t     \t\t\t \t\t\t\t\r\n\t\t\t<table class=\"pp-posmrtnice-table\" style=\"background:#626262;color:#fceabb;font-family:Lora, serif;font-size:18px\"><tbody>\r\n\t\t\t\r\n\t\t\t \r\n\t\t\t\t<th><div class=\"img\"><img decoding=\"async\" src=\"https:\/\/www.e-pogrebno.rs\/images\/2010\/09\/Merkovic%2520Gizela.jpg\" style=\"height: 140px;width: 100px\" \/><\/div><\/th>\r\n\t\t\t\t\t\t\t    \r\n\t\t\t\t<th><p>Merkovi\u0107 Gizela<\/p>\r\n\t\t\t\t<p><\/p><p>\r\n\t\t\t\t1934-2010<\/p><\/th>\r\n\t\t\t<\/tr> \r\n\r\n\t\t\t<tr>\r\n\t\t\t<tr>\r\n\t\t\t\t<td colspan=\"2\">preminula 1. septembra u 77. godini.<\/td>\r\n\t\t\t<\/tr>\r\n\t\t\t<tr>\r\n\t\t\t\t<td colspan=\"2\">Sahrana \u0107e se obaviti u petak 3. septembra 2010. godine u 15:30 \u010dasova na groblju kod Dudove \u0161ume iz gradske kapele.<\/td>\r\n\t\t\t<\/tr>\r\n\t\t\t<tr>\r\n\t\t\t\t<td colspan=\"2\">O\u017ealo\u0161\u0107eni: porodice Merkovi\u0107, Malagurski i \u0106ui\u0107, kao i ostala rodbina, prijatelji, kom\u0161ije i poznanici.<\/td>\r\n\t\t\t<\/tr>\t\r\n\t\t\t\r\n\t\t\t\t\t\t\r\n\t\t\t<tr>\r\n\t\t\t\t<td colspan=\"2\"><p style=\"text-align: right\"><\/td>\r\n\t\t\t<\/tr>\r\n\t\t\t<\/tbody> \t\r\n\t\t\t<\/table><\/br>\t\t\r\n\t\t\t\t\t\t\r\n\t\t\t<table class=\"pp-posmrtnice-table\" style=\"background:#626262;color:#fceabb;font-family:Lora, serif;font-size:18px\"><tbody>\r\n\t\t\t\r\n\t\t\t \r\n\t\t\t\t<th><div class=\"img\"><img decoding=\"async\" src=\"https:\/\/www.e-pogrebno.rs\/images\/2010\/09\/Cerovic%2520Djuro.jpg\" style=\"height: 140px;width: 100px\" \/><\/div><\/th>\r\n\t\t\t\t\t\t\t    \r\n\t\t\t\t<th><p>Cerovi\u0107 \u0110uro<\/p>\r\n\t\t\t\t<p><\/p><p>\r\n\t\t\t\t1932-2010<\/p><\/th>\r\n\t\t\t<\/tr> \r\n\r\n\t\t\t<tr>\r\n\t\t\t<tr>\r\n\t\t\t\t<td colspan=\"2\">preminuo 1. septembra u 79. godini.<\/td>\r\n\t\t\t<\/tr>\r\n\t\t\t<tr>\r\n\t\t\t\t<td colspan=\"2\">Sahrana \u0107e se obaviti u petak 3. septembra 2010. godine u 14:00\n\u010dasova na Bajskom groblju iz Pei\u0107 kapele.<\/td>\r\n\t\t\t<\/tr>\r\n\t\t\t<tr>\r\n\t\t\t\t<td colspan=\"2\">O\u017ealo\u0161\u0107eni: NJEGOVI NAJMILIJI.<\/td>\r\n\t\t\t<\/tr>\t\r\n\t\t\t\r\n\t\t\t\t\t\t\r\n\t\t\t<tr>\r\n\t\t\t\t<td colspan=\"2\"><p style=\"text-align: right\"><\/td>\r\n\t\t\t<\/tr>\r\n\t\t\t<\/tbody> \t\r\n\t\t\t<\/table><\/br>\t\t\r\n\t\t\t\t\t\t\r\n\t\t\t<table class=\"pp-posmrtnice-table\" style=\"background:#626262;color:#fceabb;font-family:Lora, serif;font-size:18px\"><tbody>\r\n\t\t\t\r\n\t\t\t \r\n\t\t\t\t<th><div class=\"img\"><img decoding=\"async\" src=\"https:\/\/www.e-pogrebno.rs\/images\/2010\/09\/Sente%2520Jolan.jpg\" style=\"height: 140px;width: 100px\" \/><\/div><\/th>\r\n\t\t\t\t\t\t\t    \r\n\t\t\t\t<th><p>Szente Jol\u00e1n<\/p>\r\n\t\t\t\t<p><\/p><p>\r\n\t\t\t\t1949-2010<\/p><\/th>\r\n\t\t\t<\/tr> \r\n\r\n\t\t\t<tr>\r\n\t\t\t<tr>\r\n\t\t\t\t<td colspan=\"2\">\u00e9let\u00e9nek 62. esztendej\u00e9ben, 2010. szeptember 1-\u00e9n elhunyt.<\/td>\r\n\t\t\t<\/tr>\r\n\t\t\t<tr>\r\n\t\t\t\t<td colspan=\"2\">Dr\u00e1ga halottunk temet\u00e9se 2010. szeptember 2-\u00e1n 14:00 \u00f3rakor lesz a Bajai \u00fati temet\u0151 halottash\u00e1z\u00e1b\u00f3l.<\/td>\r\n\t\t\t<\/tr>\r\n\t\t\t<tr>\r\n\t\t\t\t<td colspan=\"2\">Gy\u00e1szolj\u00e1k: SZERETTEI.<\/td>\r\n\t\t\t<\/tr>\t\r\n\t\t\t\r\n\t\t\t\t\t\t\r\n\t\t\t<tr>\r\n\t\t\t\t<td colspan=\"2\"><p style=\"text-align: right\"><\/td>\r\n\t\t\t<\/tr>\r\n\t\t\t<\/tbody> \t\r\n\t\t\t<\/table><\/br>\t\t\r\n\t\t\t\t\t\t\r\n\t\t\t<table class=\"pp-posmrtnice-table\" style=\"background:#626262;color:#fceabb;font-family:Lora, serif;font-size:18px\"><tbody>\r\n\t\t\t\r\n\t\t\t \r\n\t\t\t\t<th><div class=\"img\"><img decoding=\"async\" src=\"https:\/\/www.e-pogrebno.rs\/images\/2010\/09\/Kokenji%2520Imre.jpg\" style=\"height: 140px;width: 100px\" \/><\/div><\/th>\r\n\t\t\t\t\t\t\t    \r\n\t\t\t\t<th><p>K\u0151k\u00e9ny Imre<\/p>\r\n\t\t\t\t<p><\/p><p>\r\n\t\t\t\t1932-2010<\/p><\/th>\r\n\t\t\t<\/tr> \r\n\r\n\t\t\t<tr>\r\n\t\t\t<tr>\r\n\t\t\t\t<td colspan=\"2\">\u00e9let\u00e9nek 78. esztendej\u00e9ben, s\u00falyos betegs\u00e9g ut\u00e1n 2010. szeptember 1-\u00e9n elhunyt.<\/td>\r\n\t\t\t<\/tr>\r\n\t\t\t<tr>\r\n\t\t\t\t<td colspan=\"2\">Dr\u00e1ga halottunk temet\u00e9se 2010. szeptember 2-\u00e1n 15:00 \u00f3rakor lesz a Bajai \u00fati temet\u0151 halottash\u00e1z\u00e1b\u00f3l.<\/td>\r\n\t\t\t<\/tr>\r\n\t\t\t<tr>\r\n\t\t\t\t<td colspan=\"2\">Gy\u00e1szolj\u00e1k: SZERETTEI.<\/td>\r\n\t\t\t<\/tr>\t\r\n\t\t\t\r\n\t\t\t\t\t\t\r\n\t\t\t<tr>\r\n\t\t\t\t<td colspan=\"2\"><p style=\"text-align: right\"><\/td>\r\n\t\t\t<\/tr>\r\n\t\t\t<\/tbody> \t\r\n\t\t\t<\/table><\/br>\t\t\r\n\t\t\t\t\t\t\r\n\t\t\t<table class=\"pp-posmrtnice-table\" style=\"background:#626262;color:#fceabb;font-family:Lora, serif;font-size:18px\"><tbody>\r\n\t\t\t\r\n\t\t\t \r\n\t\t\t\t<th><div class=\"img\"><img decoding=\"async\" src=\"https:\/\/www.e-pogrebno.rs\/images\/2010\/09\/Sabo%2520Istvan.jpg\" style=\"height: 140px;width: 100px\" \/><\/div><\/th>\r\n\t\t\t\t\t\t\t    \r\n\t\t\t\t<th><p>Szab\u00f3 Istv\u00e1n<\/p>\r\n\t\t\t\t<p><\/p><p>\r\n\t\t\t\t1930-2010<\/p><\/th>\r\n\t\t\t<\/tr> \r\n\r\n\t\t\t<tr>\r\n\t\t\t<tr>\r\n\t\t\t\t<td colspan=\"2\">j\u00f3s\u00e1gos szive 2010. szeptember 1-j\u00e9n megsz\u00fcnt dobogni.<\/td>\r\n\t\t\t<\/tr>\r\n\t\t\t<tr>\r\n\t\t\t\t<td colspan=\"2\">Temet\u00e9se 2010. szeptember 2-\u00e1n 14:00 \u00f3rakor lesz a Palicsi temet\u0151ben.<\/td>\r\n\t\t\t<\/tr>\r\n\t\t\t<tr>\r\n\t\t\t\t<td colspan=\"2\">Gy\u00e1szolj\u00e1k: SZERETTEI.<\/td>\r\n\t\t\t<\/tr>\t\r\n\t\t\t\r\n\t\t\t\t\t\t\r\n\t\t\t<tr>\r\n\t\t\t\t<td colspan=\"2\"><p style=\"text-align: right\"><\/td>\r\n\t\t\t<\/tr>\r\n\t\t\t<\/tbody> \t\r\n\t\t\t<\/table><\/br>\t\t\r\n\t\t\t\t\t\t\r\n\t\t\t<table class=\"pp-posmrtnice-table\" style=\"background:#626262;color:#fceabb;font-family:Lora, serif;font-size:18px\"><tbody>\r\n\t\t\t\r\n\t\t\t \r\n\t\t\t\t<th><div class=\"img\"><img decoding=\"async\" src=\"https:\/\/www.e-pogrebno.rs\/images\/2010\/09\/Milos%2520Nikolin.jpg\" style=\"height: 140px;width: 100px\" \/><\/div><\/th>\r\n\t\t\t\t\t\t\t    \r\n\t\t\t\t<th><p>Nikolin Milo\u0161<\/p>\r\n\t\t\t\t<p><\/p><p>\r\n\t\t\t\t1934-2010<\/p><\/th>\r\n\t\t\t<\/tr> \r\n\r\n\t\t\t<tr>\r\n\t\t\t<tr>\r\n\t\t\t\t<td colspan=\"2\">preminuo 1. septembra u 77. godini.<\/td>\r\n\t\t\t<\/tr>\r\n\t\t\t<tr>\r\n\t\t\t\t<td colspan=\"2\">Sahrana \u0107e se obaviti u \u010detvrtak 2. septembra 2010. godine u 15:30 \u010dasova na Pravoslavnom groblju kod Dudove \u0161ume iz crkvene kapele.<\/td>\r\n\t\t\t<\/tr>\r\n\t\t\t<tr>\r\n\t\t\t\t<td colspan=\"2\">O\u017ealo\u0161\u0107eni: supruga \u0110ula, \u0107erke Ksenija i Kristina, unu\u010dad Sabrina, Sr\u0111an i Petra, praunuke Anja i Jovana, kao i ostala mnogobrojna rodbina, prijatelji, kom\u0161ije i poznanici.<\/td>\r\n\t\t\t<\/tr>\t\r\n\t\t\t\r\n\t\t\t\t\t\t\r\n\t\t\t<tr>\r\n\t\t\t\t<td colspan=\"2\"><p style=\"text-align: right\"><\/td>\r\n\t\t\t<\/tr>\r\n\t\t\t<\/tbody> \t\r\n\t\t\t<\/table><\/br>\t\t\r\n\t\t\t<\/br><table class=\"pp-posmrtnice-table\" width=\"250\" style=\"background:#626262;color:#fceabb;font-family:Lora, serif;font-size:18px\"><tr>\r\n\t\t\t\t\t<td><div class=\"dd-blockheader\"> \r\n\t     \t\t\t\t2009     \t\t\t \t<\/div><\/td><\/tr><\/table>\r\n\t     \t\t\t \t\t\t\t\r\n\t\t\t<table class=\"pp-posmrtnice-table\" style=\"background:#626262;color:#fceabb;font-family:Lora, serif;font-size:18px\"><tbody>\r\n\t\t\t\r\n\t\t\t \r\n\t\t\t\t<th><div class=\"img\"><img decoding=\"async\" src=\"https:\/\/www.e-pogrebno.rs\/images\/2009\/09\/pajdusic_pajo030909.jpg\" style=\"height: 140px;width: 100px\" \/><\/div><\/th>\r\n\t\t\t\t\t\t\t    \r\n\t\t\t\t<th><p>Pajdu\u0161i\u0107 Pajo<\/p>\r\n\t\t\t\t<p><\/p><p>\r\n\t\t\t\t1942-2009<\/p><\/th>\r\n\t\t\t<\/tr> \r\n\r\n\t\t\t<tr>\r\n\t\t\t<tr>\r\n\t\t\t\t<td colspan=\"2\">u 68. godini \u017eivota, posle duge i te\u0161ke bolesti preminuo dana 1. septembra 2009. godine.<\/td>\r\n\t\t\t<\/tr>\r\n\t\t\t<tr>\r\n\t\t\t\t<td colspan=\"2\">Sahrana voljenog nam pokojnika obavi\u0107e se 3. septembra 2009. godine u 16 sati na groblju u Starom \u017dedniku.<\/td>\r\n\t\t\t<\/tr>\r\n\t\t\t<tr>\r\n\t\t\t\t<td colspan=\"2\">O\u017ealo\u0161\u0107eni: brat Andrija sa suprugom Ivankom, sinovac Dragan sa suprugom Silvijom i decom Tihianom i Ivanom, kao i ostala rodbina, prijatelji, kom\u0161ije i poznanici.<\/td>\r\n\t\t\t<\/tr>\t\r\n\t\t\t\r\n\t\t\t\t\t\t\r\n\t\t\t<tr>\r\n\t\t\t\t<td colspan=\"2\"><p style=\"text-align: right\"><\/td>\r\n\t\t\t<\/tr>\r\n\t\t\t<\/tbody> \t\r\n\t\t\t<\/table><\/br>\t\t\r\n\t\t\t<\/br><table class=\"pp-posmrtnice-table\" width=\"250\" style=\"background:#626262;color:#fceabb;font-family:Lora, serif;font-size:18px\"><tr>\r\n\t\t\t\t\t<td><div class=\"dd-blockheader\"> \r\n\t     \t\t\t\t2008     \t\t\t \t<\/div><\/td><\/tr><\/table>\r\n\t     \t\t\t \t\t\t\t\r\n\t\t\t<table class=\"pp-posmrtnice-table\" style=\"background:#626262;color:#fceabb;font-family:Lora, serif;font-size:18px\"><tbody>\r\n\t\t\t\r\n\t\t\t \r\n\t\t\t\t<th><div class=\"img\"><img decoding=\"async\" src=\"https:\/\/www.e-pogrebno.rs\/images\/2008\/09\/sekell_marta090920.jpg\" style=\"height: 140px;width: 100px\" \/><\/div><\/th>\r\n\t\t\t\t\t\t\t    \r\n\t\t\t\t<th><p>Sekelj Marta<\/p>\r\n\t\t\t\t<p><\/p><p>\r\n\t\t\t\t1954-2008<\/p><\/th>\r\n\t\t\t<\/tr> \r\n\r\n\t\t\t<tr>\r\n\t\t\t<tr>\r\n\t\t\t\t<td colspan=\"2\">u 54. godini \u017eivota posle te\u0161ke bolesti preminula dana 1. septembra 2008. godine.\n<\/td>\r\n\t\t\t<\/tr>\r\n\t\t\t<tr>\r\n\t\t\t\t<td colspan=\"2\">Sahrana mile nam pokojnice obavi\u0107e se 2. septembra 2008. godine u 16 sati na  Bajskom groblju iz mrtva\u010dnice.<\/td>\r\n\t\t\t<\/tr>\r\n\t\t\t<tr>\r\n\t\t\t\t<td colspan=\"2\">O\u017ealo\u0161\u0107eni: suprug Ivica, sin Edvin, kao i ostala rodbina, prijatelji, kom\u0161ije i poznanici.<\/td>\r\n\t\t\t<\/tr>\t\r\n\t\t\t\r\n\t\t\t\t\t\t\r\n\t\t\t<tr>\r\n\t\t\t\t<td colspan=\"2\"><p style=\"text-align: right\"><\/td>\r\n\t\t\t<\/tr>\r\n\t\t\t<\/tbody> \t\r\n\t\t\t<\/table><\/br>\t\t\r\n\t\t\t\t\t\t\r\n\t\t\t<table class=\"pp-posmrtnice-table\" style=\"background:#626262;color:#fceabb;font-family:Lora, serif;font-size:18px\"><tbody>\r\n\t\t\t\r\n\t\t\t \r\n\t\t\t\t<th><div class=\"img\"><img decoding=\"async\" src=\"https:\/\/www.e-pogrebno.rs\/images\/2008\/09\/aradski_acim090920.jpg\" style=\"height: 140px;width: 100px\" \/><\/div><\/th>\r\n\t\t\t\t\t\t\t    \r\n\t\t\t\t<th><p>Aradski A\u0107im<\/p>\r\n\t\t\t\t<p><\/p><p>\r\n\t\t\t\t1939-2008<\/p><\/th>\r\n\t\t\t<\/tr> \r\n\r\n\t\t\t<tr>\r\n\t\t\t<tr>\r\n\t\t\t\t<td colspan=\"2\">u 69. godini \u017eivota posle duge bolesti preminuo dana 1. septembra 2008. godine.\n<\/td>\r\n\t\t\t<\/tr>\r\n\t\t\t<tr>\r\n\t\t\t\t<td colspan=\"2\">Sahrana dragog nam pokojnika obavi\u0107e se 3. septembra 2008. godine u 15.30 \u010dasova na  Pravoslavnom groblju Dudova \u0161uma iz crkvene kapele.<\/td>\r\n\t\t\t<\/tr>\r\n\t\t\t<tr>\r\n\t\t\t\t<td colspan=\"2\">O\u017ealo\u0161\u0107eni: NJEGOVI NAJMILIJI.<\/td>\r\n\t\t\t<\/tr>\t\r\n\t\t\t\r\n\t\t\t\t\t\t\r\n\t\t\t<tr>\r\n\t\t\t\t<td colspan=\"2\"><p style=\"text-align: right\"><\/td>\r\n\t\t\t<\/tr>\r\n\t\t\t<\/tbody> \t\r\n\t\t\t<\/table><\/br>\t\t\r\n\t\t\t\t\t\t\r\n\t\t\t<table class=\"pp-posmrtnice-table\" style=\"background:#626262;color:#fceabb;font-family:Lora, serif;font-size:18px\"><tbody>\r\n\t\t\t\r\n\t\t\t \r\n\t\t\t\t<th><div class=\"img\"><img decoding=\"async\" src=\"https:\/\/www.e-pogrebno.rs\/images\/2008\/09\/patarcic_terika090920.jpg\" style=\"height: 140px;width: 100px\" \/><\/div><\/th>\r\n\t\t\t\t\t\t\t    \r\n\t\t\t\t<th><p>Patar\u010di\u0107 Terika<\/p>\r\n\t\t\t\t<p><\/p><p>\r\n\t\t\t\t1929-2008<\/p><\/th>\r\n\t\t\t<\/tr> \r\n\r\n\t\t\t<tr>\r\n\t\t\t<tr>\r\n\t\t\t\t<td colspan=\"2\">u 80. godini \u017eivota preminula dana 1. septembra 2008. godine.\n<\/td>\r\n\t\t\t<\/tr>\r\n\t\t\t<tr>\r\n\t\t\t\t<td colspan=\"2\">Sahrana mile nam pokojnice obavi\u0107e se 3. septembra 2008. godine u 14 sati na  Kerskom groblju iz crkvene kapele.<\/td>\r\n\t\t\t<\/tr>\r\n\t\t\t<tr>\r\n\t\t\t\t<td colspan=\"2\">O\u017ealo\u0161\u0107eni: NJENI NAJMILIJI.<\/td>\r\n\t\t\t<\/tr>\t\r\n\t\t\t\r\n\t\t\t\t\t\t\r\n\t\t\t<tr>\r\n\t\t\t\t<td colspan=\"2\"><p style=\"text-align: right\"><\/td>\r\n\t\t\t<\/tr>\r\n\t\t\t<\/tbody> \t\r\n\t\t\t<\/table><\/br>\t\t\r\n\t\t\t\t\t\t\r\n\t\t\t<table class=\"pp-posmrtnice-table\" style=\"background:#626262;color:#fceabb;font-family:Lora, serif;font-size:18px\"><tbody>\r\n\t\t\t\r\n\t\t\t \r\n\t\t\t\t<th><div class=\"img\"><img decoding=\"async\" src=\"https:\/\/www.e-pogrebno.rs\/images\/2008\/09\/fleisman_vinko090920.jpg\" style=\"height: 140px;width: 100px\" \/><\/div><\/th>\r\n\t\t\t\t\t\t\t    \r\n\t\t\t\t<th><p>Flei\u0161man Vinko<\/p>\r\n\t\t\t\t<p><\/p><p>\r\n\t\t\t\t1950-2008<\/p><\/th>\r\n\t\t\t<\/tr> \r\n\r\n\t\t\t<tr>\r\n\t\t\t<tr>\r\n\t\t\t\t<td colspan=\"2\">u 58. godini \u017eivota posle kra\u0107e bolesti preminuo dana 1. septembra 2008. godine.\n<\/td>\r\n\t\t\t<\/tr>\r\n\t\t\t<tr>\r\n\t\t\t\t<td colspan=\"2\">Sahrana milog nam pokojnika obavi\u0107e se 4. septembra 2008. godine u 14 sati na  Bajskom groblju iz mrtva\u010dnice.<\/td>\r\n\t\t\t<\/tr>\r\n\t\t\t<tr>\r\n\t\t\t\t<td colspan=\"2\">O\u017ealo\u0161\u0107eni: majka Marija, brat Jovan, \u0107erka Marijana sa porodicom, prijateljica Margica, kao i ostala rodbina, prijatelji, kom\u0161ije i poznanici.<\/td>\r\n\t\t\t<\/tr>\t\r\n\t\t\t\r\n\t\t\t\t\t\t\r\n\t\t\t<tr>\r\n\t\t\t\t<td colspan=\"2\"><p style=\"text-align: right\"><\/td>\r\n\t\t\t<\/tr>\r\n\t\t\t<\/tbody> \t\r\n\t\t\t<\/table><\/br>\t\t\r\n\t\t\t\t\t\t\r\n\t\t\t<table class=\"pp-posmrtnice-table\" style=\"background:#626262;color:#fceabb;font-family:Lora, serif;font-size:18px\"><tbody>\r\n\t\t\t\r\n\t\t\t \r\n\t\t\t\t<th><div class=\"img\"><img decoding=\"async\" src=\"https:\/\/www.e-pogrebno.rs\/images\/2008\/09\/ivankovic_emilija090920.jpg\" style=\"height: 140px;width: 100px\" \/><\/div><\/th>\r\n\t\t\t\t\t\t\t    \r\n\t\t\t\t<th><p>Ivankovi\u0107 Emilija<\/p>\r\n\t\t\t\t<p><\/p><p>\r\n\t\t\t\t1937-2008<\/p><\/th>\r\n\t\t\t<\/tr> \r\n\r\n\t\t\t<tr>\r\n\t\t\t<tr>\r\n\t\t\t\t<td colspan=\"2\">u 72. godini \u017eivota, posle duge i te\u0161ke bolesti preminula dana 1. septembra 2008. godine.<\/td>\r\n\t\t\t<\/tr>\r\n\t\t\t<tr>\r\n\t\t\t\t<td colspan=\"2\">Sahrana mile nam pokojnice obavi\u0107e se 4. septembra 2008. godine u 15 sati na  groblju u Starom \u017dedniku.\n\n<\/td>\r\n\t\t\t<\/tr>\r\n\t\t\t<tr>\r\n\t\t\t\t<td colspan=\"2\">O\u017ealo\u0161\u0107eni: brat Petar, snaja Mira, ne\u0107ak Atila sa porodicom, kao i ostala rodbina, prijatelji, kom\u0161ije i poznanici.<\/td>\r\n\t\t\t<\/tr>\t\r\n\t\t\t\r\n\t\t\t\t\t\t\r\n\t\t\t<tr>\r\n\t\t\t\t<td colspan=\"2\"><p style=\"text-align: right\"><\/td>\r\n\t\t\t<\/tr>\r\n\t\t\t<\/tbody> \t\r\n\t\t\t<\/table><\/br>\t\t\r\n\t\t\t<\/br><table class=\"pp-posmrtnice-table\" width=\"250\" style=\"background:#626262;color:#fceabb;font-family:Lora, serif;font-size:18px\"><tr>\r\n\t\t\t\t\t<td><div class=\"dd-blockheader\"> \r\n\t     \t\t\t\t2007     \t\t\t \t<\/div><\/td><\/tr><\/table>\r\n\t     \t\t\t \t\t\t\t\r\n\t\t\t<table class=\"pp-posmrtnice-table\" style=\"background:#626262;color:#fceabb;font-family:Lora, serif;font-size:18px\"><tbody>\r\n\t\t\t\r\n\t\t\t \r\n\t\t\t\t<th><div class=\"img\"><img decoding=\"async\" src=\"https:\/\/www.e-pogrebno.rs\/images\/2007\/09\/kerekes_tibor030907.jpg\" style=\"height: 140px;width: 100px\" \/><\/div><\/th>\r\n\t\t\t\t\t\t\t    \r\n\t\t\t\t<th><p>Kerekes Tibor<\/p>\r\n\t\t\t\t<p><\/p><p>\r\n\t\t\t\t1941-2007<\/p><\/th>\r\n\t\t\t<\/tr> \r\n\r\n\t\t\t<tr>\r\n\t\t\t<tr>\r\n\t\t\t\t<td colspan=\"2\">\u00e9let\u00e9nek 66. esztendej\u00e9ben 2007. szeptember 1-\u00e9n hirtelen elhunyt.<\/td>\r\n\t\t\t<\/tr>\r\n\t\t\t<tr>\r\n\t\t\t\t<td colspan=\"2\">Dr\u00e1ga halottunk temet\u00e9se 2007. szeptember 3-\u00e1n 14 \u00f3rakor lesz a Bajai \u00fati temet\u0151 halottash\u00e1z\u00e1b\u00f3l.<\/td>\r\n\t\t\t<\/tr>\r\n\t\t\t<tr>\r\n\t\t\t\t<td colspan=\"2\">Gy\u00e1szolj\u00e1k: SZERETTEI.<\/td>\r\n\t\t\t<\/tr>\t\r\n\t\t\t\r\n\t\t\t\t\t\t\r\n\t\t\t<tr>\r\n\t\t\t\t<td colspan=\"2\"><p style=\"text-align: right\"><\/td>\r\n\t\t\t<\/tr>\r\n\t\t\t<\/tbody> \t\r\n\t\t\t<\/table><\/br>\t\t\r\n\t\t\t\t\t\t\r\n\t\t\t<table class=\"pp-posmrtnice-table\" style=\"background:#626262;color:#fceabb;font-family:Lora, serif;font-size:18px\"><tbody>\r\n\t\t\t\r\n\t\t\t \r\n\t\t\t\t<th><div class=\"img\"><img decoding=\"async\" src=\"https:\/\/www.e-pogrebno.rs\/images\/2007\/09\/nimcevic_ana040907.jpg\" style=\"height: 140px;width: 100px\" \/><\/div><\/th>\r\n\t\t\t\t\t\t\t    \r\n\t\t\t\t<th><p>Nim\u010devi\u0107 Ana<\/p>\r\n\t\t\t\t<p><\/p><p>\r\n\t\t\t\t1917-2007<\/p><\/th>\r\n\t\t\t<\/tr> \r\n\r\n\t\t\t<tr>\r\n\t\t\t<tr>\r\n\t\t\t\t<td colspan=\"2\">u 91. godini \u017eivota preminula dana 1. septembra 2007. godine.<\/td>\r\n\t\t\t<\/tr>\r\n\t\t\t<tr>\r\n\t\t\t\t<td colspan=\"2\">Sahrana mile nam pokojnice obavi\u0107e se 4. septembra 2007. godine u 15.30 sati na Kerskom groblju iz crkvene kapele.<\/td>\r\n\t\t\t<\/tr>\r\n\t\t\t<tr>\r\n\t\t\t\t<td colspan=\"2\">O\u017ealo\u0161\u0107eni: NJENI NAJMILIJI.<\/td>\r\n\t\t\t<\/tr>\t\r\n\t\t\t\r\n\t\t\t\t\t\t\r\n\t\t\t<tr>\r\n\t\t\t\t<td colspan=\"2\"><p style=\"text-align: right\"><\/td>\r\n\t\t\t<\/tr>\r\n\t\t\t<\/tbody> \t\r\n\t\t\t<\/table><\/br>\t\t\r\n\t\t\t\t\t\t\r\n\t\t\t<table class=\"pp-posmrtnice-table\" style=\"background:#626262;color:#fceabb;font-family:Lora, serif;font-size:18px\"><tbody>\r\n\t\t\t\r\n\t\t\t \r\n\t\t\t\t<th><div class=\"img\"><img decoding=\"async\" src=\"https:\/\/www.e-pogrebno.rs\/images\/2007\/09\/lasak_antal080907.jpg\" style=\"height: 140px;width: 100px\" \/><\/div><\/th>\r\n\t\t\t\t\t\t\t    \r\n\t\t\t\t<th><p>Lasz\u00e1k Antal<\/p>\r\n\t\t\t\t<p><\/p><p>\r\n\t\t\t\t1943-2007<\/p><\/th>\r\n\t\t\t<\/tr> \r\n\r\n\t\t\t<tr>\r\n\t\t\t<tr>\r\n\t\t\t\t<td colspan=\"2\">\u00e9let\u00e9nek 64. esztendej\u00e9ben, hossz\u00fa \u00e9s s\u00falyos betegs\u00e9g ut\u00e1n, 2007. szeptember 1-\u00e9n elhunyt.<\/td>\r\n\t\t\t<\/tr>\r\n\t\t\t<tr>\r\n\t\t\t\t<td colspan=\"2\">Dr\u00e1ga halottunk temet\u00e9se 2007. szeptember 8-\u00e1n 15.30 \u00f3rakor lesz a Zentai \u00fati temet\u0151ben.<\/td>\r\n\t\t\t<\/tr>\r\n\t\t\t<tr>\r\n\t\t\t\t<td colspan=\"2\">Gy\u00e1szolj\u00e1k: SZERETTEI.<\/td>\r\n\t\t\t<\/tr>\t\r\n\t\t\t\r\n\t\t\t\t\t\t\r\n\t\t\t<tr>\r\n\t\t\t\t<td colspan=\"2\"><p style=\"text-align: right\"><\/td>\r\n\t\t\t<\/tr>\r\n\t\t\t<\/tbody> \t\r\n\t\t\t<\/table><\/br>\t\t\r\n\t\t\t<\/br><table class=\"pp-posmrtnice-table\" width=\"250\" style=\"background:#626262;color:#fceabb;font-family:Lora, serif;font-size:18px\"><tr>\r\n\t\t\t\t\t<td><div class=\"dd-blockheader\"> \r\n\t     \t\t\t\t2006     \t\t\t \t<\/div><\/td><\/tr><\/table>\r\n\t     \t\t\t \t\t\t\t\r\n\t\t\t<table class=\"pp-posmrtnice-table\" style=\"background:#626262;color:#fceabb;font-family:Lora, serif;font-size:18px\"><tbody>\r\n\t\t\t\r\n\t\t\t \r\n\t\t\t\t<th><div class=\"img\"><img decoding=\"async\" src=\"https:\/\/www.e-pogrebno.rs\/images\/2006\/09\/toth_mihalj050820.jpg\" style=\"height: 140px;width: 100px\" \/><\/div><\/th>\r\n\t\t\t\t\t\t\t    \r\n\t\t\t\t<th><p>T\u00f3th Mih\u00e1ly<\/p>\r\n\t\t\t\t<p><\/p><p>\r\n\t\t\t\t1930-2006<\/p><\/th>\r\n\t\t\t<\/tr> \r\n\r\n\t\t\t<tr>\r\n\t\t\t<tr>\r\n\t\t\t\t<td colspan=\"2\">\u00e9let\u00e9nek 76. esztend\u00e9j\u00e9ben hossz\u00fa betegs\u00e9g ut\u00e1n 2006. szeptember 1-\u00e9n elhunyt.<\/td>\r\n\t\t\t<\/tr>\r\n\t\t\t<tr>\r\n\t\t\t\t<td colspan=\"2\">Dr\u00e1ga halottunk temet\u00e9se 2006. szeptember 4-\u00e9n 15 \u00f3rakor lesz a Bajai \u00fati temet\u0151 P\u00e9its k\u00e1poln\u00e1j\u00e1b\u00f3l.<\/td>\r\n\t\t\t<\/tr>\r\n\t\t\t<tr>\r\n\t\t\t\t<td colspan=\"2\">Gy\u00e1szolj\u00e1k: SZERETTEI.\n<\/td>\r\n\t\t\t<\/tr>\t\r\n\t\t\t\r\n\t\t\t\t\t\t\r\n\t\t\t<tr>\r\n\t\t\t\t<td colspan=\"2\"><p style=\"text-align: right\"><\/td>\r\n\t\t\t<\/tr>\r\n\t\t\t<\/tbody> \t\r\n\t\t\t<\/table><\/br>\t\t\r\n\t\t\t\t\t\t\r\n\t\t\t<table class=\"pp-posmrtnice-table\" style=\"background:#626262;color:#fceabb;font-family:Lora, serif;font-size:18px\"><tbody>\r\n\t\t\t\r\n\t\t\t \r\n\t\t\t\t<th><div class=\"img\"><img decoding=\"async\" src=\"https:\/\/www.e-pogrebno.rs\/images\/2006\/09\/hajdu_julijana050820.jpg\" style=\"height: 140px;width: 100px\" \/><\/div><\/th>\r\n\t\t\t\t\t\t\t    \r\n\t\t\t\t<th><p>Hajd\u00fa Julianna<\/p>\r\n\t\t\t\t<p><\/p><p>\r\n\t\t\t\t1930-2006<\/p><\/th>\r\n\t\t\t<\/tr> \r\n\r\n\t\t\t<tr>\r\n\t\t\t<tr>\r\n\t\t\t\t<td colspan=\"2\">\u00e9let\u00e9nek 76. esztend\u00e9j\u00e9ben hossz\u00fa \u00e9s s\u00falyos betegs\u00e9g ut\u00e1n 2006. szeptember 1-\u00e9n elhunyt.<\/td>\r\n\t\t\t<\/tr>\r\n\t\t\t<tr>\r\n\t\t\t\t<td colspan=\"2\">Dr\u00e1ga halottunk temet\u00e9se 2006. szeptember 4-\u00e9n 12 \u00f3rakor lesz a Bajai \u00fati temet\u0151 halottash\u00e1z\u00e1b\u00f3l.<\/td>\r\n\t\t\t<\/tr>\r\n\t\t\t<tr>\r\n\t\t\t\t<td colspan=\"2\">Gy\u00e1szolj\u00e1k: fiai Guszt\u00e1v \u00e9s J\u00f3zsef, menye Kinga, unok\u00e1i Rebeka, Emese \u00e9s R\u00e9ka, testv\u00e9re Mariska csal\u00e1dj\u00e1val, valamint t\u00f6bbi rokona, j\u00f3bar\u00e1tja, szomsz\u00e9dja \u00e9s ismer\u0151se.\n<\/td>\r\n\t\t\t<\/tr>\t\r\n\t\t\t\r\n\t\t\t\t\t\t\r\n\t\t\t<tr>\r\n\t\t\t\t<td colspan=\"2\"><p style=\"text-align: right\"><\/td>\r\n\t\t\t<\/tr>\r\n\t\t\t<\/tbody> \t\r\n\t\t\t<\/table><\/br>\t\t\r\n\t\t\t\t\t\t\r\n\t\t\t<table class=\"pp-posmrtnice-table\" style=\"background:#626262;color:#fceabb;font-family:Lora, serif;font-size:18px\"><tbody>\r\n\t\t\t\r\n\t\t\t \r\n\t\t\t\t<th><div class=\"img\"><img decoding=\"async\" src=\"https:\/\/www.e-pogrebno.rs\/images\/2006\/09\/saric_ratko050820.jpg\" style=\"height: 140px;width: 100px\" \/><\/div><\/th>\r\n\t\t\t\t\t\t\t    \r\n\t\t\t\t<th><p>\u0160ari\u0107 Ratko<\/p>\r\n\t\t\t\t<p><\/p><p>\r\n\t\t\t\t1916-2006<\/p><\/th>\r\n\t\t\t<\/tr> \r\n\r\n\t\t\t<tr>\r\n\t\t\t<tr>\r\n\t\t\t\t<td colspan=\"2\">\u00e9let\u00e9nek 91. esztend\u00e9j\u00e9ben 2006. szeptember 1-\u00e9n elhunyt.<\/td>\r\n\t\t\t<\/tr>\r\n\t\t\t<tr>\r\n\t\t\t\t<td colspan=\"2\">Dr\u00e1ga halottunk temet\u00e9se 2006. szeptember 5-\u00e9n 15 \u00f3rakor lesz a Bajai \u00fati temet\u0151 P\u00e9its k\u00e1poln\u00e1j\u00e1b\u00f3l.<\/td>\r\n\t\t\t<\/tr>\r\n\t\t\t<tr>\r\n\t\t\t\t<td colspan=\"2\">Gy\u00e1szolj\u00e1k: SZERETTEI.\n<\/td>\r\n\t\t\t<\/tr>\t\r\n\t\t\t\r\n\t\t\t\t\t\t\r\n\t\t\t<tr>\r\n\t\t\t\t<td colspan=\"2\"><p style=\"text-align: right\"><\/td>\r\n\t\t\t<\/tr>\r\n\t\t\t<\/tbody> \t\r\n\t\t\t<\/table><\/br>\t\t\r\n\t\t\t\t\t\t\r\n\r\n\r\n\t\t\t<\/td><td><\/td><\/tr><\/table>\r\n\r\n\r\n\r\n<\/div><\/div><\/div>\n\t\t\t\t\t\t<\/div>\n\t\t\t\t<\/div>\n\t\t\t\t<\/div>\n\t\t\t\t<\/div>\n\t\t\t\t<div class=\"elementor-element elementor-element-3ac81fa elementor-widget elementor-widget-html\" data-id=\"3ac81fa\" data-element_type=\"widget\" data-e-type=\"widget\" data-widget_type=\"html.default\">\n\t\t\t\t<div class=\"elementor-widget-container\">\n\t\t\t\t\t<a href=\"#\" id=\"back-to-top\" title=\"Nazad na vrh\">\n  <i class=\"fa fa-chevron-up\"><\/i>\n  <span class=\"label\">Fel<\/span>\n<\/a>\n\n\n\n<script>\ndocument.addEventListener(\"DOMContentLoaded\", function() {\n  const btn = document.getElementById(\"back-to-top\");\n\n  window.addEventListener(\"scroll\", function() {\n    if (window.scrollY > 300) {\n      btn.classList.add(\"show\");\n    } else {\n      btn.classList.remove(\"show\");\n    }\n  });\n\n  btn.addEventListener(\"click\", function(e) {\n    e.preventDefault();\n    window.scrollTo({ top: 0, behavior: \"smooth\" });\n  });\n});\n<\/script>\n\n<a href=\"#\" id=\"back-to-top\" title=\"Nazad na vrh\">\n  <i class=\"fa fa-chevron-up\"><\/i>\n<\/a>\n\n\t\t\t\t<\/div>\n\t\t\t\t<\/div>\n\t\t\t\t<\/div>\n\t\t\t\t<\/div>","protected":false},"excerpt":{"rendered":"<p>SE\u0106ANJA Na vrh<\/p>","protected":false},"author":1,"featured_media":0,"parent":0,"menu_order":0,"comment_status":"closed","ping_status":"closed","template":"elementor_header_footer","meta":{"_acf_changed":false,"_eb_attr":"","footnotes":""},"kategorija_dokumenata":[],"class_list":["post-5761","page","type-page","status-publish","hentry"],"acf":[],"_links":{"self":[{"href":"https:\/\/pogrebno.rs\/hu\/wp-json\/wp\/v2\/pages\/5761","targetHints":{"allow":["GET"]}}],"collection":[{"href":"https:\/\/pogrebno.rs\/hu\/wp-json\/wp\/v2\/pages"}],"about":[{"href":"https:\/\/pogrebno.rs\/hu\/wp-json\/wp\/v2\/types\/page"}],"author":[{"embeddable":true,"href":"https:\/\/pogrebno.rs\/hu\/wp-json\/wp\/v2\/users\/1"}],"replies":[{"embeddable":true,"href":"https:\/\/pogrebno.rs\/hu\/wp-json\/wp\/v2\/comments?post=5761"}],"version-history":[{"count":126,"href":"https:\/\/pogrebno.rs\/hu\/wp-json\/wp\/v2\/pages\/5761\/revisions"}],"predecessor-version":[{"id":10263,"href":"https:\/\/pogrebno.rs\/hu\/wp-json\/wp\/v2\/pages\/5761\/revisions\/10263"}],"wp:attachment":[{"href":"https:\/\/pogrebno.rs\/hu\/wp-json\/wp\/v2\/media?parent=5761"}],"wp:term":[{"taxonomy":"kategorija_dokumenata","embeddable":true,"href":"https:\/\/pogrebno.rs\/hu\/wp-json\/wp\/v2\/kategorija_dokumenata?post=5761"}],"curies":[{"name":"wp","href":"https:\/\/api.w.org\/{rel}","templated":true}]}}