{"id":688,"date":"2025-06-03T18:47:20","date_gmt":"2025-06-03T16:47:20","guid":{"rendered":"https:\/\/pogrebno.rs\/?page_id=688"},"modified":"2025-10-09T19:07:31","modified_gmt":"2025-10-09T17:07:31","slug":"muzeji","status":"publish","type":"page","link":"https:\/\/pogrebno.rs\/hu\/muzeji\/","title":{"rendered":"M\u00fazeumok"},"content":{"rendered":"<div data-elementor-type=\"wp-page\" data-elementor-id=\"688\" class=\"elementor elementor-688\" data-elementor-post-type=\"page\">\n\t\t\t\t<div class=\"elementor-element elementor-element-cf0b6a2 e-con-full e-flex e-con e-parent\" data-id=\"cf0b6a2\" data-element_type=\"container\" data-e-type=\"container\" data-settings=\"{&quot;background_background&quot;:&quot;classic&quot;}\">\n\t\t<div class=\"elementor-element elementor-element-485cfaf e-con-full e-flex e-con e-child\" data-id=\"485cfaf\" data-element_type=\"container\" data-e-type=\"container\">\n\t\t<div class=\"elementor-element elementor-element-b44d696 e-con-full e-grid e-con e-child\" data-id=\"b44d696\" data-element_type=\"container\" data-e-type=\"container\">\n\t\t\t\t<div class=\"elementor-element elementor-element-f65bb81 elementor-widget elementor-widget-image\" data-id=\"f65bb81\" data-element_type=\"widget\" data-e-type=\"widget\" data-widget_type=\"image.default\">\n\t\t\t\t<div class=\"elementor-widget-container\">\n\t\t\t\t\t\t\t\t\t\t\t\t\t\t\t<img fetchpriority=\"high\" decoding=\"async\" width=\"252\" height=\"252\" src=\"https:\/\/pogrebno.rs\/wp-content\/uploads\/2025\/05\/Muzej.webp\" class=\"attachment-large size-large wp-image-192\" alt=\"\" srcset=\"https:\/\/pogrebno.rs\/wp-content\/uploads\/2025\/05\/Muzej.webp 252w, https:\/\/pogrebno.rs\/wp-content\/uploads\/2025\/05\/Muzej-150x150.webp 150w\" sizes=\"(max-width: 252px) 100vw, 252px\" \/>\t\t\t\t\t\t\t\t\t\t\t\t\t\t\t<\/div>\n\t\t\t\t<\/div>\n\t\t\t\t<div class=\"elementor-element elementor-element-cb5c450 elementor-widget elementor-widget-heading\" data-id=\"cb5c450\" data-element_type=\"widget\" data-e-type=\"widget\" data-widget_type=\"heading.default\">\n\t\t\t\t<div class=\"elementor-widget-container\">\n\t\t\t\t\t<h2 class=\"elementor-heading-title elementor-size-default translation-block\">Szabadt\u00e9ri m\u00fazeumok<\/h2>\t\t\t\t<\/div>\n\t\t\t\t<\/div>\n\t\t\t\t<div class=\"elementor-element elementor-element-68a329e elementor-widget elementor-widget-image\" data-id=\"68a329e\" data-element_type=\"widget\" data-e-type=\"widget\" data-widget_type=\"image.default\">\n\t\t\t\t<div class=\"elementor-widget-container\">\n\t\t\t\t\t\t\t\t\t\t\t\t\t\t\t<img fetchpriority=\"high\" decoding=\"async\" width=\"252\" height=\"252\" src=\"https:\/\/pogrebno.rs\/wp-content\/uploads\/2025\/05\/Muzej.webp\" class=\"attachment-large size-large wp-image-192\" alt=\"\" srcset=\"https:\/\/pogrebno.rs\/wp-content\/uploads\/2025\/05\/Muzej.webp 252w, https:\/\/pogrebno.rs\/wp-content\/uploads\/2025\/05\/Muzej-150x150.webp 150w\" sizes=\"(max-width: 252px) 100vw, 252px\" \/>\t\t\t\t\t\t\t\t\t\t\t\t\t\t\t<\/div>\n\t\t\t\t<\/div>\n\t\t\t\t<\/div>\n\t\t<div class=\"elementor-element elementor-element-eea8717 e-con-full e-flex e-con e-child\" data-id=\"eea8717\" data-element_type=\"container\" data-e-type=\"container\" data-settings=\"{&quot;background_background&quot;:&quot;classic&quot;}\">\n\t\t\t\t<div class=\"elementor-element elementor-element-e6ac7ed elementor-widget elementor-widget-text-editor\" data-id=\"e6ac7ed\" data-element_type=\"widget\" data-e-type=\"widget\" data-widget_type=\"text-editor.default\">\n\t\t\t\t<div class=\"elementor-widget-container\">\n\t\t\t\t\t\t\t\t\t<p>A temet\u0151k minden nemzet t\u00f6rt\u00e9net\u00e9nek egy r\u00e9sz\u00e9t t\u00fckr\u00f6zik, a m\u00falt szellem\u00e9t hordozva.<\/p><p>Egy botanikus, amikor ell\u00e1togat a botanikus kertbe, tanulm\u00e1nyozza a ritka n\u00f6v\u00e9nyeket \u00e9s gy\u00f3gyn\u00f6v\u00e9nyeket, \u00e9s gazdag\u00edtja a botanika tudom\u00e1ny gy\u0171jtem\u00e9ny\u00e9t. Ugyan\u00edgy minden t\u00f6rt\u00e9n\u00e9sz sz\u00edvesen l\u00e1tott vend\u00e9ge a temet\u0151nek, hiszen mik\u00f6zben tanulm\u00e1nyozza a s\u00edrokat \u00e9s megfigyel\u00e9seit lejegyezi, tan\u00fabizonys\u00e1got tesz emberekr\u0151l \u00e9s a korszakokr\u00f3l amelyben \u00e9ltek.<\/p><p>A temet\u0151k minden m\u0171v\u00e9szett\u00f6rt\u00e9n\u00e9sz sz\u00e1m\u00e1ra felbecs\u00fclhetetlen \u00e9rt\u00e9k\u0171 \u00e9lm\u00e9ny forr\u00e1s\u00e1t, az \u00e9p\u00edt\u00e9szet kit\u00f6r\u00f6lhetetlen kincs\u00e9t jelentik; ez egy olyan hely, ahol gyakran nagy m\u0171v\u00e9szek hagyt\u00e1k legjobb m\u0171veiket - szobr\u00e1szok, k\u00f6lt\u0151k, \u00edr\u00f3k, sz\u00edn\u00e9szek, tud\u00f3sok... akik hagyat\u00e9ka folytat\u00f3dik f\u00fcggetlen\u00fcl az id\u0151 m\u00fal\u00e1s\u00e1t\u00f3l.<\/p><p>Arr\u00f3l nem is besz\u00e9lve, hogy a s\u00edrok rendk\u00edv\u00fcl fontosak minden olyan polg\u00e1r sz\u00e1m\u00e1ra, aki elvesz\u00edtette szeretteit. \u0150seink s\u00edrja egy olyan kegyelethely, amely l\u00e9tez\u00e9s\u00fcnket nem engedi feled\u00e9sbe mer\u00fclni.<\/p><p>Val\u00f3j\u00e1ban mindez itt van, k\u00f6r\u00fcl\u00f6tt\u00fcnk, a k\u00f6zvetlen k\u00f6zel\u00fcnkben.<\/p><p>Mint minden \u00fatt\u00f6r\u0151 munka, a feladat ink\u00e1bb sz\u00e9p, mint k\u00f6nny\u0171.<\/p><p>Szeretn\u00e9nk (\u00e9s nem titkolt sz\u00e1nd\u00e9kunk) felh\u00edvni minden szabadkai n\u0151 \u00e9s f\u00e9rfi figyelm\u00e9t az egyedis\u00e9gekre, \u00e9s megosztani n\u00e9h\u00e1ny adatot a szabadkai temet\u0151kr\u0151l. Ezek kegyelethelyek, de egyben letagadhatatlan sz\u00e9ps\u00e9g\u0171 ter\u00fcletek, amelyekr\u0151l a k\u00f6ztudatban sok minden ismert, de vannak ismeretlek dolgok is amelyekre most h\u00edvjuk fel a figyelmet.<\/p><p>Szeretn\u00e9nk (\u00e9s nem titkolt sz\u00e1nd\u00e9kunk) megmutatni mindazoknak, akiknek szerettei, felmen\u0151i a szabadkai temet\u0151kben nyugszanak, hogy a s\u00edr, amelyhez egy v\u00e9kony fon\u00e1l k\u00f6ti \u0151ket, \u00e9s amelyet megl\u00e1togatnak, csak egy par\u00e1nyi r\u00e9sze egy nagy, sz\u00ednekben \u00e9s formai sz\u00e9ps\u00e9gben, t\u00f6rt\u00e9nelmi \u00e9s kultur\u00e1lis \u00f6r\u00f6ks\u00e9gben \u00e9s az eml\u00e9kek \u00f6rv\u00e9ny\u00e9ben gazdag mozaiknak.<\/p><p>Szeretn\u00e9nk (\u00e9s nem titkolt sz\u00e1nd\u00e9kunk) azt hinni, hogy v\u00e1ltoztatunk azon, hogy a temet\u0151 eml\u00edt\u00e9se nemcsak borong\u00f3s asszoci\u00e1ci\u00f3kat \u00e9breszt polg\u00e1rt\u00e1rsainkban, hanem egy nemzet \u00e9s egy t\u00f6rt\u00e9nelem l\u00e9tez\u00e9s\u00e9nek \u00e9rt\u00e9k\u00e9nek \u00e9rz\u00e9s\u00e9t is.<\/p><p>Szeretn\u00e9nk (\u00e9s nem titkolt sz\u00e1nd\u00e9kunk) lehet\u0151v\u00e9 tenni, hogy azok, akik v\u00e9letlen\u00fcl ell\u00e1togatnak v\u00e1rosunkba, \u00e1m egy\u00e1ltal\u00e1n nem v\u00e9letlen\u00fcl bet\u00e9rnek temet\u0151inkbe, valami eg\u00e9szen megszokottat l\u00e1ssanak a j\u00f3l rendezett temet\u0151kben, ahol minden l\u00e9p\u00e9sn\u00e9l kiv\u00e9teles kegyelet \u00e9rezhet\u0151 az el\u0151deink nyughelyei ir\u00e1nt, hiszen az eur\u00f3pai civiliz\u00e1ci\u00f3k fontos \u00f6r\u00f6ks\u00e9g\u00e9t k\u00e9pezik.<\/p><p>Az igazs\u00e1g az, hogy \u00e9vek \u00f3ta tapasztaljuk a szabadkai temet\u0151k \u00e9rt\u00e9k\u00e9nek elismer\u00e9s\u00e9nek hi\u00e1ny\u00e1t. K\u00fcl\u00f6n\u00f6sen abb\u00f3l a szempontb\u00f3l, hogy az illet\u00e9kes int\u00e9zm\u00e9nyeket elengedhetetlen lenne bevonni az egyes temet\u0151k t\u00f6rt\u00e9nelmi \u00e9s kultur\u00e1lis-m\u0171v\u00e9szeti \u00e9rt\u00e9k\u00e9nek azonos\u00edt\u00e1s\u00e1ba \u00e9s egys\u00e9ges\u00edt\u00e9s\u00e9be, mindenekel\u0151tt a kult\u00fart\u00f6rt\u00e9neti \u00f6r\u00f6ks\u00e9g megismertet\u00e9se \u00e9s \u00e1pol\u00e1sa c\u00e9lj\u00e1b\u00f3l. Pontosan ezt l\u00e1tjuk, mik\u00f6zben a temet\u0151ket j\u00e1rjuk a k\u00f6rny\u00e9ken: m\u00e1s kisebb-nagyobb v\u00e1rosokban, \u00e1llamokban...<\/p><p>Id\u0151vel jelent\u0151s v\u00e1ltoz\u00e1sokat kell kezdem\u00e9nyezni a v\u00e1ros kultur\u00e1lis identit\u00e1s\u00e1nak r\u00e9szek\u00e9nt a temet\u0151k pszichol\u00f3gi\u00e1i meg\u00e9l\u00e9s\u00e9ben, a sz\u00f3rv\u00e1nytemet\u0151k felsz\u00e1mol\u00e1s\u00e1val, egys\u00e9ges, j\u00f6v\u0151k\u00e9pb\u0151l sz\u00fcletett egyedi temet\u0151 kialak\u00edt\u00e1s\u00e1val, t\u00e1vol a modern fejlett v\u00e1rost\u00f3l, egy alaposan \u00e1tgondolt v\u00e1rosi terv eredm\u00e9nyek\u00e9nt a v\u00e1ros tov\u00e1bbfejleszt\u00e9se \u00e9rdek\u00e9ben a modern t\u00e1rsadalmakhoz \u00e9s \u00e1llamokhoz hasonl\u00f3an korszer\u0171 szervezett kommun\u00e1lis szolg\u00e1ltat\u00e1ssal.<\/p><p>Francis Bacon, angol gondolkod\u00f3 ezt mondta: Meghalni \u00e9pp olyan term\u00e9szetes, mint ahogyan megsz\u00fcletni is.<\/p><p>E kijelent\u00e9sek, valamint sz\u00e1mos m\u00e1s j\u00f3l ismert vagy ritk\u00e1bban elhangzott id\u00e9zet k\u00f6z\u00f6tt mozog minden az emberi l\u00e9tez\u00e9sr\u0151l \u00e9s m\u00faland\u00f3s\u00e1gr\u00f3l sz\u00f3l\u00f3 gondolat, a csod\u00e1t\u00f3l a szat\u00edr\u00e1ig, a f\u00e9lelemt\u0151l a kih\u00edv\u00e1sig...<\/p><p>A temet\u0151k val\u00f3ban egykori v\u00e1rosok \u00e9s egykori korok tan\u00fai, l\u00e9trej\u00f6nnek, majd elpusztulnak, sok\u00e1ig magukban viszik mondanival\u00f3jukat, \u00e9s m\u00e9g akkor is, ha utc\u00e1k, \u00faj \u00e9l\u0151 v\u00e1rosok v\u00e1gj\u00e1k kett\u00e9 \u0151ket, megvan a saj\u00e1t besz\u00e9d\u00fck \u00e9s a saj\u00e1t csendj\u00fck... Ahogy mondani szok\u00e1s \u2013 a b\u00e9ke \u00e9s a csend helyei.<\/p><p>Ugyanakkor, SZABADT\u00c9RI M\u00daZEUMOK!<\/p><p>Az \u00e9let muland\u00f3s\u00e1g\u00e1n m\u00e9l\u00e1zva pr\u00f3b\u00e1lunk fel\u00fclkerekedni az \u00e9rzelmek \u00f3ce\u00e1nj\u00e1n... \u00e9s \u00e9ppen ez\u00e9rt szeretn\u00e9nk valami eg\u00e9szen \u00fajat bemutatni \u00f6n\u00f6knek, kedves polg\u00e1rt\u00e1rsak, ugyanakkor tiszt\u00e1ban vagyunk azzal, hogy a pr\u00f3b\u00e1lkoz\u00e1s nem mindig tal\u00e1l hasonl\u00f3 \u00e9rz\u00e9sre, megjegyz\u00e9sre... \u00c1m egyes hull\u00e1mok sorsa az, hogy a parton megt\u00f6rjenek - \u00e9s elt\u0171njenek.<\/p><p>Igyeksz\u00fcnk \u00e9s szeretn\u00e9nk a temet\u0151ket eg\u00e9szen m\u00e1s m\u00f3don \u00d6n\u00f6k el\u00e9 t\u00e1rni \u00e9s bemutatni, olykor csak v\u00e1logatott fot\u00f3kkal... esetenk\u00e9nt pedig a fot\u00f3khoz n\u00e9h\u00e1ny alapvet\u0151 inform\u00e1ci\u00f3 is t\u00e1rsul majd.<\/p><p>\u00dcdv\u00f6z\u00f6lj\u00fck a temet\u0151k egy \u00faj, jelent\u0151sen elt\u00e9r\u0151 bemutat\u00f3j\u00e1n, a k\u00f6rny\u00e9kr\u0151l vagy m\u00e1s orsz\u00e1gokb\u00f3l, egyetlen, de egy\u00e9rtelm\u0171 \u00fczenettel, m\u00e9gpedig, hogy a temet\u0151kh\u00f6z val\u00f3 viszonyul\u00e1s az \u00f6nmagunkhoz val\u00f3 viszonyul\u00e1s t\u00fck\u00f6rk\u00e9pe.<\/p>\t\t\t\t\t\t\t\t<\/div>\n\t\t\t\t<\/div>\n\t\t\t\t<\/div>\n\t\t\t\t<div class=\"elementor-element elementor-element-e3c183f elementor-widget elementor-widget-heading\" data-id=\"e3c183f\" data-element_type=\"widget\" data-e-type=\"widget\" data-widget_type=\"heading.default\">\n\t\t\t\t<div class=\"elementor-widget-container\">\n\t\t\t\t\t<h2 class=\"elementor-heading-title elementor-size-default\">Temet\u0151k k\u00e9pgal\u00e9ri\u00e1ja<\/h2>\t\t\t\t<\/div>\n\t\t\t\t<\/div>\n\t\t\t\t<div class=\"elementor-element elementor-element-6258dd3 e-n-tabs-mobile elementor-widget elementor-widget-n-tabs\" data-id=\"6258dd3\" data-element_type=\"widget\" data-e-type=\"widget\" data-settings=\"{&quot;horizontal_scroll&quot;:&quot;disable&quot;}\" data-widget_type=\"nested-tabs.default\">\n\t\t\t\t<div class=\"elementor-widget-container\">\n\t\t\t\t\t\t\t<div class=\"e-n-tabs\" data-widget-number=\"103124435\" aria-label=\"Lapok. Az elemeket az Enter vagy a sz\u00f3k\u00f6z billenty\u0171vel nyithatja meg, az Escape billenty\u0171vel z\u00e1rhatja be, \u00e9s a ny\u00edlbillenty\u0171kkel navig\u00e1lhat.\" data-no-translation-aria-label=\"\">\n\t\t\t<div class=\"e-n-tabs-heading\" role=\"tablist\">\n\t\t\t\t\t<button id=\"e-n-tab-title-1031244351\" data-tab-title-id=\"e-n-tab-title-1031244351\" class=\"e-n-tab-title\" aria-selected=\"true\" data-tab-index=\"1\" role=\"tab\" tabindex=\"0\" aria-controls=\"e-n-tab-content-1031244351\" style=\"--n-tabs-title-order: 1;\">\n\t\t\t\t\t\t<span class=\"e-n-tab-title-text\">\n\t\t\t\tSan Michele-sziget <br> VELENCE\t\t\t<\/span>\n\t\t<\/button>\n\t\t\t\t<button id=\"e-n-tab-title-1031244352\" data-tab-title-id=\"e-n-tab-title-1031244352\" class=\"e-n-tab-title\" aria-selected=\"false\" data-tab-index=\"2\" role=\"tab\" tabindex=\"-1\" aria-controls=\"e-n-tab-content-1031244352\" style=\"--n-tabs-title-order: 2;\">\n\t\t\t\t\t\t<span class=\"e-n-tab-title-text\">\n\t\t\t\tFiumei \u00fati s\u00edrkert <br> BUDAPEST\t\t\t<\/span>\n\t\t<\/button>\n\t\t\t\t<button id=\"e-n-tab-title-1031244353\" data-tab-title-id=\"e-n-tab-title-1031244353\" class=\"e-n-tab-title\" aria-selected=\"false\" data-tab-index=\"3\" role=\"tab\" tabindex=\"-1\" aria-controls=\"e-n-tab-content-1031244353\" style=\"--n-tabs-title-order: 3;\">\n\t\t\t\t\t\t<span class=\"e-n-tab-title-text\">\n\t\t\t\tV\u00c1ROSI TEMET\u0150 <br> \u00daJVID\u00c9K\t\t\t<\/span>\n\t\t<\/button>\n\t\t\t\t\t<\/div>\n\t\t\t<div class=\"e-n-tabs-content\">\n\t\t\t\t<div id=\"e-n-tab-content-1031244351\" role=\"tabpanel\" aria-labelledby=\"e-n-tab-title-1031244351\" data-tab-index=\"1\" style=\"--n-tabs-title-order: 1;\" class=\"e-active elementor-element elementor-element-eb130a2 e-con-full e-flex e-con e-child\" data-id=\"eb130a2\" data-element_type=\"container\" data-e-type=\"container\">\n\t\t<div class=\"elementor-element elementor-element-5ffb6df e-flex e-con-boxed e-con e-child\" data-id=\"5ffb6df\" data-element_type=\"container\" data-e-type=\"container\" data-settings=\"{&quot;background_background&quot;:&quot;classic&quot;}\">\n\t\t\t\t\t<div class=\"e-con-inner\">\n\t\t\t\t<div class=\"elementor-element elementor-element-ba9e91a elementor-widget elementor-widget-heading\" data-id=\"ba9e91a\" data-element_type=\"widget\" data-e-type=\"widget\" data-widget_type=\"heading.default\">\n\t\t\t\t<div class=\"elementor-widget-container\">\n\t\t\t\t\t<h2 class=\"elementor-heading-title elementor-size-default\">San Michel-sziget VELENCE<\/h2>\t\t\t\t<\/div>\n\t\t\t\t<\/div>\n\t\t\t\t<div class=\"elementor-element elementor-element-40e8a41 elementor-widget elementor-widget-image\" data-id=\"40e8a41\" data-element_type=\"widget\" data-e-type=\"widget\" data-widget_type=\"image.default\">\n\t\t\t\t<div class=\"elementor-widget-container\">\n\t\t\t\t\t\t\t\t\t\t\t\t\t\t\t<img decoding=\"async\" width=\"800\" height=\"389\" src=\"https:\/\/pogrebno.rs\/wp-content\/uploads\/2025\/09\/01.webp\" class=\"attachment-large size-large wp-image-2899\" alt=\"\" srcset=\"https:\/\/pogrebno.rs\/wp-content\/uploads\/2025\/09\/01.webp 1024w, https:\/\/pogrebno.rs\/wp-content\/uploads\/2025\/09\/01-300x146.webp 300w, https:\/\/pogrebno.rs\/wp-content\/uploads\/2025\/09\/01-768x374.webp 768w, https:\/\/pogrebno.rs\/wp-content\/uploads\/2025\/09\/01-18x9.webp 18w\" sizes=\"(max-width: 800px) 100vw, 800px\" \/>\t\t\t\t\t\t\t\t\t\t\t\t\t\t\t<\/div>\n\t\t\t\t<\/div>\n\t\t\t\t<div class=\"elementor-element elementor-element-e137a07 elementor-widget elementor-widget-text-editor\" data-id=\"e137a07\" data-element_type=\"widget\" data-e-type=\"widget\" data-widget_type=\"text-editor.default\">\n\t\t\t\t<div class=\"elementor-widget-container\">\n\t\t\t\t\t\t\t\t\t<p>\u00c9vr\u0151l \u00e9vre turist\u00e1k milli\u00f3i l\u00e1togatnak el Velenc\u00e9be \u00e9s Murano sziget\u00e9re \u2013 viszont csak elv\u00e9tve keresik fel azt temet\u0151t, ahol \u00e9vsz\u00e1zadok \u00f3ta helyezik \u00f6r\u00f6k nyugalomra a helyieket \u2013 a San Michele szigetet, amely Velence \u00e9s Murano szigete k\u00f6z\u00f6tt tal\u00e1lhat\u00f3.<\/p><p>San Michele, vagy, ahogy a velenceiek nevezik a Holtak szigete, egy temet\u0151v\u00e9 alak\u00edtott sziget Velence mellett a Velencei lag\u00fan\u00e1ban. San Michele k\u00f6zigazgat\u00e1silag a Cannaregio velencei Cannaregio negyed (sestiere) r\u00e9sze, k\u00f6zvetlen\u00fcl \u00e9szakkeleti ir\u00e1nyban tal\u00e1lhat\u00f3.<\/p>\t\t\t\t\t\t\t\t<\/div>\n\t\t\t\t<\/div>\n\t\t\t\t<div class=\"elementor-element elementor-element-fa7bbdc elementor-widget elementor-widget-eael-creative-button\" data-id=\"fa7bbdc\" data-element_type=\"widget\" data-e-type=\"widget\" data-widget_type=\"eael-creative-button.default\">\n\t\t\t\t<div class=\"elementor-widget-container\">\n\t\t\t\t\t        <div class=\"eael-creative-button-wrapper\">\n\n            <a class=\"eael-creative-button eael-creative-button--default eael-cb-icon-position-right\" href=\"https:\/\/pogrebno.rs\/hu\/groblje-venecija\/\" data-text=\"\">\n            \t    \n                <div class=\"creative-button-inner\">\n\n                    \n                    <span class=\"cretive-button-text\">Tov\u00e1bbi inform\u00e1ci\u00f3<\/span>\n\n                                            <span class=\"eael-creative-button-icon-right\"><svg aria-hidden=\"true\" class=\"e-font-icon-svg e-fas-chevron-down\" viewbox=\"0 0 448 512\" xmlns=\"http:\/\/www.w3.org\/2000\/svg\"><path d=\"M207.029 381.476L12.686 187.132c-9.373-9.373-9.373-24.569 0-33.941l22.667-22.667c9.357-9.357 24.522-9.375 33.901-.04L224 284.505l154.745-154.021c9.379-9.335 24.544-9.317 33.901.04l22.667 22.667c9.373 9.373 9.373 24.569 0 33.941L240.971 381.476c-9.373 9.372-24.569 9.372-33.942 0z\"><\/path><\/svg><\/span>                                    <\/div>\n\t                        <\/a>\n        <\/div>\n        \t\t\t\t<\/div>\n\t\t\t\t<\/div>\n\t\t\t\t\t<\/div>\n\t\t\t\t<\/div>\n\t\t\t\t<\/div>\n\t\t<div id=\"e-n-tab-content-1031244352\" role=\"tabpanel\" aria-labelledby=\"e-n-tab-title-1031244352\" data-tab-index=\"2\" style=\"--n-tabs-title-order: 2;\" class=\"elementor-element elementor-element-601d77d e-flex e-con-boxed e-con e-child\" data-id=\"601d77d\" data-element_type=\"container\" data-e-type=\"container\" data-settings=\"{&quot;background_background&quot;:&quot;classic&quot;}\">\n\t\t\t\t\t<div class=\"e-con-inner\">\n\t\t<div class=\"elementor-element elementor-element-287b541 e-flex e-con-boxed e-con e-child\" data-id=\"287b541\" data-element_type=\"container\" data-e-type=\"container\" data-settings=\"{&quot;background_background&quot;:&quot;classic&quot;}\">\n\t\t\t\t\t<div class=\"e-con-inner\">\n\t\t\t\t<div class=\"elementor-element elementor-element-96ed443 elementor-widget elementor-widget-heading\" data-id=\"96ed443\" data-element_type=\"widget\" data-e-type=\"widget\" data-widget_type=\"heading.default\">\n\t\t\t\t<div class=\"elementor-widget-container\">\n\t\t\t\t\t<h2 class=\"elementor-heading-title elementor-size-default\">FIUMEI \u00daTI S\u00cdRKERT<\/h2>\t\t\t\t<\/div>\n\t\t\t\t<\/div>\n\t\t\t\t<div class=\"elementor-element elementor-element-7431599 elementor-widget elementor-widget-image\" data-id=\"7431599\" data-element_type=\"widget\" data-e-type=\"widget\" data-widget_type=\"image.default\">\n\t\t\t\t<div class=\"elementor-widget-container\">\n\t\t\t\t\t\t\t\t\t\t\t\t\t\t\t<img decoding=\"async\" width=\"800\" height=\"389\" src=\"https:\/\/pogrebno.rs\/wp-content\/uploads\/2025\/10\/Fiumei-Budapest.webp\" class=\"attachment-large size-large wp-image-3910\" alt=\"\" srcset=\"https:\/\/pogrebno.rs\/wp-content\/uploads\/2025\/10\/Fiumei-Budapest.webp 1024w, https:\/\/pogrebno.rs\/wp-content\/uploads\/2025\/10\/Fiumei-Budapest-300x146.webp 300w, https:\/\/pogrebno.rs\/wp-content\/uploads\/2025\/10\/Fiumei-Budapest-768x374.webp 768w, https:\/\/pogrebno.rs\/wp-content\/uploads\/2025\/10\/Fiumei-Budapest-18x9.webp 18w\" sizes=\"(max-width: 800px) 100vw, 800px\" \/>\t\t\t\t\t\t\t\t\t\t\t\t\t\t\t<\/div>\n\t\t\t\t<\/div>\n\t\t\t\t<div class=\"elementor-element elementor-element-078a7fc elementor-widget elementor-widget-text-editor\" data-id=\"078a7fc\" data-element_type=\"widget\" data-e-type=\"widget\" data-widget_type=\"text-editor.default\">\n\t\t\t\t<div class=\"elementor-widget-container\">\n\t\t\t\t\t\t\t\t\t<p>A budapesti Fiumei \u00fati s\u00edrkert t\u00f6bb mint egy temet\u0151: Itt tal\u00e1lhat\u00f3 Magyarorsz\u00e1g egyik legnagyobb szoborgy\u0171jtem\u00e9nye, parkos\u00edtott, 56 hekt\u00e1ros arbor\u00e9tumszer\u0171 ter\u00fclete pedig 10 fafajnak \u00e9s 110 k\u00fcl\u00f6nb\u00f6z\u0151 mad\u00e1rfajnak ad otthont.<\/p><p>A Fiumei \u00fati s\u00edrkert, amelyet 1847-ben nyitottak meg pesti k\u00f6ztemet\u0151k\u00e9nt, az egyetlen temet\u0151, amely teljes eg\u00e9sz\u00e9ben nemzeti eml\u00e9khely, a mai Magyarorsz\u00e1g szabadt\u00e9ri t\u00f6rt\u00e9nelemk\u00f6nyve, ahol nyomokban visszak\u00f6sz\u00f6n a Dualizmus kora, a nemzeti fejl\u0151d\u00e9s, a kommunizmus, az 1848-49-es szabads\u00e1gharc \u00e9s az 1956-os forradalom, valamint a demokratikus t\u00f6bbp\u00e1rtrendszer id\u0151szaka.<\/p>\t\t\t\t\t\t\t\t<\/div>\n\t\t\t\t<\/div>\n\t\t\t\t<div class=\"elementor-element elementor-element-dd07b55 elementor-widget elementor-widget-eael-creative-button\" data-id=\"dd07b55\" data-element_type=\"widget\" data-e-type=\"widget\" data-widget_type=\"eael-creative-button.default\">\n\t\t\t\t<div class=\"elementor-widget-container\">\n\t\t\t\t\t        <div class=\"eael-creative-button-wrapper\">\n\n            <a class=\"eael-creative-button eael-creative-button--default eael-cb-icon-position-right\" href=\"https:\/\/pogrebno.rs\/hu\/groblje-budapest\/\" data-text=\"\">\n            \t    \n                <div class=\"creative-button-inner\">\n\n                    \n                    <span class=\"cretive-button-text\">Tov\u00e1bbi inform\u00e1ci\u00f3<\/span>\n\n                                            <span class=\"eael-creative-button-icon-right\"><svg aria-hidden=\"true\" class=\"e-font-icon-svg e-fas-chevron-down\" viewbox=\"0 0 448 512\" xmlns=\"http:\/\/www.w3.org\/2000\/svg\"><path d=\"M207.029 381.476L12.686 187.132c-9.373-9.373-9.373-24.569 0-33.941l22.667-22.667c9.357-9.357 24.522-9.375 33.901-.04L224 284.505l154.745-154.021c9.379-9.335 24.544-9.317 33.901.04l22.667 22.667c9.373 9.373 9.373 24.569 0 33.941L240.971 381.476c-9.373 9.372-24.569 9.372-33.942 0z\"><\/path><\/svg><\/span>                                    <\/div>\n\t                        <\/a>\n        <\/div>\n        \t\t\t\t<\/div>\n\t\t\t\t<\/div>\n\t\t\t\t\t<\/div>\n\t\t\t\t<\/div>\n\t\t\t\t\t<\/div>\n\t\t\t\t<\/div>\n\t\t<div id=\"e-n-tab-content-1031244353\" role=\"tabpanel\" aria-labelledby=\"e-n-tab-title-1031244353\" data-tab-index=\"3\" style=\"--n-tabs-title-order: 3;\" class=\"elementor-element elementor-element-795eb7e e-con-full e-flex e-con e-child\" data-id=\"795eb7e\" data-element_type=\"container\" data-e-type=\"container\">\n\t\t<div class=\"elementor-element elementor-element-5fafe37 e-flex e-con-boxed e-con e-child\" data-id=\"5fafe37\" data-element_type=\"container\" data-e-type=\"container\" data-settings=\"{&quot;background_background&quot;:&quot;classic&quot;}\">\n\t\t\t\t\t<div class=\"e-con-inner\">\n\t\t\t\t<div class=\"elementor-element elementor-element-8654fed elementor-widget elementor-widget-heading\" data-id=\"8654fed\" data-element_type=\"widget\" data-e-type=\"widget\" data-widget_type=\"heading.default\">\n\t\t\t\t<div class=\"elementor-widget-container\">\n\t\t\t\t\t<h2 class=\"elementor-heading-title elementor-size-default\">Az \u00dajvid\u00e9ki V\u00e1rosi temet\u0151<\/h2>\t\t\t\t<\/div>\n\t\t\t\t<\/div>\n\t\t\t\t<div class=\"elementor-element elementor-element-8fcf1aa elementor-widget elementor-widget-image\" data-id=\"8fcf1aa\" data-element_type=\"widget\" data-e-type=\"widget\" data-widget_type=\"image.default\">\n\t\t\t\t<div class=\"elementor-widget-container\">\n\t\t\t\t\t\t\t\t\t\t\t\t\t\t\t<img loading=\"lazy\" decoding=\"async\" width=\"800\" height=\"389\" src=\"https:\/\/pogrebno.rs\/wp-content\/uploads\/2025\/10\/NovoGroblje-NoviSad.webp\" class=\"attachment-large size-large wp-image-3911\" alt=\"\" srcset=\"https:\/\/pogrebno.rs\/wp-content\/uploads\/2025\/10\/NovoGroblje-NoviSad.webp 1024w, https:\/\/pogrebno.rs\/wp-content\/uploads\/2025\/10\/NovoGroblje-NoviSad-300x146.webp 300w, https:\/\/pogrebno.rs\/wp-content\/uploads\/2025\/10\/NovoGroblje-NoviSad-768x374.webp 768w, https:\/\/pogrebno.rs\/wp-content\/uploads\/2025\/10\/NovoGroblje-NoviSad-18x9.webp 18w\" sizes=\"(max-width: 800px) 100vw, 800px\" \/>\t\t\t\t\t\t\t\t\t\t\t\t\t\t\t<\/div>\n\t\t\t\t<\/div>\n\t\t\t\t<div class=\"elementor-element elementor-element-3e4cf66 elementor-widget elementor-widget-text-editor\" data-id=\"3e4cf66\" data-element_type=\"widget\" data-e-type=\"widget\" data-widget_type=\"text-editor.default\">\n\t\t\t\t<div class=\"elementor-widget-container\">\n\t\t\t\t\t\t\t\t\t<p style=\"margin: 0cm; text-align: justify;\">Az \u00fajvid\u00e9ki V\u00e1rosi temet\u0151 a Pirosi \u00fat 65. sz\u00e1m alatt tal\u00e1lhat\u00f3. 1974-ben nyitott\u00e1k meg, \u00e9s t\u00f6bbfelekezet\u0171 temet\u0151k\u00e9nt m\u0171k\u00f6dik. Koncepcion\u00e1lis \u00e9s tervez\u00e9si megold\u00e1s\u00e1val, haszn\u00e1lati jelleg\u00e9vel az orsz\u00e1g saj\u00e1tos kommun\u00e1lis l\u00e9tes\u00edtm\u00e9nye. Rendelkezik minden sz\u00fcks\u00e9ges a tev\u00e9kenys\u00e9g lefolytat\u00e1s\u00e1hoz sz\u00fcks\u00e9ges tartalommal, mint p\u00e9ld\u00e1ul: adminisztr\u00e1ci\u00f3s \u00e9p\u00fclettel, k\u00e1poln\u00e1val, b\u00facs\u00fateremmel, kremat\u00f3riummal, temetkez\u00e9si kell\u00e9kek \u00e9s s\u00edrk\u00f6vek \u00e1rus\u00edt\u00e1s\u00e1val foglalkoz\u00f3 szak\u00fczlettel, halotti toroknak \u00e9s megeml\u00e9kez\u00e9seknek helysz\u00ednt ad\u00f3 \u00e9p\u00fclettel, arch\u00edvummal, m\u0171helyekkel \u00e9s rakt\u00e1rhelyis\u00e9gekkel.<\/p><p style=\"margin: 0cm; text-align: justify;\"><br><\/p>\n<p>A V\u00e1rosi temet\u0151ben a temetkez\u00e9sre el\u0151l\u00e1tott r\u00e9szben, az egyszer\u0171 temetkez\u00e9si telkek mellett, l\u00e9teznek s\u00edreml\u00e9kkel kialak\u00edtott telkek is. Ezeken az elrendezett, a k\u00f6znyelvben \"amerikainak\" nevezett telkeken az s\u00edreml\u00e9kek egys\u00e9gesek, term\u00e9szetes \u00e9s m\u0171k\u0151b\u0151l k\u00e9sz\u00fcltek, halmok n\u00e9lk\u00fcl.<\/p>\t\t\t\t\t\t\t\t<\/div>\n\t\t\t\t<\/div>\n\t\t\t\t<div class=\"elementor-element elementor-element-f4cf548 elementor-widget elementor-widget-eael-creative-button\" data-id=\"f4cf548\" data-element_type=\"widget\" data-e-type=\"widget\" data-widget_type=\"eael-creative-button.default\">\n\t\t\t\t<div class=\"elementor-widget-container\">\n\t\t\t\t\t        <div class=\"eael-creative-button-wrapper\">\n\n            <a class=\"eael-creative-button eael-creative-button--default eael-cb-icon-position-right\" href=\"https:\/\/pogrebno.rs\/hu\/groblje-novi-sad\/\" data-text=\"\">\n            \t    \n                <div class=\"creative-button-inner\">\n\n                    \n                    <span class=\"cretive-button-text\">Tov\u00e1bbi inform\u00e1ci\u00f3<\/span>\n\n                                            <span class=\"eael-creative-button-icon-right\"><svg aria-hidden=\"true\" class=\"e-font-icon-svg e-fas-chevron-down\" viewbox=\"0 0 448 512\" xmlns=\"http:\/\/www.w3.org\/2000\/svg\"><path d=\"M207.029 381.476L12.686 187.132c-9.373-9.373-9.373-24.569 0-33.941l22.667-22.667c9.357-9.357 24.522-9.375 33.901-.04L224 284.505l154.745-154.021c9.379-9.335 24.544-9.317 33.901.04l22.667 22.667c9.373 9.373 9.373 24.569 0 33.941L240.971 381.476c-9.373 9.372-24.569 9.372-33.942 0z\"><\/path><\/svg><\/span>                                    <\/div>\n\t                        <\/a>\n        <\/div>\n        \t\t\t\t<\/div>\n\t\t\t\t<\/div>\n\t\t\t\t\t<\/div>\n\t\t\t\t<\/div>\n\t\t\t\t<\/div>\n\t\t\t\t\t<\/div>\n\t\t<\/div>\n\t\t\t\t\t\t<\/div>\n\t\t\t\t<\/div>\n\t\t\t\t<\/div>\n\t\t\t\t<\/div>\n\t\t\t\t<\/div>","protected":false},"excerpt":{"rendered":"<p>muzeji na otvorenom Groblja u sebi nose deli\u0107 istorije jednog naroda, nose\u0107i duh pro\u0161lih vremena. Botani\u010dar pose\u0107uje Botani\u010dki vrt, prou\u010dava retke biljke i bilj\u010dice i stvara bogatstvo botanike. Isto tako, svaki istori\u010dar po\u017eeljan je i o\u010dekivan posetilac groblja, da bi prou\u010davaju\u0107i grobove i zapisuju\u0107i, svedo\u010dio o ljudima i epohoma. Svakom istori\u010daru umetnosti, groblja su neprocenjiv [&hellip;]<\/p>\n","protected":false},"author":1,"featured_media":0,"parent":0,"menu_order":0,"comment_status":"closed","ping_status":"closed","template":"elementor_header_footer","meta":{"_acf_changed":false,"_eb_attr":"","footnotes":""},"kategorija_dokumenata":[],"class_list":["post-688","page","type-page","status-publish","hentry"],"acf":[],"_links":{"self":[{"href":"https:\/\/pogrebno.rs\/hu\/wp-json\/wp\/v2\/pages\/688","targetHints":{"allow":["GET"]}}],"collection":[{"href":"https:\/\/pogrebno.rs\/hu\/wp-json\/wp\/v2\/pages"}],"about":[{"href":"https:\/\/pogrebno.rs\/hu\/wp-json\/wp\/v2\/types\/page"}],"author":[{"embeddable":true,"href":"https:\/\/pogrebno.rs\/hu\/wp-json\/wp\/v2\/users\/1"}],"replies":[{"embeddable":true,"href":"https:\/\/pogrebno.rs\/hu\/wp-json\/wp\/v2\/comments?post=688"}],"version-history":[{"count":76,"href":"https:\/\/pogrebno.rs\/hu\/wp-json\/wp\/v2\/pages\/688\/revisions"}],"predecessor-version":[{"id":3955,"href":"https:\/\/pogrebno.rs\/hu\/wp-json\/wp\/v2\/pages\/688\/revisions\/3955"}],"wp:attachment":[{"href":"https:\/\/pogrebno.rs\/hu\/wp-json\/wp\/v2\/media?parent=688"}],"wp:term":[{"taxonomy":"kategorija_dokumenata","embeddable":true,"href":"https:\/\/pogrebno.rs\/hu\/wp-json\/wp\/v2\/kategorija_dokumenata?post=688"}],"curies":[{"name":"wp","href":"https:\/\/api.w.org\/{rel}","templated":true}]}}